{"id":1109,"date":"2018-01-02T15:34:25","date_gmt":"2018-01-02T15:34:25","guid":{"rendered":"http:\/\/d2n2.org\/blogs\/Elarpadenoe\/?page_id=1109"},"modified":"2024-03-20T21:35:40","modified_gmt":"2024-03-20T21:35:40","slug":"reproducir-todas","status":"publish","type":"page","link":"https:\/\/d2n2.org\/blogs\/Elarpadenoe\/reproducir-todas\/","title":{"rendered":"Reproducir todas"},"content":{"rendered":"<p>Si deseas escuchar todas las canciones del Arpa de No\u00e9, sin necesidad de ir una a una, aqu\u00ed tienes una lista de reproducci\u00f3n para darle al play.<\/p>\n<p>\u00a1Disfr\u00fatalas!<\/p>\n<div class=\"wp-playlist wp-audio-playlist wp-playlist-light\">\n\t\t\t<div class=\"wp-playlist-current-item\"><\/div>\n\t\t<audio controls=\"controls\" preload=\"none\" width=\"640\"\n\t\t\t><\/audio>\n\t<div class=\"wp-playlist-next\"><\/div>\n\t<div class=\"wp-playlist-prev\"><\/div>\n\t<noscript>\n\t<ol>\n\t\t<li><a href='https:\/\/d2n2.org\/blogs\/Elarpadenoe\/wp-content\/uploads\/2022\/10\/Gloria-a-Dios-en-el-cielo.mp3'>Gloria a Dios en el cielo<\/a><\/li><li><a href='https:\/\/d2n2.org\/blogs\/Elarpadenoe\/wp-content\/uploads\/2022\/10\/Jes\u00fas-es-se\u00f1or.mp3'>Jes\u00fas es se\u00f1or<\/a><\/li><li><a href='https:\/\/d2n2.org\/blogs\/Elarpadenoe\/wp-content\/uploads\/2022\/10\/Si-me-falta-el-amor.mp3'>Si me falta el amor<\/a><\/li><li><a href='https:\/\/d2n2.org\/blogs\/Elarpadenoe\/wp-content\/uploads\/2022\/10\/Que-detalle.mp3'>Que detalle<\/a><\/li><li><a href='https:\/\/d2n2.org\/blogs\/Elarpadenoe\/wp-content\/uploads\/2022\/10\/Grita-profeta.mp3'>Grita profeta<\/a><\/li><li><a href='https:\/\/d2n2.org\/blogs\/Elarpadenoe\/wp-content\/uploads\/2022\/10\/Que-alegr\u00eda-cuando-me-dijeron-Salmo-121.mp3'>Que alegr\u00eda cuando me dijeron (Salmo 121)<\/a><\/li><li><a href='https:\/\/d2n2.org\/blogs\/Elarpadenoe\/wp-content\/uploads\/2022\/10\/La-Virgen-sue\u00f1a-caminos.mp3'>La Virgen sue\u00f1a caminos<\/a><\/li><li><a href='https:\/\/d2n2.org\/blogs\/Elarpadenoe\/wp-content\/uploads\/2022\/10\/Gloria-a-Dios.mp3'>Gloria a Dios<\/a><\/li><li><a href='https:\/\/d2n2.org\/blogs\/Elarpadenoe\/wp-content\/uploads\/2022\/10\/Te-conocimos-al-partir-el-pan.mp3'>Te conocimos al partir el pan<\/a><\/li><li><a href='https:\/\/d2n2.org\/blogs\/Elarpadenoe\/wp-content\/uploads\/2022\/10\/Santo-Beatles.mp3'>Santo (Beatles)<\/a><\/li><li><a href='https:\/\/d2n2.org\/blogs\/Elarpadenoe\/wp-content\/uploads\/2022\/10\/Levanto-mis-ojos-a-los-montes-Salmo-120.mp3'>Levanto mis ojos a los montes (Salmo 120)<\/a><\/li><li><a href='https:\/\/d2n2.org\/blogs\/Elarpadenoe\/wp-content\/uploads\/2022\/10\/Maria.mp3'>Maria<\/a><\/li><li><a href='https:\/\/d2n2.org\/blogs\/Elarpadenoe\/wp-content\/uploads\/2022\/10\/A-ti-levanto-mis-ojos-Salmo-122.mp3'>A ti levanto mis ojos (Salmo 122)<\/a><\/li><li><a href='https:\/\/d2n2.org\/blogs\/Elarpadenoe\/wp-content\/uploads\/2021\/04\/Soneto.mp3'>Soneto<\/a><\/li><li><a href='https:\/\/d2n2.org\/blogs\/Elarpadenoe\/wp-content\/uploads\/2021\/04\/Simbolos-de-amor.mp3'>Simbolos de amor<\/a><\/li><li><a href='https:\/\/d2n2.org\/blogs\/Elarpadenoe\/wp-content\/uploads\/2021\/04\/Santo-gospel.mp3'>Santo gospel<\/a><\/li><li><a href='https:\/\/d2n2.org\/blogs\/Elarpadenoe\/wp-content\/uploads\/2021\/04\/Resurreccion.mp3'>Resurreccion<\/a><\/li><li><a href='https:\/\/d2n2.org\/blogs\/Elarpadenoe\/wp-content\/uploads\/2021\/04\/Por-mi.mp3'>Por mi<\/a><\/li><li><a href='https:\/\/d2n2.org\/blogs\/Elarpadenoe\/wp-content\/uploads\/2021\/04\/Pange-lingua.mp3'>Pange lingua<\/a><\/li><li><a href='https:\/\/d2n2.org\/blogs\/Elarpadenoe\/wp-content\/uploads\/2021\/04\/Oseas.mp3'>Oseas<\/a><\/li><li><a href='https:\/\/d2n2.org\/blogs\/Elarpadenoe\/wp-content\/uploads\/2021\/04\/Desolada.mp3'>Desolada<\/a><\/li><li><a href='https:\/\/d2n2.org\/blogs\/Elarpadenoe\/wp-content\/uploads\/2021\/04\/Jesus-resucita-hoy.mp3'>Jesus resucita hoy<\/a><\/li><li><a href='https:\/\/d2n2.org\/blogs\/Elarpadenoe\/wp-content\/uploads\/2021\/04\/He-visto-al-resucitado.mp3'>He visto al resucitado<\/a><\/li><li><a href='https:\/\/d2n2.org\/blogs\/Elarpadenoe\/wp-content\/uploads\/2021\/04\/Santo-mim.mp3'>Santo mim<\/a><\/li><li><a href='https:\/\/d2n2.org\/blogs\/Elarpadenoe\/wp-content\/uploads\/2021\/04\/Navidad-guanche.mp3'>Navidad guanche<\/a><\/li><li><a href='https:\/\/d2n2.org\/blogs\/Elarpadenoe\/wp-content\/uploads\/2021\/04\/Los-tres-reyes-magos.mp3'>Los tres reyes magos<\/a><\/li><li><a href='https:\/\/d2n2.org\/blogs\/Elarpadenoe\/wp-content\/uploads\/2021\/04\/Lo-divino.mp3'>Lo divino<\/a><\/li><li><a href='https:\/\/d2n2.org\/blogs\/Elarpadenoe\/wp-content\/uploads\/2021\/04\/Las-palmeras.mp3'>Las palmeras<\/a><\/li><li><a href='https:\/\/d2n2.org\/blogs\/Elarpadenoe\/wp-content\/uploads\/2021\/04\/Gloria.mp3'>Gloria<\/a><\/li><li><a href='https:\/\/d2n2.org\/blogs\/Elarpadenoe\/wp-content\/uploads\/2021\/04\/Adeste-fideles.mp3'>Adeste fideles<\/a><\/li><li><a href='https:\/\/d2n2.org\/blogs\/Elarpadenoe\/wp-content\/uploads\/2020\/12\/El-tamborilero4.mp3'>El tamborilero4<\/a><\/li><li><a href='https:\/\/d2n2.org\/blogs\/Elarpadenoe\/wp-content\/uploads\/2020\/11\/Dolorosa.mp3'>Dolorosa<\/a><\/li><li><a href='https:\/\/d2n2.org\/blogs\/Elarpadenoe\/wp-content\/uploads\/2020\/11\/En-medio-de-nosotros.mp3'>En medio de nosotros<\/a><\/li><li><a href='https:\/\/d2n2.org\/blogs\/Elarpadenoe\/wp-content\/uploads\/2020\/11\/Tu-noche-ser\u00e1-luz.mp3'>Tu noche ser\u00e1 luz<\/a><\/li><li><a href='https:\/\/d2n2.org\/blogs\/Elarpadenoe\/wp-content\/uploads\/2020\/11\/Iglesia-peregrina.mp3'>Iglesia peregrina<\/a><\/li><li><a href='https:\/\/d2n2.org\/blogs\/Elarpadenoe\/wp-content\/uploads\/2020\/11\/Cristo-te-necesita.mp3'>Cristo te necesita<\/a><\/li><li><a href='https:\/\/d2n2.org\/blogs\/Elarpadenoe\/wp-content\/uploads\/2020\/11\/QU\u00c9-VES-EN-LA-NOCHE.mp3'>QU\u00c9 VES EN LA NOCHE<\/a><\/li><li><a href='https:\/\/d2n2.org\/blogs\/Elarpadenoe\/wp-content\/uploads\/2020\/10\/MISIONERO-APOST\u00d3LICO.mp3'>MISIONERO APOST\u00d3LICO<\/a><\/li><li><a href='https:\/\/d2n2.org\/blogs\/Elarpadenoe\/wp-content\/uploads\/2020\/10\/Este-es-el-d\u00eda-en-que-actu\u00f3-el-Se\u00f1or-Salmo-117.mp3'>Este es el d\u00eda en que actu\u00f3 el Se\u00f1or (Salmo 117)<\/a><\/li><li><a href='https:\/\/d2n2.org\/blogs\/Elarpadenoe\/wp-content\/uploads\/2020\/10\/Tu-reino-es-vida-Salmo-71.mp3'>Tu reino es vida (Salmo 71)<\/a><\/li><li><a href='https:\/\/d2n2.org\/blogs\/Elarpadenoe\/wp-content\/uploads\/2020\/10\/Manos-vac\u00edas.mp3'>Manos vac\u00edas<\/a><\/li><li><a href='https:\/\/d2n2.org\/blogs\/Elarpadenoe\/wp-content\/uploads\/2020\/10\/Yo-soy-el-pan-de-vida.mp3'>Yo soy el pan de vida<\/a><\/li><li><a href='https:\/\/d2n2.org\/blogs\/Elarpadenoe\/wp-content\/uploads\/2020\/10\/Creo.mp3'>Creo<\/a><\/li><li><a href='https:\/\/d2n2.org\/blogs\/Elarpadenoe\/wp-content\/uploads\/2020\/09\/Aleluya-el-Se\u00f1or-es-nuestro-Rey-Salmo-97.mp3'>Aleluya, el Se\u00f1or es nuestro Rey (Salmo 97)<\/a><\/li><li><a href='https:\/\/d2n2.org\/blogs\/Elarpadenoe\/wp-content\/uploads\/2020\/09\/Se\u00f1or-ten-piedad-Manzano.mp3'>Se\u00f1or, ten piedad (Manzano)<\/a><\/li><li><a href='https:\/\/d2n2.org\/blogs\/Elarpadenoe\/wp-content\/uploads\/2020\/09\/Acerqu\u00e9monos-todos-al-altar.mp3'>Acerqu\u00e9monos todos al altar<\/a><\/li><li><a href='https:\/\/d2n2.org\/blogs\/Elarpadenoe\/wp-content\/uploads\/2020\/09\/Signos-de-tu-amor.mp3'>Signos de tu amor<\/a><\/li><li><a href='https:\/\/d2n2.org\/blogs\/Elarpadenoe\/wp-content\/uploads\/2020\/09\/VINE-A-ALABAR-A-DIOS.mp3'>VINE A ALABAR A DIOS<\/a><\/li><li><a href='https:\/\/d2n2.org\/blogs\/Elarpadenoe\/wp-content\/uploads\/2020\/07\/Paz-es-Paz.mp3'>Paz es Paz<\/a><\/li><li><a href='https:\/\/d2n2.org\/blogs\/Elarpadenoe\/wp-content\/uploads\/2020\/07\/NACIDOS-DE-LA-LUZ.mp3'>NACIDOS DE LA LUZ<\/a><\/li><li><a href='https:\/\/d2n2.org\/blogs\/Elarpadenoe\/wp-content\/uploads\/2020\/07\/JUNTO-A-TI-MARIA.mp3'>JUNTO A TI, MARIA<\/a><\/li><li><a href='https:\/\/d2n2.org\/blogs\/Elarpadenoe\/wp-content\/uploads\/2020\/07\/Danos-tu-silencio.mp3'>Danos tu silencio<\/a><\/li><li><a href='https:\/\/d2n2.org\/blogs\/Elarpadenoe\/wp-content\/uploads\/2020\/07\/Como-la-lluvia-y-la-nieve.mp3'>Como la lluvia y la nieve<\/a><\/li><li><a href='https:\/\/d2n2.org\/blogs\/Elarpadenoe\/wp-content\/uploads\/2020\/07\/AL-FILO-DE-LOS-GALLOS.mp3'>AL FILO DE LOS GALLOS<\/a><\/li><li><a href='https:\/\/d2n2.org\/blogs\/Elarpadenoe\/wp-content\/uploads\/2020\/07\/Se\u00f1or-de-nuestras-horas.mp3'>Se\u00f1or de nuestras horas<\/a><\/li><li><a href='https:\/\/d2n2.org\/blogs\/Elarpadenoe\/wp-content\/uploads\/2020\/07\/YO-ESTOY-ALEGRE.mp3'>YO ESTOY ALEGRE<\/a><\/li><li><a href='https:\/\/d2n2.org\/blogs\/Elarpadenoe\/wp-content\/uploads\/2020\/07\/Pescador-de-hombres.mp3'>Pescador de hombres<\/a><\/li><li><a href='https:\/\/d2n2.org\/blogs\/Elarpadenoe\/wp-content\/uploads\/2020\/07\/PROT\u00c9GEME-DIOS-M\u00cdO.mp3'>PROT\u00c9GEME, DIOS M\u00cdO<\/a><\/li><li><a href='https:\/\/d2n2.org\/blogs\/Elarpadenoe\/wp-content\/uploads\/2020\/07\/Adorar\u00e9-tu-cuerpo-herido.mp3'>Adorar\u00e9 tu cuerpo herido<\/a><\/li><li><a href='https:\/\/d2n2.org\/blogs\/Elarpadenoe\/wp-content\/uploads\/2020\/07\/EVANGELIO-ES-DECIR-AMIGO.mp3'>EVANGELIO ES DECIR AMIGO<\/a><\/li><li><a href='https:\/\/d2n2.org\/blogs\/Elarpadenoe\/wp-content\/uploads\/2020\/07\/MISIONERO-APOST\u00d3LICO.mp3'>MISIONERO APOST\u00d3LICO<\/a><\/li><li><a href='https:\/\/d2n2.org\/blogs\/Elarpadenoe\/wp-content\/uploads\/2020\/07\/HOSANNA-HEY.mp3'>HOSANNA HEY<\/a><\/li><li><a href='https:\/\/d2n2.org\/blogs\/Elarpadenoe\/wp-content\/uploads\/2020\/06\/Ubi-caritas.mp3'>Ubi caritas<\/a><\/li><li><a href='https:\/\/d2n2.org\/blogs\/Elarpadenoe\/wp-content\/uploads\/2020\/06\/ENS\u00c9\u00d1AME-SE\u00d1OR.mp3'>ENS\u00c9\u00d1AME, SE\u00d1OR<\/a><\/li><li><a href='https:\/\/d2n2.org\/blogs\/Elarpadenoe\/wp-content\/uploads\/2020\/06\/DEMOS-GRACIAS-AL-SE\u00d1OR.mp3'>DEMOS GRACIAS AL SE\u00d1OR<\/a><\/li><li><a href='https:\/\/d2n2.org\/blogs\/Elarpadenoe\/wp-content\/uploads\/2020\/06\/LIBERTADOR-DE-NAZARET.mp3'>LIBERTADOR DE NAZARET<\/a><\/li><li><a href='https:\/\/d2n2.org\/blogs\/Elarpadenoe\/wp-content\/uploads\/2020\/06\/EL-PROFETA.mp3'>EL PROFETA<\/a><\/li><li><a href='https:\/\/d2n2.org\/blogs\/Elarpadenoe\/wp-content\/uploads\/2020\/06\/Qu\u00e9date-junto-a-nosotros.mp3'>Qu\u00e9date junto a nosotros<\/a><\/li><li><a href='https:\/\/d2n2.org\/blogs\/Elarpadenoe\/wp-content\/uploads\/2020\/06\/ESTO-QUE-TE-DOY.mp3'>ESTO QUE TE DOY<\/a><\/li><li><a href='https:\/\/d2n2.org\/blogs\/Elarpadenoe\/wp-content\/uploads\/2013\/06\/Al-mundo-entero.mp3'>Al mundo entero<\/a><\/li><li><a href='https:\/\/d2n2.org\/blogs\/Elarpadenoe\/wp-content\/uploads\/2013\/06\/Adios-amigo.mp3'>Adi\u00f3s amigo<\/a><\/li><li><a href='https:\/\/d2n2.org\/blogs\/Elarpadenoe\/wp-content\/uploads\/2013\/06\/acogeme-Dios.mp3'>Ac\u00f3geme Dios<\/a><\/li><li><a href='https:\/\/d2n2.org\/blogs\/Elarpadenoe\/wp-content\/uploads\/2013\/06\/Aleluya2.mp3'>Aleluya 2<\/a><\/li><li><a href='https:\/\/d2n2.org\/blogs\/Elarpadenoe\/wp-content\/uploads\/2013\/06\/Aleluya.mp3'>Aleluya<\/a><\/li><li><a href='https:\/\/d2n2.org\/blogs\/Elarpadenoe\/wp-content\/uploads\/2013\/06\/alabo-tu-bondad.mp3'>Alabo tu bondad<\/a><\/li><li><a href='https:\/\/d2n2.org\/blogs\/Elarpadenoe\/wp-content\/uploads\/2013\/06\/Alaba-a-tu-senor.mp3'>Alaba a tu Se\u00f1or<\/a><\/li><li><a href='https:\/\/d2n2.org\/blogs\/Elarpadenoe\/wp-content\/uploads\/2013\/06\/abro-mi-ser.mp3'>Abro mi ser<\/a><\/li><li><a href='https:\/\/d2n2.org\/blogs\/Elarpadenoe\/wp-content\/uploads\/2013\/06\/A-edificar-la-Iglesia.mp3'>A edificar la Iglesia<\/a><\/li><li><a href='https:\/\/d2n2.org\/blogs\/Elarpadenoe\/wp-content\/uploads\/2013\/06\/a-donde-vas.mp3'>A d\u00f3nde vas<\/a><\/li><li><a href='https:\/\/d2n2.org\/blogs\/Elarpadenoe\/wp-content\/uploads\/2020\/03\/Pescador.mp3'>Pescador<\/a><\/li><li><a href='https:\/\/d2n2.org\/blogs\/Elarpadenoe\/wp-content\/uploads\/2020\/03\/QUIERO-ALABARTE.mp3'>QUIERO ALABARTE<\/a><\/li><li><a href='https:\/\/d2n2.org\/blogs\/Elarpadenoe\/wp-content\/uploads\/2020\/03\/PALOMAS-DE-LA-PAZ.mp3'>PALOMAS DE LA PAZ<\/a><\/li><li><a href='https:\/\/d2n2.org\/blogs\/Elarpadenoe\/wp-content\/uploads\/2020\/03\/HOY-ES-FIESTA.mp3'>HOY ES FIESTA<\/a><\/li><li><a href='https:\/\/d2n2.org\/blogs\/Elarpadenoe\/wp-content\/uploads\/2020\/03\/TOMADO-DE-LA-MANO.mp3'>TOMADO DE LA MANO<\/a><\/li><li><a href='https:\/\/d2n2.org\/blogs\/Elarpadenoe\/wp-content\/uploads\/2020\/02\/MI-DIOS-GITANO.mp3'>MI DIOS GITANO<\/a><\/li><li><a href='https:\/\/d2n2.org\/blogs\/Elarpadenoe\/wp-content\/uploads\/2020\/02\/DIOS-M\u00cdO-Y-PADRE-M\u00cdO.mp3'>DIOS M\u00cdO Y PADRE M\u00cdO<\/a><\/li><li><a href='https:\/\/d2n2.org\/blogs\/Elarpadenoe\/wp-content\/uploads\/2020\/02\/SANTO-MISA-JOVEN.mp3'>SANTO (MISA JOVEN)<\/a><\/li><li><a href='https:\/\/d2n2.org\/blogs\/Elarpadenoe\/wp-content\/uploads\/2020\/02\/QU\u00c9DATE-SE\u00d1OR-EN-CADA-CORAZ\u00d3N.mp3'>QU\u00c9DATE, SE\u00d1OR, EN CADA CORAZ\u00d3N<\/a><\/li><li><a href='https:\/\/d2n2.org\/blogs\/Elarpadenoe\/wp-content\/uploads\/2020\/02\/Ven-y-S\u00e1lvanos.mp3'>Ven y S\u00e1lvanos<\/a><\/li><li><a href='https:\/\/d2n2.org\/blogs\/Elarpadenoe\/wp-content\/uploads\/2020\/02\/T\u00da-NOS-INVITAS-JES\u00daS.mp3'>T\u00da NOS INVITAS, JES\u00daS<\/a><\/li><li><a href='https:\/\/d2n2.org\/blogs\/Elarpadenoe\/wp-content\/uploads\/2020\/02\/HORA-DE-LA-TARDE.mp3'>HORA DE LA TARDE<\/a><\/li><li><a href='https:\/\/d2n2.org\/blogs\/Elarpadenoe\/wp-content\/uploads\/2020\/02\/A-TU-LADO-SE\u00d1OR.mp3'>A TU LADO, SE\u00d1OR<\/a><\/li><li><a href='https:\/\/d2n2.org\/blogs\/Elarpadenoe\/wp-content\/uploads\/2020\/01\/GLORIAMISA-JOVEN.mp3'>GLORIA(MISA JOVEN)<\/a><\/li><li><a href='https:\/\/d2n2.org\/blogs\/Elarpadenoe\/wp-content\/uploads\/2020\/01\/NADA-ME-FALTA.mp3'>NADA ME FALTA<\/a><\/li><li><a href='https:\/\/d2n2.org\/blogs\/Elarpadenoe\/wp-content\/uploads\/2020\/01\/JUNTO-AL-VINO-Y-AL-PAN.mp3'>JUNTO AL VINO Y AL PAN<\/a><\/li><li><a href='https:\/\/d2n2.org\/blogs\/Elarpadenoe\/wp-content\/uploads\/2020\/01\/OMNIPOTENTE-ALT\u00cdSIMO-BONDADOSO-SE\u00d1OR.mp3'>OMNIPOTENTE, ALT\u00cdSIMO, BONDADOSO SE\u00d1OR<\/a><\/li><li><a href='https:\/\/d2n2.org\/blogs\/Elarpadenoe\/wp-content\/uploads\/2020\/01\/Se\u00f1or-ten-piedad.mp3'>Se\u00f1or, ten piedad<\/a><\/li><li><a href='https:\/\/d2n2.org\/blogs\/Elarpadenoe\/wp-content\/uploads\/2020\/01\/ACU\u00c9RDATE-MAR\u00cdA.mp3'>ACU\u00c9RDATE, MAR\u00cdA<\/a><\/li><li><a href='https:\/\/d2n2.org\/blogs\/Elarpadenoe\/wp-content\/uploads\/2020\/01\/BUENOS-D\u00cdAS-SE\u00d1OR.mp3'>BUENOS D\u00cdAS, SE\u00d1OR<\/a><\/li><li><a href='https:\/\/d2n2.org\/blogs\/Elarpadenoe\/wp-content\/uploads\/2020\/01\/PASCUA-SAGRADA.mp3'>PASCUA SAGRADA<\/a><\/li><li><a href='https:\/\/d2n2.org\/blogs\/Elarpadenoe\/wp-content\/uploads\/2020\/01\/Cordero-de-Dios.mp3'>Cordero de Dios<\/a><\/li><li><a href='https:\/\/d2n2.org\/blogs\/Elarpadenoe\/wp-content\/uploads\/2020\/01\/UN-PUEBLO-CAMINA.mp3'>UN PUEBLO CAMINA<\/a><\/li><li><a href='https:\/\/d2n2.org\/blogs\/Elarpadenoe\/wp-content\/uploads\/2019\/12\/T\u00da-ME-SONDEAS-Y-ME-CONOCES-SALMO-138.mp3'>T\u00da ME SONDEAS Y ME CONOCES (SALMO 138)<\/a><\/li><li><a href='https:\/\/d2n2.org\/blogs\/Elarpadenoe\/wp-content\/uploads\/2019\/12\/SANTA-MAR\u00edA-DEL-AM\u00c9N.mp3'>SANTA MAR\u00edA DEL AM\u00c9N<\/a><\/li><li><a href='https:\/\/d2n2.org\/blogs\/Elarpadenoe\/wp-content\/uploads\/2019\/12\/Noche-de-paz.mp3'>Noche de paz<\/a><\/li><li><a href='https:\/\/d2n2.org\/blogs\/Elarpadenoe\/wp-content\/uploads\/2019\/12\/MAR\u00cdA-MADRE-BUENA.mp3'>MAR\u00cdA, MADRE BUENA<\/a><\/li><li><a href='https:\/\/d2n2.org\/blogs\/Elarpadenoe\/wp-content\/uploads\/2019\/12\/UN-PUEBLO-CAMINA.mp3'>UN PUEBLO CAMINA<\/a><\/li><li><a href='https:\/\/d2n2.org\/blogs\/Elarpadenoe\/wp-content\/uploads\/2019\/12\/ME-REFUGIO-EN-TI-SALMO-16.mp3'>ME REFUGIO EN TI (SALMO 16)<\/a><\/li><li><a href='https:\/\/d2n2.org\/blogs\/Elarpadenoe\/wp-content\/uploads\/2019\/12\/Ven-Se\u00f1or-Jes\u00fas.mp3'>Ven, Se\u00f1or Jes\u00fas<\/a><\/li><li><a href='https:\/\/d2n2.org\/blogs\/Elarpadenoe\/wp-content\/uploads\/2019\/12\/COMO-HERMANOS.mp3'>COMO HERMANOS<\/a><\/li><li><a href='https:\/\/d2n2.org\/blogs\/Elarpadenoe\/wp-content\/uploads\/2019\/12\/YO-CANTAR\u00c9-AL-SE\u00d1ORMAGNIFICAT.mp3'>YO CANTAR\u00c9 AL SE\u00d1OR(MAGNIFICAT)<\/a><\/li><li><a href='https:\/\/d2n2.org\/blogs\/Elarpadenoe\/wp-content\/uploads\/2019\/12\/CREO-SE\u00d1OR.mp3'>CREO, SE\u00d1OR<\/a><\/li><li><a href='https:\/\/d2n2.org\/blogs\/Elarpadenoe\/wp-content\/uploads\/2019\/11\/Cambios.mp3'>Cambios<\/a><\/li><li><a href='https:\/\/d2n2.org\/blogs\/Elarpadenoe\/wp-content\/uploads\/2019\/11\/SE\u00d1OR-TEN-PIEDAD-MISA-JOVEN.mp3'>SE\u00d1OR, TEN PIEDAD (MISA JOVEN)<\/a><\/li><li><a href='https:\/\/d2n2.org\/blogs\/Elarpadenoe\/wp-content\/uploads\/2019\/11\/PADRE-NUESTRO-MISA-JOVEN.mp3'>PADRE NUESTRO (MISA JOVEN)<\/a><\/li><li><a href='https:\/\/d2n2.org\/blogs\/Elarpadenoe\/wp-content\/uploads\/2019\/11\/Bienaventuranzas.mp3'>Bienaventuranzas<\/a><\/li><li><a href='https:\/\/d2n2.org\/blogs\/Elarpadenoe\/wp-content\/uploads\/2019\/11\/HIMNO-A-DIOS-EX-15.mp3'>HIMNO A DIOS (EX 15)<\/a><\/li><li><a href='https:\/\/d2n2.org\/blogs\/Elarpadenoe\/wp-content\/uploads\/2019\/11\/UN-NUEVO-REINO.mp3'>UN NUEVO REINO<\/a><\/li><li><a href='https:\/\/d2n2.org\/blogs\/Elarpadenoe\/wp-content\/uploads\/2019\/11\/ESTOY-A-LA-PUERTA.mp3'>ESTOY A LA PUERTA<\/a><\/li><li><a href='https:\/\/d2n2.org\/blogs\/Elarpadenoe\/wp-content\/uploads\/2019\/11\/Santo-Mocedades.mp3'>Santo (Mocedades)<\/a><\/li><li><a href='https:\/\/d2n2.org\/blogs\/Elarpadenoe\/wp-content\/uploads\/2019\/11\/ES-TAN-DULCE.mp3'>ES TAN DULCE<\/a><\/li><li><a href='https:\/\/d2n2.org\/blogs\/Elarpadenoe\/wp-content\/uploads\/2019\/10\/EN-SU-MESA-HAY-AMOR.mp3'>EN SU MESA HAY AMOR<\/a><\/li><li><a href='https:\/\/d2n2.org\/blogs\/Elarpadenoe\/wp-content\/uploads\/2019\/10\/Hoy-te-quiero-cantar.mp3'>Hoy te quiero cantar<\/a><\/li><li><a href='https:\/\/d2n2.org\/blogs\/Elarpadenoe\/wp-content\/uploads\/2019\/10\/CREO-EN-DIOS.mp3'>CREO EN DIOS<\/a><\/li><li><a href='https:\/\/d2n2.org\/blogs\/Elarpadenoe\/wp-content\/uploads\/2019\/10\/TRAER\u00c1S-LA-PAZ.mp3'>TRAER\u00c1S LA PAZ<\/a><\/li><li><a href='https:\/\/d2n2.org\/blogs\/Elarpadenoe\/wp-content\/uploads\/2019\/10\/DIOS-NOS-CONVOCA.mp3'>DIOS NOS CONVOCA<\/a><\/li><li><a href='https:\/\/d2n2.org\/blogs\/Elarpadenoe\/wp-content\/uploads\/2019\/09\/Padre-Claret.mp3'>Padre Claret<\/a><\/li><li><a href='https:\/\/d2n2.org\/blogs\/Elarpadenoe\/wp-content\/uploads\/2019\/09\/CANTA-JERUSAL\u00c9N.mp3'>CANTA JERUSAL\u00c9N<\/a><\/li><li><a href='https:\/\/d2n2.org\/blogs\/Elarpadenoe\/wp-content\/uploads\/2019\/08\/YA-LLEGA-EL-SE\u00d1OR.mp3'>YA LLEGA EL SE\u00d1OR<\/a><\/li><li><a href='https:\/\/d2n2.org\/blogs\/Elarpadenoe\/wp-content\/uploads\/2019\/08\/ILUM\u00cdNAME-SE\u00d1OR.mp3'>ILUM\u00cdNAME, SE\u00d1OR<\/a><\/li><li><a href='https:\/\/d2n2.org\/blogs\/Elarpadenoe\/wp-content\/uploads\/2019\/08\/La-aventura-de-vivir.mp3'>La aventura de vivir<\/a><\/li><li><a href='https:\/\/d2n2.org\/blogs\/Elarpadenoe\/wp-content\/uploads\/2019\/08\/VEN-Y-S\u00edGUEME.mp3'>VEN Y S\u00edGUEME<\/a><\/li><li><a href='https:\/\/d2n2.org\/blogs\/Elarpadenoe\/wp-content\/uploads\/2019\/08\/CERCA-EST\u00c1.mp3'>CERCA EST\u00c1<\/a><\/li><li><a href='https:\/\/d2n2.org\/blogs\/Elarpadenoe\/wp-content\/uploads\/2019\/08\/PEQUE\u00d1AS-ACLARACIONES.mp3'>PEQUE\u00d1AS ACLARACIONES<\/a><\/li><li><a href='https:\/\/d2n2.org\/blogs\/Elarpadenoe\/wp-content\/uploads\/2019\/08\/He-encontrado-un-tesoro.mp3'>He encontrado un tesoro<\/a><\/li><li><a href='https:\/\/d2n2.org\/blogs\/Elarpadenoe\/wp-content\/uploads\/2019\/08\/LA-NUEVA-HUMANIDAD.mp3'>LA NUEVA HUMANIDAD<\/a><\/li><li><a href='https:\/\/d2n2.org\/blogs\/Elarpadenoe\/wp-content\/uploads\/2019\/08\/BENEDICTUS.mp3'>BENEDICTUS<\/a><\/li><li><a href='https:\/\/d2n2.org\/blogs\/Elarpadenoe\/wp-content\/uploads\/2019\/08\/CREO.mp3'>CREO<\/a><\/li><li><a href='https:\/\/d2n2.org\/blogs\/Elarpadenoe\/wp-content\/uploads\/2019\/07\/Sigue-con-nosotros.mp3'>Sigue con nosotros<\/a><\/li><li><a href='https:\/\/d2n2.org\/blogs\/Elarpadenoe\/wp-content\/uploads\/2019\/07\/PADRE-NUESTRO-DE-LA-TIERRA.mp3'>PADRE NUESTRO DE LA TIERRA<\/a><\/li><li><a href='https:\/\/d2n2.org\/blogs\/Elarpadenoe\/wp-content\/uploads\/2019\/07\/AQU\u00cd-EST\u00c1.mp3'>AQU\u00cd EST\u00c1<\/a><\/li><li><a href='https:\/\/d2n2.org\/blogs\/Elarpadenoe\/wp-content\/uploads\/2019\/07\/GUSTAR-A-DIOS.mp3'>GUSTAR A DIOS<\/a><\/li><li><a href='https:\/\/d2n2.org\/blogs\/Elarpadenoe\/wp-content\/uploads\/2019\/07\/Bendita-sea-tu-pureza.mp3'>Bendita sea tu pureza<\/a><\/li><li><a href='https:\/\/d2n2.org\/blogs\/Elarpadenoe\/wp-content\/uploads\/2019\/07\/EN-TU-CRUZ-SIGUES-HOY.mp3'>EN TU CRUZ SIGUES HOY<\/a><\/li><li><a href='https:\/\/d2n2.org\/blogs\/Elarpadenoe\/wp-content\/uploads\/2019\/07\/T\u00da-ERES-EL-DIOS-QUE-NOS-SALVA.mp3'>T\u00da ERES EL DIOS QUE NOS SALVA<\/a><\/li><li><a href='https:\/\/d2n2.org\/blogs\/Elarpadenoe\/wp-content\/uploads\/2019\/07\/MORIR\u00c9-PARA-RENACER.mp3'>MORIR\u00c9 PARA RENACER<\/a><\/li><li><a href='https:\/\/d2n2.org\/blogs\/Elarpadenoe\/wp-content\/uploads\/2019\/06\/Mirad-al-suelo.mp3'>Mirad al suelo<\/a><\/li><li><a href='https:\/\/d2n2.org\/blogs\/Elarpadenoe\/wp-content\/uploads\/2019\/06\/MANOS-ABIERTAS.mp3'>MANOS ABIERTAS<\/a><\/li><li><a href='https:\/\/d2n2.org\/blogs\/Elarpadenoe\/wp-content\/uploads\/2019\/06\/T\u00da-SE\u00d1OR.mp3'>T\u00da, SE\u00d1OR<\/a><\/li><li><a href='https:\/\/d2n2.org\/blogs\/Elarpadenoe\/wp-content\/uploads\/2019\/06\/VEN-A-LA-FIESTA.mp3'>VEN A LA FIESTA<\/a><\/li><li><a href='https:\/\/d2n2.org\/blogs\/Elarpadenoe\/wp-content\/uploads\/2019\/06\/\u00c9xodo.mp3'>\u00c9xodo<\/a><\/li><li><a href='https:\/\/d2n2.org\/blogs\/Elarpadenoe\/wp-content\/uploads\/2019\/06\/ME-EST\u00c1S-LLAMANDO.mp3'>ME EST\u00c1S LLAMANDO<\/a><\/li><li><a href='https:\/\/d2n2.org\/blogs\/Elarpadenoe\/wp-content\/uploads\/2019\/06\/AMIGOS.mp3'>AMIGOS<\/a><\/li><li><a href='https:\/\/d2n2.org\/blogs\/Elarpadenoe\/wp-content\/uploads\/2019\/06\/MISIONERO-CLARET.mp3'>MISIONERO CLARET<\/a><\/li><li><a href='https:\/\/d2n2.org\/blogs\/Elarpadenoe\/wp-content\/uploads\/2019\/06\/Dios-est\u00e1-aqu\u00ed.mp3'>Dios est\u00e1 aqu\u00ed<\/a><\/li><li><a href='https:\/\/d2n2.org\/blogs\/Elarpadenoe\/wp-content\/uploads\/2019\/06\/QUE-TU-PALABRA-NOS-CAMBIE.mp3'>QUE TU PALABRA NOS CAMBIE<\/a><\/li><li><a href='https:\/\/d2n2.org\/blogs\/Elarpadenoe\/wp-content\/uploads\/2019\/06\/NADA-HAY-SIN-TU-ESP\u00cdRITU.mp3'>NADA HAY SIN TU ESP\u00cdRITU<\/a><\/li><li><a href='https:\/\/d2n2.org\/blogs\/Elarpadenoe\/wp-content\/uploads\/2019\/06\/GRACIAS.mp3'>GRACIAS<\/a><\/li><li><a href='https:\/\/d2n2.org\/blogs\/Elarpadenoe\/wp-content\/uploads\/2019\/06\/Padre-Nuestro-que-a-todos-amas.mp3'>Padre Nuestro que a todos amas<\/a><\/li><li><a href='https:\/\/d2n2.org\/blogs\/Elarpadenoe\/wp-content\/uploads\/2019\/06\/DE-QU\u00c9-SIRVE.mp3'>DE QU\u00c9 SIRVE<\/a><\/li><li><a href='https:\/\/d2n2.org\/blogs\/Elarpadenoe\/wp-content\/uploads\/2019\/05\/JES\u00daS-VEN-T\u00da.mp3'>JES\u00daS, VEN T\u00da<\/a><\/li><li><a href='https:\/\/d2n2.org\/blogs\/Elarpadenoe\/wp-content\/uploads\/2019\/05\/Tu-palabra-es-luz-que-ilumina.mp3'>Tu palabra es luz que ilumina<\/a><\/li><li><a href='https:\/\/d2n2.org\/blogs\/Elarpadenoe\/wp-content\/uploads\/2019\/05\/ES-EL-SE\u00d1OR.mp3'>ES EL SE\u00d1OR<\/a><\/li><li><a href='https:\/\/d2n2.org\/blogs\/Elarpadenoe\/wp-content\/uploads\/2016\/04\/Todos-los-donesR.mp3'>Todos los dones[R]<\/a><\/li><li><a href='https:\/\/d2n2.org\/blogs\/Elarpadenoe\/wp-content\/uploads\/2019\/04\/LA-CORONA-DEL-ADVIENTO.mp3'>LA CORONA DEL ADVIENTO<\/a><\/li><li><a href='https:\/\/d2n2.org\/blogs\/Elarpadenoe\/wp-content\/uploads\/2019\/04\/TREN-DEL-AMOR.mp3'>TREN DEL AMOR<\/a><\/li><li><a href='https:\/\/d2n2.org\/blogs\/Elarpadenoe\/wp-content\/uploads\/2019\/04\/ES-CRISTO-QUIEN-INVITA.mp3'>ES CRISTO QUIEN INVITA<\/a><\/li><li><a href='https:\/\/d2n2.org\/blogs\/Elarpadenoe\/wp-content\/uploads\/2019\/04\/MAR\u00cdA-MADRE-DEL-DOLOR.mp3'>MAR\u00cdA, MADRE DEL DOLOR<\/a><\/li><li><a href='https:\/\/d2n2.org\/blogs\/Elarpadenoe\/wp-content\/uploads\/2019\/04\/La-misa-no-termina-aqu\u00ed-en-la-iglesia.mp3'>La misa no termina aqu\u00ed en la iglesia<\/a><\/li><li><a href='https:\/\/d2n2.org\/blogs\/Elarpadenoe\/wp-content\/uploads\/2019\/04\/MAR\u00cdA-MAR\u00cdA.mp3'>MAR\u00cdA, MAR\u00cdA<\/a><\/li><li><a href='https:\/\/d2n2.org\/blogs\/Elarpadenoe\/wp-content\/uploads\/2019\/04\/HOY-HE-VUELTO-MADRE-A-RECORDAR.mp3'>HOY HE VUELTO, MADRE, A RECORDAR<\/a><\/li><li><a href='https:\/\/d2n2.org\/blogs\/Elarpadenoe\/wp-content\/uploads\/2019\/04\/SANTA-MAR\u00cdA-DE-LA-ESPERANZA.mp3'>SANTA MAR\u00cdA DE LA ESPERANZA<\/a><\/li><li><a href='https:\/\/d2n2.org\/blogs\/Elarpadenoe\/wp-content\/uploads\/2019\/04\/La-misa-es-una-fiesta.mp3'>La misa es una fiesta<\/a><\/li><li><a href='https:\/\/d2n2.org\/blogs\/Elarpadenoe\/wp-content\/uploads\/2019\/04\/T\u00da-ERES-CORAZ\u00d3N.mp3'>T\u00da ERES CORAZ\u00d3N<\/a><\/li><li><a href='https:\/\/d2n2.org\/blogs\/Elarpadenoe\/wp-content\/uploads\/2019\/04\/OS-LO-ANUNCIAMOS.mp3'>OS LO ANUNCIAMOS<\/a><\/li><li><a href='https:\/\/d2n2.org\/blogs\/Elarpadenoe\/wp-content\/uploads\/2019\/04\/HIMNO.mp3'>HIMNO<\/a><\/li><li><a href='https:\/\/d2n2.org\/blogs\/Elarpadenoe\/wp-content\/uploads\/2019\/03\/CRISTO-LIBERTADOR.mp3'>CRISTO LIBERTADOR<\/a><\/li><li><a href='https:\/\/d2n2.org\/blogs\/Elarpadenoe\/wp-content\/uploads\/2019\/03\/EL-AMOR-ES-NUESTRO-CANTO.mp3'>EL AMOR ES NUESTRO CANTO<\/a><\/li><li><a href='https:\/\/d2n2.org\/blogs\/Elarpadenoe\/wp-content\/uploads\/2019\/03\/Dame-paz.mp3'>Dame paz<\/a><\/li><li><a href='https:\/\/d2n2.org\/blogs\/Elarpadenoe\/wp-content\/uploads\/2019\/03\/MADRE-DE-LOS-CREYENTES.mp3'>MADRE DE LOS CREYENTES<\/a><\/li><li><a href='https:\/\/d2n2.org\/blogs\/Elarpadenoe\/wp-content\/uploads\/2019\/03\/LA-GENTE-CAMINA.mp3'>LA GENTE CAMINA<\/a><\/li><li><a href='https:\/\/d2n2.org\/blogs\/Elarpadenoe\/wp-content\/uploads\/2019\/03\/UNA-TARDE-EN-LA-PLAYA.mp3'>UNA TARDE EN LA PLAYA<\/a><\/li><li><a href='https:\/\/d2n2.org\/blogs\/Elarpadenoe\/wp-content\/uploads\/2019\/03\/Ven-ven-Se\u00f1or.mp3'>Ven, ven, Se\u00f1or<\/a><\/li><li><a href='https:\/\/d2n2.org\/blogs\/Elarpadenoe\/wp-content\/uploads\/2019\/03\/DIOS-ES-ALEGR\u00cdA.mp3'>DIOS ES ALEGR\u00cdA<\/a><\/li><li><a href='https:\/\/d2n2.org\/blogs\/Elarpadenoe\/wp-content\/uploads\/2019\/03\/SIEMPRE-ES-PENTECOSTES.mp3'>SIEMPRE ES PENTECOSTES<\/a><\/li><li><a href='https:\/\/d2n2.org\/blogs\/Elarpadenoe\/wp-content\/uploads\/2019\/03\/NO-SOIS-VOSOTROS.mp3'>NO SOIS VOSOTROS<\/a><\/li><li><a href='https:\/\/d2n2.org\/blogs\/Elarpadenoe\/wp-content\/uploads\/2019\/02\/Somos-un-pueblo-que-camina.mp3'>Somos un pueblo que camina<\/a><\/li><li><a href='https:\/\/d2n2.org\/blogs\/Elarpadenoe\/wp-content\/uploads\/2019\/02\/QU\u00c9DATE-CON-NOSOTROS.mp3'>QU\u00c9DATE CON NOSOTROS<\/a><\/li><li><a href='https:\/\/d2n2.org\/blogs\/Elarpadenoe\/wp-content\/uploads\/2019\/02\/QUI\u00c9N-ES-ESE-QUE-VIENE.mp3'>QUI\u00c9N ES ESE QUE VIENE<\/a><\/li><li><a href='https:\/\/d2n2.org\/blogs\/Elarpadenoe\/wp-content\/uploads\/2019\/02\/SOMOS-TESTIGOS.mp3'>SOMOS TESTIGOS<\/a><\/li><li><a href='https:\/\/d2n2.org\/blogs\/Elarpadenoe\/wp-content\/uploads\/2019\/02\/Salmo-de-la-Comunidad.mp3'>Salmo de la Comunidad<\/a><\/li><li><a href='https:\/\/d2n2.org\/blogs\/Elarpadenoe\/wp-content\/uploads\/2019\/02\/EN-LA-CRUZ-NOS-DA-LA-VIDA.mp3'>EN LA CRUZ NOS DA LA VIDA<\/a><\/li><li><a href='https:\/\/d2n2.org\/blogs\/Elarpadenoe\/wp-content\/uploads\/2019\/02\/JES\u00daS-NOS-DA-SU-PAN.mp3'>JES\u00daS NOS DA SU PAN<\/a><\/li><li><a href='https:\/\/d2n2.org\/blogs\/Elarpadenoe\/wp-content\/uploads\/2019\/02\/CRISTO-JES\u00daS.mp3'>CRISTO JES\u00daS<\/a><\/li><li><a href='https:\/\/d2n2.org\/blogs\/Elarpadenoe\/wp-content\/uploads\/2019\/02\/ARDE-EN-CARIDAD.mp3'>ARDE EN CARIDAD<\/a><\/li><li><a href='https:\/\/d2n2.org\/blogs\/Elarpadenoe\/wp-content\/uploads\/2019\/02\/Id-y-ense\u00f1ad.mp3'>Id y ense\u00f1ad<\/a><\/li><li><a href='https:\/\/d2n2.org\/blogs\/Elarpadenoe\/wp-content\/uploads\/2019\/02\/S\u00d3LO-CRISTO.mp3'>S\u00d3LO CRISTO<\/a><\/li><li><a href='https:\/\/d2n2.org\/blogs\/Elarpadenoe\/wp-content\/uploads\/2019\/01\/EN-TU-CRUZ-NOS-DAS-LA-VIDA.mp3'>EN TU CRUZ NOS DAS LA VIDA<\/a><\/li><li><a href='https:\/\/d2n2.org\/blogs\/Elarpadenoe\/wp-content\/uploads\/2019\/01\/TE-ENSALZAR\u00c9-SE\u00d1OR-SALMO-29.mp3'>TE ENSALZAR\u00c9, SE\u00d1OR (SALMO 29)<\/a><\/li><li><a href='https:\/\/d2n2.org\/blogs\/Elarpadenoe\/wp-content\/uploads\/2019\/01\/\u00c9xodo-y-liberaci\u00f3n.mp3'>\u00c9xodo y liberaci\u00f3n<\/a><\/li><li><a href='https:\/\/d2n2.org\/blogs\/Elarpadenoe\/wp-content\/uploads\/2019\/01\/LLEGASTE-A-MI-VIDA.mp3'>LLEGASTE A MI VIDA<\/a><\/li><li><a href='https:\/\/d2n2.org\/blogs\/Elarpadenoe\/wp-content\/uploads\/2019\/01\/AQU\u00cd-ESTOY-SE\u00d1OR.mp3'>AQU\u00cd ESTOY, SE\u00d1OR<\/a><\/li><li><a href='https:\/\/d2n2.org\/blogs\/Elarpadenoe\/wp-content\/uploads\/2019\/01\/BETANIA.mp3'>BETANIA<\/a><\/li><li><a href='https:\/\/d2n2.org\/blogs\/Elarpadenoe\/wp-content\/uploads\/2019\/01\/TE-PRESENTAMOS-EL-VINO-Y-EL-PAN.mp3'>TE PRESENTAMOS EL VINO Y EL PAN<\/a><\/li><li><a href='https:\/\/d2n2.org\/blogs\/Elarpadenoe\/wp-content\/uploads\/2019\/01\/MAGNIFICAT\u00d3RGANO.mp3'>MAGNIFICAT(\u00d3RGANO)<\/a><\/li><li><a href='https:\/\/d2n2.org\/blogs\/Elarpadenoe\/wp-content\/uploads\/2018\/12\/NADA-TE-TURBE.mp3'>NADA TE TURBE<\/a><\/li><li><a href='https:\/\/d2n2.org\/blogs\/Elarpadenoe\/wp-content\/uploads\/2018\/12\/TU-PALABRA-ME-DA-VIDA-SALMO-118.mp3'>TU PALABRA ME DA VIDA (SALMO 118)<\/a><\/li><li><a href='https:\/\/d2n2.org\/blogs\/Elarpadenoe\/wp-content\/uploads\/2018\/12\/VASO-NUEVO.mp3'>VASO NUEVO<\/a><\/li><li><a href='https:\/\/d2n2.org\/blogs\/Elarpadenoe\/wp-content\/uploads\/2018\/12\/DANOS-DE-TU-PAN-SE\u00d1OR.mp3'>DANOS DE TU PAN, SE\u00d1OR<\/a><\/li><li><a href='https:\/\/d2n2.org\/blogs\/Elarpadenoe\/wp-content\/uploads\/2018\/12\/PROCLAMA-MI-ALMA.mp3'>PROCLAMA MI ALMA<\/a><\/li><li><a href='https:\/\/d2n2.org\/blogs\/Elarpadenoe\/wp-content\/uploads\/2018\/12\/ESPERANDO-CON-MAR\u00cdA.mp3'>ESPERANDO CON MAR\u00cdA<\/a><\/li><li><a href='https:\/\/d2n2.org\/blogs\/Elarpadenoe\/wp-content\/uploads\/2018\/12\/Aprenderse-todos-la-leccion.mp3'>Aprenderse todos la leccion<\/a><\/li><li><a href='https:\/\/d2n2.org\/blogs\/Elarpadenoe\/wp-content\/uploads\/2018\/11\/TENGO-NECESIDAD-DE-TI.mp3'>TENGO NECESIDAD DE TI<\/a><\/li><li><a href='https:\/\/d2n2.org\/blogs\/Elarpadenoe\/wp-content\/uploads\/2018\/11\/Y-HOY-MI-ALMA-PROCLAMA-SU-AMOR.mp3'>Y HOY MI ALMA PROCLAMA SU AMOR<\/a><\/li><li><a href='https:\/\/d2n2.org\/blogs\/Elarpadenoe\/wp-content\/uploads\/2018\/11\/UNA-MANO-ABIERTA.mp3'>UNA MANO ABIERTA<\/a><\/li><li><a href='https:\/\/d2n2.org\/blogs\/Elarpadenoe\/wp-content\/uploads\/2018\/11\/T\u00fa-s\u00f3lo-t\u00fa.mp3'>T\u00fa s\u00f3lo t\u00fa<\/a><\/li><li><a href='https:\/\/d2n2.org\/blogs\/Elarpadenoe\/wp-content\/uploads\/2018\/11\/EL-ALMA-QUE-ANDA-EN-AMOR.mp3'>EL ALMA QUE ANDA EN AMOR<\/a><\/li><li><a href='https:\/\/d2n2.org\/blogs\/Elarpadenoe\/wp-content\/uploads\/2018\/11\/JES\u00daS-ENTRE-NOSOTROS.mp3'>JES\u00daS ENTRE NOSOTROS<\/a><\/li><li><a href='https:\/\/d2n2.org\/blogs\/Elarpadenoe\/wp-content\/uploads\/2018\/11\/ESTE-ES-EL-D\u00cdA-DEL-SE\u00d1OR.mp3'>ESTE ES EL D\u00cdA DEL SE\u00d1OR<\/a><\/li><li><a href='https:\/\/d2n2.org\/blogs\/Elarpadenoe\/wp-content\/uploads\/2018\/11\/Gloria-al-Se\u00f1or.mp3'>Gloria al Se\u00f1or<\/a><\/li><li><a href='https:\/\/d2n2.org\/blogs\/Elarpadenoe\/wp-content\/uploads\/2018\/11\/ANGELUS.mp3'>ANGELUS<\/a><\/li><li><a href='https:\/\/d2n2.org\/blogs\/Elarpadenoe\/wp-content\/uploads\/2018\/10\/LO-ENTREGARON-TODO.mp3'>LO ENTREGARON TODO<\/a><\/li><li><a href='https:\/\/d2n2.org\/blogs\/Elarpadenoe\/wp-content\/uploads\/2018\/10\/EL-SE\u00d1OR-ME-HA-INVITADO-A-SU-CASA.mp3'>EL SE\u00d1OR ME HA INVITADO A SU CASA<\/a><\/li><li><a href='https:\/\/d2n2.org\/blogs\/Elarpadenoe\/wp-content\/uploads\/2018\/10\/El-Se\u00f1or-me-ha-invitado-a-su-casa-infantil.mp3'>El Se\u00f1or me ha invitado a su casa (infantil)<\/a><\/li><li><a href='https:\/\/d2n2.org\/blogs\/Elarpadenoe\/wp-content\/uploads\/2018\/10\/PONTE-EN-CAMINO.mp3'>PONTE EN CAMINO<\/a><\/li><li><a href='https:\/\/d2n2.org\/blogs\/Elarpadenoe\/wp-content\/uploads\/2018\/10\/Granito-de-Mostaza.mp3'>Granito de Mostaza<\/a><\/li><li><a href='https:\/\/d2n2.org\/blogs\/Elarpadenoe\/wp-content\/uploads\/2018\/10\/DE-LO-D\u00c9BIL-SACA-FUERZAS.mp3'>DE LO D\u00c9BIL SACA FUERZAS<\/a><\/li><li><a href='https:\/\/d2n2.org\/blogs\/Elarpadenoe\/wp-content\/uploads\/2018\/10\/ALELUYA-JUNTO-A-TI.mp3'>'<\/a><\/li><li><a href='https:\/\/d2n2.org\/blogs\/Elarpadenoe\/wp-content\/uploads\/2018\/10\/D\u00c9JALO-TODO-POR-EL.mp3'>D\u00c9JALO TODO POR EL<\/a><\/li><li><a href='https:\/\/d2n2.org\/blogs\/Elarpadenoe\/wp-content\/uploads\/2018\/10\/LA-VOZ-DEL-PROFETA.mp3'>LA VOZ DEL PROFETA<\/a><\/li><li><a href='https:\/\/d2n2.org\/blogs\/Elarpadenoe\/wp-content\/uploads\/2018\/10\/Virgen-morenita-Candelaria.mp3'>Virgen morenita (Candelaria)<\/a><\/li><li><a href='https:\/\/d2n2.org\/blogs\/Elarpadenoe\/wp-content\/uploads\/2018\/09\/TESTIGOS.mp3'>TESTIGOS<\/a><\/li><li><a href='https:\/\/d2n2.org\/blogs\/Elarpadenoe\/wp-content\/uploads\/2018\/09\/EN-MI-GETSEMANI.mp3'>EN MI GETSEMANI<\/a><\/li><li><a href='https:\/\/d2n2.org\/blogs\/Elarpadenoe\/wp-content\/uploads\/2018\/09\/MAGNIFICATmadre.mp3'>MAGNIFICAT(madre)<\/a><\/li><li><a href='https:\/\/d2n2.org\/blogs\/Elarpadenoe\/wp-content\/uploads\/2018\/09\/Aleluya-Taiz\u00e9.mp3'>Aleluya (Taiz\u00e9)<\/a><\/li><li><a href='https:\/\/d2n2.org\/blogs\/Elarpadenoe\/wp-content\/uploads\/2018\/09\/CAMINAR\u00c9-EN-PRESENCIA-DEL-SE\u00d1OR.mp3'>CAMINAR\u00c9 EN PRESENCIA DEL SE\u00d1OR<\/a><\/li><li><a href='https:\/\/d2n2.org\/blogs\/Elarpadenoe\/wp-content\/uploads\/2018\/09\/SI-JESUS.mp3'>SI JESUS<\/a><\/li><li><a href='https:\/\/d2n2.org\/blogs\/Elarpadenoe\/wp-content\/uploads\/2018\/09\/SI-ESTAMOS-UNIDOS.mp3'>SI ESTAMOS UNIDOS<\/a><\/li><li><a href='https:\/\/d2n2.org\/blogs\/Elarpadenoe\/wp-content\/uploads\/2018\/09\/PADRE-NUESTROpadre-que-estas-en-los-cielos.mp3'>PADRE NUESTRO(padre que estas en los cielos)<\/a><\/li><li><a href='https:\/\/d2n2.org\/blogs\/Elarpadenoe\/wp-content\/uploads\/2018\/09\/JESUS-ES-VERDAD.mp3'>JESUS ES VERDAD<\/a><\/li><li><a href='https:\/\/d2n2.org\/blogs\/Elarpadenoe\/wp-content\/uploads\/2018\/09\/ALEGRE-LA-MA\u00d1ANA.mp3'>ALEGRE LA MA\u00d1ANA<\/a><\/li><li><a href='https:\/\/d2n2.org\/blogs\/Elarpadenoe\/wp-content\/uploads\/2018\/08\/HIMNO-AL-CORAZ\u00d3N-DE-MAR\u00cdA.mp3'>HIMNO AL CORAZ\u00d3N DE MAR\u00cdA<\/a><\/li><li><a href='https:\/\/d2n2.org\/blogs\/Elarpadenoe\/wp-content\/uploads\/2018\/08\/El-amor-vive.mp3'>El amor vive<\/a><\/li><li><a href='https:\/\/d2n2.org\/blogs\/Elarpadenoe\/wp-content\/uploads\/2018\/08\/VIRGEN-MORENITA.mp3'>VIRGEN MORENITA<\/a><\/li><li><a href='https:\/\/d2n2.org\/blogs\/Elarpadenoe\/wp-content\/uploads\/2018\/07\/Tomanos.mp3'>Tomanos<\/a><\/li><li><a href='https:\/\/d2n2.org\/blogs\/Elarpadenoe\/wp-content\/uploads\/2018\/07\/TESTIGOS.mp3'>TESTIGOS<\/a><\/li><li><a href='https:\/\/d2n2.org\/blogs\/Elarpadenoe\/wp-content\/uploads\/2018\/07\/A-DIOS-DEN-GRACIAS-LOS-PUEBLOS-SALMO-66.mp3'>A DIOS DEN GRACIAS LOS PUEBLOS (SALMO 66)<\/a><\/li><li><a href='https:\/\/d2n2.org\/blogs\/Elarpadenoe\/wp-content\/uploads\/2018\/03\/UN\u00c1MONOS.mp3'>UN\u00c1MONOS<\/a><\/li><li><a href='https:\/\/d2n2.org\/blogs\/Elarpadenoe\/wp-content\/uploads\/2018\/03\/LAS-PALABRAS-DE-LOS-HOMBRES.mp3'>LAS PALABRAS DE LOS HOMBRES<\/a><\/li><li><a href='https:\/\/d2n2.org\/blogs\/Elarpadenoe\/wp-content\/uploads\/2018\/03\/SI-T\u00da-TE-VAS.mp3'>SI T\u00da TE VAS<\/a><\/li><li><a href='https:\/\/d2n2.org\/blogs\/Elarpadenoe\/wp-content\/uploads\/2018\/03\/ME-BASTA-QUE-SEAIS-J\u00d3VENES.mp3'>ME BASTA QUE SEAIS J\u00d3VENES<\/a><\/li><li><a href='https:\/\/d2n2.org\/blogs\/Elarpadenoe\/wp-content\/uploads\/2018\/03\/VEN-ESP\u00cdRITU-SANTO.mp3'>VEN ESP\u00cdRITU SANTO<\/a><\/li><li><a href='https:\/\/d2n2.org\/blogs\/Elarpadenoe\/wp-content\/uploads\/2018\/03\/MISIONERO-IDEAL.mp3'>MISIONERO IDEAL<\/a><\/li><li><a href='https:\/\/d2n2.org\/blogs\/Elarpadenoe\/wp-content\/uploads\/2018\/03\/Santo-bendita-mi-tierra-guanche.mp3'>Santo (bendita mi tierra guanche)<\/a><\/li><li><a href='https:\/\/d2n2.org\/blogs\/Elarpadenoe\/wp-content\/uploads\/2018\/03\/Magnificat-mi-alma-canta.mp3'>Magnificat (mi alma canta)<\/a><\/li><li><a href='https:\/\/d2n2.org\/blogs\/Elarpadenoe\/wp-content\/uploads\/2018\/03\/AY-DE-MI-SI-NO-EVANGELIZARA.mp3'>AY DE MI, SI NO EVANGELIZARA<\/a><\/li><li><a href='https:\/\/d2n2.org\/blogs\/Elarpadenoe\/wp-content\/uploads\/2018\/03\/VIVIREMOS-FIRMES-EN-LA-FE.mp3'>VIVIREMOS FIRMES EN LA FE<\/a><\/li><li><a href='https:\/\/d2n2.org\/blogs\/Elarpadenoe\/wp-content\/uploads\/2018\/03\/VEN-ESP\u00cdRITU-DIVINO.mp3'>VEN, ESP\u00cdRITU DIVINO<\/a><\/li><li><a href='https:\/\/d2n2.org\/blogs\/Elarpadenoe\/wp-content\/uploads\/2018\/03\/Eres-m\u00e1s-que-el-mar.mp3'>Eres m\u00e1s que el mar<\/a><\/li><li><a href='https:\/\/d2n2.org\/blogs\/Elarpadenoe\/wp-content\/uploads\/2018\/03\/OMNIPOTENTE-ALT\u00cdSIMO.mp3'>OMNIPOTENTE, ALT\u00cdSIMO<\/a><\/li><li><a href='https:\/\/d2n2.org\/blogs\/Elarpadenoe\/wp-content\/uploads\/2018\/03\/HIJO.mp3'>HIJO<\/a><\/li><li><a href='https:\/\/d2n2.org\/blogs\/Elarpadenoe\/wp-content\/uploads\/2018\/03\/QUE-TE-CONOZCA.mp3'>QUE TE CONOZCA<\/a><\/li><li><a href='https:\/\/d2n2.org\/blogs\/Elarpadenoe\/wp-content\/uploads\/2018\/03\/Paz-Se\u00f1or.mp3'>Paz Se\u00f1or<\/a><\/li><li><a href='https:\/\/d2n2.org\/blogs\/Elarpadenoe\/wp-content\/uploads\/2018\/03\/T\u00da-ERES-MI-SE\u00d1OR.mp3'>T\u00da ERES MI SE\u00d1OR<\/a><\/li><li><a href='https:\/\/d2n2.org\/blogs\/Elarpadenoe\/wp-content\/uploads\/2018\/03\/IBAMOS-DOS.mp3'>IBAMOS DOS<\/a><\/li><li><a href='https:\/\/d2n2.org\/blogs\/Elarpadenoe\/wp-content\/uploads\/2018\/03\/Hasta-en-el-viento.mp3'>Hasta en el viento<\/a><\/li><li><a href='https:\/\/d2n2.org\/blogs\/Elarpadenoe\/wp-content\/uploads\/2018\/02\/A-TI-MADRE.mp3'>A TI MADRE<\/a><\/li><li><a href='https:\/\/d2n2.org\/blogs\/Elarpadenoe\/wp-content\/uploads\/2018\/02\/EL-SI-DE-MAR\u00cdA.mp3'>EL SI DE MAR\u00cdA<\/a><\/li><li><a href='https:\/\/d2n2.org\/blogs\/Elarpadenoe\/wp-content\/uploads\/2018\/02\/MADRE-DE-LUZ.mp3'>MADRE DE LUZ<\/a><\/li><li><a href='https:\/\/d2n2.org\/blogs\/Elarpadenoe\/wp-content\/uploads\/2018\/02\/Magnificat-todo-mi-ser.mp3'>Magnificat (todo mi ser)<\/a><\/li><li><a href='https:\/\/d2n2.org\/blogs\/Elarpadenoe\/wp-content\/uploads\/2018\/02\/GRACIAS-MADRE.mp3'>GRACIAS, MADRE<\/a><\/li><li><a href='https:\/\/d2n2.org\/blogs\/Elarpadenoe\/wp-content\/uploads\/2018\/02\/MAGNIFICATtriunfo.mp3'>MAGNIFICAT(triunfo)<\/a><\/li><li><a href='https:\/\/d2n2.org\/blogs\/Elarpadenoe\/wp-content\/uploads\/2018\/02\/AVE-MARIA.mp3'>AVE MARIA<\/a><\/li><li><a href='https:\/\/d2n2.org\/blogs\/Elarpadenoe\/wp-content\/uploads\/2018\/02\/AVE-MAR\u00cdAentre-las-causas.mp3'>AVE MAR\u00cdA(entre las causas)<\/a><\/li><li><a href='https:\/\/d2n2.org\/blogs\/Elarpadenoe\/wp-content\/uploads\/2018\/02\/Cristo-vive-an\u00fancialo.mp3'>Cristo vive, an\u00fancialo<\/a><\/li><li><a href='https:\/\/d2n2.org\/blogs\/Elarpadenoe\/wp-content\/uploads\/2018\/02\/ERES-BENDICION-PARA-MI.mp3'>ERES BENDICION PARA MI<\/a><\/li><li><a href='https:\/\/d2n2.org\/blogs\/Elarpadenoe\/wp-content\/uploads\/2018\/02\/SOY-PEREGRINO.mp3'>SOY PEREGRINO<\/a><\/li><li><a href='https:\/\/d2n2.org\/blogs\/Elarpadenoe\/wp-content\/uploads\/2018\/02\/TOMAME.mp3'>TOMAME<\/a><\/li><li><a href='https:\/\/d2n2.org\/blogs\/Elarpadenoe\/wp-content\/uploads\/2018\/02\/Le-seguiremos.mp3'>Le seguiremos<\/a><\/li><li><a href='https:\/\/d2n2.org\/blogs\/Elarpadenoe\/wp-content\/uploads\/2018\/01\/QUE-HERMOSOS-SON.mp3'>QUE HERMOSOS SON<\/a><\/li><li><a href='https:\/\/d2n2.org\/blogs\/Elarpadenoe\/wp-content\/uploads\/2018\/01\/Ven-Se\u00f1or-Jes\u00fas.mp3'>Ven Se\u00f1or Jes\u00fas<\/a><\/li><li><a href='https:\/\/d2n2.org\/blogs\/Elarpadenoe\/wp-content\/uploads\/2018\/01\/LA-BONDAD-DEL-SE\u00d1OR.mp3'>LA BONDAD DEL SE\u00d1OR<\/a><\/li><li><a href='https:\/\/d2n2.org\/blogs\/Elarpadenoe\/wp-content\/uploads\/2018\/01\/Ante-ti-Se\u00f1or.mp3'>Ante ti Se\u00f1or<\/a><\/li><li><a href='https:\/\/d2n2.org\/blogs\/Elarpadenoe\/wp-content\/uploads\/2018\/01\/Isaias-61.mp3'>Isaias 61<\/a><\/li><li><a href='https:\/\/d2n2.org\/blogs\/Elarpadenoe\/wp-content\/uploads\/2018\/01\/Mueveme.mp3'>Mueveme<\/a><\/li><li><a href='https:\/\/d2n2.org\/blogs\/Elarpadenoe\/wp-content\/uploads\/2017\/12\/Corre-al-portalito.mp3'>Corre al portalito<\/a><\/li><li><a href='https:\/\/d2n2.org\/blogs\/Elarpadenoe\/wp-content\/uploads\/2017\/12\/Los-campanilleros.mp3'>Los campanilleros<\/a><\/li><li><a href='https:\/\/d2n2.org\/blogs\/Elarpadenoe\/wp-content\/uploads\/2017\/12\/Caminante.mp3'>Caminante<\/a><\/li><li><a href='https:\/\/d2n2.org\/blogs\/Elarpadenoe\/wp-content\/uploads\/2017\/12\/Tu-eres-mi-madre.mp3'>Tu eres mi madre<\/a><\/li><li><a href='https:\/\/d2n2.org\/blogs\/Elarpadenoe\/wp-content\/uploads\/2017\/12\/Un-puente-hacia-ti.mp3'>Un puente hacia ti<\/a><\/li><li><a href='https:\/\/d2n2.org\/blogs\/Elarpadenoe\/wp-content\/uploads\/2017\/12\/Baja-a-Dios-de-las-nubes.mp3'>Baja a Dios de las nubes<\/a><\/li><li><a href='https:\/\/d2n2.org\/blogs\/Elarpadenoe\/wp-content\/uploads\/2017\/12\/Amor-es-vida.mp3'>Amor es vida<\/a><\/li><li><a href='https:\/\/d2n2.org\/blogs\/Elarpadenoe\/wp-content\/uploads\/2017\/11\/Ven-conmigo-pastorcillo.mp3'>Ven conmigo pastorcillo<\/a><\/li><li><a href='https:\/\/d2n2.org\/blogs\/Elarpadenoe\/wp-content\/uploads\/2017\/11\/Peque\u00f1os-soles.mp3'>Peque\u00f1os soles<\/a><\/li><li><a href='https:\/\/d2n2.org\/blogs\/Elarpadenoe\/wp-content\/uploads\/2017\/10\/PADRE-VUELVO-A-TI.mp3'>PADRE VUELVO A TI<\/a><\/li><li><a href='https:\/\/d2n2.org\/blogs\/Elarpadenoe\/wp-content\/uploads\/2017\/10\/PADRE-MIO.mp3'>PADRE MIO<\/a><\/li><li><a href='https:\/\/d2n2.org\/blogs\/Elarpadenoe\/wp-content\/uploads\/2017\/10\/Te-busco.mp3'>Te busco<\/a><\/li><li><a href='https:\/\/d2n2.org\/blogs\/Elarpadenoe\/wp-content\/uploads\/2017\/10\/Rezare.mp3'>Rezare<\/a><\/li><li><a href='https:\/\/d2n2.org\/blogs\/Elarpadenoe\/wp-content\/uploads\/2017\/10\/Instrumento-de-tu-paz.mp3'>Instrumento de tu paz<\/a><\/li><li><a href='https:\/\/d2n2.org\/blogs\/Elarpadenoe\/wp-content\/uploads\/2017\/10\/Animo.mp3'>Animo<\/a><\/li><li><a href='https:\/\/d2n2.org\/blogs\/Elarpadenoe\/wp-content\/uploads\/2017\/09\/CAMINANDO-POR-LAS-OLAS.mp3'>CAMINANDO POR LAS OLAS<\/a><\/li><li><a href='https:\/\/d2n2.org\/blogs\/Elarpadenoe\/wp-content\/uploads\/2017\/09\/VALE-LA-PENA-VIVIR.mp3'>VALE LA PENA VIVIR<\/a><\/li><li><a href='https:\/\/d2n2.org\/blogs\/Elarpadenoe\/wp-content\/uploads\/2017\/09\/BUSCA-PRIMERO.mp3'>BUSCA PRIMERO<\/a><\/li><li><a href='https:\/\/d2n2.org\/blogs\/Elarpadenoe\/wp-content\/uploads\/2017\/09\/TU-SER\u00c1S-MI-HERMANO.mp3'>TU SER\u00c1S MI HERMANO<\/a><\/li><li><a href='https:\/\/d2n2.org\/blogs\/Elarpadenoe\/wp-content\/uploads\/2017\/09\/ESCUCHEMOS-LA-PALABRA.mp3'>ESCUCHEMOS LA PALABRA<\/a><\/li><li><a href='https:\/\/d2n2.org\/blogs\/Elarpadenoe\/wp-content\/uploads\/2017\/09\/BUSCAMOS-LA-VERDAD.mp3'>BUSCAMOS LA VERDAD<\/a><\/li><li><a href='https:\/\/d2n2.org\/blogs\/Elarpadenoe\/wp-content\/uploads\/2017\/09\/HE-PENSADO-EN-TI.mp3'>HE PENSADO EN TI<\/a><\/li><li><a href='https:\/\/d2n2.org\/blogs\/Elarpadenoe\/wp-content\/uploads\/2017\/09\/VENID-VENID-ESP\u00cdRITU.mp3'>VENID, VENID, ESP\u00cdRITU<\/a><\/li><li><a href='https:\/\/d2n2.org\/blogs\/Elarpadenoe\/wp-content\/uploads\/2017\/09\/ORACION-DEL-PUBLICANO.mp3'>ORACION DEL PUBLICANO<\/a><\/li><li><a href='https:\/\/d2n2.org\/blogs\/Elarpadenoe\/wp-content\/uploads\/2017\/09\/DIME.mp3'>DIME<\/a><\/li><li><a href='https:\/\/d2n2.org\/blogs\/Elarpadenoe\/wp-content\/uploads\/2017\/09\/MAGNIFICAT-GRANDE-ES-SU-AMOR.mp3'>MAGNIFICAT (GRANDE ES SU AMOR)<\/a><\/li><li><a href='https:\/\/d2n2.org\/blogs\/Elarpadenoe\/wp-content\/uploads\/2017\/09\/A-QUIEN-ENVIAR\u00c9.mp3'>A QUIEN ENVIAR\u00c9<\/a><\/li><li><a href='https:\/\/d2n2.org\/blogs\/Elarpadenoe\/wp-content\/uploads\/2017\/09\/yo-celebrare.mp3'>yo celebrare<\/a><\/li><li><a href='https:\/\/d2n2.org\/blogs\/Elarpadenoe\/wp-content\/uploads\/2017\/09\/No-adoreis-a-nadie.mp3'>No adoreis a nadie<\/a><\/li><li><a href='https:\/\/d2n2.org\/blogs\/Elarpadenoe\/wp-content\/uploads\/2017\/09\/Que-te-puedo-dar.mp3'>Que te puedo dar<\/a><\/li><li><a href='https:\/\/d2n2.org\/blogs\/Elarpadenoe\/wp-content\/uploads\/2017\/09\/UNA-BUENA-NOTICIA.mp3'>UNA BUENA NOTICIA<\/a><\/li><li><a href='https:\/\/d2n2.org\/blogs\/Elarpadenoe\/wp-content\/uploads\/2017\/09\/SE-LLAMABA-MAR\u00cdA.mp3'>SE LLAMABA MAR\u00cdA<\/a><\/li><li><a href='https:\/\/d2n2.org\/blogs\/Elarpadenoe\/wp-content\/uploads\/2017\/09\/CANONES-DE-KAIROI.mp3'>CANONES DE KAIROI<\/a><\/li><li><a href='https:\/\/d2n2.org\/blogs\/Elarpadenoe\/wp-content\/uploads\/2017\/09\/SOLIDARIDAD-COMPARTIR.mp3'>SOLIDARIDAD-COMPARTIR<\/a><\/li><li><a href='https:\/\/d2n2.org\/blogs\/Elarpadenoe\/wp-content\/uploads\/2017\/08\/HACEN-FALTA-SI.mp3'>HACEN FALTA SI<\/a><\/li><li><a href='https:\/\/d2n2.org\/blogs\/Elarpadenoe\/wp-content\/uploads\/2017\/08\/ARCILLA-ENTRE-TUS-MANOS.mp3'>ARCILLA ENTRE TUS MANOS<\/a><\/li><li><a href='https:\/\/d2n2.org\/blogs\/Elarpadenoe\/wp-content\/uploads\/2017\/08\/HOY-QUIERO-EMPEZAR.mp3'>HOY QUIERO EMPEZAR<\/a><\/li><li><a href='https:\/\/d2n2.org\/blogs\/Elarpadenoe\/wp-content\/uploads\/2017\/08\/MUCHO-HAS-AMADO.mp3'>MUCHO HAS AMADO<\/a><\/li><li><a href='https:\/\/d2n2.org\/blogs\/Elarpadenoe\/wp-content\/uploads\/2017\/08\/SOMOS-MUCHOS.mp3'>SOMOS MUCHOS<\/a><\/li><li><a href='https:\/\/d2n2.org\/blogs\/Elarpadenoe\/wp-content\/uploads\/2017\/08\/QUIERO-DECIR-QUE-SI.mp3'>QUIERO DECIR QUE SI<\/a><\/li><li><a href='https:\/\/d2n2.org\/blogs\/Elarpadenoe\/wp-content\/uploads\/2017\/08\/YO-SOY.mp3'>YO SOY<\/a><\/li><li><a href='https:\/\/d2n2.org\/blogs\/Elarpadenoe\/wp-content\/uploads\/2017\/08\/AMANECE-EN-LA-ORILLA.mp3'>AMANECE EN LA ORILLA<\/a><\/li><li><a href='https:\/\/d2n2.org\/blogs\/Elarpadenoe\/wp-content\/uploads\/2015\/05\/REl-camino.mp3'>[R]El camino<\/a><\/li><li><a href='https:\/\/d2n2.org\/blogs\/Elarpadenoe\/wp-content\/uploads\/2017\/08\/NO-TE-VAYAS-NUNCA.mp3'>NO TE VAYAS NUNCA<\/a><\/li><li><a href='https:\/\/d2n2.org\/blogs\/Elarpadenoe\/wp-content\/uploads\/2017\/08\/AL-DIOS-DESCONOCIDO.mp3'>AL DIOS DESCONOCIDO<\/a><\/li><li><a href='https:\/\/d2n2.org\/blogs\/Elarpadenoe\/wp-content\/uploads\/2017\/07\/Padre-Claret-Misionero-del-amor.mp3'>Padre Claret Misionero del amor<\/a><\/li><li><a href='https:\/\/d2n2.org\/blogs\/Elarpadenoe\/wp-content\/uploads\/2017\/06\/EN-NUESTRA-OSCURIDAD.mp3'>EN NUESTRA OSCURIDAD<\/a><\/li><li><a href='https:\/\/d2n2.org\/blogs\/Elarpadenoe\/wp-content\/uploads\/2017\/06\/QUEMAN-LOS-LABIOS.mp3'>QUEMAN LOS LABIOS<\/a><\/li><li><a href='https:\/\/d2n2.org\/blogs\/Elarpadenoe\/wp-content\/uploads\/2017\/06\/SIEMPRE-HAY-SITIO-PARA-AMAR.mp3'>SIEMPRE HAY SITIO PARA AMAR<\/a><\/li><li><a href='https:\/\/d2n2.org\/blogs\/Elarpadenoe\/wp-content\/uploads\/2017\/06\/VEN.mp3'>VEN<\/a><\/li><li><a href='https:\/\/d2n2.org\/blogs\/Elarpadenoe\/wp-content\/uploads\/2017\/06\/A-DONDE-ACUDIRE.mp3'>A DONDE ACUDIRE<\/a><\/li><li><a href='https:\/\/d2n2.org\/blogs\/Elarpadenoe\/wp-content\/uploads\/2017\/06\/OTRA-HUMANIDAD.mp3'>OTRA HUMANIDAD<\/a><\/li><li><a href='https:\/\/d2n2.org\/blogs\/Elarpadenoe\/wp-content\/uploads\/2017\/06\/HAZME-UN-LOCO.mp3'>HAZME UN LOCO<\/a><\/li><li><a href='https:\/\/d2n2.org\/blogs\/Elarpadenoe\/wp-content\/uploads\/2017\/06\/MARIA-MUSICA-DE-DIOS.mp3'>MARIA MUSICA DE DIOS<\/a><\/li><li><a href='https:\/\/d2n2.org\/blogs\/Elarpadenoe\/wp-content\/uploads\/2017\/06\/BENDIGA-A-DIOS-MI-ALMA.mp3'>BENDIGA A DIOS MI ALMA<\/a><\/li><li><a href='https:\/\/d2n2.org\/blogs\/Elarpadenoe\/wp-content\/uploads\/2017\/06\/ADORACION.mp3'>ADORACION<\/a><\/li><li><a href='https:\/\/d2n2.org\/blogs\/Elarpadenoe\/wp-content\/uploads\/2017\/06\/SURGIR\u00c1-UN-MUNDO-NUEVO.mp3'>SURGIR\u00c1 UN MUNDO NUEVO<\/a><\/li><li><a href='https:\/\/d2n2.org\/blogs\/Elarpadenoe\/wp-content\/uploads\/2017\/06\/LA-FARSA.mp3'>LA FARSA<\/a><\/li><li><a href='https:\/\/d2n2.org\/blogs\/Elarpadenoe\/wp-content\/uploads\/2017\/06\/AL-SE\u00d1OR-CANTAD.mp3'>AL SE\u00d1OR CANTAD<\/a><\/li><li><a href='https:\/\/d2n2.org\/blogs\/Elarpadenoe\/wp-content\/uploads\/2017\/06\/PADRE-NUESTRO-GALLEGO.mp3'>PADRE NUESTRO GALLEGO<\/a><\/li><li><a href='https:\/\/d2n2.org\/blogs\/Elarpadenoe\/wp-content\/uploads\/2017\/06\/Id-y-anunciad.mp3'>Id y anunciad<\/a><\/li><li><a href='https:\/\/d2n2.org\/blogs\/Elarpadenoe\/wp-content\/uploads\/2017\/06\/Dios-amigo-y-compa\u00f1ero.mp3'>Dios amigo y compa\u00f1ero<\/a><\/li><li><a href='https:\/\/d2n2.org\/blogs\/Elarpadenoe\/wp-content\/uploads\/2017\/06\/DE-NOCHE-IREMOS.mp3'>DE NOCHE IREMOS<\/a><\/li><li><a href='https:\/\/d2n2.org\/blogs\/Elarpadenoe\/wp-content\/uploads\/2017\/06\/SOMOS-CAMINO.mp3'>SOMOS CAMINO<\/a><\/li><li><a href='https:\/\/d2n2.org\/blogs\/Elarpadenoe\/wp-content\/uploads\/2017\/06\/ORACION-DEL-POBRE.mp3'>ORACION DEL POBRE<\/a><\/li><li><a href='https:\/\/d2n2.org\/blogs\/Elarpadenoe\/wp-content\/uploads\/2017\/06\/VIVE-JES\u00daS-EL-SE\u00d1OR.mp3'>VIVE JES\u00daS EL SE\u00d1OR<\/a><\/li><li><a href='https:\/\/d2n2.org\/blogs\/Elarpadenoe\/wp-content\/uploads\/2017\/06\/YO-NO-SOY-NADA.mp3'>YO NO SOY NADA<\/a><\/li><li><a href='https:\/\/d2n2.org\/blogs\/Elarpadenoe\/wp-content\/uploads\/2017\/06\/TU-ERES-DEL-MUNDO-LA-LUZ.mp3'>TU ERES DEL MUNDO LA LUZ<\/a><\/li><li><a href='https:\/\/d2n2.org\/blogs\/Elarpadenoe\/wp-content\/uploads\/2017\/06\/GLORIA-A-DIOS.mp3'>GLORIA A DIOS<\/a><\/li><li><a href='https:\/\/d2n2.org\/blogs\/Elarpadenoe\/wp-content\/uploads\/2017\/06\/CRISTO.mp3'>CRISTO<\/a><\/li><li><a href='https:\/\/d2n2.org\/blogs\/Elarpadenoe\/wp-content\/uploads\/2017\/06\/QUE-ALGUIEN-D\u00c9-LA-CARA.mp3'>QUE ALGUIEN D\u00c9 LA CARA<\/a><\/li><li><a href='https:\/\/d2n2.org\/blogs\/Elarpadenoe\/wp-content\/uploads\/2017\/06\/EL-PEREGRINO.mp3'>EL PEREGRINO<\/a><\/li><li><a href='https:\/\/d2n2.org\/blogs\/Elarpadenoe\/wp-content\/uploads\/2017\/06\/LA-VISITACI\u00d3N.mp3'>LA VISITACI\u00d3N<\/a><\/li><li><a href='https:\/\/d2n2.org\/blogs\/Elarpadenoe\/wp-content\/uploads\/2017\/06\/Es-Amor.mp3'>Concierto de San Matias 2<\/a><\/li><li><a href='https:\/\/d2n2.org\/blogs\/Elarpadenoe\/wp-content\/uploads\/2017\/06\/TEN-PIEDAD-OYENOS.mp3'>TEN PIEDAD OYENOS<\/a><\/li><li><a href='https:\/\/d2n2.org\/blogs\/Elarpadenoe\/wp-content\/uploads\/2017\/06\/HABLAME.mp3'>HABLAME<\/a><\/li><li><a href='https:\/\/d2n2.org\/blogs\/Elarpadenoe\/wp-content\/uploads\/2017\/06\/VOLVERA.mp3'>VOLVERA<\/a><\/li><li><a href='https:\/\/d2n2.org\/blogs\/Elarpadenoe\/wp-content\/uploads\/2017\/06\/OH-POBREZA.mp3'>OH POBREZA<\/a><\/li><li><a href='https:\/\/d2n2.org\/blogs\/Elarpadenoe\/wp-content\/uploads\/2017\/06\/UN-NUEVO-SITIO-DISPONED.mp3'>UN NUEVO SITIO DISPONED<\/a><\/li><li><a href='https:\/\/d2n2.org\/blogs\/Elarpadenoe\/wp-content\/uploads\/2017\/06\/TAN-CERCA-DE-M\u00cd.mp3'>TAN CERCA DE M\u00cd<\/a><\/li><li><a href='https:\/\/d2n2.org\/blogs\/Elarpadenoe\/wp-content\/uploads\/2017\/06\/VAMOS-TODOS-JUNTOS.mp3'>VAMOS TODOS JUNTOS<\/a><\/li><li><a href='https:\/\/d2n2.org\/blogs\/Elarpadenoe\/wp-content\/uploads\/2017\/06\/JESUCRISTO.mp3'>JESUCRISTO<\/a><\/li><li><a href='https:\/\/d2n2.org\/blogs\/Elarpadenoe\/wp-content\/uploads\/2017\/06\/ENSE\u00d1ANOS-A-ORAR.mp3'>ENSE\u00d1ANOS A ORAR<\/a><\/li><li><a href='https:\/\/d2n2.org\/blogs\/Elarpadenoe\/wp-content\/uploads\/2017\/06\/TOMAME.mp3'>TOMAME<\/a><\/li><li><a href='https:\/\/d2n2.org\/blogs\/Elarpadenoe\/wp-content\/uploads\/2017\/06\/CRISTO-TE-NECESITAMOS.mp3'>CRISTO TE NECESITAMOS<\/a><\/li><li><a href='https:\/\/d2n2.org\/blogs\/Elarpadenoe\/wp-content\/uploads\/2017\/06\/REFLEXIONA.mp3'>REFLEXIONA<\/a><\/li><li><a href='https:\/\/d2n2.org\/blogs\/Elarpadenoe\/wp-content\/uploads\/2017\/05\/ABRE-EL-HORIZONTE.mp3'>ABRE EL HORIZONTE<\/a><\/li><li><a href='https:\/\/d2n2.org\/blogs\/Elarpadenoe\/wp-content\/uploads\/2017\/05\/en-comunidad-resucitamos.mp3'>en comunidad resucitamos<\/a><\/li><li><a href='https:\/\/d2n2.org\/blogs\/Elarpadenoe\/wp-content\/uploads\/2017\/05\/Como-tus-brazos.mp3'>Como tus brazos<\/a><\/li><li><a href='https:\/\/d2n2.org\/blogs\/Elarpadenoe\/wp-content\/uploads\/2017\/05\/Busco-tu-presencia.mp3'>Busco tu presencia<\/a><\/li><li><a href='https:\/\/d2n2.org\/blogs\/Elarpadenoe\/wp-content\/uploads\/2017\/05\/Aleluya-Gloria-Aleluya.mp3'>Aleluya Gloria Aleluya<\/a><\/li><li><a href='https:\/\/d2n2.org\/blogs\/Elarpadenoe\/wp-content\/uploads\/2017\/05\/Una-cruz-como-equipaje.mp3'>Una cruz como equipaje<\/a><\/li><li><a href='https:\/\/d2n2.org\/blogs\/Elarpadenoe\/wp-content\/uploads\/2017\/05\/Nacera.mp3'>Nacera<\/a><\/li><li><a href='https:\/\/d2n2.org\/blogs\/Elarpadenoe\/wp-content\/uploads\/2017\/05\/Preparad-el-camino-al-se\u00f1or.mp3'>Preparad el camino al se\u00f1or<\/a><\/li><li><a href='https:\/\/d2n2.org\/blogs\/Elarpadenoe\/wp-content\/uploads\/2017\/05\/Hoy-el-Se\u00f1or-Resucito.mp3'>Hoy el Se\u00f1or Resucito<\/a><\/li><li><a href='https:\/\/d2n2.org\/blogs\/Elarpadenoe\/wp-content\/uploads\/2015\/04\/RMi-dios-esta-vivo.mp3'>[R]Mi dios esta vivo<\/a><\/li><li><a href='https:\/\/d2n2.org\/blogs\/Elarpadenoe\/wp-content\/uploads\/2015\/04\/RComo-fuego-vivo.mp3'>[R]Como fuego vivo<\/a><\/li><li><a href='https:\/\/d2n2.org\/blogs\/Elarpadenoe\/wp-content\/uploads\/2015\/04\/RSupremo-amor.mp3'>[R]Supremo amor<\/a><\/li><li><a href='https:\/\/d2n2.org\/blogs\/Elarpadenoe\/wp-content\/uploads\/2017\/04\/Jesus-viene.mp3'>Jesus viene<\/a><\/li><li><a href='https:\/\/d2n2.org\/blogs\/Elarpadenoe\/wp-content\/uploads\/2017\/04\/Donde-tu-estas.mp3'>Donde tu estas<\/a><\/li><li><a href='https:\/\/d2n2.org\/blogs\/Elarpadenoe\/wp-content\/uploads\/2015\/04\/RVosotros-sereis-mi-pueblo.mp3'>Vosotros sereis mi pueblo<\/a><\/li><li><a href='https:\/\/d2n2.org\/blogs\/Elarpadenoe\/wp-content\/uploads\/2017\/04\/Me-has-seducido-Se\u00f1or.mp3'>Me has seducido Se\u00f1or<\/a><\/li><li><a href='https:\/\/d2n2.org\/blogs\/Elarpadenoe\/wp-content\/uploads\/2017\/04\/Dios-nace-en-la-paz.mp3'>Dios nace en la paz<\/a><\/li><li><a href='https:\/\/d2n2.org\/blogs\/Elarpadenoe\/wp-content\/uploads\/2017\/04\/Todo-esta-bien.mp3'>Todo esta bien<\/a><\/li><li><a href='https:\/\/d2n2.org\/blogs\/Elarpadenoe\/wp-content\/uploads\/2017\/04\/Padre-Nuestro-Tengo-miedo.mp3'>Padre Nuestro-Tengo miedo<\/a><\/li><li><a href='https:\/\/d2n2.org\/blogs\/Elarpadenoe\/wp-content\/uploads\/2017\/04\/Pregon-Pascual.mp3'>Pregon Pascual<\/a><\/li><li><a href='https:\/\/d2n2.org\/blogs\/Elarpadenoe\/wp-content\/uploads\/2013\/06\/RA-donde-vas.mp3'>A donde vas<\/a><\/li><li><a href='https:\/\/d2n2.org\/blogs\/Elarpadenoe\/wp-content\/uploads\/2016\/04\/RTe-hiciste-pan.mp3'>Te hiciste pan<\/a><\/li><li><a href='https:\/\/d2n2.org\/blogs\/Elarpadenoe\/wp-content\/uploads\/2016\/11\/Ven-a-salvar-tu-pueblo.mp3'>ven-a-salvar-tu-pueblo<\/a><\/li><li><a href='https:\/\/d2n2.org\/blogs\/Elarpadenoe\/wp-content\/uploads\/2016\/11\/Eres-el-fuego-el-amor.mp3'>eres-el-fuego-el-amor<\/a><\/li><li><a href='https:\/\/d2n2.org\/blogs\/Elarpadenoe\/wp-content\/uploads\/2016\/11\/Nada-nos-separar\u00e1.mp3'>nada-nos-separara<\/a><\/li><li><a href='https:\/\/d2n2.org\/blogs\/Elarpadenoe\/wp-content\/uploads\/2016\/11\/Oracion-de-Claret.mp3'>oracion-de-claret<\/a><\/li><li><a href='https:\/\/d2n2.org\/blogs\/Elarpadenoe\/wp-content\/uploads\/2016\/11\/Que-nazca-en-ti.mp3'>que-nazca-en-ti<\/a><\/li><li><a href='https:\/\/d2n2.org\/blogs\/Elarpadenoe\/wp-content\/uploads\/2016\/10\/Siervo-por-amor.mp3'>siervo-por-amor<\/a><\/li><li><a href='https:\/\/d2n2.org\/blogs\/Elarpadenoe\/wp-content\/uploads\/2016\/10\/El-espiritu-de-Dios.mp3'>el-espiritu-de-dios<\/a><\/li><li><a href='https:\/\/d2n2.org\/blogs\/Elarpadenoe\/wp-content\/uploads\/2016\/10\/Fuente-de-paz.mp3'>fuente-de-paz<\/a><\/li><li><a href='https:\/\/d2n2.org\/blogs\/Elarpadenoe\/wp-content\/uploads\/2016\/10\/Corazon-de-Maria.mp3'>corazon-de-maria<\/a><\/li><li><a href='https:\/\/d2n2.org\/blogs\/Elarpadenoe\/wp-content\/uploads\/2016\/06\/Se\u00f1or-Santo.mp3'>Se\u00f1or Santo<\/a><\/li><li><a href='https:\/\/d2n2.org\/blogs\/Elarpadenoe\/wp-content\/uploads\/2016\/06\/Santo-sol-naciente.mp3'>Santo sol naciente<\/a><\/li><li><a href='https:\/\/d2n2.org\/blogs\/Elarpadenoe\/wp-content\/uploads\/2016\/06\/Amaos.mp3'>Amaos<\/a><\/li><li><a href='https:\/\/d2n2.org\/blogs\/Elarpadenoe\/wp-content\/uploads\/2016\/06\/Le-llamaron-loco.mp3'>Le llamaron loco<\/a><\/li><li><a href='https:\/\/d2n2.org\/blogs\/Elarpadenoe\/wp-content\/uploads\/2016\/06\/Hagase-en-mi.mp3'>Hagase en mi<\/a><\/li><li><a href='https:\/\/d2n2.org\/blogs\/Elarpadenoe\/wp-content\/uploads\/2016\/04\/A-ti-que-estas-sentado.mp3'>A ti que estas sentado<\/a><\/li><li><a href='https:\/\/d2n2.org\/blogs\/Elarpadenoe\/wp-content\/uploads\/2016\/04\/Es-de-locos.mp3'>Es de locos<\/a><\/li><li><a href='https:\/\/d2n2.org\/blogs\/Elarpadenoe\/wp-content\/uploads\/2016\/04\/El-Se\u00f1or-Dios-nos-amo.mp3'>El Se\u00f1or Dios nos amo<\/a><\/li><li><a href='https:\/\/d2n2.org\/blogs\/Elarpadenoe\/wp-content\/uploads\/2016\/04\/Velad-y-orad.mp3'>Velad y orad<\/a><\/li><li><a href='https:\/\/d2n2.org\/blogs\/Elarpadenoe\/wp-content\/uploads\/2016\/04\/Se\u00f1or-mio.mp3'>Se\u00f1or mio<\/a><\/li><li><a href='https:\/\/d2n2.org\/blogs\/Elarpadenoe\/wp-content\/uploads\/2016\/02\/Jesus-esta-en-ti.mp3'>Jesus esta en ti<\/a><\/li><li><a href='https:\/\/d2n2.org\/blogs\/Elarpadenoe\/wp-content\/uploads\/2016\/02\/Te-dare.mp3'>Te dare<\/a><\/li><li><a href='https:\/\/d2n2.org\/blogs\/Elarpadenoe\/wp-content\/uploads\/2016\/02\/Ven-y-veras.mp3'>Ven y veras<\/a><\/li><li><a href='https:\/\/d2n2.org\/blogs\/Elarpadenoe\/wp-content\/uploads\/2016\/02\/Nueva-generacion.mp3'>Nueva generacion<\/a><\/li><li><a href='https:\/\/d2n2.org\/blogs\/Elarpadenoe\/wp-content\/uploads\/2016\/02\/Piedad-Se\u00f1or.mp3'>Piedad Se\u00f1or<\/a><\/li><li><a href='https:\/\/d2n2.org\/blogs\/Elarpadenoe\/wp-content\/uploads\/2016\/02\/Danos-tu-paz.mp3'>Danos tu paz<\/a><\/li><li><a href='https:\/\/d2n2.org\/blogs\/Elarpadenoe\/wp-content\/uploads\/2015\/12\/Gloria-a-Dios-AM.mp3'>Gloria a Dios (AM)<\/a><\/li><li><a href='https:\/\/d2n2.org\/blogs\/Elarpadenoe\/wp-content\/uploads\/2015\/12\/Mi-burrito-sabanero.mp3'>Mi burrito sabanero<\/a><\/li><li><a href='https:\/\/d2n2.org\/blogs\/Elarpadenoe\/wp-content\/uploads\/2015\/12\/Una-sobre-el-mismo-mar.mp3'>Una sobre el mismo mar<\/a><\/li><li><a href='https:\/\/d2n2.org\/blogs\/Elarpadenoe\/wp-content\/uploads\/2015\/12\/Como-no-creer-.mp3'>Como no creer<\/a><\/li><li><a href='https:\/\/d2n2.org\/blogs\/Elarpadenoe\/wp-content\/uploads\/2015\/12\/Quedate-Se\u00f1or.mp3'>Quedate Se\u00f1or<\/a><\/li><li><a href='https:\/\/d2n2.org\/blogs\/Elarpadenoe\/wp-content\/uploads\/2015\/12\/Yo-por-ti.mp3'>Yo por ti<\/a><\/li><li><a href='https:\/\/d2n2.org\/blogs\/Elarpadenoe\/wp-content\/uploads\/2015\/12\/Nostalgia-de-Dios.mp3'>Nostalgia de Dios<\/a><\/li><li><a href='https:\/\/d2n2.org\/blogs\/Elarpadenoe\/wp-content\/uploads\/2015\/10\/Hoy-he-vuelto-a-tu-morada.mp3'>Hoy he vuelto a tu morada<\/a><\/li><li><a href='https:\/\/d2n2.org\/blogs\/Elarpadenoe\/wp-content\/uploads\/2015\/10\/Contemplad.mp3'>Contemplad<\/a><\/li><li><a href='https:\/\/d2n2.org\/blogs\/Elarpadenoe\/wp-content\/uploads\/2015\/05\/Un-ni\u00f1o-se-te-acerco.mp3'>Un ni\u00f1o se te acerco<\/a><\/li><li><a href='https:\/\/d2n2.org\/blogs\/Elarpadenoe\/wp-content\/uploads\/2015\/05\/Solo-por-tu-palabra.mp3'>Solo por tu palabra<\/a><\/li><li><a href='https:\/\/d2n2.org\/blogs\/Elarpadenoe\/wp-content\/uploads\/2015\/05\/Santo-es-el-Se\u00f1or.mp3'>Santo es el Se\u00f1or<\/a><\/li><li><a href='https:\/\/d2n2.org\/blogs\/Elarpadenoe\/wp-content\/uploads\/2015\/05\/Santo-carismatico.mp3'>Santo carismatico<\/a><\/li><li><a href='https:\/\/d2n2.org\/blogs\/Elarpadenoe\/wp-content\/uploads\/2015\/05\/Nueva-civilizacion.mp3'>Nueva civilizacion<\/a><\/li><li><a href='https:\/\/d2n2.org\/blogs\/Elarpadenoe\/wp-content\/uploads\/2015\/05\/Madre-y-formadora.mp3'>Madre y formadora<\/a><\/li><li><a href='https:\/\/d2n2.org\/blogs\/Elarpadenoe\/wp-content\/uploads\/2015\/05\/Esta-es-nuestra-ofrenda.mp3'>Esta es nuestra ofrenda<\/a><\/li><li><a href='https:\/\/d2n2.org\/blogs\/Elarpadenoe\/wp-content\/uploads\/2015\/05\/El-cielo-y-la-tierra-pasaran.mp3'>El cielo y la tierra pasaran<\/a><\/li><li><a href='https:\/\/d2n2.org\/blogs\/Elarpadenoe\/wp-content\/uploads\/2015\/05\/El-loco.mp3'>El loco<\/a><\/li><li><a href='https:\/\/d2n2.org\/blogs\/Elarpadenoe\/wp-content\/uploads\/2015\/05\/Danos-un-corazon.mp3'>Danos un corazon<\/a><\/li><li><a href='https:\/\/d2n2.org\/blogs\/Elarpadenoe\/wp-content\/uploads\/2015\/05\/Dame-tu-coraz\u00f3n.mp3'>Dame tu coraz\u00f3n<\/a><\/li><li><a href='https:\/\/d2n2.org\/blogs\/Elarpadenoe\/wp-content\/uploads\/2015\/05\/Creo-en-ti.mp3'>Creo en ti<\/a><\/li><li><a href='https:\/\/d2n2.org\/blogs\/Elarpadenoe\/wp-content\/uploads\/2015\/05\/Credo.mp3'>Credo<\/a><\/li><li><a href='https:\/\/d2n2.org\/blogs\/Elarpadenoe\/wp-content\/uploads\/2015\/05\/Coplas-de-Yaravi.mp3'>Coplas de Yaravi<\/a><\/li><li><a href='https:\/\/d2n2.org\/blogs\/Elarpadenoe\/wp-content\/uploads\/2015\/05\/Contamos-con-Jesucristo.mp3'>Contamos con Jesucristo<\/a><\/li><li><a href='https:\/\/d2n2.org\/blogs\/Elarpadenoe\/wp-content\/uploads\/2015\/05\/Conmigo-puedes-contar.mp3'>Conmigo puedes contar<\/a><\/li><li><a href='https:\/\/d2n2.org\/blogs\/Elarpadenoe\/wp-content\/uploads\/2015\/05\/Confio-en-ti.mp3'>Confio en ti<\/a><\/li><li><a href='https:\/\/d2n2.org\/blogs\/Elarpadenoe\/wp-content\/uploads\/2015\/05\/Claret-voz-peregrina.mp3'>Claret voz peregrina<\/a><\/li><li><a href='https:\/\/d2n2.org\/blogs\/Elarpadenoe\/wp-content\/uploads\/2015\/05\/Cantare.mp3'>Cantare<\/a><\/li><li><a href='https:\/\/d2n2.org\/blogs\/Elarpadenoe\/wp-content\/uploads\/2015\/05\/Canta-aleluya-al-Se\u00f1or.mp3'>Canta aleluya al Se\u00f1or<\/a><\/li><li><a href='https:\/\/d2n2.org\/blogs\/Elarpadenoe\/wp-content\/uploads\/2015\/05\/Agua-Lavame.mp3'>Agua Lavame<\/a><\/li><li><a href='https:\/\/d2n2.org\/blogs\/Elarpadenoe\/wp-content\/uploads\/2015\/04\/Vive.mp3'>Vive<\/a><\/li><li><a href='https:\/\/d2n2.org\/blogs\/Elarpadenoe\/wp-content\/uploads\/2015\/04\/S\u00e9-que-si-t\u00fa-est\u00e1s-aqu\u00ed.mp3'>S\u00e9 que si t\u00fa est\u00e1s aqu\u00ed<\/a><\/li><li><a href='https:\/\/d2n2.org\/blogs\/Elarpadenoe\/wp-content\/uploads\/2015\/04\/Gracias.mp3'>Gracias<\/a><\/li><li><a href='https:\/\/d2n2.org\/blogs\/Elarpadenoe\/wp-content\/uploads\/2015\/04\/Camino-de-Emaus.mp3'>Camino de Emaus<\/a><\/li><li><a href='https:\/\/d2n2.org\/blogs\/Elarpadenoe\/wp-content\/uploads\/2015\/04\/Santo.mp3'>Santo<\/a><\/li><li><a href='https:\/\/d2n2.org\/blogs\/Elarpadenoe\/wp-content\/uploads\/2015\/04\/En-torno-al-pan.mp3'>En torno al pan<\/a><\/li>\t<\/ol>\n\t<\/noscript>\n\t<script type=\"application\/json\" class=\"wp-playlist-script\">{\"type\":\"audio\",\"tracklist\":true,\"tracknumbers\":true,\"images\":true,\"artists\":true,\"tracks\":[{\"src\":\"https:\/\/d2n2.org\/blogs\/Elarpadenoe\/wp-content\/uploads\/2022\/10\/Gloria-a-Dios-en-el-cielo.mp3\",\"type\":\"audio\/mpeg\",\"title\":\"Gloria a Dios en el cielo\",\"caption\":\"\",\"description\":\"\\\"Gloria a Dios en el cielo\\\" en https:\/\/d2n2.org\/blogs\/Elarpadenoe\/.\",\"meta\":{\"artist\":\"https:\/\/d2n2.org\/blogs\/Elarpadenoe\/\",\"length_formatted\":\"2:36\"},\"image\":{\"src\":\"https:\/\/d2n2.org\/blogs\/Elarpadenoe\/wp-includes\/images\/media\/audio.svg\",\"width\":48,\"height\":64},\"thumb\":{\"src\":\"https:\/\/d2n2.org\/blogs\/Elarpadenoe\/wp-includes\/images\/media\/audio.svg\",\"width\":48,\"height\":64}},{\"src\":\"https:\/\/d2n2.org\/blogs\/Elarpadenoe\/wp-content\/uploads\/2022\/10\/Jes\\u00fas-es-se\\u00f1or.mp3\",\"type\":\"audio\/mpeg\",\"title\":\"Jes\\u00fas es se\\u00f1or\",\"caption\":\"\",\"description\":\"\\\"Jes\\u00fas es se\\u00f1or\\\" en https:\/\/d2n2.org\/blogs\/Elarpadenoe\/.\",\"meta\":{\"artist\":\"https:\/\/d2n2.org\/blogs\/Elarpadenoe\/\",\"length_formatted\":\"1:14\"},\"image\":{\"src\":\"https:\/\/d2n2.org\/blogs\/Elarpadenoe\/wp-includes\/images\/media\/audio.svg\",\"width\":48,\"height\":64},\"thumb\":{\"src\":\"https:\/\/d2n2.org\/blogs\/Elarpadenoe\/wp-includes\/images\/media\/audio.svg\",\"width\":48,\"height\":64}},{\"src\":\"https:\/\/d2n2.org\/blogs\/Elarpadenoe\/wp-content\/uploads\/2022\/10\/Si-me-falta-el-amor.mp3\",\"type\":\"audio\/mpeg\",\"title\":\"Si me falta el amor\",\"caption\":\"\",\"description\":\"\\\"Si me falta el amor\\\" en https:\/\/d2n2.org\/blogs\/Elarpadenoe\/.\",\"meta\":{\"artist\":\"https:\/\/d2n2.org\/blogs\/Elarpadenoe\/\",\"length_formatted\":\"2:54\"},\"image\":{\"src\":\"https:\/\/d2n2.org\/blogs\/Elarpadenoe\/wp-includes\/images\/media\/audio.svg\",\"width\":48,\"height\":64},\"thumb\":{\"src\":\"https:\/\/d2n2.org\/blogs\/Elarpadenoe\/wp-includes\/images\/media\/audio.svg\",\"width\":48,\"height\":64}},{\"src\":\"https:\/\/d2n2.org\/blogs\/Elarpadenoe\/wp-content\/uploads\/2022\/10\/Que-detalle.mp3\",\"type\":\"audio\/mpeg\",\"title\":\"Que detalle\",\"caption\":\"\",\"description\":\"\\\"Que detalle\\\" en https:\/\/d2n2.org\/blogs\/Elarpadenoe\/.\",\"meta\":{\"artist\":\"https:\/\/d2n2.org\/blogs\/Elarpadenoe\/\",\"length_formatted\":\"2:30\"},\"image\":{\"src\":\"https:\/\/d2n2.org\/blogs\/Elarpadenoe\/wp-includes\/images\/media\/audio.svg\",\"width\":48,\"height\":64},\"thumb\":{\"src\":\"https:\/\/d2n2.org\/blogs\/Elarpadenoe\/wp-includes\/images\/media\/audio.svg\",\"width\":48,\"height\":64}},{\"src\":\"https:\/\/d2n2.org\/blogs\/Elarpadenoe\/wp-content\/uploads\/2022\/10\/Grita-profeta.mp3\",\"type\":\"audio\/mpeg\",\"title\":\"Grita profeta\",\"caption\":\"\",\"description\":\"\\\"Grita profeta\\\" en https:\/\/d2n2.org\/blogs\/Elarpadenoe\/.\",\"meta\":{\"artist\":\"https:\/\/d2n2.org\/blogs\/Elarpadenoe\/\",\"length_formatted\":\"3:22\"},\"image\":{\"src\":\"https:\/\/d2n2.org\/blogs\/Elarpadenoe\/wp-includes\/images\/media\/audio.svg\",\"width\":48,\"height\":64},\"thumb\":{\"src\":\"https:\/\/d2n2.org\/blogs\/Elarpadenoe\/wp-includes\/images\/media\/audio.svg\",\"width\":48,\"height\":64}},{\"src\":\"https:\/\/d2n2.org\/blogs\/Elarpadenoe\/wp-content\/uploads\/2022\/10\/Que-alegr\\u00eda-cuando-me-dijeron-Salmo-121.mp3\",\"type\":\"audio\/mpeg\",\"title\":\"Que alegr\\u00eda cuando me dijeron (Salmo 121)\",\"caption\":\"\",\"description\":\"\\\"Que alegr\\u00eda cuando me dijeron (Salmo 121)\\\" en https:\/\/d2n2.org\/blogs\/Elarpadenoe\/.\",\"meta\":{\"artist\":\"https:\/\/d2n2.org\/blogs\/Elarpadenoe\/\",\"length_formatted\":\"3:21\"},\"image\":{\"src\":\"https:\/\/d2n2.org\/blogs\/Elarpadenoe\/wp-includes\/images\/media\/audio.svg\",\"width\":48,\"height\":64},\"thumb\":{\"src\":\"https:\/\/d2n2.org\/blogs\/Elarpadenoe\/wp-includes\/images\/media\/audio.svg\",\"width\":48,\"height\":64}},{\"src\":\"https:\/\/d2n2.org\/blogs\/Elarpadenoe\/wp-content\/uploads\/2022\/10\/La-Virgen-sue\\u00f1a-caminos.mp3\",\"type\":\"audio\/mpeg\",\"title\":\"La Virgen sue\\u00f1a caminos\",\"caption\":\"\",\"description\":\"\\\"La Virgen sue\\u00f1a caminos\\\" en https:\/\/d2n2.org\/blogs\/Elarpadenoe\/.\",\"meta\":{\"artist\":\"https:\/\/d2n2.org\/blogs\/Elarpadenoe\/\",\"length_formatted\":\"3:33\"},\"image\":{\"src\":\"https:\/\/d2n2.org\/blogs\/Elarpadenoe\/wp-includes\/images\/media\/audio.svg\",\"width\":48,\"height\":64},\"thumb\":{\"src\":\"https:\/\/d2n2.org\/blogs\/Elarpadenoe\/wp-includes\/images\/media\/audio.svg\",\"width\":48,\"height\":64}},{\"src\":\"https:\/\/d2n2.org\/blogs\/Elarpadenoe\/wp-content\/uploads\/2022\/10\/Gloria-a-Dios.mp3\",\"type\":\"audio\/mpeg\",\"title\":\"Gloria a Dios\",\"caption\":\"\",\"description\":\"\\\"Gloria a Dios\\\" en https:\/\/d2n2.org\/blogs\/Elarpadenoe\/.\",\"meta\":{\"artist\":\"https:\/\/d2n2.org\/blogs\/Elarpadenoe\/\",\"length_formatted\":\"2:33\"},\"image\":{\"src\":\"https:\/\/d2n2.org\/blogs\/Elarpadenoe\/wp-includes\/images\/media\/audio.svg\",\"width\":48,\"height\":64},\"thumb\":{\"src\":\"https:\/\/d2n2.org\/blogs\/Elarpadenoe\/wp-includes\/images\/media\/audio.svg\",\"width\":48,\"height\":64}},{\"src\":\"https:\/\/d2n2.org\/blogs\/Elarpadenoe\/wp-content\/uploads\/2022\/10\/Te-conocimos-al-partir-el-pan.mp3\",\"type\":\"audio\/mpeg\",\"title\":\"Te conocimos al partir el pan\",\"caption\":\"\",\"description\":\"\\\"Te conocimos al partir el pan\\\" en https:\/\/d2n2.org\/blogs\/Elarpadenoe\/.\",\"meta\":{\"artist\":\"https:\/\/d2n2.org\/blogs\/Elarpadenoe\/\",\"length_formatted\":\"3:37\"},\"image\":{\"src\":\"https:\/\/d2n2.org\/blogs\/Elarpadenoe\/wp-includes\/images\/media\/audio.svg\",\"width\":48,\"height\":64},\"thumb\":{\"src\":\"https:\/\/d2n2.org\/blogs\/Elarpadenoe\/wp-includes\/images\/media\/audio.svg\",\"width\":48,\"height\":64}},{\"src\":\"https:\/\/d2n2.org\/blogs\/Elarpadenoe\/wp-content\/uploads\/2022\/10\/Santo-Beatles.mp3\",\"type\":\"audio\/mpeg\",\"title\":\"Santo (Beatles)\",\"caption\":\"\",\"description\":\"\\\"Santo (Beatles)\\\" en https:\/\/d2n2.org\/blogs\/Elarpadenoe\/.\",\"meta\":{\"artist\":\"https:\/\/d2n2.org\/blogs\/Elarpadenoe\/\",\"length_formatted\":\"1:07\"},\"image\":{\"src\":\"https:\/\/d2n2.org\/blogs\/Elarpadenoe\/wp-includes\/images\/media\/audio.svg\",\"width\":48,\"height\":64},\"thumb\":{\"src\":\"https:\/\/d2n2.org\/blogs\/Elarpadenoe\/wp-includes\/images\/media\/audio.svg\",\"width\":48,\"height\":64}},{\"src\":\"https:\/\/d2n2.org\/blogs\/Elarpadenoe\/wp-content\/uploads\/2022\/10\/Levanto-mis-ojos-a-los-montes-Salmo-120.mp3\",\"type\":\"audio\/mpeg\",\"title\":\"Levanto mis ojos a los montes (Salmo 120)\",\"caption\":\"\",\"description\":\"\\\"Levanto mis ojos a los montes (Salmo 120)\\\" en https:\/\/d2n2.org\/blogs\/Elarpadenoe\/.\",\"meta\":{\"artist\":\"https:\/\/d2n2.org\/blogs\/Elarpadenoe\/\",\"length_formatted\":\"3:13\"},\"image\":{\"src\":\"https:\/\/d2n2.org\/blogs\/Elarpadenoe\/wp-includes\/images\/media\/audio.svg\",\"width\":48,\"height\":64},\"thumb\":{\"src\":\"https:\/\/d2n2.org\/blogs\/Elarpadenoe\/wp-includes\/images\/media\/audio.svg\",\"width\":48,\"height\":64}},{\"src\":\"https:\/\/d2n2.org\/blogs\/Elarpadenoe\/wp-content\/uploads\/2022\/10\/Maria.mp3\",\"type\":\"audio\/mpeg\",\"title\":\"Maria\",\"caption\":\"\",\"description\":\"\\\"Maria\\\".\",\"meta\":[],\"image\":{\"src\":\"https:\/\/d2n2.org\/blogs\/Elarpadenoe\/wp-includes\/images\/media\/audio.svg\",\"width\":48,\"height\":64},\"thumb\":{\"src\":\"https:\/\/d2n2.org\/blogs\/Elarpadenoe\/wp-includes\/images\/media\/audio.svg\",\"width\":48,\"height\":64}},{\"src\":\"https:\/\/d2n2.org\/blogs\/Elarpadenoe\/wp-content\/uploads\/2022\/10\/A-ti-levanto-mis-ojos-Salmo-122.mp3\",\"type\":\"audio\/mpeg\",\"title\":\"A ti levanto mis ojos (Salmo 122)\",\"caption\":\"\",\"description\":\"\\\"A ti levanto mis ojos (Salmo 122)\\\" en https:\/\/d2n2.org\/blogs\/Elarpadenoe\/.\",\"meta\":{\"artist\":\"https:\/\/d2n2.org\/blogs\/Elarpadenoe\/\",\"length_formatted\":\"3:36\"},\"image\":{\"src\":\"https:\/\/d2n2.org\/blogs\/Elarpadenoe\/wp-includes\/images\/media\/audio.svg\",\"width\":48,\"height\":64},\"thumb\":{\"src\":\"https:\/\/d2n2.org\/blogs\/Elarpadenoe\/wp-includes\/images\/media\/audio.svg\",\"width\":48,\"height\":64}},{\"src\":\"https:\/\/d2n2.org\/blogs\/Elarpadenoe\/wp-content\/uploads\/2021\/04\/Soneto.mp3\",\"type\":\"audio\/mpeg\",\"title\":\"Soneto\",\"caption\":\"\",\"description\":\"\\\"Soneto\\\".\",\"meta\":{\"length_formatted\":\"3:10\"},\"image\":{\"src\":\"https:\/\/d2n2.org\/blogs\/Elarpadenoe\/wp-includes\/images\/media\/audio.svg\",\"width\":48,\"height\":64},\"thumb\":{\"src\":\"https:\/\/d2n2.org\/blogs\/Elarpadenoe\/wp-includes\/images\/media\/audio.svg\",\"width\":48,\"height\":64}},{\"src\":\"https:\/\/d2n2.org\/blogs\/Elarpadenoe\/wp-content\/uploads\/2021\/04\/Simbolos-de-amor.mp3\",\"type\":\"audio\/mpeg\",\"title\":\"Simbolos de amor\",\"caption\":\"\",\"description\":\"\\\"Simbolos de amor\\\".\",\"meta\":[],\"image\":{\"src\":\"https:\/\/d2n2.org\/blogs\/Elarpadenoe\/wp-includes\/images\/media\/audio.svg\",\"width\":48,\"height\":64},\"thumb\":{\"src\":\"https:\/\/d2n2.org\/blogs\/Elarpadenoe\/wp-includes\/images\/media\/audio.svg\",\"width\":48,\"height\":64}},{\"src\":\"https:\/\/d2n2.org\/blogs\/Elarpadenoe\/wp-content\/uploads\/2021\/04\/Santo-gospel.mp3\",\"type\":\"audio\/mpeg\",\"title\":\"Santo gospel\",\"caption\":\"\",\"description\":\"\\\"Santo gospel\\\".\",\"meta\":{\"length_formatted\":\"1:16\"},\"image\":{\"src\":\"https:\/\/d2n2.org\/blogs\/Elarpadenoe\/wp-includes\/images\/media\/audio.svg\",\"width\":48,\"height\":64},\"thumb\":{\"src\":\"https:\/\/d2n2.org\/blogs\/Elarpadenoe\/wp-includes\/images\/media\/audio.svg\",\"width\":48,\"height\":64}},{\"src\":\"https:\/\/d2n2.org\/blogs\/Elarpadenoe\/wp-content\/uploads\/2021\/04\/Resurreccion.mp3\",\"type\":\"audio\/mpeg\",\"title\":\"Resurreccion\",\"caption\":\"\",\"description\":\"\\\"Resurreccion\\\".\",\"meta\":{\"length_formatted\":\"2:22\"},\"image\":{\"src\":\"https:\/\/d2n2.org\/blogs\/Elarpadenoe\/wp-includes\/images\/media\/audio.svg\",\"width\":48,\"height\":64},\"thumb\":{\"src\":\"https:\/\/d2n2.org\/blogs\/Elarpadenoe\/wp-includes\/images\/media\/audio.svg\",\"width\":48,\"height\":64}},{\"src\":\"https:\/\/d2n2.org\/blogs\/Elarpadenoe\/wp-content\/uploads\/2021\/04\/Por-mi.mp3\",\"type\":\"audio\/mpeg\",\"title\":\"Por mi\",\"caption\":\"\",\"description\":\"\\\"Por mi\\\".\",\"meta\":{\"length_formatted\":\"4:01\"},\"image\":{\"src\":\"https:\/\/d2n2.org\/blogs\/Elarpadenoe\/wp-includes\/images\/media\/audio.svg\",\"width\":48,\"height\":64},\"thumb\":{\"src\":\"https:\/\/d2n2.org\/blogs\/Elarpadenoe\/wp-includes\/images\/media\/audio.svg\",\"width\":48,\"height\":64}},{\"src\":\"https:\/\/d2n2.org\/blogs\/Elarpadenoe\/wp-content\/uploads\/2021\/04\/Pange-lingua.mp3\",\"type\":\"audio\/mpeg\",\"title\":\"Pange lingua\",\"caption\":\"\",\"description\":\"\\\"Pange lingua\\\".\",\"meta\":{\"length_formatted\":\"3:54\"},\"image\":{\"src\":\"https:\/\/d2n2.org\/blogs\/Elarpadenoe\/wp-includes\/images\/media\/audio.svg\",\"width\":48,\"height\":64},\"thumb\":{\"src\":\"https:\/\/d2n2.org\/blogs\/Elarpadenoe\/wp-includes\/images\/media\/audio.svg\",\"width\":48,\"height\":64}},{\"src\":\"https:\/\/d2n2.org\/blogs\/Elarpadenoe\/wp-content\/uploads\/2021\/04\/Oseas.mp3\",\"type\":\"audio\/mpeg\",\"title\":\"Oseas\",\"caption\":\"\",\"description\":\"\\\"Oseas\\\".\",\"meta\":{\"length_formatted\":\"4:13\"},\"image\":{\"src\":\"https:\/\/d2n2.org\/blogs\/Elarpadenoe\/wp-includes\/images\/media\/audio.svg\",\"width\":48,\"height\":64},\"thumb\":{\"src\":\"https:\/\/d2n2.org\/blogs\/Elarpadenoe\/wp-includes\/images\/media\/audio.svg\",\"width\":48,\"height\":64}},{\"src\":\"https:\/\/d2n2.org\/blogs\/Elarpadenoe\/wp-content\/uploads\/2021\/04\/Desolada.mp3\",\"type\":\"audio\/mpeg\",\"title\":\"Desolada\",\"caption\":\"\",\"description\":\"\\\"Desolada\\\" en https:\/\/d2n2.org\/blogs\/Elarpadenoe\/.\",\"meta\":{\"artist\":\"https:\/\/d2n2.org\/blogs\/Elarpadenoe\/\",\"length_formatted\":\"5:37\"},\"image\":{\"src\":\"https:\/\/d2n2.org\/blogs\/Elarpadenoe\/wp-includes\/images\/media\/audio.svg\",\"width\":48,\"height\":64},\"thumb\":{\"src\":\"https:\/\/d2n2.org\/blogs\/Elarpadenoe\/wp-includes\/images\/media\/audio.svg\",\"width\":48,\"height\":64}},{\"src\":\"https:\/\/d2n2.org\/blogs\/Elarpadenoe\/wp-content\/uploads\/2021\/04\/Jesus-resucita-hoy.mp3\",\"type\":\"audio\/mpeg\",\"title\":\"Jesus resucita hoy\",\"caption\":\"\",\"description\":\"\\\"Jesus resucita hoy\\\".\",\"meta\":{\"length_formatted\":\"3:36\"},\"image\":{\"src\":\"https:\/\/d2n2.org\/blogs\/Elarpadenoe\/wp-includes\/images\/media\/audio.svg\",\"width\":48,\"height\":64},\"thumb\":{\"src\":\"https:\/\/d2n2.org\/blogs\/Elarpadenoe\/wp-includes\/images\/media\/audio.svg\",\"width\":48,\"height\":64}},{\"src\":\"https:\/\/d2n2.org\/blogs\/Elarpadenoe\/wp-content\/uploads\/2021\/04\/He-visto-al-resucitado.mp3\",\"type\":\"audio\/mpeg\",\"title\":\"He visto al resucitado\",\"caption\":\"\",\"description\":\"\\\"He visto al resucitado\\\".\",\"meta\":{\"length_formatted\":\"2:44\"},\"image\":{\"src\":\"https:\/\/d2n2.org\/blogs\/Elarpadenoe\/wp-includes\/images\/media\/audio.svg\",\"width\":48,\"height\":64},\"thumb\":{\"src\":\"https:\/\/d2n2.org\/blogs\/Elarpadenoe\/wp-includes\/images\/media\/audio.svg\",\"width\":48,\"height\":64}},{\"src\":\"https:\/\/d2n2.org\/blogs\/Elarpadenoe\/wp-content\/uploads\/2021\/04\/Santo-mim.mp3\",\"type\":\"audio\/mpeg\",\"title\":\"Santo mim\",\"caption\":\"\",\"description\":\"\\\"Santo mim\\\".\",\"meta\":{\"length_formatted\":\"2:10\"},\"image\":{\"src\":\"https:\/\/d2n2.org\/blogs\/Elarpadenoe\/wp-includes\/images\/media\/audio.svg\",\"width\":48,\"height\":64},\"thumb\":{\"src\":\"https:\/\/d2n2.org\/blogs\/Elarpadenoe\/wp-includes\/images\/media\/audio.svg\",\"width\":48,\"height\":64}},{\"src\":\"https:\/\/d2n2.org\/blogs\/Elarpadenoe\/wp-content\/uploads\/2021\/04\/Navidad-guanche.mp3\",\"type\":\"audio\/mpeg\",\"title\":\"Navidad guanche\",\"caption\":\"\",\"description\":\"\\\"Navidad guanche\\\".\",\"meta\":{\"length_formatted\":\"2:55\"},\"image\":{\"src\":\"https:\/\/d2n2.org\/blogs\/Elarpadenoe\/wp-includes\/images\/media\/audio.svg\",\"width\":48,\"height\":64},\"thumb\":{\"src\":\"https:\/\/d2n2.org\/blogs\/Elarpadenoe\/wp-includes\/images\/media\/audio.svg\",\"width\":48,\"height\":64}},{\"src\":\"https:\/\/d2n2.org\/blogs\/Elarpadenoe\/wp-content\/uploads\/2021\/04\/Los-tres-reyes-magos.mp3\",\"type\":\"audio\/mpeg\",\"title\":\"Los tres reyes magos\",\"caption\":\"\",\"description\":\"\\\"Los tres reyes magos\\\" en https:\/\/d2n2.org\/blogs\/Elarpadenoe\/.\",\"meta\":{\"artist\":\"https:\/\/d2n2.org\/blogs\/Elarpadenoe\/\",\"length_formatted\":\"1:39\"},\"image\":{\"src\":\"https:\/\/d2n2.org\/blogs\/Elarpadenoe\/wp-includes\/images\/media\/audio.svg\",\"width\":48,\"height\":64},\"thumb\":{\"src\":\"https:\/\/d2n2.org\/blogs\/Elarpadenoe\/wp-includes\/images\/media\/audio.svg\",\"width\":48,\"height\":64}},{\"src\":\"https:\/\/d2n2.org\/blogs\/Elarpadenoe\/wp-content\/uploads\/2021\/04\/Lo-divino.mp3\",\"type\":\"audio\/mpeg\",\"title\":\"Lo divino\",\"caption\":\"\",\"description\":\"\\\"Lo divino\\\".\",\"meta\":{\"length_formatted\":\"3:54\"},\"image\":{\"src\":\"https:\/\/d2n2.org\/blogs\/Elarpadenoe\/wp-includes\/images\/media\/audio.svg\",\"width\":48,\"height\":64},\"thumb\":{\"src\":\"https:\/\/d2n2.org\/blogs\/Elarpadenoe\/wp-includes\/images\/media\/audio.svg\",\"width\":48,\"height\":64}},{\"src\":\"https:\/\/d2n2.org\/blogs\/Elarpadenoe\/wp-content\/uploads\/2021\/04\/Las-palmeras.mp3\",\"type\":\"audio\/mpeg\",\"title\":\"Las palmeras\",\"caption\":\"\",\"description\":\"\\\"Las palmeras\\\".\",\"meta\":{\"length_formatted\":\"3:06\"},\"image\":{\"src\":\"https:\/\/d2n2.org\/blogs\/Elarpadenoe\/wp-includes\/images\/media\/audio.svg\",\"width\":48,\"height\":64},\"thumb\":{\"src\":\"https:\/\/d2n2.org\/blogs\/Elarpadenoe\/wp-includes\/images\/media\/audio.svg\",\"width\":48,\"height\":64}},{\"src\":\"https:\/\/d2n2.org\/blogs\/Elarpadenoe\/wp-content\/uploads\/2021\/04\/Gloria.mp3\",\"type\":\"audio\/mpeg\",\"title\":\"Gloria\",\"caption\":\"\",\"description\":\"\\\"Gloria\\\" en https:\/\/d2n2.org\/blogs\/Elarpadenoe\/.\",\"meta\":{\"artist\":\"https:\/\/d2n2.org\/blogs\/Elarpadenoe\/\",\"length_formatted\":\"2:59\"},\"image\":{\"src\":\"https:\/\/d2n2.org\/blogs\/Elarpadenoe\/wp-includes\/images\/media\/audio.svg\",\"width\":48,\"height\":64},\"thumb\":{\"src\":\"https:\/\/d2n2.org\/blogs\/Elarpadenoe\/wp-includes\/images\/media\/audio.svg\",\"width\":48,\"height\":64}},{\"src\":\"https:\/\/d2n2.org\/blogs\/Elarpadenoe\/wp-content\/uploads\/2021\/04\/Adeste-fideles.mp3\",\"type\":\"audio\/mpeg\",\"title\":\"Adeste fideles\",\"caption\":\"\",\"description\":\"\\\"Adeste fideles\\\".\",\"meta\":{\"length_formatted\":\"1:42\"},\"image\":{\"src\":\"https:\/\/d2n2.org\/blogs\/Elarpadenoe\/wp-includes\/images\/media\/audio.svg\",\"width\":48,\"height\":64},\"thumb\":{\"src\":\"https:\/\/d2n2.org\/blogs\/Elarpadenoe\/wp-includes\/images\/media\/audio.svg\",\"width\":48,\"height\":64}},{\"src\":\"https:\/\/d2n2.org\/blogs\/Elarpadenoe\/wp-content\/uploads\/2020\/12\/El-tamborilero4.mp3\",\"type\":\"audio\/mpeg\",\"title\":\"El tamborilero4\",\"caption\":\"\",\"description\":\"\\\"El tamborilero4\\\" en https:\/\/d2n2.org\/blogs\/Elarpadenoe\/.\",\"meta\":{\"artist\":\"https:\/\/d2n2.org\/blogs\/Elarpadenoe\/\",\"length_formatted\":\"4:16\"},\"image\":{\"src\":\"https:\/\/d2n2.org\/blogs\/Elarpadenoe\/wp-includes\/images\/media\/audio.svg\",\"width\":48,\"height\":64},\"thumb\":{\"src\":\"https:\/\/d2n2.org\/blogs\/Elarpadenoe\/wp-includes\/images\/media\/audio.svg\",\"width\":48,\"height\":64}},{\"src\":\"https:\/\/d2n2.org\/blogs\/Elarpadenoe\/wp-content\/uploads\/2020\/11\/Dolorosa.mp3\",\"type\":\"audio\/mpeg\",\"title\":\"Dolorosa\",\"caption\":\"\",\"description\":\"\\\"Dolorosa\\\" en https:\/\/d2n2.org\/blogs\/Elarpadenoe\/.\",\"meta\":[],\"image\":{\"src\":\"https:\/\/d2n2.org\/blogs\/Elarpadenoe\/wp-includes\/images\/media\/audio.svg\",\"width\":48,\"height\":64},\"thumb\":{\"src\":\"https:\/\/d2n2.org\/blogs\/Elarpadenoe\/wp-includes\/images\/media\/audio.svg\",\"width\":48,\"height\":64}},{\"src\":\"https:\/\/d2n2.org\/blogs\/Elarpadenoe\/wp-content\/uploads\/2020\/11\/En-medio-de-nosotros.mp3\",\"type\":\"audio\/mpeg\",\"title\":\"En medio de nosotros\",\"caption\":\"\",\"description\":\"\\\"En medio de nosotros\\\" en https:\/\/d2n2.org\/blogs\/Elarpadenoe\/.\",\"meta\":[],\"image\":{\"src\":\"https:\/\/d2n2.org\/blogs\/Elarpadenoe\/wp-includes\/images\/media\/audio.svg\",\"width\":48,\"height\":64},\"thumb\":{\"src\":\"https:\/\/d2n2.org\/blogs\/Elarpadenoe\/wp-includes\/images\/media\/audio.svg\",\"width\":48,\"height\":64}},{\"src\":\"https:\/\/d2n2.org\/blogs\/Elarpadenoe\/wp-content\/uploads\/2020\/11\/Tu-noche-ser\\u00e1-luz.mp3\",\"type\":\"audio\/mpeg\",\"title\":\"Tu noche ser\\u00e1 luz\",\"caption\":\"\",\"description\":\"\\\"Tu noche ser\\u00e1 luz\\\" en https:\/\/d2n2.org\/blogs\/Elarpadenoe\/.\",\"meta\":[],\"image\":{\"src\":\"https:\/\/d2n2.org\/blogs\/Elarpadenoe\/wp-includes\/images\/media\/audio.svg\",\"width\":48,\"height\":64},\"thumb\":{\"src\":\"https:\/\/d2n2.org\/blogs\/Elarpadenoe\/wp-includes\/images\/media\/audio.svg\",\"width\":48,\"height\":64}},{\"src\":\"https:\/\/d2n2.org\/blogs\/Elarpadenoe\/wp-content\/uploads\/2020\/11\/Iglesia-peregrina.mp3\",\"type\":\"audio\/mpeg\",\"title\":\"Iglesia peregrina\",\"caption\":\"\",\"description\":\"\\\"Iglesia peregrina\\\" en https:\/\/d2n2.org\/blogs\/Elarpadenoe\/.\",\"meta\":[],\"image\":{\"src\":\"https:\/\/d2n2.org\/blogs\/Elarpadenoe\/wp-includes\/images\/media\/audio.svg\",\"width\":48,\"height\":64},\"thumb\":{\"src\":\"https:\/\/d2n2.org\/blogs\/Elarpadenoe\/wp-includes\/images\/media\/audio.svg\",\"width\":48,\"height\":64}},{\"src\":\"https:\/\/d2n2.org\/blogs\/Elarpadenoe\/wp-content\/uploads\/2020\/11\/Cristo-te-necesita.mp3\",\"type\":\"audio\/mpeg\",\"title\":\"Cristo te necesita\",\"caption\":\"\",\"description\":\"\\\"Cristo te necesita\\\" en https:\/\/d2n2.org\/blogs\/Elarpadenoe\/.\",\"meta\":[],\"image\":{\"src\":\"https:\/\/d2n2.org\/blogs\/Elarpadenoe\/wp-includes\/images\/media\/audio.svg\",\"width\":48,\"height\":64},\"thumb\":{\"src\":\"https:\/\/d2n2.org\/blogs\/Elarpadenoe\/wp-includes\/images\/media\/audio.svg\",\"width\":48,\"height\":64}},{\"src\":\"https:\/\/d2n2.org\/blogs\/Elarpadenoe\/wp-content\/uploads\/2020\/11\/QU\\u00c9-VES-EN-LA-NOCHE.mp3\",\"type\":\"audio\/mpeg\",\"title\":\"QU\\u00c9 VES EN LA NOCHE\",\"caption\":\"\",\"description\":\"\\\"QU\\u00c9 VES EN LA NOCHE\\\" en https:\/\/d2n2.org\/blogs\/Elarpadenoe\/.\",\"meta\":{\"artist\":\"https:\/\/d2n2.org\/blogs\/Elarpadenoe\/\",\"length_formatted\":\"2:21\"},\"image\":{\"src\":\"https:\/\/d2n2.org\/blogs\/Elarpadenoe\/wp-includes\/images\/media\/audio.svg\",\"width\":48,\"height\":64},\"thumb\":{\"src\":\"https:\/\/d2n2.org\/blogs\/Elarpadenoe\/wp-includes\/images\/media\/audio.svg\",\"width\":48,\"height\":64}},{\"src\":\"https:\/\/d2n2.org\/blogs\/Elarpadenoe\/wp-content\/uploads\/2020\/10\/MISIONERO-APOST\\u00d3LICO.mp3\",\"type\":\"audio\/mpeg\",\"title\":\"MISIONERO APOST\\u00d3LICO\",\"caption\":\"\",\"description\":\"\\\"MISIONERO APOST\\u00d3LICO\\\" en https:\/\/d2n2.org\/blogs\/Elarpadenoe\/.\",\"meta\":[],\"image\":{\"src\":\"https:\/\/d2n2.org\/blogs\/Elarpadenoe\/wp-includes\/images\/media\/audio.svg\",\"width\":48,\"height\":64},\"thumb\":{\"src\":\"https:\/\/d2n2.org\/blogs\/Elarpadenoe\/wp-includes\/images\/media\/audio.svg\",\"width\":48,\"height\":64}},{\"src\":\"https:\/\/d2n2.org\/blogs\/Elarpadenoe\/wp-content\/uploads\/2020\/10\/Este-es-el-d\\u00eda-en-que-actu\\u00f3-el-Se\\u00f1or-Salmo-117.mp3\",\"type\":\"audio\/mpeg\",\"title\":\"Este es el d\\u00eda en que actu\\u00f3 el Se\\u00f1or (Salmo 117)\",\"caption\":\"\",\"description\":\"\\\"Este es el d\\u00eda en que actu\\u00f3 el Se\\u00f1or (Salmo 117)\\\" en https:\/\/d2n2.org\/blogs\/Elarpadenoe\/.\",\"meta\":[],\"image\":{\"src\":\"https:\/\/d2n2.org\/blogs\/Elarpadenoe\/wp-includes\/images\/media\/audio.svg\",\"width\":48,\"height\":64},\"thumb\":{\"src\":\"https:\/\/d2n2.org\/blogs\/Elarpadenoe\/wp-includes\/images\/media\/audio.svg\",\"width\":48,\"height\":64}},{\"src\":\"https:\/\/d2n2.org\/blogs\/Elarpadenoe\/wp-content\/uploads\/2020\/10\/Tu-reino-es-vida-Salmo-71.mp3\",\"type\":\"audio\/mpeg\",\"title\":\"Tu reino es vida (Salmo 71)\",\"caption\":\"\",\"description\":\"\\\"Tu reino es vida (Salmo 71)\\\" en https:\/\/d2n2.org\/blogs\/Elarpadenoe\/.\",\"meta\":[],\"image\":{\"src\":\"https:\/\/d2n2.org\/blogs\/Elarpadenoe\/wp-includes\/images\/media\/audio.svg\",\"width\":48,\"height\":64},\"thumb\":{\"src\":\"https:\/\/d2n2.org\/blogs\/Elarpadenoe\/wp-includes\/images\/media\/audio.svg\",\"width\":48,\"height\":64}},{\"src\":\"https:\/\/d2n2.org\/blogs\/Elarpadenoe\/wp-content\/uploads\/2020\/10\/Manos-vac\\u00edas.mp3\",\"type\":\"audio\/mpeg\",\"title\":\"Manos vac\\u00edas\",\"caption\":\"\",\"description\":\"\\\"Manos vac\\u00edas\\\" en https:\/\/d2n2.org\/blogs\/Elarpadenoe\/.\",\"meta\":[],\"image\":{\"src\":\"https:\/\/d2n2.org\/blogs\/Elarpadenoe\/wp-includes\/images\/media\/audio.svg\",\"width\":48,\"height\":64},\"thumb\":{\"src\":\"https:\/\/d2n2.org\/blogs\/Elarpadenoe\/wp-includes\/images\/media\/audio.svg\",\"width\":48,\"height\":64}},{\"src\":\"https:\/\/d2n2.org\/blogs\/Elarpadenoe\/wp-content\/uploads\/2020\/10\/Yo-soy-el-pan-de-vida.mp3\",\"type\":\"audio\/mpeg\",\"title\":\"Yo soy el pan de vida\",\"caption\":\"\",\"description\":\"\\\"Yo soy el pan de vida\\\" en https:\/\/d2n2.org\/blogs\/Elarpadenoe\/.\",\"meta\":[],\"image\":{\"src\":\"https:\/\/d2n2.org\/blogs\/Elarpadenoe\/wp-includes\/images\/media\/audio.svg\",\"width\":48,\"height\":64},\"thumb\":{\"src\":\"https:\/\/d2n2.org\/blogs\/Elarpadenoe\/wp-includes\/images\/media\/audio.svg\",\"width\":48,\"height\":64}},{\"src\":\"https:\/\/d2n2.org\/blogs\/Elarpadenoe\/wp-content\/uploads\/2020\/10\/Creo.mp3\",\"type\":\"audio\/mpeg\",\"title\":\"Creo\",\"caption\":\"\",\"description\":\"\\\"Creo\\\" en https:\/\/d2n2.org\/blogs\/Elarpadenoe\/.\",\"meta\":[],\"image\":{\"src\":\"https:\/\/d2n2.org\/blogs\/Elarpadenoe\/wp-includes\/images\/media\/audio.svg\",\"width\":48,\"height\":64},\"thumb\":{\"src\":\"https:\/\/d2n2.org\/blogs\/Elarpadenoe\/wp-includes\/images\/media\/audio.svg\",\"width\":48,\"height\":64}},{\"src\":\"https:\/\/d2n2.org\/blogs\/Elarpadenoe\/wp-content\/uploads\/2020\/09\/Aleluya-el-Se\\u00f1or-es-nuestro-Rey-Salmo-97.mp3\",\"type\":\"audio\/mpeg\",\"title\":\"Aleluya, el Se\\u00f1or es nuestro Rey (Salmo 97)\",\"caption\":\"\",\"description\":\"\\\"Aleluya, el Se\\u00f1or es nuestro Rey (Salmo 97)\\\" en https:\/\/d2n2.org\/blogs\/Elarpadenoe\/.\",\"meta\":[],\"image\":{\"src\":\"https:\/\/d2n2.org\/blogs\/Elarpadenoe\/wp-includes\/images\/media\/audio.svg\",\"width\":48,\"height\":64},\"thumb\":{\"src\":\"https:\/\/d2n2.org\/blogs\/Elarpadenoe\/wp-includes\/images\/media\/audio.svg\",\"width\":48,\"height\":64}},{\"src\":\"https:\/\/d2n2.org\/blogs\/Elarpadenoe\/wp-content\/uploads\/2020\/09\/Se\\u00f1or-ten-piedad-Manzano.mp3\",\"type\":\"audio\/mpeg\",\"title\":\"Se\\u00f1or, ten piedad (Manzano)\",\"caption\":\"\",\"description\":\"\\\"Se\\u00f1or, ten piedad (Manzano)\\\" en https:\/\/d2n2.org\/blogs\/Elarpadenoe\/.\",\"meta\":[],\"image\":{\"src\":\"https:\/\/d2n2.org\/blogs\/Elarpadenoe\/wp-includes\/images\/media\/audio.svg\",\"width\":48,\"height\":64},\"thumb\":{\"src\":\"https:\/\/d2n2.org\/blogs\/Elarpadenoe\/wp-includes\/images\/media\/audio.svg\",\"width\":48,\"height\":64}},{\"src\":\"https:\/\/d2n2.org\/blogs\/Elarpadenoe\/wp-content\/uploads\/2020\/09\/Acerqu\\u00e9monos-todos-al-altar.mp3\",\"type\":\"audio\/mpeg\",\"title\":\"Acerqu\\u00e9monos todos al altar\",\"caption\":\"\",\"description\":\"\\\"Acerqu\\u00e9monos todos al altar\\\" en https:\/\/d2n2.org\/blogs\/Elarpadenoe\/.\",\"meta\":[],\"image\":{\"src\":\"https:\/\/d2n2.org\/blogs\/Elarpadenoe\/wp-includes\/images\/media\/audio.svg\",\"width\":48,\"height\":64},\"thumb\":{\"src\":\"https:\/\/d2n2.org\/blogs\/Elarpadenoe\/wp-includes\/images\/media\/audio.svg\",\"width\":48,\"height\":64}},{\"src\":\"https:\/\/d2n2.org\/blogs\/Elarpadenoe\/wp-content\/uploads\/2020\/09\/Signos-de-tu-amor.mp3\",\"type\":\"audio\/mpeg\",\"title\":\"Signos de tu amor\",\"caption\":\"\",\"description\":\"\\\"Signos de tu amor\\\" en https:\/\/d2n2.org\/blogs\/Elarpadenoe\/.\",\"meta\":[],\"image\":{\"src\":\"https:\/\/d2n2.org\/blogs\/Elarpadenoe\/wp-includes\/images\/media\/audio.svg\",\"width\":48,\"height\":64},\"thumb\":{\"src\":\"https:\/\/d2n2.org\/blogs\/Elarpadenoe\/wp-includes\/images\/media\/audio.svg\",\"width\":48,\"height\":64}},{\"src\":\"https:\/\/d2n2.org\/blogs\/Elarpadenoe\/wp-content\/uploads\/2020\/09\/VINE-A-ALABAR-A-DIOS.mp3\",\"type\":\"audio\/mpeg\",\"title\":\"VINE A ALABAR A DIOS\",\"caption\":\"\",\"description\":\"\\\"VINE A ALABAR A DIOS\\\" en https:\/\/d2n2.org\/blogs\/Elarpadenoe\/.\",\"meta\":{\"artist\":\"https:\/\/d2n2.org\/blogs\/Elarpadenoe\/\",\"length_formatted\":\"2:16\"},\"image\":{\"src\":\"https:\/\/d2n2.org\/blogs\/Elarpadenoe\/wp-includes\/images\/media\/audio.svg\",\"width\":48,\"height\":64},\"thumb\":{\"src\":\"https:\/\/d2n2.org\/blogs\/Elarpadenoe\/wp-includes\/images\/media\/audio.svg\",\"width\":48,\"height\":64}},{\"src\":\"https:\/\/d2n2.org\/blogs\/Elarpadenoe\/wp-content\/uploads\/2020\/07\/Paz-es-Paz.mp3\",\"type\":\"audio\/mpeg\",\"title\":\"Paz es Paz\",\"caption\":\"\",\"description\":\"\\\"Paz es Paz\\\" en https:\/\/d2n2.org\/blogs\/Elarpadenoe\/.\",\"meta\":[],\"image\":{\"src\":\"https:\/\/d2n2.org\/blogs\/Elarpadenoe\/wp-includes\/images\/media\/audio.svg\",\"width\":48,\"height\":64},\"thumb\":{\"src\":\"https:\/\/d2n2.org\/blogs\/Elarpadenoe\/wp-includes\/images\/media\/audio.svg\",\"width\":48,\"height\":64}},{\"src\":\"https:\/\/d2n2.org\/blogs\/Elarpadenoe\/wp-content\/uploads\/2020\/07\/NACIDOS-DE-LA-LUZ.mp3\",\"type\":\"audio\/mpeg\",\"title\":\"NACIDOS DE LA LUZ\",\"caption\":\"\",\"description\":\"\\\"NACIDOS DE LA LUZ\\\" en https:\/\/d2n2.org\/blogs\/Elarpadenoe\/.\",\"meta\":{\"artist\":\"https:\/\/d2n2.org\/blogs\/Elarpadenoe\/\",\"length_formatted\":\"1:52\"},\"image\":{\"src\":\"https:\/\/d2n2.org\/blogs\/Elarpadenoe\/wp-includes\/images\/media\/audio.svg\",\"width\":48,\"height\":64},\"thumb\":{\"src\":\"https:\/\/d2n2.org\/blogs\/Elarpadenoe\/wp-includes\/images\/media\/audio.svg\",\"width\":48,\"height\":64}},{\"src\":\"https:\/\/d2n2.org\/blogs\/Elarpadenoe\/wp-content\/uploads\/2020\/07\/JUNTO-A-TI-MARIA.mp3\",\"type\":\"audio\/mpeg\",\"title\":\"JUNTO A TI, MARIA\",\"caption\":\"\",\"description\":\"\\\"JUNTO A TI, MARIA\\\" en https:\/\/d2n2.org\/blogs\/Elarpadenoe\/.\",\"meta\":{\"artist\":\"https:\/\/d2n2.org\/blogs\/Elarpadenoe\/\",\"length_formatted\":\"1:45\"},\"image\":{\"src\":\"https:\/\/d2n2.org\/blogs\/Elarpadenoe\/wp-includes\/images\/media\/audio.svg\",\"width\":48,\"height\":64},\"thumb\":{\"src\":\"https:\/\/d2n2.org\/blogs\/Elarpadenoe\/wp-includes\/images\/media\/audio.svg\",\"width\":48,\"height\":64}},{\"src\":\"https:\/\/d2n2.org\/blogs\/Elarpadenoe\/wp-content\/uploads\/2020\/07\/Danos-tu-silencio.mp3\",\"type\":\"audio\/mpeg\",\"title\":\"Danos tu silencio\",\"caption\":\"\",\"description\":\"\\\"Danos tu silencio\\\" en https:\/\/d2n2.org\/blogs\/Elarpadenoe\/.\",\"meta\":[],\"image\":{\"src\":\"https:\/\/d2n2.org\/blogs\/Elarpadenoe\/wp-includes\/images\/media\/audio.svg\",\"width\":48,\"height\":64},\"thumb\":{\"src\":\"https:\/\/d2n2.org\/blogs\/Elarpadenoe\/wp-includes\/images\/media\/audio.svg\",\"width\":48,\"height\":64}},{\"src\":\"https:\/\/d2n2.org\/blogs\/Elarpadenoe\/wp-content\/uploads\/2020\/07\/Como-la-lluvia-y-la-nieve.mp3\",\"type\":\"audio\/mpeg\",\"title\":\"Como la lluvia y la nieve\",\"caption\":\"\",\"description\":\"\\\"Como la lluvia y la nieve\\\" en https:\/\/d2n2.org\/blogs\/Elarpadenoe\/.\",\"meta\":[],\"image\":{\"src\":\"https:\/\/d2n2.org\/blogs\/Elarpadenoe\/wp-includes\/images\/media\/audio.svg\",\"width\":48,\"height\":64},\"thumb\":{\"src\":\"https:\/\/d2n2.org\/blogs\/Elarpadenoe\/wp-includes\/images\/media\/audio.svg\",\"width\":48,\"height\":64}},{\"src\":\"https:\/\/d2n2.org\/blogs\/Elarpadenoe\/wp-content\/uploads\/2020\/07\/AL-FILO-DE-LOS-GALLOS.mp3\",\"type\":\"audio\/mpeg\",\"title\":\"AL FILO DE LOS GALLOS\",\"caption\":\"\",\"description\":\"\\\"AL FILO DE LOS GALLOS\\\" en https:\/\/d2n2.org\/blogs\/Elarpadenoe\/.\",\"meta\":{\"artist\":\"https:\/\/d2n2.org\/blogs\/Elarpadenoe\/\",\"length_formatted\":\"2:11\"},\"image\":{\"src\":\"https:\/\/d2n2.org\/blogs\/Elarpadenoe\/wp-includes\/images\/media\/audio.svg\",\"width\":48,\"height\":64},\"thumb\":{\"src\":\"https:\/\/d2n2.org\/blogs\/Elarpadenoe\/wp-includes\/images\/media\/audio.svg\",\"width\":48,\"height\":64}},{\"src\":\"https:\/\/d2n2.org\/blogs\/Elarpadenoe\/wp-content\/uploads\/2020\/07\/Se\\u00f1or-de-nuestras-horas.mp3\",\"type\":\"audio\/mpeg\",\"title\":\"Se\\u00f1or de nuestras horas\",\"caption\":\"\",\"description\":\"\\\"Se\\u00f1or de nuestras horas\\\" en https:\/\/d2n2.org\/blogs\/Elarpadenoe\/.\",\"meta\":[],\"image\":{\"src\":\"https:\/\/d2n2.org\/blogs\/Elarpadenoe\/wp-includes\/images\/media\/audio.svg\",\"width\":48,\"height\":64},\"thumb\":{\"src\":\"https:\/\/d2n2.org\/blogs\/Elarpadenoe\/wp-includes\/images\/media\/audio.svg\",\"width\":48,\"height\":64}},{\"src\":\"https:\/\/d2n2.org\/blogs\/Elarpadenoe\/wp-content\/uploads\/2020\/07\/YO-ESTOY-ALEGRE.mp3\",\"type\":\"audio\/mpeg\",\"title\":\"YO ESTOY ALEGRE\",\"caption\":\"\",\"description\":\"\\\"YO ESTOY ALEGRE\\\" en https:\/\/d2n2.org\/blogs\/Elarpadenoe\/.\",\"meta\":[],\"image\":{\"src\":\"https:\/\/d2n2.org\/blogs\/Elarpadenoe\/wp-includes\/images\/media\/audio.svg\",\"width\":48,\"height\":64},\"thumb\":{\"src\":\"https:\/\/d2n2.org\/blogs\/Elarpadenoe\/wp-includes\/images\/media\/audio.svg\",\"width\":48,\"height\":64}},{\"src\":\"https:\/\/d2n2.org\/blogs\/Elarpadenoe\/wp-content\/uploads\/2020\/07\/Pescador-de-hombres.mp3\",\"type\":\"audio\/mpeg\",\"title\":\"Pescador de hombres\",\"caption\":\"\",\"description\":\"\\\"Pescador de hombres\\\" en https:\/\/d2n2.org\/blogs\/Elarpadenoe\/.\",\"meta\":[],\"image\":{\"src\":\"https:\/\/d2n2.org\/blogs\/Elarpadenoe\/wp-includes\/images\/media\/audio.svg\",\"width\":48,\"height\":64},\"thumb\":{\"src\":\"https:\/\/d2n2.org\/blogs\/Elarpadenoe\/wp-includes\/images\/media\/audio.svg\",\"width\":48,\"height\":64}},{\"src\":\"https:\/\/d2n2.org\/blogs\/Elarpadenoe\/wp-content\/uploads\/2020\/07\/PROT\\u00c9GEME-DIOS-M\\u00cdO.mp3\",\"type\":\"audio\/mpeg\",\"title\":\"PROT\\u00c9GEME, DIOS M\\u00cdO\",\"caption\":\"\",\"description\":\"\\\"PROT\\u00c9GEME, DIOS M\\u00cdO\\\" en https:\/\/d2n2.org\/blogs\/Elarpadenoe\/.\",\"meta\":[],\"image\":{\"src\":\"https:\/\/d2n2.org\/blogs\/Elarpadenoe\/wp-includes\/images\/media\/audio.svg\",\"width\":48,\"height\":64},\"thumb\":{\"src\":\"https:\/\/d2n2.org\/blogs\/Elarpadenoe\/wp-includes\/images\/media\/audio.svg\",\"width\":48,\"height\":64}},{\"src\":\"https:\/\/d2n2.org\/blogs\/Elarpadenoe\/wp-content\/uploads\/2020\/07\/Adorar\\u00e9-tu-cuerpo-herido.mp3\",\"type\":\"audio\/mpeg\",\"title\":\"Adorar\\u00e9 tu cuerpo herido\",\"caption\":\"\",\"description\":\"\\\"Adorar\\u00e9 tu cuerpo herido\\\" en https:\/\/d2n2.org\/blogs\/Elarpadenoe\/.\",\"meta\":[],\"image\":{\"src\":\"https:\/\/d2n2.org\/blogs\/Elarpadenoe\/wp-includes\/images\/media\/audio.svg\",\"width\":48,\"height\":64},\"thumb\":{\"src\":\"https:\/\/d2n2.org\/blogs\/Elarpadenoe\/wp-includes\/images\/media\/audio.svg\",\"width\":48,\"height\":64}},{\"src\":\"https:\/\/d2n2.org\/blogs\/Elarpadenoe\/wp-content\/uploads\/2020\/07\/EVANGELIO-ES-DECIR-AMIGO.mp3\",\"type\":\"audio\/mpeg\",\"title\":\"EVANGELIO ES DECIR AMIGO\",\"caption\":\"\",\"description\":\"\\\"EVANGELIO ES DECIR AMIGO\\\" en https:\/\/d2n2.org\/blogs\/Elarpadenoe\/.\",\"meta\":{\"artist\":\"https:\/\/d2n2.org\/blogs\/Elarpadenoe\/\",\"length_formatted\":\"2:56\"},\"image\":{\"src\":\"https:\/\/d2n2.org\/blogs\/Elarpadenoe\/wp-includes\/images\/media\/audio.svg\",\"width\":48,\"height\":64},\"thumb\":{\"src\":\"https:\/\/d2n2.org\/blogs\/Elarpadenoe\/wp-includes\/images\/media\/audio.svg\",\"width\":48,\"height\":64}},{\"src\":\"https:\/\/d2n2.org\/blogs\/Elarpadenoe\/wp-content\/uploads\/2020\/07\/MISIONERO-APOST\\u00d3LICO.mp3\",\"type\":\"audio\/mpeg\",\"title\":\"MISIONERO APOST\\u00d3LICO\",\"caption\":\"\",\"description\":\"\\\"MISIONERO APOST\\u00d3LICO\\\" en https:\/\/d2n2.org\/blogs\/Elarpadenoe\/.\",\"meta\":[],\"image\":{\"src\":\"https:\/\/d2n2.org\/blogs\/Elarpadenoe\/wp-includes\/images\/media\/audio.svg\",\"width\":48,\"height\":64},\"thumb\":{\"src\":\"https:\/\/d2n2.org\/blogs\/Elarpadenoe\/wp-includes\/images\/media\/audio.svg\",\"width\":48,\"height\":64}},{\"src\":\"https:\/\/d2n2.org\/blogs\/Elarpadenoe\/wp-content\/uploads\/2020\/07\/HOSANNA-HEY.mp3\",\"type\":\"audio\/mpeg\",\"title\":\"HOSANNA HEY\",\"caption\":\"\",\"description\":\"\\\"HOSANNA HEY\\\" en https:\/\/d2n2.org\/blogs\/Elarpadenoe\/.\",\"meta\":{\"artist\":\"https:\/\/d2n2.org\/blogs\/Elarpadenoe\/\",\"length_formatted\":\"2:11\"},\"image\":{\"src\":\"https:\/\/d2n2.org\/blogs\/Elarpadenoe\/wp-includes\/images\/media\/audio.svg\",\"width\":48,\"height\":64},\"thumb\":{\"src\":\"https:\/\/d2n2.org\/blogs\/Elarpadenoe\/wp-includes\/images\/media\/audio.svg\",\"width\":48,\"height\":64}},{\"src\":\"https:\/\/d2n2.org\/blogs\/Elarpadenoe\/wp-content\/uploads\/2020\/06\/Ubi-caritas.mp3\",\"type\":\"audio\/mpeg\",\"title\":\"Ubi caritas\",\"caption\":\"\",\"description\":\"\\\"Ubi caritas\\\" en https:\/\/d2n2.org\/blogs\/Elarpadenoe\/.\",\"meta\":[],\"image\":{\"src\":\"https:\/\/d2n2.org\/blogs\/Elarpadenoe\/wp-includes\/images\/media\/audio.svg\",\"width\":48,\"height\":64},\"thumb\":{\"src\":\"https:\/\/d2n2.org\/blogs\/Elarpadenoe\/wp-includes\/images\/media\/audio.svg\",\"width\":48,\"height\":64}},{\"src\":\"https:\/\/d2n2.org\/blogs\/Elarpadenoe\/wp-content\/uploads\/2020\/06\/ENS\\u00c9\\u00d1AME-SE\\u00d1OR.mp3\",\"type\":\"audio\/mpeg\",\"title\":\"ENS\\u00c9\\u00d1AME, SE\\u00d1OR\",\"caption\":\"\",\"description\":\"\\\"ENS\\u00c9\\u00d1AME, SE\\u00d1OR\\\" en https:\/\/d2n2.org\/blogs\/Elarpadenoe\/.\",\"meta\":[],\"image\":{\"src\":\"https:\/\/d2n2.org\/blogs\/Elarpadenoe\/wp-includes\/images\/media\/audio.svg\",\"width\":48,\"height\":64},\"thumb\":{\"src\":\"https:\/\/d2n2.org\/blogs\/Elarpadenoe\/wp-includes\/images\/media\/audio.svg\",\"width\":48,\"height\":64}},{\"src\":\"https:\/\/d2n2.org\/blogs\/Elarpadenoe\/wp-content\/uploads\/2020\/06\/DEMOS-GRACIAS-AL-SE\\u00d1OR.mp3\",\"type\":\"audio\/mpeg\",\"title\":\"DEMOS GRACIAS AL SE\\u00d1OR\",\"caption\":\"\",\"description\":\"\\\"DEMOS GRACIAS AL SE\\u00d1OR\\\" en https:\/\/d2n2.org\/blogs\/Elarpadenoe\/.\",\"meta\":[],\"image\":{\"src\":\"https:\/\/d2n2.org\/blogs\/Elarpadenoe\/wp-includes\/images\/media\/audio.svg\",\"width\":48,\"height\":64},\"thumb\":{\"src\":\"https:\/\/d2n2.org\/blogs\/Elarpadenoe\/wp-includes\/images\/media\/audio.svg\",\"width\":48,\"height\":64}},{\"src\":\"https:\/\/d2n2.org\/blogs\/Elarpadenoe\/wp-content\/uploads\/2020\/06\/LIBERTADOR-DE-NAZARET.mp3\",\"type\":\"audio\/mpeg\",\"title\":\"LIBERTADOR DE NAZARET\",\"caption\":\"\",\"description\":\"\\\"LIBERTADOR DE NAZARET\\\" en https:\/\/d2n2.org\/blogs\/Elarpadenoe\/.\",\"meta\":[],\"image\":{\"src\":\"https:\/\/d2n2.org\/blogs\/Elarpadenoe\/wp-includes\/images\/media\/audio.svg\",\"width\":48,\"height\":64},\"thumb\":{\"src\":\"https:\/\/d2n2.org\/blogs\/Elarpadenoe\/wp-includes\/images\/media\/audio.svg\",\"width\":48,\"height\":64}},{\"src\":\"https:\/\/d2n2.org\/blogs\/Elarpadenoe\/wp-content\/uploads\/2020\/06\/EL-PROFETA.mp3\",\"type\":\"audio\/mpeg\",\"title\":\"EL PROFETA\",\"caption\":\"\",\"description\":\"\\\"EL PROFETA\\\" en https:\/\/d2n2.org\/blogs\/Elarpadenoe\/.\",\"meta\":[],\"image\":{\"src\":\"https:\/\/d2n2.org\/blogs\/Elarpadenoe\/wp-includes\/images\/media\/audio.svg\",\"width\":48,\"height\":64},\"thumb\":{\"src\":\"https:\/\/d2n2.org\/blogs\/Elarpadenoe\/wp-includes\/images\/media\/audio.svg\",\"width\":48,\"height\":64}},{\"src\":\"https:\/\/d2n2.org\/blogs\/Elarpadenoe\/wp-content\/uploads\/2020\/06\/Qu\\u00e9date-junto-a-nosotros.mp3\",\"type\":\"audio\/mpeg\",\"title\":\"Qu\\u00e9date junto a nosotros\",\"caption\":\"\",\"description\":\"\\\"Qu\\u00e9date junto a nosotros\\\" en http:\/\/d2n2.org\/blogs\/Elarpadenoe\/.\",\"meta\":[],\"image\":{\"src\":\"https:\/\/d2n2.org\/blogs\/Elarpadenoe\/wp-includes\/images\/media\/audio.svg\",\"width\":48,\"height\":64},\"thumb\":{\"src\":\"https:\/\/d2n2.org\/blogs\/Elarpadenoe\/wp-includes\/images\/media\/audio.svg\",\"width\":48,\"height\":64}},{\"src\":\"https:\/\/d2n2.org\/blogs\/Elarpadenoe\/wp-content\/uploads\/2020\/06\/ESTO-QUE-TE-DOY.mp3\",\"type\":\"audio\/mpeg\",\"title\":\"ESTO QUE TE DOY\",\"caption\":\"\",\"description\":\"\\\"ESTO QUE TE DOY\\\" en http:\/\/d2n2.org\/blogs\/Elarpadenoe\/.\",\"meta\":[],\"image\":{\"src\":\"https:\/\/d2n2.org\/blogs\/Elarpadenoe\/wp-includes\/images\/media\/audio.svg\",\"width\":48,\"height\":64},\"thumb\":{\"src\":\"https:\/\/d2n2.org\/blogs\/Elarpadenoe\/wp-includes\/images\/media\/audio.svg\",\"width\":48,\"height\":64}},{\"src\":\"https:\/\/d2n2.org\/blogs\/Elarpadenoe\/wp-content\/uploads\/2013\/06\/Al-mundo-entero.mp3\",\"type\":\"audio\/mpeg\",\"title\":\"Al mundo entero\",\"caption\":\"\",\"description\":\"\\\"Al mundo entero\\\" de www.d2n2.org por d2n2. Lanzamiento: 2013. G\\u00e9nero: Chorus.\",\"meta\":{\"artist\":\"d2n2\",\"album\":\"www.d2n2.org\",\"genre\":\"Chorus\",\"year\":\"2013\",\"length_formatted\":\"0:57\"},\"image\":{\"src\":\"https:\/\/d2n2.org\/blogs\/Elarpadenoe\/wp-includes\/images\/media\/audio.svg\",\"width\":48,\"height\":64},\"thumb\":{\"src\":\"https:\/\/d2n2.org\/blogs\/Elarpadenoe\/wp-includes\/images\/media\/audio.svg\",\"width\":48,\"height\":64}},{\"src\":\"https:\/\/d2n2.org\/blogs\/Elarpadenoe\/wp-content\/uploads\/2013\/06\/Adios-amigo.mp3\",\"type\":\"audio\/mpeg\",\"title\":\"Adi\\u00f3s amigo\",\"caption\":\"\",\"description\":\"\\\"Adi\\u00f3s amigo\\\" de www.d2n2.org por d2n2. Lanzamiento: 2013. G\\u00e9nero: Chorus.\",\"meta\":{\"artist\":\"d2n2\",\"album\":\"www.d2n2.org\",\"genre\":\"Chorus\",\"year\":\"2013\",\"length_formatted\":\"2:41\"},\"image\":{\"src\":\"https:\/\/d2n2.org\/blogs\/Elarpadenoe\/wp-includes\/images\/media\/audio.svg\",\"width\":48,\"height\":64},\"thumb\":{\"src\":\"https:\/\/d2n2.org\/blogs\/Elarpadenoe\/wp-includes\/images\/media\/audio.svg\",\"width\":48,\"height\":64}},{\"src\":\"https:\/\/d2n2.org\/blogs\/Elarpadenoe\/wp-content\/uploads\/2013\/06\/acogeme-Dios.mp3\",\"type\":\"audio\/mpeg\",\"title\":\"Ac\\u00f3geme Dios\",\"caption\":\"\",\"description\":\"\\\"Ac\\u00f3geme Dios\\\" de www.d2n2.org por d2n2. Lanzamiento: 2013. G\\u00e9nero: Chorus.\",\"meta\":{\"artist\":\"d2n2\",\"album\":\"www.d2n2.org\",\"genre\":\"Chorus\",\"year\":\"2013\",\"length_formatted\":\"0:49\"},\"image\":{\"src\":\"https:\/\/d2n2.org\/blogs\/Elarpadenoe\/wp-includes\/images\/media\/audio.svg\",\"width\":48,\"height\":64},\"thumb\":{\"src\":\"https:\/\/d2n2.org\/blogs\/Elarpadenoe\/wp-includes\/images\/media\/audio.svg\",\"width\":48,\"height\":64}},{\"src\":\"https:\/\/d2n2.org\/blogs\/Elarpadenoe\/wp-content\/uploads\/2013\/06\/Aleluya2.mp3\",\"type\":\"audio\/mpeg\",\"title\":\"Aleluya 2\",\"caption\":\"\",\"description\":\"\\\"Aleluya 2\\\" de www.d2n2.org por d2n2. Lanzamiento: 2013. G\\u00e9nero: Chorus.\",\"meta\":{\"artist\":\"d2n2\",\"album\":\"www.d2n2.org\",\"genre\":\"Chorus\",\"year\":\"2013\",\"length_formatted\":\"1:00\"},\"image\":{\"src\":\"https:\/\/d2n2.org\/blogs\/Elarpadenoe\/wp-includes\/images\/media\/audio.svg\",\"width\":48,\"height\":64},\"thumb\":{\"src\":\"https:\/\/d2n2.org\/blogs\/Elarpadenoe\/wp-includes\/images\/media\/audio.svg\",\"width\":48,\"height\":64}},{\"src\":\"https:\/\/d2n2.org\/blogs\/Elarpadenoe\/wp-content\/uploads\/2013\/06\/Aleluya.mp3\",\"type\":\"audio\/mpeg\",\"title\":\"Aleluya\",\"caption\":\"\",\"description\":\"\\\"Aleluya\\\" de www.d2n2.org por d2n2. Lanzamiento: 2013. G\\u00e9nero: Chorus.\",\"meta\":{\"artist\":\"d2n2\",\"album\":\"www.d2n2.org\",\"genre\":\"Chorus\",\"year\":\"2013\",\"length_formatted\":\"1:02\"},\"image\":{\"src\":\"https:\/\/d2n2.org\/blogs\/Elarpadenoe\/wp-includes\/images\/media\/audio.svg\",\"width\":48,\"height\":64},\"thumb\":{\"src\":\"https:\/\/d2n2.org\/blogs\/Elarpadenoe\/wp-includes\/images\/media\/audio.svg\",\"width\":48,\"height\":64}},{\"src\":\"https:\/\/d2n2.org\/blogs\/Elarpadenoe\/wp-content\/uploads\/2013\/06\/alabo-tu-bondad.mp3\",\"type\":\"audio\/mpeg\",\"title\":\"Alabo tu bondad\",\"caption\":\"\",\"description\":\"\\\"Alabo tu bondad\\\" de www.d2n2.org por d2n2. Lanzamiento: 2013. G\\u00e9nero: Chorus.\",\"meta\":{\"artist\":\"d2n2\",\"album\":\"www.d2n2.org\",\"genre\":\"Chorus\",\"year\":\"2013\",\"length_formatted\":\"3:39\"},\"image\":{\"src\":\"https:\/\/d2n2.org\/blogs\/Elarpadenoe\/wp-includes\/images\/media\/audio.svg\",\"width\":48,\"height\":64},\"thumb\":{\"src\":\"https:\/\/d2n2.org\/blogs\/Elarpadenoe\/wp-includes\/images\/media\/audio.svg\",\"width\":48,\"height\":64}},{\"src\":\"https:\/\/d2n2.org\/blogs\/Elarpadenoe\/wp-content\/uploads\/2013\/06\/Alaba-a-tu-senor.mp3\",\"type\":\"audio\/mpeg\",\"title\":\"Alaba a tu Se\\u00f1or\",\"caption\":\"\",\"description\":\"\\\"Alaba a tu Se\\u00f1or\\\" de www.d2n2.org por d2n2. Lanzamiento: 2013. G\\u00e9nero: Chorus.\",\"meta\":{\"artist\":\"d2n2\",\"album\":\"www.d2n2.org\",\"genre\":\"Chorus\",\"year\":\"2013\",\"length_formatted\":\"1:53\"},\"image\":{\"src\":\"https:\/\/d2n2.org\/blogs\/Elarpadenoe\/wp-includes\/images\/media\/audio.svg\",\"width\":48,\"height\":64},\"thumb\":{\"src\":\"https:\/\/d2n2.org\/blogs\/Elarpadenoe\/wp-includes\/images\/media\/audio.svg\",\"width\":48,\"height\":64}},{\"src\":\"https:\/\/d2n2.org\/blogs\/Elarpadenoe\/wp-content\/uploads\/2013\/06\/abro-mi-ser.mp3\",\"type\":\"audio\/mpeg\",\"title\":\"Abro mi ser\",\"caption\":\"\",\"description\":\"\\\"Abro mi ser\\\" de www.d2n2.org por d2n2. Lanzamiento: 2013. G\\u00e9nero: Chorus.\",\"meta\":{\"artist\":\"d2n2\",\"album\":\"www.d2n2.org\",\"genre\":\"Chorus\",\"year\":\"2013\",\"length_formatted\":\"1:56\"},\"image\":{\"src\":\"https:\/\/d2n2.org\/blogs\/Elarpadenoe\/wp-includes\/images\/media\/audio.svg\",\"width\":48,\"height\":64},\"thumb\":{\"src\":\"https:\/\/d2n2.org\/blogs\/Elarpadenoe\/wp-includes\/images\/media\/audio.svg\",\"width\":48,\"height\":64}},{\"src\":\"https:\/\/d2n2.org\/blogs\/Elarpadenoe\/wp-content\/uploads\/2013\/06\/A-edificar-la-Iglesia.mp3\",\"type\":\"audio\/mpeg\",\"title\":\"A edificar la Iglesia\",\"caption\":\"\",\"description\":\"\\\"A edificar la Iglesia\\\" de www.d2n2.org por d2n2. Lanzamiento: 2013. G\\u00e9nero: Chorus.\",\"meta\":{\"artist\":\"d2n2\",\"album\":\"www.d2n2.org\",\"genre\":\"Chorus\",\"year\":\"2013\",\"length_formatted\":\"1:53\"},\"image\":{\"src\":\"https:\/\/d2n2.org\/blogs\/Elarpadenoe\/wp-includes\/images\/media\/audio.svg\",\"width\":48,\"height\":64},\"thumb\":{\"src\":\"https:\/\/d2n2.org\/blogs\/Elarpadenoe\/wp-includes\/images\/media\/audio.svg\",\"width\":48,\"height\":64}},{\"src\":\"https:\/\/d2n2.org\/blogs\/Elarpadenoe\/wp-content\/uploads\/2013\/06\/a-donde-vas.mp3\",\"type\":\"audio\/mpeg\",\"title\":\"A d\\u00f3nde vas\",\"caption\":\"\",\"description\":\"\\\"A d\\u00f3nde vas\\\" de www.d2n2.org por d2n2. Lanzamiento: 2013. G\\u00e9nero: Chorus.\",\"meta\":{\"artist\":\"d2n2\",\"album\":\"www.d2n2.org\",\"genre\":\"Chorus\",\"year\":\"2013\",\"length_formatted\":\"2:36\"},\"image\":{\"src\":\"https:\/\/d2n2.org\/blogs\/Elarpadenoe\/wp-includes\/images\/media\/audio.svg\",\"width\":48,\"height\":64},\"thumb\":{\"src\":\"https:\/\/d2n2.org\/blogs\/Elarpadenoe\/wp-includes\/images\/media\/audio.svg\",\"width\":48,\"height\":64}},{\"src\":\"https:\/\/d2n2.org\/blogs\/Elarpadenoe\/wp-content\/uploads\/2020\/03\/Pescador.mp3\",\"type\":\"audio\/mpeg\",\"title\":\"Pescador\",\"caption\":\"\",\"description\":\"\\\"Pescador\\\" en http:\/\/d2n2.org\/blogs\/Elarpadenoe\/.\",\"meta\":[],\"image\":{\"src\":\"https:\/\/d2n2.org\/blogs\/Elarpadenoe\/wp-includes\/images\/media\/audio.svg\",\"width\":48,\"height\":64},\"thumb\":{\"src\":\"https:\/\/d2n2.org\/blogs\/Elarpadenoe\/wp-includes\/images\/media\/audio.svg\",\"width\":48,\"height\":64}},{\"src\":\"https:\/\/d2n2.org\/blogs\/Elarpadenoe\/wp-content\/uploads\/2020\/03\/QUIERO-ALABARTE.mp3\",\"type\":\"audio\/mpeg\",\"title\":\"QUIERO ALABARTE\",\"caption\":\"\",\"description\":\"\\\"QUIERO ALABARTE\\\" en http:\/\/d2n2.org\/blogs\/Elarpadenoe\/.\",\"meta\":[],\"image\":{\"src\":\"https:\/\/d2n2.org\/blogs\/Elarpadenoe\/wp-includes\/images\/media\/audio.svg\",\"width\":48,\"height\":64},\"thumb\":{\"src\":\"https:\/\/d2n2.org\/blogs\/Elarpadenoe\/wp-includes\/images\/media\/audio.svg\",\"width\":48,\"height\":64}},{\"src\":\"https:\/\/d2n2.org\/blogs\/Elarpadenoe\/wp-content\/uploads\/2020\/03\/PALOMAS-DE-LA-PAZ.mp3\",\"type\":\"audio\/mpeg\",\"title\":\"PALOMAS DE LA PAZ\",\"caption\":\"\",\"description\":\"\\\"PALOMAS DE LA PAZ\\\" en http:\/\/d2n2.org\/blogs\/Elarpadenoe\/.\",\"meta\":{\"artist\":\"http:\/\/d2n2.org\/blogs\/Elarpadenoe\/\",\"length_formatted\":\"2:49\"},\"image\":{\"src\":\"https:\/\/d2n2.org\/blogs\/Elarpadenoe\/wp-includes\/images\/media\/audio.svg\",\"width\":48,\"height\":64},\"thumb\":{\"src\":\"https:\/\/d2n2.org\/blogs\/Elarpadenoe\/wp-includes\/images\/media\/audio.svg\",\"width\":48,\"height\":64}},{\"src\":\"https:\/\/d2n2.org\/blogs\/Elarpadenoe\/wp-content\/uploads\/2020\/03\/HOY-ES-FIESTA.mp3\",\"type\":\"audio\/mpeg\",\"title\":\"HOY ES FIESTA\",\"caption\":\"\",\"description\":\"\\\"HOY ES FIESTA\\\" en http:\/\/d2n2.org\/blogs\/Elarpadenoe\/.\",\"meta\":[],\"image\":{\"src\":\"https:\/\/d2n2.org\/blogs\/Elarpadenoe\/wp-includes\/images\/media\/audio.svg\",\"width\":48,\"height\":64},\"thumb\":{\"src\":\"https:\/\/d2n2.org\/blogs\/Elarpadenoe\/wp-includes\/images\/media\/audio.svg\",\"width\":48,\"height\":64}},{\"src\":\"https:\/\/d2n2.org\/blogs\/Elarpadenoe\/wp-content\/uploads\/2020\/03\/TOMADO-DE-LA-MANO.mp3\",\"type\":\"audio\/mpeg\",\"title\":\"TOMADO DE LA MANO\",\"caption\":\"\",\"description\":\"\\\"TOMADO DE LA MANO\\\" en http:\/\/d2n2.org\/blogs\/Elarpadenoe\/.\",\"meta\":[],\"image\":{\"src\":\"https:\/\/d2n2.org\/blogs\/Elarpadenoe\/wp-includes\/images\/media\/audio.svg\",\"width\":48,\"height\":64},\"thumb\":{\"src\":\"https:\/\/d2n2.org\/blogs\/Elarpadenoe\/wp-includes\/images\/media\/audio.svg\",\"width\":48,\"height\":64}},{\"src\":\"https:\/\/d2n2.org\/blogs\/Elarpadenoe\/wp-content\/uploads\/2020\/02\/MI-DIOS-GITANO.mp3\",\"type\":\"audio\/mpeg\",\"title\":\"MI DIOS GITANO\",\"caption\":\"\",\"description\":\"\\\"MI DIOS GITANO\\\" en http:\/\/d2n2.org\/blogs\/Elarpadenoe\/.\",\"meta\":[],\"image\":{\"src\":\"https:\/\/d2n2.org\/blogs\/Elarpadenoe\/wp-includes\/images\/media\/audio.svg\",\"width\":48,\"height\":64},\"thumb\":{\"src\":\"https:\/\/d2n2.org\/blogs\/Elarpadenoe\/wp-includes\/images\/media\/audio.svg\",\"width\":48,\"height\":64}},{\"src\":\"https:\/\/d2n2.org\/blogs\/Elarpadenoe\/wp-content\/uploads\/2020\/02\/DIOS-M\\u00cdO-Y-PADRE-M\\u00cdO.mp3\",\"type\":\"audio\/mpeg\",\"title\":\"DIOS M\\u00cdO Y PADRE M\\u00cdO\",\"caption\":\"\",\"description\":\"\\\"DIOS M\\u00cdO Y PADRE M\\u00cdO\\\" en http:\/\/d2n2.org\/blogs\/Elarpadenoe\/.\",\"meta\":[],\"image\":{\"src\":\"https:\/\/d2n2.org\/blogs\/Elarpadenoe\/wp-includes\/images\/media\/audio.svg\",\"width\":48,\"height\":64},\"thumb\":{\"src\":\"https:\/\/d2n2.org\/blogs\/Elarpadenoe\/wp-includes\/images\/media\/audio.svg\",\"width\":48,\"height\":64}},{\"src\":\"https:\/\/d2n2.org\/blogs\/Elarpadenoe\/wp-content\/uploads\/2020\/02\/SANTO-MISA-JOVEN.mp3\",\"type\":\"audio\/mpeg\",\"title\":\"SANTO (MISA JOVEN)\",\"caption\":\"\",\"description\":\"\\\"SANTO (MISA JOVEN)\\\" en http:\/\/d2n2.org\/blogs\/Elarpadenoe\/.\",\"meta\":{\"artist\":\"http:\/\/d2n2.org\/blogs\/Elarpadenoe\/\",\"length_formatted\":\"1:39\"},\"image\":{\"src\":\"https:\/\/d2n2.org\/blogs\/Elarpadenoe\/wp-includes\/images\/media\/audio.svg\",\"width\":48,\"height\":64},\"thumb\":{\"src\":\"https:\/\/d2n2.org\/blogs\/Elarpadenoe\/wp-includes\/images\/media\/audio.svg\",\"width\":48,\"height\":64}},{\"src\":\"https:\/\/d2n2.org\/blogs\/Elarpadenoe\/wp-content\/uploads\/2020\/02\/QU\\u00c9DATE-SE\\u00d1OR-EN-CADA-CORAZ\\u00d3N.mp3\",\"type\":\"audio\/mpeg\",\"title\":\"QU\\u00c9DATE, SE\\u00d1OR, EN CADA CORAZ\\u00d3N\",\"caption\":\"\",\"description\":\"\\\"QU\\u00c9DATE, SE\\u00d1OR, EN CADA CORAZ\\u00d3N\\\" en http:\/\/d2n2.org\/blogs\/Elarpadenoe\/.\",\"meta\":{\"artist\":\"http:\/\/d2n2.org\/blogs\/Elarpadenoe\/\",\"length_formatted\":\"1:47\"},\"image\":{\"src\":\"https:\/\/d2n2.org\/blogs\/Elarpadenoe\/wp-includes\/images\/media\/audio.svg\",\"width\":48,\"height\":64},\"thumb\":{\"src\":\"https:\/\/d2n2.org\/blogs\/Elarpadenoe\/wp-includes\/images\/media\/audio.svg\",\"width\":48,\"height\":64}},{\"src\":\"https:\/\/d2n2.org\/blogs\/Elarpadenoe\/wp-content\/uploads\/2020\/02\/Ven-y-S\\u00e1lvanos.mp3\",\"type\":\"audio\/mpeg\",\"title\":\"Ven y S\\u00e1lvanos\",\"caption\":\"\",\"description\":\"\\\"Ven y S\\u00e1lvanos\\\" en http:\/\/d2n2.org\/blogs\/Elarpadenoe\/.\",\"meta\":[],\"image\":{\"src\":\"https:\/\/d2n2.org\/blogs\/Elarpadenoe\/wp-includes\/images\/media\/audio.svg\",\"width\":48,\"height\":64},\"thumb\":{\"src\":\"https:\/\/d2n2.org\/blogs\/Elarpadenoe\/wp-includes\/images\/media\/audio.svg\",\"width\":48,\"height\":64}},{\"src\":\"https:\/\/d2n2.org\/blogs\/Elarpadenoe\/wp-content\/uploads\/2020\/02\/T\\u00da-NOS-INVITAS-JES\\u00daS.mp3\",\"type\":\"audio\/mpeg\",\"title\":\"T\\u00da NOS INVITAS, JES\\u00daS\",\"caption\":\"\",\"description\":\"\\\"T\\u00da NOS INVITAS, JES\\u00daS\\\" en http:\/\/d2n2.org\/blogs\/Elarpadenoe\/.\",\"meta\":{\"artist\":\"http:\/\/d2n2.org\/blogs\/Elarpadenoe\/\",\"length_formatted\":\"2:35\"},\"image\":{\"src\":\"https:\/\/d2n2.org\/blogs\/Elarpadenoe\/wp-includes\/images\/media\/audio.svg\",\"width\":48,\"height\":64},\"thumb\":{\"src\":\"https:\/\/d2n2.org\/blogs\/Elarpadenoe\/wp-includes\/images\/media\/audio.svg\",\"width\":48,\"height\":64}},{\"src\":\"https:\/\/d2n2.org\/blogs\/Elarpadenoe\/wp-content\/uploads\/2020\/02\/HORA-DE-LA-TARDE.mp3\",\"type\":\"audio\/mpeg\",\"title\":\"HORA DE LA TARDE\",\"caption\":\"\",\"description\":\"\\\"HORA DE LA TARDE\\\" en http:\/\/d2n2.org\/blogs\/Elarpadenoe\/.\",\"meta\":[],\"image\":{\"src\":\"https:\/\/d2n2.org\/blogs\/Elarpadenoe\/wp-includes\/images\/media\/audio.svg\",\"width\":48,\"height\":64},\"thumb\":{\"src\":\"https:\/\/d2n2.org\/blogs\/Elarpadenoe\/wp-includes\/images\/media\/audio.svg\",\"width\":48,\"height\":64}},{\"src\":\"https:\/\/d2n2.org\/blogs\/Elarpadenoe\/wp-content\/uploads\/2020\/02\/A-TU-LADO-SE\\u00d1OR.mp3\",\"type\":\"audio\/mpeg\",\"title\":\"A TU LADO, SE\\u00d1OR\",\"caption\":\"\",\"description\":\"\\\"A TU LADO, SE\\u00d1OR\\\" en http:\/\/d2n2.org\/blogs\/Elarpadenoe\/.\",\"meta\":[],\"image\":{\"src\":\"https:\/\/d2n2.org\/blogs\/Elarpadenoe\/wp-includes\/images\/media\/audio.svg\",\"width\":48,\"height\":64},\"thumb\":{\"src\":\"https:\/\/d2n2.org\/blogs\/Elarpadenoe\/wp-includes\/images\/media\/audio.svg\",\"width\":48,\"height\":64}},{\"src\":\"https:\/\/d2n2.org\/blogs\/Elarpadenoe\/wp-content\/uploads\/2020\/01\/GLORIAMISA-JOVEN.mp3\",\"type\":\"audio\/mpeg\",\"title\":\"GLORIA(MISA JOVEN)\",\"caption\":\"\",\"description\":\"\\\"GLORIA(MISA JOVEN)\\\" en http:\/\/d2n2.org\/blogs\/Elarpadenoe\/.\",\"meta\":{\"artist\":\"http:\/\/d2n2.org\/blogs\/Elarpadenoe\/\",\"length_formatted\":\"1:55\"},\"image\":{\"src\":\"https:\/\/d2n2.org\/blogs\/Elarpadenoe\/wp-includes\/images\/media\/audio.svg\",\"width\":48,\"height\":64},\"thumb\":{\"src\":\"https:\/\/d2n2.org\/blogs\/Elarpadenoe\/wp-includes\/images\/media\/audio.svg\",\"width\":48,\"height\":64}},{\"src\":\"https:\/\/d2n2.org\/blogs\/Elarpadenoe\/wp-content\/uploads\/2020\/01\/NADA-ME-FALTA.mp3\",\"type\":\"audio\/mpeg\",\"title\":\"NADA ME FALTA\",\"caption\":\"\",\"description\":\"\\\"NADA ME FALTA\\\" en http:\/\/d2n2.org\/blogs\/Elarpadenoe\/.\",\"meta\":[],\"image\":{\"src\":\"https:\/\/d2n2.org\/blogs\/Elarpadenoe\/wp-includes\/images\/media\/audio.svg\",\"width\":48,\"height\":64},\"thumb\":{\"src\":\"https:\/\/d2n2.org\/blogs\/Elarpadenoe\/wp-includes\/images\/media\/audio.svg\",\"width\":48,\"height\":64}},{\"src\":\"https:\/\/d2n2.org\/blogs\/Elarpadenoe\/wp-content\/uploads\/2020\/01\/JUNTO-AL-VINO-Y-AL-PAN.mp3\",\"type\":\"audio\/mpeg\",\"title\":\"JUNTO AL VINO Y AL PAN\",\"caption\":\"\",\"description\":\"\\\"JUNTO AL VINO Y AL PAN\\\" en http:\/\/d2n2.org\/blogs\/Elarpadenoe\/.\",\"meta\":[],\"image\":{\"src\":\"https:\/\/d2n2.org\/blogs\/Elarpadenoe\/wp-includes\/images\/media\/audio.svg\",\"width\":48,\"height\":64},\"thumb\":{\"src\":\"https:\/\/d2n2.org\/blogs\/Elarpadenoe\/wp-includes\/images\/media\/audio.svg\",\"width\":48,\"height\":64}},{\"src\":\"https:\/\/d2n2.org\/blogs\/Elarpadenoe\/wp-content\/uploads\/2020\/01\/OMNIPOTENTE-ALT\\u00cdSIMO-BONDADOSO-SE\\u00d1OR.mp3\",\"type\":\"audio\/mpeg\",\"title\":\"OMNIPOTENTE, ALT\\u00cdSIMO, BONDADOSO SE\\u00d1OR\",\"caption\":\"\",\"description\":\"\\\"OMNIPOTENTE, ALT\\u00cdSIMO, BONDADOSO SE\\u00d1OR\\\" en http:\/\/d2n2.org\/blogs\/Elarpadenoe\/.\",\"meta\":[],\"image\":{\"src\":\"https:\/\/d2n2.org\/blogs\/Elarpadenoe\/wp-includes\/images\/media\/audio.svg\",\"width\":48,\"height\":64},\"thumb\":{\"src\":\"https:\/\/d2n2.org\/blogs\/Elarpadenoe\/wp-includes\/images\/media\/audio.svg\",\"width\":48,\"height\":64}},{\"src\":\"https:\/\/d2n2.org\/blogs\/Elarpadenoe\/wp-content\/uploads\/2020\/01\/Se\\u00f1or-ten-piedad.mp3\",\"type\":\"audio\/mpeg\",\"title\":\"Se\\u00f1or, ten piedad\",\"caption\":\"\",\"description\":\"\\\"Se\\u00f1or, ten piedad\\\" en http:\/\/d2n2.org\/blogs\/Elarpadenoe\/.\",\"meta\":[],\"image\":{\"src\":\"https:\/\/d2n2.org\/blogs\/Elarpadenoe\/wp-includes\/images\/media\/audio.svg\",\"width\":48,\"height\":64},\"thumb\":{\"src\":\"https:\/\/d2n2.org\/blogs\/Elarpadenoe\/wp-includes\/images\/media\/audio.svg\",\"width\":48,\"height\":64}},{\"src\":\"https:\/\/d2n2.org\/blogs\/Elarpadenoe\/wp-content\/uploads\/2020\/01\/ACU\\u00c9RDATE-MAR\\u00cdA.mp3\",\"type\":\"audio\/mpeg\",\"title\":\"ACU\\u00c9RDATE, MAR\\u00cdA\",\"caption\":\"\",\"description\":\"\\\"ACU\\u00c9RDATE, MAR\\u00cdA\\\" en http:\/\/d2n2.org\/blogs\/Elarpadenoe\/.\",\"meta\":[],\"image\":{\"src\":\"https:\/\/d2n2.org\/blogs\/Elarpadenoe\/wp-includes\/images\/media\/audio.svg\",\"width\":48,\"height\":64},\"thumb\":{\"src\":\"https:\/\/d2n2.org\/blogs\/Elarpadenoe\/wp-includes\/images\/media\/audio.svg\",\"width\":48,\"height\":64}},{\"src\":\"https:\/\/d2n2.org\/blogs\/Elarpadenoe\/wp-content\/uploads\/2020\/01\/BUENOS-D\\u00cdAS-SE\\u00d1OR.mp3\",\"type\":\"audio\/mpeg\",\"title\":\"BUENOS D\\u00cdAS, SE\\u00d1OR\",\"caption\":\"\",\"description\":\"\\\"BUENOS D\\u00cdAS, SE\\u00d1OR\\\" en http:\/\/d2n2.org\/blogs\/Elarpadenoe\/.\",\"meta\":[],\"image\":{\"src\":\"https:\/\/d2n2.org\/blogs\/Elarpadenoe\/wp-includes\/images\/media\/audio.svg\",\"width\":48,\"height\":64},\"thumb\":{\"src\":\"https:\/\/d2n2.org\/blogs\/Elarpadenoe\/wp-includes\/images\/media\/audio.svg\",\"width\":48,\"height\":64}},{\"src\":\"https:\/\/d2n2.org\/blogs\/Elarpadenoe\/wp-content\/uploads\/2020\/01\/PASCUA-SAGRADA.mp3\",\"type\":\"audio\/mpeg\",\"title\":\"PASCUA SAGRADA\",\"caption\":\"\",\"description\":\"\\\"PASCUA SAGRADA\\\" en http:\/\/d2n2.org\/blogs\/Elarpadenoe\/.\",\"meta\":[],\"image\":{\"src\":\"https:\/\/d2n2.org\/blogs\/Elarpadenoe\/wp-includes\/images\/media\/audio.svg\",\"width\":48,\"height\":64},\"thumb\":{\"src\":\"https:\/\/d2n2.org\/blogs\/Elarpadenoe\/wp-includes\/images\/media\/audio.svg\",\"width\":48,\"height\":64}},{\"src\":\"https:\/\/d2n2.org\/blogs\/Elarpadenoe\/wp-content\/uploads\/2020\/01\/Cordero-de-Dios.mp3\",\"type\":\"audio\/mpeg\",\"title\":\"Cordero de Dios\",\"caption\":\"\",\"description\":\"\\\"Cordero de Dios\\\" en http:\/\/d2n2.org\/blogs\/Elarpadenoe\/.\",\"meta\":[],\"image\":{\"src\":\"https:\/\/d2n2.org\/blogs\/Elarpadenoe\/wp-includes\/images\/media\/audio.svg\",\"width\":48,\"height\":64},\"thumb\":{\"src\":\"https:\/\/d2n2.org\/blogs\/Elarpadenoe\/wp-includes\/images\/media\/audio.svg\",\"width\":48,\"height\":64}},{\"src\":\"https:\/\/d2n2.org\/blogs\/Elarpadenoe\/wp-content\/uploads\/2020\/01\/UN-PUEBLO-CAMINA.mp3\",\"type\":\"audio\/mpeg\",\"title\":\"UN PUEBLO CAMINA\",\"caption\":\"\",\"description\":\"\\\"UN PUEBLO CAMINA\\\" en http:\/\/d2n2.org\/blogs\/Elarpadenoe\/.\",\"meta\":[],\"image\":{\"src\":\"https:\/\/d2n2.org\/blogs\/Elarpadenoe\/wp-includes\/images\/media\/audio.svg\",\"width\":48,\"height\":64},\"thumb\":{\"src\":\"https:\/\/d2n2.org\/blogs\/Elarpadenoe\/wp-includes\/images\/media\/audio.svg\",\"width\":48,\"height\":64}},{\"src\":\"https:\/\/d2n2.org\/blogs\/Elarpadenoe\/wp-content\/uploads\/2019\/12\/T\\u00da-ME-SONDEAS-Y-ME-CONOCES-SALMO-138.mp3\",\"type\":\"audio\/mpeg\",\"title\":\"T\\u00da ME SONDEAS Y ME CONOCES (SALMO 138)\",\"caption\":\"\",\"description\":\"\\\"T\\u00da ME SONDEAS Y ME CONOCES (SALMO 138)\\\" en http:\/\/d2n2.org\/blogs\/Elarpadenoe\/.\",\"meta\":{\"artist\":\"http:\/\/d2n2.org\/blogs\/Elarpadenoe\/\",\"length_formatted\":\"2:51\"},\"image\":{\"src\":\"https:\/\/d2n2.org\/blogs\/Elarpadenoe\/wp-includes\/images\/media\/audio.svg\",\"width\":48,\"height\":64},\"thumb\":{\"src\":\"https:\/\/d2n2.org\/blogs\/Elarpadenoe\/wp-includes\/images\/media\/audio.svg\",\"width\":48,\"height\":64}},{\"src\":\"https:\/\/d2n2.org\/blogs\/Elarpadenoe\/wp-content\/uploads\/2019\/12\/SANTA-MAR\\u00edA-DEL-AM\\u00c9N.mp3\",\"type\":\"audio\/mpeg\",\"title\":\"SANTA MAR\\u00edA DEL AM\\u00c9N\",\"caption\":\"\",\"description\":\"\\\"SANTA MAR\\u00edA DEL AM\\u00c9N\\\" en http:\/\/d2n2.org\/blogs\/Elarpadenoe\/.\",\"meta\":[],\"image\":{\"src\":\"https:\/\/d2n2.org\/blogs\/Elarpadenoe\/wp-includes\/images\/media\/audio.svg\",\"width\":48,\"height\":64},\"thumb\":{\"src\":\"https:\/\/d2n2.org\/blogs\/Elarpadenoe\/wp-includes\/images\/media\/audio.svg\",\"width\":48,\"height\":64}},{\"src\":\"https:\/\/d2n2.org\/blogs\/Elarpadenoe\/wp-content\/uploads\/2019\/12\/Noche-de-paz.mp3\",\"type\":\"audio\/mpeg\",\"title\":\"Noche de paz\",\"caption\":\"\",\"description\":\"\\\"Noche de paz\\\" en http:\/\/d2n2.org\/blogs\/Elarpadenoe\/.\",\"meta\":[],\"image\":{\"src\":\"https:\/\/d2n2.org\/blogs\/Elarpadenoe\/wp-includes\/images\/media\/audio.svg\",\"width\":48,\"height\":64},\"thumb\":{\"src\":\"https:\/\/d2n2.org\/blogs\/Elarpadenoe\/wp-includes\/images\/media\/audio.svg\",\"width\":48,\"height\":64}},{\"src\":\"https:\/\/d2n2.org\/blogs\/Elarpadenoe\/wp-content\/uploads\/2019\/12\/MAR\\u00cdA-MADRE-BUENA.mp3\",\"type\":\"audio\/mpeg\",\"title\":\"MAR\\u00cdA, MADRE BUENA\",\"caption\":\"\",\"description\":\"\\\"MAR\\u00cdA, MADRE BUENA\\\" en http:\/\/d2n2.org\/blogs\/Elarpadenoe\/.\",\"meta\":{\"artist\":\"http:\/\/d2n2.org\/blogs\/Elarpadenoe\/\",\"length_formatted\":\"3:12\"},\"image\":{\"src\":\"https:\/\/d2n2.org\/blogs\/Elarpadenoe\/wp-includes\/images\/media\/audio.svg\",\"width\":48,\"height\":64},\"thumb\":{\"src\":\"https:\/\/d2n2.org\/blogs\/Elarpadenoe\/wp-includes\/images\/media\/audio.svg\",\"width\":48,\"height\":64}},{\"src\":\"https:\/\/d2n2.org\/blogs\/Elarpadenoe\/wp-content\/uploads\/2019\/12\/UN-PUEBLO-CAMINA.mp3\",\"type\":\"audio\/mpeg\",\"title\":\"UN PUEBLO CAMINA\",\"caption\":\"\",\"description\":\"\\\"UN PUEBLO CAMINA\\\" en http:\/\/d2n2.org\/blogs\/Elarpadenoe\/.\",\"meta\":[],\"image\":{\"src\":\"https:\/\/d2n2.org\/blogs\/Elarpadenoe\/wp-includes\/images\/media\/audio.svg\",\"width\":48,\"height\":64},\"thumb\":{\"src\":\"https:\/\/d2n2.org\/blogs\/Elarpadenoe\/wp-includes\/images\/media\/audio.svg\",\"width\":48,\"height\":64}},{\"src\":\"https:\/\/d2n2.org\/blogs\/Elarpadenoe\/wp-content\/uploads\/2019\/12\/ME-REFUGIO-EN-TI-SALMO-16.mp3\",\"type\":\"audio\/mpeg\",\"title\":\"ME REFUGIO EN TI (SALMO 16)\",\"caption\":\"\",\"description\":\"\\\"ME REFUGIO EN TI (SALMO 16)\\\" en http:\/\/d2n2.org\/blogs\/Elarpadenoe\/.\",\"meta\":[],\"image\":{\"src\":\"https:\/\/d2n2.org\/blogs\/Elarpadenoe\/wp-includes\/images\/media\/audio.svg\",\"width\":48,\"height\":64},\"thumb\":{\"src\":\"https:\/\/d2n2.org\/blogs\/Elarpadenoe\/wp-includes\/images\/media\/audio.svg\",\"width\":48,\"height\":64}},{\"src\":\"https:\/\/d2n2.org\/blogs\/Elarpadenoe\/wp-content\/uploads\/2019\/12\/Ven-Se\\u00f1or-Jes\\u00fas.mp3\",\"type\":\"audio\/mpeg\",\"title\":\"Ven, Se\\u00f1or Jes\\u00fas\",\"caption\":\"\",\"description\":\"\\\"Ven, Se\\u00f1or Jes\\u00fas\\\" en http:\/\/www.d2n2.org\/blogs\/Elarpadenoe\/.\",\"meta\":{\"artist\":\"http:\/\/www.d2n2.org\/blogs\/Elarpadenoe\/\",\"length_formatted\":\"0:52\"},\"image\":{\"src\":\"https:\/\/d2n2.org\/blogs\/Elarpadenoe\/wp-includes\/images\/media\/audio.svg\",\"width\":48,\"height\":64},\"thumb\":{\"src\":\"https:\/\/d2n2.org\/blogs\/Elarpadenoe\/wp-includes\/images\/media\/audio.svg\",\"width\":48,\"height\":64}},{\"src\":\"https:\/\/d2n2.org\/blogs\/Elarpadenoe\/wp-content\/uploads\/2019\/12\/COMO-HERMANOS.mp3\",\"type\":\"audio\/mpeg\",\"title\":\"COMO HERMANOS\",\"caption\":\"\",\"description\":\"\\\"COMO HERMANOS\\\" en http:\/\/d2n2.org\/blogs\/Elarpadenoe\/.\",\"meta\":[],\"image\":{\"src\":\"https:\/\/d2n2.org\/blogs\/Elarpadenoe\/wp-includes\/images\/media\/audio.svg\",\"width\":48,\"height\":64},\"thumb\":{\"src\":\"https:\/\/d2n2.org\/blogs\/Elarpadenoe\/wp-includes\/images\/media\/audio.svg\",\"width\":48,\"height\":64}},{\"src\":\"https:\/\/d2n2.org\/blogs\/Elarpadenoe\/wp-content\/uploads\/2019\/12\/YO-CANTAR\\u00c9-AL-SE\\u00d1ORMAGNIFICAT.mp3\",\"type\":\"audio\/mpeg\",\"title\":\"YO CANTAR\\u00c9 AL SE\\u00d1OR(MAGNIFICAT)\",\"caption\":\"\",\"description\":\"\\\"YO CANTAR\\u00c9 AL SE\\u00d1OR(MAGNIFICAT)\\\" en http:\/\/d2n2.org\/blogs\/Elarpadenoe\/.\",\"meta\":[],\"image\":{\"src\":\"https:\/\/d2n2.org\/blogs\/Elarpadenoe\/wp-includes\/images\/media\/audio.svg\",\"width\":48,\"height\":64},\"thumb\":{\"src\":\"https:\/\/d2n2.org\/blogs\/Elarpadenoe\/wp-includes\/images\/media\/audio.svg\",\"width\":48,\"height\":64}},{\"src\":\"https:\/\/d2n2.org\/blogs\/Elarpadenoe\/wp-content\/uploads\/2019\/12\/CREO-SE\\u00d1OR.mp3\",\"type\":\"audio\/mpeg\",\"title\":\"CREO, SE\\u00d1OR\",\"caption\":\"\",\"description\":\"\\\"CREO, SE\\u00d1OR\\\" en http:\/\/d2n2.org\/blogs\/Elarpadenoe\/.\",\"meta\":[],\"image\":{\"src\":\"https:\/\/d2n2.org\/blogs\/Elarpadenoe\/wp-includes\/images\/media\/audio.svg\",\"width\":48,\"height\":64},\"thumb\":{\"src\":\"https:\/\/d2n2.org\/blogs\/Elarpadenoe\/wp-includes\/images\/media\/audio.svg\",\"width\":48,\"height\":64}},{\"src\":\"https:\/\/d2n2.org\/blogs\/Elarpadenoe\/wp-content\/uploads\/2019\/11\/Cambios.mp3\",\"type\":\"audio\/mpeg\",\"title\":\"Cambios\",\"caption\":\"\",\"description\":\"\\\"Cambios\\\" en http:\/\/d2n2.org\/blogs\/Elarpadenoe\/.\",\"meta\":[],\"image\":{\"src\":\"https:\/\/d2n2.org\/blogs\/Elarpadenoe\/wp-includes\/images\/media\/audio.svg\",\"width\":48,\"height\":64},\"thumb\":{\"src\":\"https:\/\/d2n2.org\/blogs\/Elarpadenoe\/wp-includes\/images\/media\/audio.svg\",\"width\":48,\"height\":64}},{\"src\":\"https:\/\/d2n2.org\/blogs\/Elarpadenoe\/wp-content\/uploads\/2019\/11\/SE\\u00d1OR-TEN-PIEDAD-MISA-JOVEN.mp3\",\"type\":\"audio\/mpeg\",\"title\":\"SE\\u00d1OR, TEN PIEDAD (MISA JOVEN)\",\"caption\":\"\",\"description\":\"\\\"SE\\u00d1OR, TEN PIEDAD (MISA JOVEN)\\\" en http:\/\/d2n2.org\/blogs\/Elarpadenoe\/.\",\"meta\":{\"artist\":\"http:\/\/d2n2.org\/blogs\/Elarpadenoe\/\",\"length_formatted\":\"2:02\"},\"image\":{\"src\":\"https:\/\/d2n2.org\/blogs\/Elarpadenoe\/wp-includes\/images\/media\/audio.svg\",\"width\":48,\"height\":64},\"thumb\":{\"src\":\"https:\/\/d2n2.org\/blogs\/Elarpadenoe\/wp-includes\/images\/media\/audio.svg\",\"width\":48,\"height\":64}},{\"src\":\"https:\/\/d2n2.org\/blogs\/Elarpadenoe\/wp-content\/uploads\/2019\/11\/PADRE-NUESTRO-MISA-JOVEN.mp3\",\"type\":\"audio\/mpeg\",\"title\":\"PADRE NUESTRO (MISA JOVEN)\",\"caption\":\"\",\"description\":\"\\\"PADRE NUESTRO (MISA JOVEN)\\\" en http:\/\/www.d2n2.org\/blogs\/Elarpadenoe\/.\",\"meta\":{\"artist\":\"http:\/\/www.d2n2.org\/blogs\/Elarpadenoe\/\",\"length_formatted\":\"2:15\"},\"image\":{\"src\":\"https:\/\/d2n2.org\/blogs\/Elarpadenoe\/wp-includes\/images\/media\/audio.svg\",\"width\":48,\"height\":64},\"thumb\":{\"src\":\"https:\/\/d2n2.org\/blogs\/Elarpadenoe\/wp-includes\/images\/media\/audio.svg\",\"width\":48,\"height\":64}},{\"src\":\"https:\/\/d2n2.org\/blogs\/Elarpadenoe\/wp-content\/uploads\/2019\/11\/Bienaventuranzas.mp3\",\"type\":\"audio\/mpeg\",\"title\":\"Bienaventuranzas\",\"caption\":\"\",\"description\":\"\\\"Bienaventuranzas\\\" en http:\/\/d2n2.org\/blogs\/Elarpadenoe\/.\",\"meta\":[],\"image\":{\"src\":\"https:\/\/d2n2.org\/blogs\/Elarpadenoe\/wp-includes\/images\/media\/audio.svg\",\"width\":48,\"height\":64},\"thumb\":{\"src\":\"https:\/\/d2n2.org\/blogs\/Elarpadenoe\/wp-includes\/images\/media\/audio.svg\",\"width\":48,\"height\":64}},{\"src\":\"https:\/\/d2n2.org\/blogs\/Elarpadenoe\/wp-content\/uploads\/2019\/11\/HIMNO-A-DIOS-EX-15.mp3\",\"type\":\"audio\/mpeg\",\"title\":\"HIMNO A DIOS (EX 15)\",\"caption\":\"\",\"description\":\"\\\"HIMNO A DIOS (EX 15)\\\" en http:\/\/d2n2.org\/blogs\/Elarpadenoe\/.\",\"meta\":{\"artist\":\"http:\/\/d2n2.org\/blogs\/Elarpadenoe\/\",\"length_formatted\":\"2:29\"},\"image\":{\"src\":\"https:\/\/d2n2.org\/blogs\/Elarpadenoe\/wp-includes\/images\/media\/audio.svg\",\"width\":48,\"height\":64},\"thumb\":{\"src\":\"https:\/\/d2n2.org\/blogs\/Elarpadenoe\/wp-includes\/images\/media\/audio.svg\",\"width\":48,\"height\":64}},{\"src\":\"https:\/\/d2n2.org\/blogs\/Elarpadenoe\/wp-content\/uploads\/2019\/11\/UN-NUEVO-REINO.mp3\",\"type\":\"audio\/mpeg\",\"title\":\"UN NUEVO REINO\",\"caption\":\"\",\"description\":\"\\\"UN NUEVO REINO\\\" en http:\/\/d2n2.org\/blogs\/Elarpadenoe\/.\",\"meta\":{\"artist\":\"http:\/\/d2n2.org\/blogs\/Elarpadenoe\/\",\"length_formatted\":\"2:32\"},\"image\":{\"src\":\"https:\/\/d2n2.org\/blogs\/Elarpadenoe\/wp-includes\/images\/media\/audio.svg\",\"width\":48,\"height\":64},\"thumb\":{\"src\":\"https:\/\/d2n2.org\/blogs\/Elarpadenoe\/wp-includes\/images\/media\/audio.svg\",\"width\":48,\"height\":64}},{\"src\":\"https:\/\/d2n2.org\/blogs\/Elarpadenoe\/wp-content\/uploads\/2019\/11\/ESTOY-A-LA-PUERTA.mp3\",\"type\":\"audio\/mpeg\",\"title\":\"ESTOY A LA PUERTA\",\"caption\":\"\",\"description\":\"\\\"ESTOY A LA PUERTA\\\" en http:\/\/d2n2.org\/blogs\/Elarpadenoe\/.\",\"meta\":{\"artist\":\"http:\/\/d2n2.org\/blogs\/Elarpadenoe\/\",\"length_formatted\":\"2:32\"},\"image\":{\"src\":\"https:\/\/d2n2.org\/blogs\/Elarpadenoe\/wp-includes\/images\/media\/audio.svg\",\"width\":48,\"height\":64},\"thumb\":{\"src\":\"https:\/\/d2n2.org\/blogs\/Elarpadenoe\/wp-includes\/images\/media\/audio.svg\",\"width\":48,\"height\":64}},{\"src\":\"https:\/\/d2n2.org\/blogs\/Elarpadenoe\/wp-content\/uploads\/2019\/11\/Santo-Mocedades.mp3\",\"type\":\"audio\/mpeg\",\"title\":\"Santo (Mocedades)\",\"caption\":\"\",\"description\":\"\\\"Santo (Mocedades)\\\" en http:\/\/d2n2.org\/blogs\/Elarpadenoe\/.\",\"meta\":{\"artist\":\"http:\/\/d2n2.org\/blogs\/Elarpadenoe\/\",\"length_formatted\":\"1:08\"},\"image\":{\"src\":\"https:\/\/d2n2.org\/blogs\/Elarpadenoe\/wp-includes\/images\/media\/audio.svg\",\"width\":48,\"height\":64},\"thumb\":{\"src\":\"https:\/\/d2n2.org\/blogs\/Elarpadenoe\/wp-includes\/images\/media\/audio.svg\",\"width\":48,\"height\":64}},{\"src\":\"https:\/\/d2n2.org\/blogs\/Elarpadenoe\/wp-content\/uploads\/2019\/11\/ES-TAN-DULCE.mp3\",\"type\":\"audio\/mpeg\",\"title\":\"ES TAN DULCE\",\"caption\":\"\",\"description\":\"\\\"ES TAN DULCE\\\" en http:\/\/d2n2.org\/blogs\/Elarpadenoe\/.\",\"meta\":{\"artist\":\"http:\/\/d2n2.org\/blogs\/Elarpadenoe\/\",\"length_formatted\":\"1:57\"},\"image\":{\"src\":\"https:\/\/d2n2.org\/blogs\/Elarpadenoe\/wp-includes\/images\/media\/audio.svg\",\"width\":48,\"height\":64},\"thumb\":{\"src\":\"https:\/\/d2n2.org\/blogs\/Elarpadenoe\/wp-includes\/images\/media\/audio.svg\",\"width\":48,\"height\":64}},{\"src\":\"https:\/\/d2n2.org\/blogs\/Elarpadenoe\/wp-content\/uploads\/2019\/10\/EN-SU-MESA-HAY-AMOR.mp3\",\"type\":\"audio\/mpeg\",\"title\":\"EN SU MESA HAY AMOR\",\"caption\":\"\",\"description\":\"\\\"EN SU MESA HAY AMOR\\\" en http:\/\/d2n2.org\/blogs\/Elarpadenoe\/. G\\u00e9nero: RELIGIOSA.\",\"meta\":{\"artist\":\"http:\/\/d2n2.org\/blogs\/Elarpadenoe\/\",\"genre\":\"RELIGIOSA\",\"length_formatted\":\"2:05\"},\"image\":{\"src\":\"https:\/\/d2n2.org\/blogs\/Elarpadenoe\/wp-includes\/images\/media\/audio.svg\",\"width\":48,\"height\":64},\"thumb\":{\"src\":\"https:\/\/d2n2.org\/blogs\/Elarpadenoe\/wp-includes\/images\/media\/audio.svg\",\"width\":48,\"height\":64}},{\"src\":\"https:\/\/d2n2.org\/blogs\/Elarpadenoe\/wp-content\/uploads\/2019\/10\/Hoy-te-quiero-cantar.mp3\",\"type\":\"audio\/mpeg\",\"title\":\"Hoy te quiero cantar\",\"caption\":\"\",\"description\":\"\\\"Hoy te quiero cantar\\\" en http:\/\/www.d2n2.org\/blogs\/Elarpadenoe\/.\",\"meta\":{\"artist\":\"http:\/\/www.d2n2.org\/blogs\/Elarpadenoe\/\",\"length_formatted\":\"1:57\"},\"image\":{\"src\":\"https:\/\/d2n2.org\/blogs\/Elarpadenoe\/wp-includes\/images\/media\/audio.svg\",\"width\":48,\"height\":64},\"thumb\":{\"src\":\"https:\/\/d2n2.org\/blogs\/Elarpadenoe\/wp-includes\/images\/media\/audio.svg\",\"width\":48,\"height\":64}},{\"src\":\"https:\/\/d2n2.org\/blogs\/Elarpadenoe\/wp-content\/uploads\/2019\/10\/CREO-EN-DIOS.mp3\",\"type\":\"audio\/mpeg\",\"title\":\"CREO EN DIOS\",\"caption\":\"\",\"description\":\"\\\"CREO EN DIOS\\\" en http:\/\/d2n2.org\/blogs\/Elarpadenoe\/.\",\"meta\":{\"artist\":\"http:\/\/d2n2.org\/blogs\/Elarpadenoe\/\",\"length_formatted\":\"2:38\"},\"image\":{\"src\":\"https:\/\/d2n2.org\/blogs\/Elarpadenoe\/wp-includes\/images\/media\/audio.svg\",\"width\":48,\"height\":64},\"thumb\":{\"src\":\"https:\/\/d2n2.org\/blogs\/Elarpadenoe\/wp-includes\/images\/media\/audio.svg\",\"width\":48,\"height\":64}},{\"src\":\"https:\/\/d2n2.org\/blogs\/Elarpadenoe\/wp-content\/uploads\/2019\/10\/TRAER\\u00c1S-LA-PAZ.mp3\",\"type\":\"audio\/mpeg\",\"title\":\"TRAER\\u00c1S LA PAZ\",\"caption\":\"\",\"description\":\"\\\"TRAER\\u00c1S LA PAZ\\\".\",\"meta\":{\"length_formatted\":\"2:10\"},\"image\":{\"src\":\"https:\/\/d2n2.org\/blogs\/Elarpadenoe\/wp-includes\/images\/media\/audio.svg\",\"width\":48,\"height\":64},\"thumb\":{\"src\":\"https:\/\/d2n2.org\/blogs\/Elarpadenoe\/wp-includes\/images\/media\/audio.svg\",\"width\":48,\"height\":64}},{\"src\":\"https:\/\/d2n2.org\/blogs\/Elarpadenoe\/wp-content\/uploads\/2019\/10\/DIOS-NOS-CONVOCA.mp3\",\"type\":\"audio\/mpeg\",\"title\":\"DIOS NOS CONVOCA\",\"caption\":\"\",\"description\":\"\\\"DIOS NOS CONVOCA\\\" en http:\/\/www.d2n2.org\/blogs\/Elarpadenoe\/.\",\"meta\":{\"artist\":\"http:\/\/www.d2n2.org\/blogs\/Elarpadenoe\/\",\"length_formatted\":\"2:43\"},\"image\":{\"src\":\"https:\/\/d2n2.org\/blogs\/Elarpadenoe\/wp-includes\/images\/media\/audio.svg\",\"width\":48,\"height\":64},\"thumb\":{\"src\":\"https:\/\/d2n2.org\/blogs\/Elarpadenoe\/wp-includes\/images\/media\/audio.svg\",\"width\":48,\"height\":64}},{\"src\":\"https:\/\/d2n2.org\/blogs\/Elarpadenoe\/wp-content\/uploads\/2019\/09\/Padre-Claret.mp3\",\"type\":\"audio\/mpeg\",\"title\":\"Padre Claret\",\"caption\":\"\",\"description\":\"\\\"Padre Claret\\\" en http:\/\/d2n2.org\/blogs\/Elarpadenoe\/.\",\"meta\":{\"artist\":\"http:\/\/d2n2.org\/blogs\/Elarpadenoe\/\",\"length_formatted\":\"3:01\"},\"image\":{\"src\":\"https:\/\/d2n2.org\/blogs\/Elarpadenoe\/wp-includes\/images\/media\/audio.svg\",\"width\":48,\"height\":64},\"thumb\":{\"src\":\"https:\/\/d2n2.org\/blogs\/Elarpadenoe\/wp-includes\/images\/media\/audio.svg\",\"width\":48,\"height\":64}},{\"src\":\"https:\/\/d2n2.org\/blogs\/Elarpadenoe\/wp-content\/uploads\/2019\/09\/CANTA-JERUSAL\\u00c9N.mp3\",\"type\":\"audio\/mpeg\",\"title\":\"CANTA JERUSAL\\u00c9N\",\"caption\":\"\",\"description\":\"\\\"CANTA JERUSAL\\u00c9N\\\" en http:\/\/d2n2.org\/blogs\/Elarpadenoe\/.\",\"meta\":{\"artist\":\"http:\/\/d2n2.org\/blogs\/Elarpadenoe\/\",\"length_formatted\":\"2:42\"},\"image\":{\"src\":\"https:\/\/d2n2.org\/blogs\/Elarpadenoe\/wp-includes\/images\/media\/audio.svg\",\"width\":48,\"height\":64},\"thumb\":{\"src\":\"https:\/\/d2n2.org\/blogs\/Elarpadenoe\/wp-includes\/images\/media\/audio.svg\",\"width\":48,\"height\":64}},{\"src\":\"https:\/\/d2n2.org\/blogs\/Elarpadenoe\/wp-content\/uploads\/2019\/08\/YA-LLEGA-EL-SE\\u00d1OR.mp3\",\"type\":\"audio\/mpeg\",\"title\":\"YA LLEGA EL SE\\u00d1OR\",\"caption\":\"\",\"description\":\"\\\"YA LLEGA EL SE\\u00d1OR\\\" en http:\/\/www.d2n2.org\/blogs\/Elarpadenoe\/.\",\"meta\":{\"artist\":\"http:\/\/www.d2n2.org\/blogs\/Elarpadenoe\/\",\"length_formatted\":\"2:42\"},\"image\":{\"src\":\"https:\/\/d2n2.org\/blogs\/Elarpadenoe\/wp-includes\/images\/media\/audio.svg\",\"width\":48,\"height\":64},\"thumb\":{\"src\":\"https:\/\/d2n2.org\/blogs\/Elarpadenoe\/wp-includes\/images\/media\/audio.svg\",\"width\":48,\"height\":64}},{\"src\":\"https:\/\/d2n2.org\/blogs\/Elarpadenoe\/wp-content\/uploads\/2019\/08\/ILUM\\u00cdNAME-SE\\u00d1OR.mp3\",\"type\":\"audio\/mpeg\",\"title\":\"ILUM\\u00cdNAME, SE\\u00d1OR\",\"caption\":\"\",\"description\":\"\\\"ILUM\\u00cdNAME, SE\\u00d1OR\\\" en http:\/\/www.d2n2.org\/blogs\/Elarpadenoe\/.\",\"meta\":{\"artist\":\"http:\/\/www.d2n2.org\/blogs\/Elarpadenoe\/\",\"length_formatted\":\"2:39\"},\"image\":{\"src\":\"https:\/\/d2n2.org\/blogs\/Elarpadenoe\/wp-includes\/images\/media\/audio.svg\",\"width\":48,\"height\":64},\"thumb\":{\"src\":\"https:\/\/d2n2.org\/blogs\/Elarpadenoe\/wp-includes\/images\/media\/audio.svg\",\"width\":48,\"height\":64}},{\"src\":\"https:\/\/d2n2.org\/blogs\/Elarpadenoe\/wp-content\/uploads\/2019\/08\/La-aventura-de-vivir.mp3\",\"type\":\"audio\/mpeg\",\"title\":\"La aventura de vivir\",\"caption\":\"\",\"description\":\"\\\"La aventura de vivir\\\" en http:\/\/d2n2.org\/blogs\/Elarpadenoe\/.\",\"meta\":[],\"image\":{\"src\":\"https:\/\/d2n2.org\/blogs\/Elarpadenoe\/wp-includes\/images\/media\/audio.svg\",\"width\":48,\"height\":64},\"thumb\":{\"src\":\"https:\/\/d2n2.org\/blogs\/Elarpadenoe\/wp-includes\/images\/media\/audio.svg\",\"width\":48,\"height\":64}},{\"src\":\"https:\/\/d2n2.org\/blogs\/Elarpadenoe\/wp-content\/uploads\/2019\/08\/VEN-Y-S\\u00edGUEME.mp3\",\"type\":\"audio\/mpeg\",\"title\":\"VEN Y S\\u00edGUEME\",\"caption\":\"\",\"description\":\"\\\"VEN Y S\\u00edGUEME\\\" en http:\/\/www.d2n2.org\/blogs\/Elarpadenoe\/.\",\"meta\":{\"artist\":\"http:\/\/www.d2n2.org\/blogs\/Elarpadenoe\/\",\"length_formatted\":\"2:58\"},\"image\":{\"src\":\"https:\/\/d2n2.org\/blogs\/Elarpadenoe\/wp-includes\/images\/media\/audio.svg\",\"width\":48,\"height\":64},\"thumb\":{\"src\":\"https:\/\/d2n2.org\/blogs\/Elarpadenoe\/wp-includes\/images\/media\/audio.svg\",\"width\":48,\"height\":64}},{\"src\":\"https:\/\/d2n2.org\/blogs\/Elarpadenoe\/wp-content\/uploads\/2019\/08\/CERCA-EST\\u00c1.mp3\",\"type\":\"audio\/mpeg\",\"title\":\"CERCA EST\\u00c1\",\"caption\":\"\",\"description\":\"\\\"CERCA EST\\u00c1\\\" en http:\/\/www.d2n2.org\/blogs\/Elarpadenoe\/.\",\"meta\":{\"artist\":\"http:\/\/www.d2n2.org\/blogs\/Elarpadenoe\/\",\"length_formatted\":\"2:58\"},\"image\":{\"src\":\"https:\/\/d2n2.org\/blogs\/Elarpadenoe\/wp-includes\/images\/media\/audio.svg\",\"width\":48,\"height\":64},\"thumb\":{\"src\":\"https:\/\/d2n2.org\/blogs\/Elarpadenoe\/wp-includes\/images\/media\/audio.svg\",\"width\":48,\"height\":64}},{\"src\":\"https:\/\/d2n2.org\/blogs\/Elarpadenoe\/wp-content\/uploads\/2019\/08\/PEQUE\\u00d1AS-ACLARACIONES.mp3\",\"type\":\"audio\/mpeg\",\"title\":\"PEQUE\\u00d1AS ACLARACIONES\",\"caption\":\"\",\"description\":\"\\\"PEQUE\\u00d1AS ACLARACIONES\\\" en http:\/\/www.d2n2.org\/blogs\/Elarpadenoe\/.\",\"meta\":{\"artist\":\"http:\/\/www.d2n2.org\/blogs\/Elarpadenoe\/\",\"length_formatted\":\"2:57\"},\"image\":{\"src\":\"https:\/\/d2n2.org\/blogs\/Elarpadenoe\/wp-includes\/images\/media\/audio.svg\",\"width\":48,\"height\":64},\"thumb\":{\"src\":\"https:\/\/d2n2.org\/blogs\/Elarpadenoe\/wp-includes\/images\/media\/audio.svg\",\"width\":48,\"height\":64}},{\"src\":\"https:\/\/d2n2.org\/blogs\/Elarpadenoe\/wp-content\/uploads\/2019\/08\/He-encontrado-un-tesoro.mp3\",\"type\":\"audio\/mpeg\",\"title\":\"He encontrado un tesoro\",\"caption\":\"\",\"description\":\"\\\"He encontrado un tesoro\\\" en http:\/\/www.d2n2.org\/blogs\/Elarpadenoe\/.\",\"meta\":{\"artist\":\"http:\/\/www.d2n2.org\/blogs\/Elarpadenoe\/\",\"length_formatted\":\"2:44\"},\"image\":{\"src\":\"https:\/\/d2n2.org\/blogs\/Elarpadenoe\/wp-includes\/images\/media\/audio.svg\",\"width\":48,\"height\":64},\"thumb\":{\"src\":\"https:\/\/d2n2.org\/blogs\/Elarpadenoe\/wp-includes\/images\/media\/audio.svg\",\"width\":48,\"height\":64}},{\"src\":\"https:\/\/d2n2.org\/blogs\/Elarpadenoe\/wp-content\/uploads\/2019\/08\/LA-NUEVA-HUMANIDAD.mp3\",\"type\":\"audio\/mpeg\",\"title\":\"LA NUEVA HUMANIDAD\",\"caption\":\"\",\"description\":\"\\\"LA NUEVA HUMANIDAD\\\" en http:\/\/www.d2n2.org\/blogs\/Elarpadenoe\/.\",\"meta\":{\"artist\":\"http:\/\/www.d2n2.org\/blogs\/Elarpadenoe\/\",\"length_formatted\":\"3:07\"},\"image\":{\"src\":\"https:\/\/d2n2.org\/blogs\/Elarpadenoe\/wp-includes\/images\/media\/audio.svg\",\"width\":48,\"height\":64},\"thumb\":{\"src\":\"https:\/\/d2n2.org\/blogs\/Elarpadenoe\/wp-includes\/images\/media\/audio.svg\",\"width\":48,\"height\":64}},{\"src\":\"https:\/\/d2n2.org\/blogs\/Elarpadenoe\/wp-content\/uploads\/2019\/08\/BENEDICTUS.mp3\",\"type\":\"audio\/mpeg\",\"title\":\"BENEDICTUS\",\"caption\":\"\",\"description\":\"\\\"BENEDICTUS\\\".\",\"meta\":{\"length_formatted\":\"3:10\"},\"image\":{\"src\":\"https:\/\/d2n2.org\/blogs\/Elarpadenoe\/wp-includes\/images\/media\/audio.svg\",\"width\":48,\"height\":64},\"thumb\":{\"src\":\"https:\/\/d2n2.org\/blogs\/Elarpadenoe\/wp-includes\/images\/media\/audio.svg\",\"width\":48,\"height\":64}},{\"src\":\"https:\/\/d2n2.org\/blogs\/Elarpadenoe\/wp-content\/uploads\/2019\/08\/CREO.mp3\",\"type\":\"audio\/mpeg\",\"title\":\"CREO\",\"caption\":\"\",\"description\":\"\\\"CREO\\\".\",\"meta\":{\"length_formatted\":\"3:13\"},\"image\":{\"src\":\"https:\/\/d2n2.org\/blogs\/Elarpadenoe\/wp-includes\/images\/media\/audio.svg\",\"width\":48,\"height\":64},\"thumb\":{\"src\":\"https:\/\/d2n2.org\/blogs\/Elarpadenoe\/wp-includes\/images\/media\/audio.svg\",\"width\":48,\"height\":64}},{\"src\":\"https:\/\/d2n2.org\/blogs\/Elarpadenoe\/wp-content\/uploads\/2019\/07\/Sigue-con-nosotros.mp3\",\"type\":\"audio\/mpeg\",\"title\":\"Sigue con nosotros\",\"caption\":\"\",\"description\":\"\\\"Sigue con nosotros\\\" en http:\/\/d2n2.org\/blogs\/Elarpadenoe\/.\",\"meta\":{\"artist\":\"http:\/\/d2n2.org\/blogs\/Elarpadenoe\/\",\"length_formatted\":\"2:51\"},\"image\":{\"src\":\"https:\/\/d2n2.org\/blogs\/Elarpadenoe\/wp-includes\/images\/media\/audio.svg\",\"width\":48,\"height\":64},\"thumb\":{\"src\":\"https:\/\/d2n2.org\/blogs\/Elarpadenoe\/wp-includes\/images\/media\/audio.svg\",\"width\":48,\"height\":64}},{\"src\":\"https:\/\/d2n2.org\/blogs\/Elarpadenoe\/wp-content\/uploads\/2019\/07\/PADRE-NUESTRO-DE-LA-TIERRA.mp3\",\"type\":\"audio\/mpeg\",\"title\":\"PADRE NUESTRO DE LA TIERRA\",\"caption\":\"\",\"description\":\"\\\"PADRE NUESTRO DE LA TIERRA\\\".\",\"meta\":{\"length_formatted\":\"2:38\"},\"image\":{\"src\":\"https:\/\/d2n2.org\/blogs\/Elarpadenoe\/wp-includes\/images\/media\/audio.svg\",\"width\":48,\"height\":64},\"thumb\":{\"src\":\"https:\/\/d2n2.org\/blogs\/Elarpadenoe\/wp-includes\/images\/media\/audio.svg\",\"width\":48,\"height\":64}},{\"src\":\"https:\/\/d2n2.org\/blogs\/Elarpadenoe\/wp-content\/uploads\/2019\/07\/AQU\\u00cd-EST\\u00c1.mp3\",\"type\":\"audio\/mpeg\",\"title\":\"AQU\\u00cd EST\\u00c1\",\"caption\":\"\",\"description\":\"\\\"AQU\\u00cd EST\\u00c1\\\" en http:\/\/d2n2.org\/blogs\/Elarpadenoe\/.\",\"meta\":{\"artist\":\"http:\/\/d2n2.org\/blogs\/Elarpadenoe\/\",\"length_formatted\":\"3:22\"},\"image\":{\"src\":\"https:\/\/d2n2.org\/blogs\/Elarpadenoe\/wp-includes\/images\/media\/audio.svg\",\"width\":48,\"height\":64},\"thumb\":{\"src\":\"https:\/\/d2n2.org\/blogs\/Elarpadenoe\/wp-includes\/images\/media\/audio.svg\",\"width\":48,\"height\":64}},{\"src\":\"https:\/\/d2n2.org\/blogs\/Elarpadenoe\/wp-content\/uploads\/2019\/07\/GUSTAR-A-DIOS.mp3\",\"type\":\"audio\/mpeg\",\"title\":\"GUSTAR A DIOS\",\"caption\":\"\",\"description\":\"\\\"GUSTAR A DIOS\\\" en http:\/\/d2n2.org\/blogs\/Elarpadenoe\/.\",\"meta\":{\"artist\":\"http:\/\/d2n2.org\/blogs\/Elarpadenoe\/\",\"length_formatted\":\"3:21\"},\"image\":{\"src\":\"https:\/\/d2n2.org\/blogs\/Elarpadenoe\/wp-includes\/images\/media\/audio.svg\",\"width\":48,\"height\":64},\"thumb\":{\"src\":\"https:\/\/d2n2.org\/blogs\/Elarpadenoe\/wp-includes\/images\/media\/audio.svg\",\"width\":48,\"height\":64}},{\"src\":\"https:\/\/d2n2.org\/blogs\/Elarpadenoe\/wp-content\/uploads\/2019\/07\/Bendita-sea-tu-pureza.mp3\",\"type\":\"audio\/mpeg\",\"title\":\"Bendita sea tu pureza\",\"caption\":\"\",\"description\":\"\\\"Bendita sea tu pureza\\\" en http:\/\/d2n2.org\/blogs\/Elarpadenoe\/.\",\"meta\":{\"artist\":\"http:\/\/d2n2.org\/blogs\/Elarpadenoe\/\",\"length_formatted\":\"0:48\"},\"image\":{\"src\":\"https:\/\/d2n2.org\/blogs\/Elarpadenoe\/wp-includes\/images\/media\/audio.svg\",\"width\":48,\"height\":64},\"thumb\":{\"src\":\"https:\/\/d2n2.org\/blogs\/Elarpadenoe\/wp-includes\/images\/media\/audio.svg\",\"width\":48,\"height\":64}},{\"src\":\"https:\/\/d2n2.org\/blogs\/Elarpadenoe\/wp-content\/uploads\/2019\/07\/EN-TU-CRUZ-SIGUES-HOY.mp3\",\"type\":\"audio\/mpeg\",\"title\":\"EN TU CRUZ SIGUES HOY\",\"caption\":\"\",\"description\":\"\\\"EN TU CRUZ SIGUES HOY\\\".\",\"meta\":{\"length_formatted\":\"2:31\"},\"image\":{\"src\":\"https:\/\/d2n2.org\/blogs\/Elarpadenoe\/wp-includes\/images\/media\/audio.svg\",\"width\":48,\"height\":64},\"thumb\":{\"src\":\"https:\/\/d2n2.org\/blogs\/Elarpadenoe\/wp-includes\/images\/media\/audio.svg\",\"width\":48,\"height\":64}},{\"src\":\"https:\/\/d2n2.org\/blogs\/Elarpadenoe\/wp-content\/uploads\/2019\/07\/T\\u00da-ERES-EL-DIOS-QUE-NOS-SALVA.mp3\",\"type\":\"audio\/mpeg\",\"title\":\"T\\u00da ERES EL DIOS QUE NOS SALVA\",\"caption\":\"\",\"description\":\"\\\"T\\u00da ERES EL DIOS QUE NOS SALVA\\\".\",\"meta\":{\"length_formatted\":\"3:26\"},\"image\":{\"src\":\"https:\/\/d2n2.org\/blogs\/Elarpadenoe\/wp-includes\/images\/media\/audio.svg\",\"width\":48,\"height\":64},\"thumb\":{\"src\":\"https:\/\/d2n2.org\/blogs\/Elarpadenoe\/wp-includes\/images\/media\/audio.svg\",\"width\":48,\"height\":64}},{\"src\":\"https:\/\/d2n2.org\/blogs\/Elarpadenoe\/wp-content\/uploads\/2019\/07\/MORIR\\u00c9-PARA-RENACER.mp3\",\"type\":\"audio\/mpeg\",\"title\":\"MORIR\\u00c9 PARA RENACER\",\"caption\":\"\",\"description\":\"\\\"MORIR\\u00c9 PARA RENACER\\\".\",\"meta\":{\"length_formatted\":\"3:30\"},\"image\":{\"src\":\"https:\/\/d2n2.org\/blogs\/Elarpadenoe\/wp-includes\/images\/media\/audio.svg\",\"width\":48,\"height\":64},\"thumb\":{\"src\":\"https:\/\/d2n2.org\/blogs\/Elarpadenoe\/wp-includes\/images\/media\/audio.svg\",\"width\":48,\"height\":64}},{\"src\":\"https:\/\/d2n2.org\/blogs\/Elarpadenoe\/wp-content\/uploads\/2019\/06\/Mirad-al-suelo.mp3\",\"type\":\"audio\/mpeg\",\"title\":\"Mirad al suelo\",\"caption\":\"\",\"description\":\"\\\"Mirad al suelo\\\" en http:\/\/d2n2.org\/blogs\/Elarpadenoe\/.\",\"meta\":{\"artist\":\"http:\/\/d2n2.org\/blogs\/Elarpadenoe\/\",\"length_formatted\":\"3:09\"},\"image\":{\"src\":\"https:\/\/d2n2.org\/blogs\/Elarpadenoe\/wp-includes\/images\/media\/audio.svg\",\"width\":48,\"height\":64},\"thumb\":{\"src\":\"https:\/\/d2n2.org\/blogs\/Elarpadenoe\/wp-includes\/images\/media\/audio.svg\",\"width\":48,\"height\":64}},{\"src\":\"https:\/\/d2n2.org\/blogs\/Elarpadenoe\/wp-content\/uploads\/2019\/06\/MANOS-ABIERTAS.mp3\",\"type\":\"audio\/mpeg\",\"title\":\"MANOS ABIERTAS\",\"caption\":\"\",\"description\":\"\\\"MANOS ABIERTAS\\\".\",\"meta\":{\"length_formatted\":\"3:32\"},\"image\":{\"src\":\"https:\/\/d2n2.org\/blogs\/Elarpadenoe\/wp-includes\/images\/media\/audio.svg\",\"width\":48,\"height\":64},\"thumb\":{\"src\":\"https:\/\/d2n2.org\/blogs\/Elarpadenoe\/wp-includes\/images\/media\/audio.svg\",\"width\":48,\"height\":64}},{\"src\":\"https:\/\/d2n2.org\/blogs\/Elarpadenoe\/wp-content\/uploads\/2019\/06\/T\\u00da-SE\\u00d1OR.mp3\",\"type\":\"audio\/mpeg\",\"title\":\"T\\u00da, SE\\u00d1OR\",\"caption\":\"\",\"description\":\"\\\"T\\u00da, SE\\u00d1OR\\\".\",\"meta\":{\"length_formatted\":\"3:00\"},\"image\":{\"src\":\"https:\/\/d2n2.org\/blogs\/Elarpadenoe\/wp-includes\/images\/media\/audio.svg\",\"width\":48,\"height\":64},\"thumb\":{\"src\":\"https:\/\/d2n2.org\/blogs\/Elarpadenoe\/wp-includes\/images\/media\/audio.svg\",\"width\":48,\"height\":64}},{\"src\":\"https:\/\/d2n2.org\/blogs\/Elarpadenoe\/wp-content\/uploads\/2019\/06\/VEN-A-LA-FIESTA.mp3\",\"type\":\"audio\/mpeg\",\"title\":\"VEN A LA FIESTA\",\"caption\":\"\",\"description\":\"\\\"VEN A LA FIESTA\\\".\",\"meta\":{\"length_formatted\":\"2:57\"},\"image\":{\"src\":\"https:\/\/d2n2.org\/blogs\/Elarpadenoe\/wp-includes\/images\/media\/audio.svg\",\"width\":48,\"height\":64},\"thumb\":{\"src\":\"https:\/\/d2n2.org\/blogs\/Elarpadenoe\/wp-includes\/images\/media\/audio.svg\",\"width\":48,\"height\":64}},{\"src\":\"https:\/\/d2n2.org\/blogs\/Elarpadenoe\/wp-content\/uploads\/2019\/06\/\\u00c9xodo.mp3\",\"type\":\"audio\/mpeg\",\"title\":\"\\u00c9xodo\",\"caption\":\"\",\"description\":\"\\\"\\u00c9xodo\\\" en http:\/\/d2n2.org\/blogs\/Elarpadenoe\/.\",\"meta\":{\"artist\":\"http:\/\/d2n2.org\/blogs\/Elarpadenoe\/\",\"length_formatted\":\"4:47\"},\"image\":{\"src\":\"https:\/\/d2n2.org\/blogs\/Elarpadenoe\/wp-includes\/images\/media\/audio.svg\",\"width\":48,\"height\":64},\"thumb\":{\"src\":\"https:\/\/d2n2.org\/blogs\/Elarpadenoe\/wp-includes\/images\/media\/audio.svg\",\"width\":48,\"height\":64}},{\"src\":\"https:\/\/d2n2.org\/blogs\/Elarpadenoe\/wp-content\/uploads\/2019\/06\/ME-EST\\u00c1S-LLAMANDO.mp3\",\"type\":\"audio\/mpeg\",\"title\":\"ME EST\\u00c1S LLAMANDO\",\"caption\":\"\",\"description\":\"\\\"ME EST\\u00c1S LLAMANDO\\\".\",\"meta\":{\"length_formatted\":\"3:03\"},\"image\":{\"src\":\"https:\/\/d2n2.org\/blogs\/Elarpadenoe\/wp-includes\/images\/media\/audio.svg\",\"width\":48,\"height\":64},\"thumb\":{\"src\":\"https:\/\/d2n2.org\/blogs\/Elarpadenoe\/wp-includes\/images\/media\/audio.svg\",\"width\":48,\"height\":64}},{\"src\":\"https:\/\/d2n2.org\/blogs\/Elarpadenoe\/wp-content\/uploads\/2019\/06\/AMIGOS.mp3\",\"type\":\"audio\/mpeg\",\"title\":\"AMIGOS\",\"caption\":\"\",\"description\":\"\\\"AMIGOS\\\".\",\"meta\":{\"length_formatted\":\"3:08\"},\"image\":{\"src\":\"https:\/\/d2n2.org\/blogs\/Elarpadenoe\/wp-includes\/images\/media\/audio.svg\",\"width\":48,\"height\":64},\"thumb\":{\"src\":\"https:\/\/d2n2.org\/blogs\/Elarpadenoe\/wp-includes\/images\/media\/audio.svg\",\"width\":48,\"height\":64}},{\"src\":\"https:\/\/d2n2.org\/blogs\/Elarpadenoe\/wp-content\/uploads\/2019\/06\/MISIONERO-CLARET.mp3\",\"type\":\"audio\/mpeg\",\"title\":\"MISIONERO CLARET\",\"caption\":\"\",\"description\":\"\\\"MISIONERO CLARET\\\".\",\"meta\":{\"length_formatted\":\"3:43\"},\"image\":{\"src\":\"https:\/\/d2n2.org\/blogs\/Elarpadenoe\/wp-includes\/images\/media\/audio.svg\",\"width\":48,\"height\":64},\"thumb\":{\"src\":\"https:\/\/d2n2.org\/blogs\/Elarpadenoe\/wp-includes\/images\/media\/audio.svg\",\"width\":48,\"height\":64}},{\"src\":\"https:\/\/d2n2.org\/blogs\/Elarpadenoe\/wp-content\/uploads\/2019\/06\/Dios-est\\u00e1-aqu\\u00ed.mp3\",\"type\":\"audio\/mpeg\",\"title\":\"Dios est\\u00e1 aqu\\u00ed\",\"caption\":\"\",\"description\":\"\\\"Dios est\\u00e1 aqu\\u00ed\\\" en http:\/\/d2n2.org\/blogs\/Elarpadenoe\/.\",\"meta\":{\"artist\":\"http:\/\/d2n2.org\/blogs\/Elarpadenoe\/\",\"length_formatted\":\"1:46\"},\"image\":{\"src\":\"https:\/\/d2n2.org\/blogs\/Elarpadenoe\/wp-includes\/images\/media\/audio.svg\",\"width\":48,\"height\":64},\"thumb\":{\"src\":\"https:\/\/d2n2.org\/blogs\/Elarpadenoe\/wp-includes\/images\/media\/audio.svg\",\"width\":48,\"height\":64}},{\"src\":\"https:\/\/d2n2.org\/blogs\/Elarpadenoe\/wp-content\/uploads\/2019\/06\/QUE-TU-PALABRA-NOS-CAMBIE.mp3\",\"type\":\"audio\/mpeg\",\"title\":\"QUE TU PALABRA NOS CAMBIE\",\"caption\":\"\",\"description\":\"\\\"QUE TU PALABRA NOS CAMBIE\\\".\",\"meta\":{\"length_formatted\":\"3:09\"},\"image\":{\"src\":\"https:\/\/d2n2.org\/blogs\/Elarpadenoe\/wp-includes\/images\/media\/audio.svg\",\"width\":48,\"height\":64},\"thumb\":{\"src\":\"https:\/\/d2n2.org\/blogs\/Elarpadenoe\/wp-includes\/images\/media\/audio.svg\",\"width\":48,\"height\":64}},{\"src\":\"https:\/\/d2n2.org\/blogs\/Elarpadenoe\/wp-content\/uploads\/2019\/06\/NADA-HAY-SIN-TU-ESP\\u00cdRITU.mp3\",\"type\":\"audio\/mpeg\",\"title\":\"NADA HAY SIN TU ESP\\u00cdRITU\",\"caption\":\"\",\"description\":\"\\\"NADA HAY SIN TU ESP\\u00cdRITU\\\".\",\"meta\":{\"length_formatted\":\"3:08\"},\"image\":{\"src\":\"https:\/\/d2n2.org\/blogs\/Elarpadenoe\/wp-includes\/images\/media\/audio.svg\",\"width\":48,\"height\":64},\"thumb\":{\"src\":\"https:\/\/d2n2.org\/blogs\/Elarpadenoe\/wp-includes\/images\/media\/audio.svg\",\"width\":48,\"height\":64}},{\"src\":\"https:\/\/d2n2.org\/blogs\/Elarpadenoe\/wp-content\/uploads\/2019\/06\/GRACIAS.mp3\",\"type\":\"audio\/mpeg\",\"title\":\"GRACIAS\",\"caption\":\"\",\"description\":\"\\\"GRACIAS\\\".\",\"meta\":{\"length_formatted\":\"3:07\"},\"image\":{\"src\":\"https:\/\/d2n2.org\/blogs\/Elarpadenoe\/wp-includes\/images\/media\/audio.svg\",\"width\":48,\"height\":64},\"thumb\":{\"src\":\"https:\/\/d2n2.org\/blogs\/Elarpadenoe\/wp-includes\/images\/media\/audio.svg\",\"width\":48,\"height\":64}},{\"src\":\"https:\/\/d2n2.org\/blogs\/Elarpadenoe\/wp-content\/uploads\/2019\/06\/Padre-Nuestro-que-a-todos-amas.mp3\",\"type\":\"audio\/mpeg\",\"title\":\"Padre Nuestro que a todos amas\",\"caption\":\"\",\"description\":\"\\\"Padre Nuestro que a todos amas\\\" en http:\/\/d2n2.org\/blogs\/Elarpadenoe\/.\",\"meta\":{\"artist\":\"http:\/\/d2n2.org\/blogs\/Elarpadenoe\/\",\"length_formatted\":\"2:18\"},\"image\":{\"src\":\"https:\/\/d2n2.org\/blogs\/Elarpadenoe\/wp-includes\/images\/media\/audio.svg\",\"width\":48,\"height\":64},\"thumb\":{\"src\":\"https:\/\/d2n2.org\/blogs\/Elarpadenoe\/wp-includes\/images\/media\/audio.svg\",\"width\":48,\"height\":64}},{\"src\":\"https:\/\/d2n2.org\/blogs\/Elarpadenoe\/wp-content\/uploads\/2019\/06\/DE-QU\\u00c9-SIRVE.mp3\",\"type\":\"audio\/mpeg\",\"title\":\"DE QU\\u00c9 SIRVE\",\"caption\":\"\",\"description\":\"\\\"DE QU\\u00c9 SIRVE\\\".\",\"meta\":{\"length_formatted\":\"3:31\"},\"image\":{\"src\":\"https:\/\/d2n2.org\/blogs\/Elarpadenoe\/wp-includes\/images\/media\/audio.svg\",\"width\":48,\"height\":64},\"thumb\":{\"src\":\"https:\/\/d2n2.org\/blogs\/Elarpadenoe\/wp-includes\/images\/media\/audio.svg\",\"width\":48,\"height\":64}},{\"src\":\"https:\/\/d2n2.org\/blogs\/Elarpadenoe\/wp-content\/uploads\/2019\/05\/JES\\u00daS-VEN-T\\u00da.mp3\",\"type\":\"audio\/mpeg\",\"title\":\"JES\\u00daS, VEN T\\u00da\",\"caption\":\"\",\"description\":\"\\\"JES\\u00daS, VEN T\\u00da\\\".\",\"meta\":{\"length_formatted\":\"3:36\"},\"image\":{\"src\":\"https:\/\/d2n2.org\/blogs\/Elarpadenoe\/wp-includes\/images\/media\/audio.svg\",\"width\":48,\"height\":64},\"thumb\":{\"src\":\"https:\/\/d2n2.org\/blogs\/Elarpadenoe\/wp-includes\/images\/media\/audio.svg\",\"width\":48,\"height\":64}},{\"src\":\"https:\/\/d2n2.org\/blogs\/Elarpadenoe\/wp-content\/uploads\/2019\/05\/Tu-palabra-es-luz-que-ilumina.mp3\",\"type\":\"audio\/mpeg\",\"title\":\"Tu palabra es luz que ilumina\",\"caption\":\"\",\"description\":\"\\\"Tu palabra es luz que ilumina\\\" en http:\/\/www.d2n2.org\/blogs\/Elarpadenoe\/.\",\"meta\":{\"artist\":\"http:\/\/www.d2n2.org\/blogs\/Elarpadenoe\/\",\"length_formatted\":\"1:00\"},\"image\":{\"src\":\"https:\/\/d2n2.org\/blogs\/Elarpadenoe\/wp-includes\/images\/media\/audio.svg\",\"width\":48,\"height\":64},\"thumb\":{\"src\":\"https:\/\/d2n2.org\/blogs\/Elarpadenoe\/wp-includes\/images\/media\/audio.svg\",\"width\":48,\"height\":64}},{\"src\":\"https:\/\/d2n2.org\/blogs\/Elarpadenoe\/wp-content\/uploads\/2019\/05\/ES-EL-SE\\u00d1OR.mp3\",\"type\":\"audio\/mpeg\",\"title\":\"ES EL SE\\u00d1OR\",\"caption\":\"\",\"description\":\"\\\"ES EL SE\\u00d1OR\\\".\",\"meta\":{\"length_formatted\":\"3:41\"},\"image\":{\"src\":\"https:\/\/d2n2.org\/blogs\/Elarpadenoe\/wp-includes\/images\/media\/audio.svg\",\"width\":48,\"height\":64},\"thumb\":{\"src\":\"https:\/\/d2n2.org\/blogs\/Elarpadenoe\/wp-includes\/images\/media\/audio.svg\",\"width\":48,\"height\":64}},{\"src\":\"https:\/\/d2n2.org\/blogs\/Elarpadenoe\/wp-content\/uploads\/2016\/04\/Todos-los-donesR.mp3\",\"type\":\"audio\/mpeg\",\"title\":\"Todos los dones[R]\",\"caption\":\"\",\"description\":\"\\\"Todos los dones[R]\\\" en http:\/\/d2n2.org\/blogs\/Elarpadenoe\/.\",\"meta\":{\"artist\":\"http:\/\/d2n2.org\/blogs\/Elarpadenoe\/\",\"length_formatted\":\"2:37\"},\"image\":{\"src\":\"https:\/\/d2n2.org\/blogs\/Elarpadenoe\/wp-includes\/images\/media\/audio.svg\",\"width\":48,\"height\":64},\"thumb\":{\"src\":\"https:\/\/d2n2.org\/blogs\/Elarpadenoe\/wp-includes\/images\/media\/audio.svg\",\"width\":48,\"height\":64}},{\"src\":\"https:\/\/d2n2.org\/blogs\/Elarpadenoe\/wp-content\/uploads\/2019\/04\/LA-CORONA-DEL-ADVIENTO.mp3\",\"type\":\"audio\/mpeg\",\"title\":\"LA CORONA DEL ADVIENTO\",\"caption\":\"\",\"description\":\"\\\"LA CORONA DEL ADVIENTO\\\" en www.d2n2.org\/blogs\/Elarpadenoe\/.\",\"meta\":{\"artist\":\"www.d2n2.org\/blogs\/Elarpadenoe\/\",\"length_formatted\":\"3:24\"},\"image\":{\"src\":\"https:\/\/d2n2.org\/blogs\/Elarpadenoe\/wp-includes\/images\/media\/audio.svg\",\"width\":48,\"height\":64},\"thumb\":{\"src\":\"https:\/\/d2n2.org\/blogs\/Elarpadenoe\/wp-includes\/images\/media\/audio.svg\",\"width\":48,\"height\":64}},{\"src\":\"https:\/\/d2n2.org\/blogs\/Elarpadenoe\/wp-content\/uploads\/2019\/04\/TREN-DEL-AMOR.mp3\",\"type\":\"audio\/mpeg\",\"title\":\"TREN DEL AMOR\",\"caption\":\"\",\"description\":\"\\\"TREN DEL AMOR\\\".\",\"meta\":{\"length_formatted\":\"3:48\"},\"image\":{\"src\":\"https:\/\/d2n2.org\/blogs\/Elarpadenoe\/wp-includes\/images\/media\/audio.svg\",\"width\":48,\"height\":64},\"thumb\":{\"src\":\"https:\/\/d2n2.org\/blogs\/Elarpadenoe\/wp-includes\/images\/media\/audio.svg\",\"width\":48,\"height\":64}},{\"src\":\"https:\/\/d2n2.org\/blogs\/Elarpadenoe\/wp-content\/uploads\/2019\/04\/ES-CRISTO-QUIEN-INVITA.mp3\",\"type\":\"audio\/mpeg\",\"title\":\"ES CRISTO QUIEN INVITA\",\"caption\":\"\",\"description\":\"\\\"ES CRISTO QUIEN INVITA\\\".\",\"meta\":{\"length_formatted\":\"3:16\"},\"image\":{\"src\":\"https:\/\/d2n2.org\/blogs\/Elarpadenoe\/wp-includes\/images\/media\/audio.svg\",\"width\":48,\"height\":64},\"thumb\":{\"src\":\"https:\/\/d2n2.org\/blogs\/Elarpadenoe\/wp-includes\/images\/media\/audio.svg\",\"width\":48,\"height\":64}},{\"src\":\"https:\/\/d2n2.org\/blogs\/Elarpadenoe\/wp-content\/uploads\/2019\/04\/MAR\\u00cdA-MADRE-DEL-DOLOR.mp3\",\"type\":\"audio\/mpeg\",\"title\":\"MAR\\u00cdA, MADRE DEL DOLOR\",\"caption\":\"\",\"description\":\"\\\"MAR\\u00cdA, MADRE DEL DOLOR\\\" en http:\/\/d2n2.org\/blogs\/Elarpadenoe\/.\",\"meta\":{\"artist\":\"http:\/\/d2n2.org\/blogs\/Elarpadenoe\/\",\"length_formatted\":\"3:14\"},\"image\":{\"src\":\"https:\/\/d2n2.org\/blogs\/Elarpadenoe\/wp-includes\/images\/media\/audio.svg\",\"width\":48,\"height\":64},\"thumb\":{\"src\":\"https:\/\/d2n2.org\/blogs\/Elarpadenoe\/wp-includes\/images\/media\/audio.svg\",\"width\":48,\"height\":64}},{\"src\":\"https:\/\/d2n2.org\/blogs\/Elarpadenoe\/wp-content\/uploads\/2019\/04\/La-misa-no-termina-aqu\\u00ed-en-la-iglesia.mp3\",\"type\":\"audio\/mpeg\",\"title\":\"La misa no termina aqu\\u00ed en la iglesia\",\"caption\":\"\",\"description\":\"\\\"La misa no termina aqu\\u00ed en la iglesia\\\" en http:\/\/d2n2.org\/blogs\/Elarpadenoe\/.\",\"meta\":{\"artist\":\"http:\/\/d2n2.org\/blogs\/Elarpadenoe\/\",\"length_formatted\":\"1:30\"},\"image\":{\"src\":\"https:\/\/d2n2.org\/blogs\/Elarpadenoe\/wp-includes\/images\/media\/audio.svg\",\"width\":48,\"height\":64},\"thumb\":{\"src\":\"https:\/\/d2n2.org\/blogs\/Elarpadenoe\/wp-includes\/images\/media\/audio.svg\",\"width\":48,\"height\":64}},{\"src\":\"https:\/\/d2n2.org\/blogs\/Elarpadenoe\/wp-content\/uploads\/2019\/04\/MAR\\u00cdA-MAR\\u00cdA.mp3\",\"type\":\"audio\/mpeg\",\"title\":\"MAR\\u00cdA, MAR\\u00cdA\",\"caption\":\"\",\"description\":\"\\\"MAR\\u00cdA, MAR\\u00cdA\\\".\",\"meta\":{\"length_formatted\":\"3:30\"},\"image\":{\"src\":\"https:\/\/d2n2.org\/blogs\/Elarpadenoe\/wp-includes\/images\/media\/audio.svg\",\"width\":48,\"height\":64},\"thumb\":{\"src\":\"https:\/\/d2n2.org\/blogs\/Elarpadenoe\/wp-includes\/images\/media\/audio.svg\",\"width\":48,\"height\":64}},{\"src\":\"https:\/\/d2n2.org\/blogs\/Elarpadenoe\/wp-content\/uploads\/2019\/04\/HOY-HE-VUELTO-MADRE-A-RECORDAR.mp3\",\"type\":\"audio\/mpeg\",\"title\":\"HOY HE VUELTO, MADRE, A RECORDAR\",\"caption\":\"\",\"description\":\"\\\"HOY HE VUELTO, MADRE, A RECORDAR\\\".\",\"meta\":{\"length_formatted\":\"3:43\"},\"image\":{\"src\":\"https:\/\/d2n2.org\/blogs\/Elarpadenoe\/wp-includes\/images\/media\/audio.svg\",\"width\":48,\"height\":64},\"thumb\":{\"src\":\"https:\/\/d2n2.org\/blogs\/Elarpadenoe\/wp-includes\/images\/media\/audio.svg\",\"width\":48,\"height\":64}},{\"src\":\"https:\/\/d2n2.org\/blogs\/Elarpadenoe\/wp-content\/uploads\/2019\/04\/SANTA-MAR\\u00cdA-DE-LA-ESPERANZA.mp3\",\"type\":\"audio\/mpeg\",\"title\":\"SANTA MAR\\u00cdA DE LA ESPERANZA\",\"caption\":\"\",\"description\":\"\\\"SANTA MAR\\u00cdA DE LA ESPERANZA\\\".\",\"meta\":{\"length_formatted\":\"4:12\"},\"image\":{\"src\":\"https:\/\/d2n2.org\/blogs\/Elarpadenoe\/wp-includes\/images\/media\/audio.svg\",\"width\":48,\"height\":64},\"thumb\":{\"src\":\"https:\/\/d2n2.org\/blogs\/Elarpadenoe\/wp-includes\/images\/media\/audio.svg\",\"width\":48,\"height\":64}},{\"src\":\"https:\/\/d2n2.org\/blogs\/Elarpadenoe\/wp-content\/uploads\/2019\/04\/La-misa-es-una-fiesta.mp3\",\"type\":\"audio\/mpeg\",\"title\":\"La misa es una fiesta\",\"caption\":\"\",\"description\":\"\\\"La misa es una fiesta\\\" en http:\/\/d2n2.org\/blogs\/Elarpadenoe\/.\",\"meta\":{\"artist\":\"http:\/\/d2n2.org\/blogs\/Elarpadenoe\/\",\"length_formatted\":\"1:30\"},\"image\":{\"src\":\"https:\/\/d2n2.org\/blogs\/Elarpadenoe\/wp-includes\/images\/media\/audio.svg\",\"width\":48,\"height\":64},\"thumb\":{\"src\":\"https:\/\/d2n2.org\/blogs\/Elarpadenoe\/wp-includes\/images\/media\/audio.svg\",\"width\":48,\"height\":64}},{\"src\":\"https:\/\/d2n2.org\/blogs\/Elarpadenoe\/wp-content\/uploads\/2019\/04\/T\\u00da-ERES-CORAZ\\u00d3N.mp3\",\"type\":\"audio\/mpeg\",\"title\":\"T\\u00da ERES CORAZ\\u00d3N\",\"caption\":\"\",\"description\":\"\\\"T\\u00da ERES CORAZ\\u00d3N\\\".\",\"meta\":{\"length_formatted\":\"4:05\"},\"image\":{\"src\":\"https:\/\/d2n2.org\/blogs\/Elarpadenoe\/wp-includes\/images\/media\/audio.svg\",\"width\":48,\"height\":64},\"thumb\":{\"src\":\"https:\/\/d2n2.org\/blogs\/Elarpadenoe\/wp-includes\/images\/media\/audio.svg\",\"width\":48,\"height\":64}},{\"src\":\"https:\/\/d2n2.org\/blogs\/Elarpadenoe\/wp-content\/uploads\/2019\/04\/OS-LO-ANUNCIAMOS.mp3\",\"type\":\"audio\/mpeg\",\"title\":\"OS LO ANUNCIAMOS\",\"caption\":\"\",\"description\":\"\\\"OS LO ANUNCIAMOS\\\".\",\"meta\":{\"length_formatted\":\"4:11\"},\"image\":{\"src\":\"https:\/\/d2n2.org\/blogs\/Elarpadenoe\/wp-includes\/images\/media\/audio.svg\",\"width\":48,\"height\":64},\"thumb\":{\"src\":\"https:\/\/d2n2.org\/blogs\/Elarpadenoe\/wp-includes\/images\/media\/audio.svg\",\"width\":48,\"height\":64}},{\"src\":\"https:\/\/d2n2.org\/blogs\/Elarpadenoe\/wp-content\/uploads\/2019\/04\/HIMNO.mp3\",\"type\":\"audio\/mpeg\",\"title\":\"HIMNO\",\"caption\":\"\",\"description\":\"\\\"HIMNO\\\".\",\"meta\":{\"length_formatted\":\"4:14\"},\"image\":{\"src\":\"https:\/\/d2n2.org\/blogs\/Elarpadenoe\/wp-includes\/images\/media\/audio.svg\",\"width\":48,\"height\":64},\"thumb\":{\"src\":\"https:\/\/d2n2.org\/blogs\/Elarpadenoe\/wp-includes\/images\/media\/audio.svg\",\"width\":48,\"height\":64}},{\"src\":\"https:\/\/d2n2.org\/blogs\/Elarpadenoe\/wp-content\/uploads\/2019\/03\/CRISTO-LIBERTADOR.mp3\",\"type\":\"audio\/mpeg\",\"title\":\"CRISTO LIBERTADOR\",\"caption\":\"\",\"description\":\"\\\"CRISTO LIBERTADOR\\\".\",\"meta\":{\"length_formatted\":\"3:46\"},\"image\":{\"src\":\"https:\/\/d2n2.org\/blogs\/Elarpadenoe\/wp-includes\/images\/media\/audio.svg\",\"width\":48,\"height\":64},\"thumb\":{\"src\":\"https:\/\/d2n2.org\/blogs\/Elarpadenoe\/wp-includes\/images\/media\/audio.svg\",\"width\":48,\"height\":64}},{\"src\":\"https:\/\/d2n2.org\/blogs\/Elarpadenoe\/wp-content\/uploads\/2019\/03\/EL-AMOR-ES-NUESTRO-CANTO.mp3\",\"type\":\"audio\/mpeg\",\"title\":\"EL AMOR ES NUESTRO CANTO\",\"caption\":\"\",\"description\":\"\\\"EL AMOR ES NUESTRO CANTO\\\".\",\"meta\":{\"length_formatted\":\"3:36\"},\"image\":{\"src\":\"https:\/\/d2n2.org\/blogs\/Elarpadenoe\/wp-includes\/images\/media\/audio.svg\",\"width\":48,\"height\":64},\"thumb\":{\"src\":\"https:\/\/d2n2.org\/blogs\/Elarpadenoe\/wp-includes\/images\/media\/audio.svg\",\"width\":48,\"height\":64}},{\"src\":\"https:\/\/d2n2.org\/blogs\/Elarpadenoe\/wp-content\/uploads\/2019\/03\/Dame-paz.mp3\",\"type\":\"audio\/mpeg\",\"title\":\"Dame paz\",\"caption\":\"\",\"description\":\"\\\"Dame paz\\\" en http:\/\/d2n2.org\/blogs\/Elarpadenoe\/.\",\"meta\":{\"artist\":\"http:\/\/d2n2.org\/blogs\/Elarpadenoe\/\",\"length_formatted\":\"1:47\"},\"image\":{\"src\":\"https:\/\/d2n2.org\/blogs\/Elarpadenoe\/wp-includes\/images\/media\/audio.svg\",\"width\":48,\"height\":64},\"thumb\":{\"src\":\"https:\/\/d2n2.org\/blogs\/Elarpadenoe\/wp-includes\/images\/media\/audio.svg\",\"width\":48,\"height\":64}},{\"src\":\"https:\/\/d2n2.org\/blogs\/Elarpadenoe\/wp-content\/uploads\/2019\/03\/MADRE-DE-LOS-CREYENTES.mp3\",\"type\":\"audio\/mpeg\",\"title\":\"MADRE DE LOS CREYENTES\",\"caption\":\"\",\"description\":\"\\\"MADRE DE LOS CREYENTES\\\".\",\"meta\":{\"length_formatted\":\"4:18\"},\"image\":{\"src\":\"https:\/\/d2n2.org\/blogs\/Elarpadenoe\/wp-includes\/images\/media\/audio.svg\",\"width\":48,\"height\":64},\"thumb\":{\"src\":\"https:\/\/d2n2.org\/blogs\/Elarpadenoe\/wp-includes\/images\/media\/audio.svg\",\"width\":48,\"height\":64}},{\"src\":\"https:\/\/d2n2.org\/blogs\/Elarpadenoe\/wp-content\/uploads\/2019\/03\/LA-GENTE-CAMINA.mp3\",\"type\":\"audio\/mpeg\",\"title\":\"LA GENTE CAMINA\",\"caption\":\"\",\"description\":\"\\\"LA GENTE CAMINA\\\".\",\"meta\":{\"length_formatted\":\"4:42\"},\"image\":{\"src\":\"https:\/\/d2n2.org\/blogs\/Elarpadenoe\/wp-includes\/images\/media\/audio.svg\",\"width\":48,\"height\":64},\"thumb\":{\"src\":\"https:\/\/d2n2.org\/blogs\/Elarpadenoe\/wp-includes\/images\/media\/audio.svg\",\"width\":48,\"height\":64}},{\"src\":\"https:\/\/d2n2.org\/blogs\/Elarpadenoe\/wp-content\/uploads\/2019\/03\/UNA-TARDE-EN-LA-PLAYA.mp3\",\"type\":\"audio\/mpeg\",\"title\":\"UNA TARDE EN LA PLAYA\",\"caption\":\"\",\"description\":\"\\\"UNA TARDE EN LA PLAYA\\\".\",\"meta\":{\"length_formatted\":\"5:07\"},\"image\":{\"src\":\"https:\/\/d2n2.org\/blogs\/Elarpadenoe\/wp-includes\/images\/media\/audio.svg\",\"width\":48,\"height\":64},\"thumb\":{\"src\":\"https:\/\/d2n2.org\/blogs\/Elarpadenoe\/wp-includes\/images\/media\/audio.svg\",\"width\":48,\"height\":64}},{\"src\":\"https:\/\/d2n2.org\/blogs\/Elarpadenoe\/wp-content\/uploads\/2019\/03\/Ven-ven-Se\\u00f1or.mp3\",\"type\":\"audio\/mpeg\",\"title\":\"Ven, ven, Se\\u00f1or\",\"caption\":\"\",\"description\":\"\\\"Ven, ven, Se\\u00f1or\\\" en http:\/\/d2n2.org\/blogs\/Elarpadenoe\/.\",\"meta\":{\"artist\":\"http:\/\/d2n2.org\/blogs\/Elarpadenoe\/\",\"length_formatted\":\"1:56\"},\"image\":{\"src\":\"https:\/\/d2n2.org\/blogs\/Elarpadenoe\/wp-includes\/images\/media\/audio.svg\",\"width\":48,\"height\":64},\"thumb\":{\"src\":\"https:\/\/d2n2.org\/blogs\/Elarpadenoe\/wp-includes\/images\/media\/audio.svg\",\"width\":48,\"height\":64}},{\"src\":\"https:\/\/d2n2.org\/blogs\/Elarpadenoe\/wp-content\/uploads\/2019\/03\/DIOS-ES-ALEGR\\u00cdA.mp3\",\"type\":\"audio\/mpeg\",\"title\":\"DIOS ES ALEGR\\u00cdA\",\"caption\":\"\",\"description\":\"\\\"DIOS ES ALEGR\\u00cdA\\\" en http:\/\/d2n2.org\/blogs\/Elarpadenoe\/. G\\u00e9nero: Other.\",\"meta\":{\"artist\":\"http:\/\/d2n2.org\/blogs\/Elarpadenoe\/\",\"genre\":\"Other\",\"length_formatted\":\"2:29\"},\"image\":{\"src\":\"https:\/\/d2n2.org\/blogs\/Elarpadenoe\/wp-includes\/images\/media\/audio.svg\",\"width\":48,\"height\":64},\"thumb\":{\"src\":\"https:\/\/d2n2.org\/blogs\/Elarpadenoe\/wp-includes\/images\/media\/audio.svg\",\"width\":48,\"height\":64}},{\"src\":\"https:\/\/d2n2.org\/blogs\/Elarpadenoe\/wp-content\/uploads\/2019\/03\/SIEMPRE-ES-PENTECOSTES.mp3\",\"type\":\"audio\/mpeg\",\"title\":\"SIEMPRE ES PENTECOSTES\",\"caption\":\"\",\"description\":\"\\\"SIEMPRE ES PENTECOSTES\\\" en http:\/\/d2n2.org\/blogs\/Elarpadenoe\/.\",\"meta\":{\"artist\":\"http:\/\/d2n2.org\/blogs\/Elarpadenoe\/\",\"length_formatted\":\"3:03\"},\"image\":{\"src\":\"https:\/\/d2n2.org\/blogs\/Elarpadenoe\/wp-includes\/images\/media\/audio.svg\",\"width\":48,\"height\":64},\"thumb\":{\"src\":\"https:\/\/d2n2.org\/blogs\/Elarpadenoe\/wp-includes\/images\/media\/audio.svg\",\"width\":48,\"height\":64}},{\"src\":\"https:\/\/d2n2.org\/blogs\/Elarpadenoe\/wp-content\/uploads\/2019\/03\/NO-SOIS-VOSOTROS.mp3\",\"type\":\"audio\/mpeg\",\"title\":\"NO SOIS VOSOTROS\",\"caption\":\"\",\"description\":\"\\\"NO SOIS VOSOTROS\\\" en http:\/\/d2n2.org\/blogs\/Elarpadenoe\/.\",\"meta\":{\"artist\":\"http:\/\/d2n2.org\/blogs\/Elarpadenoe\/\",\"length_formatted\":\"3:23\"},\"image\":{\"src\":\"https:\/\/d2n2.org\/blogs\/Elarpadenoe\/wp-includes\/images\/media\/audio.svg\",\"width\":48,\"height\":64},\"thumb\":{\"src\":\"https:\/\/d2n2.org\/blogs\/Elarpadenoe\/wp-includes\/images\/media\/audio.svg\",\"width\":48,\"height\":64}},{\"src\":\"https:\/\/d2n2.org\/blogs\/Elarpadenoe\/wp-content\/uploads\/2019\/02\/Somos-un-pueblo-que-camina.mp3\",\"type\":\"audio\/mpeg\",\"title\":\"Somos un pueblo que camina\",\"caption\":\"\",\"description\":\"\\\"Somos un pueblo que camina\\\" en http:\/\/d2n2.org\/blogs\/Elarpadenoe\/.\",\"meta\":{\"artist\":\"http:\/\/d2n2.org\/blogs\/Elarpadenoe\/\",\"length_formatted\":\"2:08\"},\"image\":{\"src\":\"https:\/\/d2n2.org\/blogs\/Elarpadenoe\/wp-includes\/images\/media\/audio.svg\",\"width\":48,\"height\":64},\"thumb\":{\"src\":\"https:\/\/d2n2.org\/blogs\/Elarpadenoe\/wp-includes\/images\/media\/audio.svg\",\"width\":48,\"height\":64}},{\"src\":\"https:\/\/d2n2.org\/blogs\/Elarpadenoe\/wp-content\/uploads\/2019\/02\/QU\\u00c9DATE-CON-NOSOTROS.mp3\",\"type\":\"audio\/mpeg\",\"title\":\"QU\\u00c9DATE CON NOSOTROS\",\"caption\":\"\",\"description\":\"\\\"QU\\u00c9DATE CON NOSOTROS\\\" en http:\/\/www.d2n2.org\/blogs\/Elarpadenoe\/.\",\"meta\":{\"artist\":\"http:\/\/www.d2n2.org\/blogs\/Elarpadenoe\/\",\"length_formatted\":\"3:04\"},\"image\":{\"src\":\"https:\/\/d2n2.org\/blogs\/Elarpadenoe\/wp-includes\/images\/media\/audio.svg\",\"width\":48,\"height\":64},\"thumb\":{\"src\":\"https:\/\/d2n2.org\/blogs\/Elarpadenoe\/wp-includes\/images\/media\/audio.svg\",\"width\":48,\"height\":64}},{\"src\":\"https:\/\/d2n2.org\/blogs\/Elarpadenoe\/wp-content\/uploads\/2019\/02\/QUI\\u00c9N-ES-ESE-QUE-VIENE.mp3\",\"type\":\"audio\/mpeg\",\"title\":\"QUI\\u00c9N ES ESE QUE VIENE\",\"caption\":\"\",\"description\":\"\\\"QUI\\u00c9N ES ESE QUE VIENE\\\" en http:\/\/d2n2.org\/blogs\/Elarpadenoe\/.\",\"meta\":{\"artist\":\"http:\/\/d2n2.org\/blogs\/Elarpadenoe\/\",\"length_formatted\":\"3:58\"},\"image\":{\"src\":\"https:\/\/d2n2.org\/blogs\/Elarpadenoe\/wp-includes\/images\/media\/audio.svg\",\"width\":48,\"height\":64},\"thumb\":{\"src\":\"https:\/\/d2n2.org\/blogs\/Elarpadenoe\/wp-includes\/images\/media\/audio.svg\",\"width\":48,\"height\":64}},{\"src\":\"https:\/\/d2n2.org\/blogs\/Elarpadenoe\/wp-content\/uploads\/2019\/02\/SOMOS-TESTIGOS.mp3\",\"type\":\"audio\/mpeg\",\"title\":\"SOMOS TESTIGOS\",\"caption\":\"\",\"description\":\"\\\"SOMOS TESTIGOS\\\" en http:\/\/d2n2.org\/blogs\/Elarpadenoe\/.\",\"meta\":{\"artist\":\"http:\/\/d2n2.org\/blogs\/Elarpadenoe\/\",\"length_formatted\":\"3:00\"},\"image\":{\"src\":\"https:\/\/d2n2.org\/blogs\/Elarpadenoe\/wp-includes\/images\/media\/audio.svg\",\"width\":48,\"height\":64},\"thumb\":{\"src\":\"https:\/\/d2n2.org\/blogs\/Elarpadenoe\/wp-includes\/images\/media\/audio.svg\",\"width\":48,\"height\":64}},{\"src\":\"https:\/\/d2n2.org\/blogs\/Elarpadenoe\/wp-content\/uploads\/2019\/02\/Salmo-de-la-Comunidad.mp3\",\"type\":\"audio\/mpeg\",\"title\":\"Salmo de la Comunidad\",\"caption\":\"\",\"description\":\"\\\"Salmo de la Comunidad\\\" en http:\/\/d2n2.org\/blogs\/Elarpadenoe\/.\",\"meta\":{\"artist\":\"http:\/\/d2n2.org\/blogs\/Elarpadenoe\/\",\"length_formatted\":\"2:34\"},\"image\":{\"src\":\"https:\/\/d2n2.org\/blogs\/Elarpadenoe\/wp-includes\/images\/media\/audio.svg\",\"width\":48,\"height\":64},\"thumb\":{\"src\":\"https:\/\/d2n2.org\/blogs\/Elarpadenoe\/wp-includes\/images\/media\/audio.svg\",\"width\":48,\"height\":64}},{\"src\":\"https:\/\/d2n2.org\/blogs\/Elarpadenoe\/wp-content\/uploads\/2019\/02\/EN-LA-CRUZ-NOS-DA-LA-VIDA.mp3\",\"type\":\"audio\/mpeg\",\"title\":\"EN LA CRUZ NOS DA LA VIDA\",\"caption\":\"\",\"description\":\"\\\"EN LA CRUZ NOS DA LA VIDA\\\" en http:\/\/d2n2.org\/blogs\/Elarpadenoe\/.\",\"meta\":{\"artist\":\"http:\/\/d2n2.org\/blogs\/Elarpadenoe\/\",\"length_formatted\":\"3:05\"},\"image\":{\"src\":\"https:\/\/d2n2.org\/blogs\/Elarpadenoe\/wp-includes\/images\/media\/audio.svg\",\"width\":48,\"height\":64},\"thumb\":{\"src\":\"https:\/\/d2n2.org\/blogs\/Elarpadenoe\/wp-includes\/images\/media\/audio.svg\",\"width\":48,\"height\":64}},{\"src\":\"https:\/\/d2n2.org\/blogs\/Elarpadenoe\/wp-content\/uploads\/2019\/02\/JES\\u00daS-NOS-DA-SU-PAN.mp3\",\"type\":\"audio\/mpeg\",\"title\":\"JES\\u00daS NOS DA SU PAN\",\"caption\":\"\",\"description\":\"\\\"JES\\u00daS NOS DA SU PAN\\\" en http:\/\/d2n2.org\/blogs\/Elarpadenoe\/.\",\"meta\":{\"artist\":\"http:\/\/d2n2.org\/blogs\/Elarpadenoe\/\",\"length_formatted\":\"3:31\"},\"image\":{\"src\":\"https:\/\/d2n2.org\/blogs\/Elarpadenoe\/wp-includes\/images\/media\/audio.svg\",\"width\":48,\"height\":64},\"thumb\":{\"src\":\"https:\/\/d2n2.org\/blogs\/Elarpadenoe\/wp-includes\/images\/media\/audio.svg\",\"width\":48,\"height\":64}},{\"src\":\"https:\/\/d2n2.org\/blogs\/Elarpadenoe\/wp-content\/uploads\/2019\/02\/CRISTO-JES\\u00daS.mp3\",\"type\":\"audio\/mpeg\",\"title\":\"CRISTO JES\\u00daS\",\"caption\":\"\",\"description\":\"\\\"CRISTO JES\\u00daS\\\" en http:\/\/d2n2.org\/blogs\/Elarpadenoe\/.\",\"meta\":{\"artist\":\"http:\/\/d2n2.org\/blogs\/Elarpadenoe\/\",\"length_formatted\":\"4:04\"},\"image\":{\"src\":\"https:\/\/d2n2.org\/blogs\/Elarpadenoe\/wp-includes\/images\/media\/audio.svg\",\"width\":48,\"height\":64},\"thumb\":{\"src\":\"https:\/\/d2n2.org\/blogs\/Elarpadenoe\/wp-includes\/images\/media\/audio.svg\",\"width\":48,\"height\":64}},{\"src\":\"https:\/\/d2n2.org\/blogs\/Elarpadenoe\/wp-content\/uploads\/2019\/02\/ARDE-EN-CARIDAD.mp3\",\"type\":\"audio\/mpeg\",\"title\":\"ARDE EN CARIDAD\",\"caption\":\"\",\"description\":\"\\\"ARDE EN CARIDAD\\\" en http:\/\/d2n2.org\/blogs\/Elarpadenoe\/.\",\"meta\":{\"artist\":\"http:\/\/d2n2.org\/blogs\/Elarpadenoe\/\",\"length_formatted\":\"3:55\"},\"image\":{\"src\":\"https:\/\/d2n2.org\/blogs\/Elarpadenoe\/wp-includes\/images\/media\/audio.svg\",\"width\":48,\"height\":64},\"thumb\":{\"src\":\"https:\/\/d2n2.org\/blogs\/Elarpadenoe\/wp-includes\/images\/media\/audio.svg\",\"width\":48,\"height\":64}},{\"src\":\"https:\/\/d2n2.org\/blogs\/Elarpadenoe\/wp-content\/uploads\/2019\/02\/Id-y-ense\\u00f1ad.mp3\",\"type\":\"audio\/mpeg\",\"title\":\"Id y ense\\u00f1ad\",\"caption\":\"\",\"description\":\"\\\"Id y ense\\u00f1ad\\\" en http:\/\/d2n2.org\/blogs\/Elarpadenoe\/.\",\"meta\":{\"artist\":\"http:\/\/d2n2.org\/blogs\/Elarpadenoe\/\",\"length_formatted\":\"5:21\"},\"image\":{\"src\":\"https:\/\/d2n2.org\/blogs\/Elarpadenoe\/wp-includes\/images\/media\/audio.svg\",\"width\":48,\"height\":64},\"thumb\":{\"src\":\"https:\/\/d2n2.org\/blogs\/Elarpadenoe\/wp-includes\/images\/media\/audio.svg\",\"width\":48,\"height\":64}},{\"src\":\"https:\/\/d2n2.org\/blogs\/Elarpadenoe\/wp-content\/uploads\/2019\/02\/S\\u00d3LO-CRISTO.mp3\",\"type\":\"audio\/mpeg\",\"title\":\"S\\u00d3LO CRISTO\",\"caption\":\"\",\"description\":\"\\\"S\\u00d3LO CRISTO\\\" en http:\/\/d2n2.org\/blogs\/Elarpadenoe\/.\",\"meta\":{\"artist\":\"http:\/\/d2n2.org\/blogs\/Elarpadenoe\/\",\"length_formatted\":\"5:29\"},\"image\":{\"src\":\"https:\/\/d2n2.org\/blogs\/Elarpadenoe\/wp-includes\/images\/media\/audio.svg\",\"width\":48,\"height\":64},\"thumb\":{\"src\":\"https:\/\/d2n2.org\/blogs\/Elarpadenoe\/wp-includes\/images\/media\/audio.svg\",\"width\":48,\"height\":64}},{\"src\":\"https:\/\/d2n2.org\/blogs\/Elarpadenoe\/wp-content\/uploads\/2019\/01\/EN-TU-CRUZ-NOS-DAS-LA-VIDA.mp3\",\"type\":\"audio\/mpeg\",\"title\":\"EN TU CRUZ NOS DAS LA VIDA\",\"caption\":\"\",\"description\":\"\\\"EN TU CRUZ NOS DAS LA VIDA\\\" en http:\/\/d2n2.org\/blogs\/Elarpadenoe\/.\",\"meta\":{\"artist\":\"http:\/\/d2n2.org\/blogs\/Elarpadenoe\/\",\"length_formatted\":\"4:14\"},\"image\":{\"src\":\"https:\/\/d2n2.org\/blogs\/Elarpadenoe\/wp-includes\/images\/media\/audio.svg\",\"width\":48,\"height\":64},\"thumb\":{\"src\":\"https:\/\/d2n2.org\/blogs\/Elarpadenoe\/wp-includes\/images\/media\/audio.svg\",\"width\":48,\"height\":64}},{\"src\":\"https:\/\/d2n2.org\/blogs\/Elarpadenoe\/wp-content\/uploads\/2019\/01\/TE-ENSALZAR\\u00c9-SE\\u00d1OR-SALMO-29.mp3\",\"type\":\"audio\/mpeg\",\"title\":\"TE ENSALZAR\\u00c9, SE\\u00d1OR (SALMO 29)\",\"caption\":\"\",\"description\":\"\\\"TE ENSALZAR\\u00c9, SE\\u00d1OR (SALMO 29)\\\" en http:\/\/www.d2n2.org\/blogs\/Elarpadenoe\/.\",\"meta\":{\"artist\":\"http:\/\/www.d2n2.org\/blogs\/Elarpadenoe\/\",\"length_formatted\":\"2:59\"},\"image\":{\"src\":\"https:\/\/d2n2.org\/blogs\/Elarpadenoe\/wp-includes\/images\/media\/audio.svg\",\"width\":48,\"height\":64},\"thumb\":{\"src\":\"https:\/\/d2n2.org\/blogs\/Elarpadenoe\/wp-includes\/images\/media\/audio.svg\",\"width\":48,\"height\":64}},{\"src\":\"https:\/\/d2n2.org\/blogs\/Elarpadenoe\/wp-content\/uploads\/2019\/01\/\\u00c9xodo-y-liberaci\\u00f3n.mp3\",\"type\":\"audio\/mpeg\",\"title\":\"\\u00c9xodo y liberaci\\u00f3n\",\"caption\":\"\",\"description\":\"\\\"\\u00c9xodo y liberaci\\u00f3n\\\" en http:\/\/d2n2.org\/blogs\/Elarpadenoe\/.\",\"meta\":{\"artist\":\"http:\/\/d2n2.org\/blogs\/Elarpadenoe\/\",\"length_formatted\":\"3:13\"},\"image\":{\"src\":\"https:\/\/d2n2.org\/blogs\/Elarpadenoe\/wp-includes\/images\/media\/audio.svg\",\"width\":48,\"height\":64},\"thumb\":{\"src\":\"https:\/\/d2n2.org\/blogs\/Elarpadenoe\/wp-includes\/images\/media\/audio.svg\",\"width\":48,\"height\":64}},{\"src\":\"https:\/\/d2n2.org\/blogs\/Elarpadenoe\/wp-content\/uploads\/2019\/01\/LLEGASTE-A-MI-VIDA.mp3\",\"type\":\"audio\/mpeg\",\"title\":\"LLEGASTE A MI VIDA\",\"caption\":\"\",\"description\":\"\\\"LLEGASTE A MI VIDA\\\" en http:\/\/d2n2.org\/blogs\/Elarpadenoe\/.\",\"meta\":{\"artist\":\"http:\/\/d2n2.org\/blogs\/Elarpadenoe\/\",\"length_formatted\":\"4:16\"},\"image\":{\"src\":\"https:\/\/d2n2.org\/blogs\/Elarpadenoe\/wp-includes\/images\/media\/audio.svg\",\"width\":48,\"height\":64},\"thumb\":{\"src\":\"https:\/\/d2n2.org\/blogs\/Elarpadenoe\/wp-includes\/images\/media\/audio.svg\",\"width\":48,\"height\":64}},{\"src\":\"https:\/\/d2n2.org\/blogs\/Elarpadenoe\/wp-content\/uploads\/2019\/01\/AQU\\u00cd-ESTOY-SE\\u00d1OR.mp3\",\"type\":\"audio\/mpeg\",\"title\":\"AQU\\u00cd ESTOY, SE\\u00d1OR\",\"caption\":\"\",\"description\":\"\\\"AQU\\u00cd ESTOY, SE\\u00d1OR\\\" en http:\/\/www.d2n2.org\/blogs\/Elarpadenoe\/.\",\"meta\":{\"artist\":\"http:\/\/www.d2n2.org\/blogs\/Elarpadenoe\/\",\"length_formatted\":\"0:24\"},\"image\":{\"src\":\"https:\/\/d2n2.org\/blogs\/Elarpadenoe\/wp-includes\/images\/media\/audio.svg\",\"width\":48,\"height\":64},\"thumb\":{\"src\":\"https:\/\/d2n2.org\/blogs\/Elarpadenoe\/wp-includes\/images\/media\/audio.svg\",\"width\":48,\"height\":64}},{\"src\":\"https:\/\/d2n2.org\/blogs\/Elarpadenoe\/wp-content\/uploads\/2019\/01\/BETANIA.mp3\",\"type\":\"audio\/mpeg\",\"title\":\"BETANIA\",\"caption\":\"\",\"description\":\"\\\"BETANIA\\\" en http:\/\/www.d2n2.org\/blogs\/Elarpadenoe\/.\",\"meta\":{\"artist\":\"http:\/\/www.d2n2.org\/blogs\/Elarpadenoe\/\",\"length_formatted\":\"6:20\"},\"image\":{\"src\":\"https:\/\/d2n2.org\/blogs\/Elarpadenoe\/wp-includes\/images\/media\/audio.svg\",\"width\":48,\"height\":64},\"thumb\":{\"src\":\"https:\/\/d2n2.org\/blogs\/Elarpadenoe\/wp-includes\/images\/media\/audio.svg\",\"width\":48,\"height\":64}},{\"src\":\"https:\/\/d2n2.org\/blogs\/Elarpadenoe\/wp-content\/uploads\/2019\/01\/TE-PRESENTAMOS-EL-VINO-Y-EL-PAN.mp3\",\"type\":\"audio\/mpeg\",\"title\":\"TE PRESENTAMOS EL VINO Y EL PAN\",\"caption\":\"\",\"description\":\"\\\"TE PRESENTAMOS EL VINO Y EL PAN\\\" en http:\/\/d2n2.org\/blogs\/Elarpadenoe\/.\",\"meta\":{\"artist\":\"http:\/\/d2n2.org\/blogs\/Elarpadenoe\/\",\"length_formatted\":\"1:33\"},\"image\":{\"src\":\"https:\/\/d2n2.org\/blogs\/Elarpadenoe\/wp-includes\/images\/media\/audio.svg\",\"width\":48,\"height\":64},\"thumb\":{\"src\":\"https:\/\/d2n2.org\/blogs\/Elarpadenoe\/wp-includes\/images\/media\/audio.svg\",\"width\":48,\"height\":64}},{\"src\":\"https:\/\/d2n2.org\/blogs\/Elarpadenoe\/wp-content\/uploads\/2019\/01\/MAGNIFICAT\\u00d3RGANO.mp3\",\"type\":\"audio\/mpeg\",\"title\":\"MAGNIFICAT(\\u00d3RGANO)\",\"caption\":\"\",\"description\":\"\\\"MAGNIFICAT(\\u00d3RGANO)\\\" en http:\/\/www.d2n2.org\/blogs\/Elarpadenoe\/.\",\"meta\":{\"artist\":\"http:\/\/www.d2n2.org\/blogs\/Elarpadenoe\/\",\"length_formatted\":\"2:53\"},\"image\":{\"src\":\"https:\/\/d2n2.org\/blogs\/Elarpadenoe\/wp-includes\/images\/media\/audio.svg\",\"width\":48,\"height\":64},\"thumb\":{\"src\":\"https:\/\/d2n2.org\/blogs\/Elarpadenoe\/wp-includes\/images\/media\/audio.svg\",\"width\":48,\"height\":64}},{\"src\":\"https:\/\/d2n2.org\/blogs\/Elarpadenoe\/wp-content\/uploads\/2018\/12\/NADA-TE-TURBE.mp3\",\"type\":\"audio\/mpeg\",\"title\":\"NADA TE TURBE\",\"caption\":\"\",\"description\":\"\\\"NADA TE TURBE\\\" en http:\/\/www.d2n2.org\/blogs\/Elarpadenoe\/.\",\"meta\":{\"artist\":\"http:\/\/www.d2n2.org\/blogs\/Elarpadenoe\/\",\"length_formatted\":\"2:36\"},\"image\":{\"src\":\"https:\/\/d2n2.org\/blogs\/Elarpadenoe\/wp-includes\/images\/media\/audio.svg\",\"width\":48,\"height\":64},\"thumb\":{\"src\":\"https:\/\/d2n2.org\/blogs\/Elarpadenoe\/wp-includes\/images\/media\/audio.svg\",\"width\":48,\"height\":64}},{\"src\":\"https:\/\/d2n2.org\/blogs\/Elarpadenoe\/wp-content\/uploads\/2018\/12\/TU-PALABRA-ME-DA-VIDA-SALMO-118.mp3\",\"type\":\"audio\/mpeg\",\"title\":\"TU PALABRA ME DA VIDA (SALMO 118)\",\"caption\":\"\",\"description\":\"\\\"TU PALABRA ME DA VIDA (SALMO 118)\\\" en http:\/\/www.d2n2.org\/blogs\/Elarpadenoe\/.\",\"meta\":{\"artist\":\"http:\/\/www.d2n2.org\/blogs\/Elarpadenoe\/\",\"length_formatted\":\"3:04\"},\"image\":{\"src\":\"https:\/\/d2n2.org\/blogs\/Elarpadenoe\/wp-includes\/images\/media\/audio.svg\",\"width\":48,\"height\":64},\"thumb\":{\"src\":\"https:\/\/d2n2.org\/blogs\/Elarpadenoe\/wp-includes\/images\/media\/audio.svg\",\"width\":48,\"height\":64}},{\"src\":\"https:\/\/d2n2.org\/blogs\/Elarpadenoe\/wp-content\/uploads\/2018\/12\/VASO-NUEVO.mp3\",\"type\":\"audio\/mpeg\",\"title\":\"VASO NUEVO\",\"caption\":\"\",\"description\":\"\\\"VASO NUEVO\\\" en http:\/\/d2n2.org\/blogs\/Elarpadenoe\/.\",\"meta\":{\"artist\":\"http:\/\/d2n2.org\/blogs\/Elarpadenoe\/\",\"length_formatted\":\"3:45\"},\"image\":{\"src\":\"https:\/\/d2n2.org\/blogs\/Elarpadenoe\/wp-includes\/images\/media\/audio.svg\",\"width\":48,\"height\":64},\"thumb\":{\"src\":\"https:\/\/d2n2.org\/blogs\/Elarpadenoe\/wp-includes\/images\/media\/audio.svg\",\"width\":48,\"height\":64}},{\"src\":\"https:\/\/d2n2.org\/blogs\/Elarpadenoe\/wp-content\/uploads\/2018\/12\/DANOS-DE-TU-PAN-SE\\u00d1OR.mp3\",\"type\":\"audio\/mpeg\",\"title\":\"DANOS DE TU PAN, SE\\u00d1OR\",\"caption\":\"\",\"description\":\"\\\"DANOS DE TU PAN, SE\\u00d1OR\\\" en http:\/\/d2n2.org\/blogs\/Elarpadenoe\/.\",\"meta\":{\"artist\":\"http:\/\/d2n2.org\/blogs\/Elarpadenoe\/\",\"length_formatted\":\"4:37\"},\"image\":{\"src\":\"https:\/\/d2n2.org\/blogs\/Elarpadenoe\/wp-includes\/images\/media\/audio.svg\",\"width\":48,\"height\":64},\"thumb\":{\"src\":\"https:\/\/d2n2.org\/blogs\/Elarpadenoe\/wp-includes\/images\/media\/audio.svg\",\"width\":48,\"height\":64}},{\"src\":\"https:\/\/d2n2.org\/blogs\/Elarpadenoe\/wp-content\/uploads\/2018\/12\/PROCLAMA-MI-ALMA.mp3\",\"type\":\"audio\/mpeg\",\"title\":\"PROCLAMA MI ALMA\",\"caption\":\"\",\"description\":\"\\\"PROCLAMA MI ALMA\\\" en http:\/\/d2n2.org\/blogs\/Elarpadenoe\/.\",\"meta\":{\"artist\":\"http:\/\/d2n2.org\/blogs\/Elarpadenoe\/\",\"length_formatted\":\"2:45\"},\"image\":{\"src\":\"https:\/\/d2n2.org\/blogs\/Elarpadenoe\/wp-includes\/images\/media\/audio.svg\",\"width\":48,\"height\":64},\"thumb\":{\"src\":\"https:\/\/d2n2.org\/blogs\/Elarpadenoe\/wp-includes\/images\/media\/audio.svg\",\"width\":48,\"height\":64}},{\"src\":\"https:\/\/d2n2.org\/blogs\/Elarpadenoe\/wp-content\/uploads\/2018\/12\/ESPERANDO-CON-MAR\\u00cdA.mp3\",\"type\":\"audio\/mpeg\",\"title\":\"ESPERANDO CON MAR\\u00cdA\",\"caption\":\"\",\"description\":\"\\\"ESPERANDO CON MAR\\u00cdA\\\" en http:\/\/d2n2.org\/blogs\/Elarpadenoe\/.\",\"meta\":{\"artist\":\"http:\/\/d2n2.org\/blogs\/Elarpadenoe\/\",\"length_formatted\":\"3:32\"},\"image\":{\"src\":\"https:\/\/d2n2.org\/blogs\/Elarpadenoe\/wp-includes\/images\/media\/audio.svg\",\"width\":48,\"height\":64},\"thumb\":{\"src\":\"https:\/\/d2n2.org\/blogs\/Elarpadenoe\/wp-includes\/images\/media\/audio.svg\",\"width\":48,\"height\":64}},{\"src\":\"https:\/\/d2n2.org\/blogs\/Elarpadenoe\/wp-content\/uploads\/2018\/12\/Aprenderse-todos-la-leccion.mp3\",\"type\":\"audio\/mpeg\",\"title\":\"Aprenderse todos la leccion\",\"caption\":\"\",\"description\":\"\\\"Aprenderse todos la leccion\\\" en http:\/\/d2n2.org\/blogs\/Elarpadenoe\/.\",\"meta\":{\"artist\":\"http:\/\/d2n2.org\/blogs\/Elarpadenoe\/\",\"length_formatted\":\"0:50\"},\"image\":{\"src\":\"https:\/\/d2n2.org\/blogs\/Elarpadenoe\/wp-includes\/images\/media\/audio.svg\",\"width\":48,\"height\":64},\"thumb\":{\"src\":\"https:\/\/d2n2.org\/blogs\/Elarpadenoe\/wp-includes\/images\/media\/audio.svg\",\"width\":48,\"height\":64}},{\"src\":\"https:\/\/d2n2.org\/blogs\/Elarpadenoe\/wp-content\/uploads\/2018\/11\/TENGO-NECESIDAD-DE-TI.mp3\",\"type\":\"audio\/mpeg\",\"title\":\"TENGO NECESIDAD DE TI\",\"caption\":\"\",\"description\":\"\\\"TENGO NECESIDAD DE TI\\\" en http:\/\/d2n2.org\/blogs\/Elarpadenoe\/.\",\"meta\":{\"artist\":\"http:\/\/d2n2.org\/blogs\/Elarpadenoe\/\",\"length_formatted\":\"3:27\"},\"image\":{\"src\":\"https:\/\/d2n2.org\/blogs\/Elarpadenoe\/wp-includes\/images\/media\/audio.svg\",\"width\":48,\"height\":64},\"thumb\":{\"src\":\"https:\/\/d2n2.org\/blogs\/Elarpadenoe\/wp-includes\/images\/media\/audio.svg\",\"width\":48,\"height\":64}},{\"src\":\"https:\/\/d2n2.org\/blogs\/Elarpadenoe\/wp-content\/uploads\/2018\/11\/Y-HOY-MI-ALMA-PROCLAMA-SU-AMOR.mp3\",\"type\":\"audio\/mpeg\",\"title\":\"Y HOY MI ALMA PROCLAMA SU AMOR\",\"caption\":\"\",\"description\":\"\\\"Y HOY MI ALMA PROCLAMA SU AMOR\\\" en http:\/\/d2n2.org\/blogs\/Elarpadenoe\/.\",\"meta\":{\"artist\":\"http:\/\/d2n2.org\/blogs\/Elarpadenoe\/\",\"length_formatted\":\"3:10\"},\"image\":{\"src\":\"https:\/\/d2n2.org\/blogs\/Elarpadenoe\/wp-includes\/images\/media\/audio.svg\",\"width\":48,\"height\":64},\"thumb\":{\"src\":\"https:\/\/d2n2.org\/blogs\/Elarpadenoe\/wp-includes\/images\/media\/audio.svg\",\"width\":48,\"height\":64}},{\"src\":\"https:\/\/d2n2.org\/blogs\/Elarpadenoe\/wp-content\/uploads\/2018\/11\/UNA-MANO-ABIERTA.mp3\",\"type\":\"audio\/mpeg\",\"title\":\"UNA MANO ABIERTA\",\"caption\":\"\",\"description\":\"\\\"UNA MANO ABIERTA\\\" en http:\/\/d2n2.org\/blogs\/Elarpadenoe\/.\",\"meta\":{\"artist\":\"http:\/\/d2n2.org\/blogs\/Elarpadenoe\/\",\"length_formatted\":\"3:22\"},\"image\":{\"src\":\"https:\/\/d2n2.org\/blogs\/Elarpadenoe\/wp-includes\/images\/media\/audio.svg\",\"width\":48,\"height\":64},\"thumb\":{\"src\":\"https:\/\/d2n2.org\/blogs\/Elarpadenoe\/wp-includes\/images\/media\/audio.svg\",\"width\":48,\"height\":64}},{\"src\":\"https:\/\/d2n2.org\/blogs\/Elarpadenoe\/wp-content\/uploads\/2018\/11\/T\\u00fa-s\\u00f3lo-t\\u00fa.mp3\",\"type\":\"audio\/mpeg\",\"title\":\"T\\u00fa s\\u00f3lo t\\u00fa\",\"caption\":\"\",\"description\":\"\\\"T\\u00fa s\\u00f3lo t\\u00fa\\\" en http:\/\/d2n2.org\/blogs\/Elarpadenoe\/.\",\"meta\":{\"artist\":\"http:\/\/d2n2.org\/blogs\/Elarpadenoe\/\",\"length_formatted\":\"2:10\"},\"image\":{\"src\":\"https:\/\/d2n2.org\/blogs\/Elarpadenoe\/wp-includes\/images\/media\/audio.svg\",\"width\":48,\"height\":64},\"thumb\":{\"src\":\"https:\/\/d2n2.org\/blogs\/Elarpadenoe\/wp-includes\/images\/media\/audio.svg\",\"width\":48,\"height\":64}},{\"src\":\"https:\/\/d2n2.org\/blogs\/Elarpadenoe\/wp-content\/uploads\/2018\/11\/EL-ALMA-QUE-ANDA-EN-AMOR.mp3\",\"type\":\"audio\/mpeg\",\"title\":\"EL ALMA QUE ANDA EN AMOR\",\"caption\":\"\",\"description\":\"\\\"EL ALMA QUE ANDA EN AMOR\\\" en http:\/\/d2n2.org\/blogs\/Elarpadenoe\/. G\\u00e9nero: Religiosa.\",\"meta\":{\"artist\":\"http:\/\/d2n2.org\/blogs\/Elarpadenoe\/\",\"genre\":\"Religiosa\",\"length_formatted\":\"3:13\"},\"image\":{\"src\":\"https:\/\/d2n2.org\/blogs\/Elarpadenoe\/wp-includes\/images\/media\/audio.svg\",\"width\":48,\"height\":64},\"thumb\":{\"src\":\"https:\/\/d2n2.org\/blogs\/Elarpadenoe\/wp-includes\/images\/media\/audio.svg\",\"width\":48,\"height\":64}},{\"src\":\"https:\/\/d2n2.org\/blogs\/Elarpadenoe\/wp-content\/uploads\/2018\/11\/JES\\u00daS-ENTRE-NOSOTROS.mp3\",\"type\":\"audio\/mpeg\",\"title\":\"JES\\u00daS ENTRE NOSOTROS\",\"caption\":\"\",\"description\":\"\\\"JES\\u00daS ENTRE NOSOTROS\\\" en http:\/\/d2n2.org\/blogs\/Elarpadenoe\/.\",\"meta\":{\"artist\":\"http:\/\/d2n2.org\/blogs\/Elarpadenoe\/\",\"length_formatted\":\"3:31\"},\"image\":{\"src\":\"https:\/\/d2n2.org\/blogs\/Elarpadenoe\/wp-includes\/images\/media\/audio.svg\",\"width\":48,\"height\":64},\"thumb\":{\"src\":\"https:\/\/d2n2.org\/blogs\/Elarpadenoe\/wp-includes\/images\/media\/audio.svg\",\"width\":48,\"height\":64}},{\"src\":\"https:\/\/d2n2.org\/blogs\/Elarpadenoe\/wp-content\/uploads\/2018\/11\/ESTE-ES-EL-D\\u00cdA-DEL-SE\\u00d1OR.mp3\",\"type\":\"audio\/mpeg\",\"title\":\"ESTE ES EL D\\u00cdA DEL SE\\u00d1OR\",\"caption\":\"\",\"description\":\"\\\"ESTE ES EL D\\u00cdA DEL SE\\u00d1OR\\\" en http:\/\/d2n2.org\/blogs\/Elarpadenoe\/.\",\"meta\":{\"artist\":\"http:\/\/d2n2.org\/blogs\/Elarpadenoe\/\",\"length_formatted\":\"3:43\"},\"image\":{\"src\":\"https:\/\/d2n2.org\/blogs\/Elarpadenoe\/wp-includes\/images\/media\/audio.svg\",\"width\":48,\"height\":64},\"thumb\":{\"src\":\"https:\/\/d2n2.org\/blogs\/Elarpadenoe\/wp-includes\/images\/media\/audio.svg\",\"width\":48,\"height\":64}},{\"src\":\"https:\/\/d2n2.org\/blogs\/Elarpadenoe\/wp-content\/uploads\/2018\/11\/Gloria-al-Se\\u00f1or.mp3\",\"type\":\"audio\/mpeg\",\"title\":\"Gloria al Se\\u00f1or\",\"caption\":\"\",\"description\":\"\\\"Gloria al Se\\u00f1or\\\" en http:\/\/d2n2.org\/blogs\/Elarpadenoe\/.\",\"meta\":{\"artist\":\"http:\/\/d2n2.org\/blogs\/Elarpadenoe\/\",\"length_formatted\":\"1:49\"},\"image\":{\"src\":\"https:\/\/d2n2.org\/blogs\/Elarpadenoe\/wp-includes\/images\/media\/audio.svg\",\"width\":48,\"height\":64},\"thumb\":{\"src\":\"https:\/\/d2n2.org\/blogs\/Elarpadenoe\/wp-includes\/images\/media\/audio.svg\",\"width\":48,\"height\":64}},{\"src\":\"https:\/\/d2n2.org\/blogs\/Elarpadenoe\/wp-content\/uploads\/2018\/11\/ANGELUS.mp3\",\"type\":\"audio\/mpeg\",\"title\":\"ANGELUS\",\"caption\":\"\",\"description\":\"\\\"ANGELUS\\\" en http:\/\/d2n2.org\/blogs\/Elarpadenoe\/.\",\"meta\":{\"artist\":\"http:\/\/d2n2.org\/blogs\/Elarpadenoe\/\",\"length_formatted\":\"2:06\"},\"image\":{\"src\":\"https:\/\/d2n2.org\/blogs\/Elarpadenoe\/wp-includes\/images\/media\/audio.svg\",\"width\":48,\"height\":64},\"thumb\":{\"src\":\"https:\/\/d2n2.org\/blogs\/Elarpadenoe\/wp-includes\/images\/media\/audio.svg\",\"width\":48,\"height\":64}},{\"src\":\"https:\/\/d2n2.org\/blogs\/Elarpadenoe\/wp-content\/uploads\/2018\/10\/LO-ENTREGARON-TODO.mp3\",\"type\":\"audio\/mpeg\",\"title\":\"LO ENTREGARON TODO\",\"caption\":\"\",\"description\":\"\\\"LO ENTREGARON TODO\\\" en http:\/\/d2n2.org\/blogs\/Elarpadenoe\/.\",\"meta\":{\"artist\":\"http:\/\/d2n2.org\/blogs\/Elarpadenoe\/\",\"length_formatted\":\"3:38\"},\"image\":{\"src\":\"https:\/\/d2n2.org\/blogs\/Elarpadenoe\/wp-includes\/images\/media\/audio.svg\",\"width\":48,\"height\":64},\"thumb\":{\"src\":\"https:\/\/d2n2.org\/blogs\/Elarpadenoe\/wp-includes\/images\/media\/audio.svg\",\"width\":48,\"height\":64}},{\"src\":\"https:\/\/d2n2.org\/blogs\/Elarpadenoe\/wp-content\/uploads\/2018\/10\/EL-SE\\u00d1OR-ME-HA-INVITADO-A-SU-CASA.mp3\",\"type\":\"audio\/mpeg\",\"title\":\"EL SE\\u00d1OR ME HA INVITADO A SU CASA\",\"caption\":\"\",\"description\":\"\\\"EL SE\\u00d1OR ME HA INVITADO A SU CASA\\\" en http:\/\/www.d2n2.org\/blogs\/Elarpadenoe\/.\",\"meta\":{\"artist\":\"http:\/\/www.d2n2.org\/blogs\/Elarpadenoe\/\",\"length_formatted\":\"3:29\"},\"image\":{\"src\":\"https:\/\/d2n2.org\/blogs\/Elarpadenoe\/wp-includes\/images\/media\/audio.svg\",\"width\":48,\"height\":64},\"thumb\":{\"src\":\"https:\/\/d2n2.org\/blogs\/Elarpadenoe\/wp-includes\/images\/media\/audio.svg\",\"width\":48,\"height\":64}},{\"src\":\"https:\/\/d2n2.org\/blogs\/Elarpadenoe\/wp-content\/uploads\/2018\/10\/El-Se\\u00f1or-me-ha-invitado-a-su-casa-infantil.mp3\",\"type\":\"audio\/mpeg\",\"title\":\"El Se\\u00f1or me ha invitado a su casa (infantil)\",\"caption\":\"\",\"description\":\"\\\"El Se\\u00f1or me ha invitado a su casa (infantil)\\\" en http:\/\/d2n2.org\/blogs\/Elarpadenoe\/.\",\"meta\":{\"artist\":\"http:\/\/d2n2.org\/blogs\/Elarpadenoe\/\",\"length_formatted\":\"1:56\"},\"image\":{\"src\":\"https:\/\/d2n2.org\/blogs\/Elarpadenoe\/wp-includes\/images\/media\/audio.svg\",\"width\":48,\"height\":64},\"thumb\":{\"src\":\"https:\/\/d2n2.org\/blogs\/Elarpadenoe\/wp-includes\/images\/media\/audio.svg\",\"width\":48,\"height\":64}},{\"src\":\"https:\/\/d2n2.org\/blogs\/Elarpadenoe\/wp-content\/uploads\/2018\/10\/PONTE-EN-CAMINO.mp3\",\"type\":\"audio\/mpeg\",\"title\":\"PONTE EN CAMINO\",\"caption\":\"\",\"description\":\"\\\"PONTE EN CAMINO\\\" en http:\/\/d2n2.org\/blogs\/Elarpadenoe\/.\",\"meta\":{\"artist\":\"http:\/\/d2n2.org\/blogs\/Elarpadenoe\/\",\"length_formatted\":\"3:19\"},\"image\":{\"src\":\"https:\/\/d2n2.org\/blogs\/Elarpadenoe\/wp-includes\/images\/media\/audio.svg\",\"width\":48,\"height\":64},\"thumb\":{\"src\":\"https:\/\/d2n2.org\/blogs\/Elarpadenoe\/wp-includes\/images\/media\/audio.svg\",\"width\":48,\"height\":64}},{\"src\":\"https:\/\/d2n2.org\/blogs\/Elarpadenoe\/wp-content\/uploads\/2018\/10\/Granito-de-Mostaza.mp3\",\"type\":\"audio\/mpeg\",\"title\":\"Granito de Mostaza\",\"caption\":\"\",\"description\":\"\\\"Granito de Mostaza\\\" en http:\/\/d2n2.org\/blogs\/Elarpadenoe\/.\",\"meta\":{\"artist\":\"http:\/\/d2n2.org\/blogs\/Elarpadenoe\/\",\"length_formatted\":\"3:02\"},\"image\":{\"src\":\"https:\/\/d2n2.org\/blogs\/Elarpadenoe\/wp-includes\/images\/media\/audio.svg\",\"width\":48,\"height\":64},\"thumb\":{\"src\":\"https:\/\/d2n2.org\/blogs\/Elarpadenoe\/wp-includes\/images\/media\/audio.svg\",\"width\":48,\"height\":64}},{\"src\":\"https:\/\/d2n2.org\/blogs\/Elarpadenoe\/wp-content\/uploads\/2018\/10\/DE-LO-D\\u00c9BIL-SACA-FUERZAS.mp3\",\"type\":\"audio\/mpeg\",\"title\":\"DE LO D\\u00c9BIL SACA FUERZAS\",\"caption\":\"\",\"description\":\"\\\"DE LO D\\u00c9BIL SACA FUERZAS\\\" en http:\/\/d2n2.org\/blogs\/Elarpadenoe\/.\",\"meta\":{\"artist\":\"http:\/\/d2n2.org\/blogs\/Elarpadenoe\/\",\"length_formatted\":\"3:24\"},\"image\":{\"src\":\"https:\/\/d2n2.org\/blogs\/Elarpadenoe\/wp-includes\/images\/media\/audio.svg\",\"width\":48,\"height\":64},\"thumb\":{\"src\":\"https:\/\/d2n2.org\/blogs\/Elarpadenoe\/wp-includes\/images\/media\/audio.svg\",\"width\":48,\"height\":64}},{\"src\":\"https:\/\/d2n2.org\/blogs\/Elarpadenoe\/wp-content\/uploads\/2018\/10\/ALELUYA-JUNTO-A-TI.mp3\",\"type\":\"audio\/mpeg\",\"title\":\"'\",\"caption\":\"\",\"description\":\"\\\"'\\\" en http:\/\/d2n2.org\/blogs\/Elarpadenoe\/.\",\"meta\":{\"artist\":\"http:\/\/d2n2.org\/blogs\/Elarpadenoe\/\",\"length_formatted\":\"3:35\"},\"image\":{\"src\":\"https:\/\/d2n2.org\/blogs\/Elarpadenoe\/wp-includes\/images\/media\/audio.svg\",\"width\":48,\"height\":64},\"thumb\":{\"src\":\"https:\/\/d2n2.org\/blogs\/Elarpadenoe\/wp-includes\/images\/media\/audio.svg\",\"width\":48,\"height\":64}},{\"src\":\"https:\/\/d2n2.org\/blogs\/Elarpadenoe\/wp-content\/uploads\/2018\/10\/D\\u00c9JALO-TODO-POR-EL.mp3\",\"type\":\"audio\/mpeg\",\"title\":\"D\\u00c9JALO TODO POR EL\",\"caption\":\"\",\"description\":\"\\\"D\\u00c9JALO TODO POR EL\\\" en http:\/\/d2n2.org\/blogs\/Elarpadenoe\/.\",\"meta\":{\"artist\":\"http:\/\/d2n2.org\/blogs\/Elarpadenoe\/\",\"length_formatted\":\"3:24\"},\"image\":{\"src\":\"https:\/\/d2n2.org\/blogs\/Elarpadenoe\/wp-includes\/images\/media\/audio.svg\",\"width\":48,\"height\":64},\"thumb\":{\"src\":\"https:\/\/d2n2.org\/blogs\/Elarpadenoe\/wp-includes\/images\/media\/audio.svg\",\"width\":48,\"height\":64}},{\"src\":\"https:\/\/d2n2.org\/blogs\/Elarpadenoe\/wp-content\/uploads\/2018\/10\/LA-VOZ-DEL-PROFETA.mp3\",\"type\":\"audio\/mpeg\",\"title\":\"LA VOZ DEL PROFETA\",\"caption\":\"\",\"description\":\"\\\"LA VOZ DEL PROFETA\\\" en http:\/\/d2n2.org\/blogs\/Elarpadenoe\/.\",\"meta\":{\"artist\":\"http:\/\/d2n2.org\/blogs\/Elarpadenoe\/\",\"length_formatted\":\"3:21\"},\"image\":{\"src\":\"https:\/\/d2n2.org\/blogs\/Elarpadenoe\/wp-includes\/images\/media\/audio.svg\",\"width\":48,\"height\":64},\"thumb\":{\"src\":\"https:\/\/d2n2.org\/blogs\/Elarpadenoe\/wp-includes\/images\/media\/audio.svg\",\"width\":48,\"height\":64}},{\"src\":\"https:\/\/d2n2.org\/blogs\/Elarpadenoe\/wp-content\/uploads\/2018\/10\/Virgen-morenita-Candelaria.mp3\",\"type\":\"audio\/mpeg\",\"title\":\"Virgen morenita (Candelaria)\",\"caption\":\"\",\"description\":\"\\\"Virgen morenita (Candelaria)\\\" en http:\/\/d2n2.org\/blogs\/Elarpadenoe\/.\",\"meta\":{\"artist\":\"http:\/\/d2n2.org\/blogs\/Elarpadenoe\/\",\"length_formatted\":\"1:22\"},\"image\":{\"src\":\"https:\/\/d2n2.org\/blogs\/Elarpadenoe\/wp-includes\/images\/media\/audio.svg\",\"width\":48,\"height\":64},\"thumb\":{\"src\":\"https:\/\/d2n2.org\/blogs\/Elarpadenoe\/wp-includes\/images\/media\/audio.svg\",\"width\":48,\"height\":64}},{\"src\":\"https:\/\/d2n2.org\/blogs\/Elarpadenoe\/wp-content\/uploads\/2018\/09\/TESTIGOS.mp3\",\"type\":\"audio\/mpeg\",\"title\":\"TESTIGOS\",\"caption\":\"\",\"description\":\"\\\"TESTIGOS\\\" en http:\/\/d2n2.org\/blogs\/Elarpadenoe\/.\",\"meta\":{\"artist\":\"http:\/\/d2n2.org\/blogs\/Elarpadenoe\/\",\"length_formatted\":\"3:07\"},\"image\":{\"src\":\"https:\/\/d2n2.org\/blogs\/Elarpadenoe\/wp-includes\/images\/media\/audio.svg\",\"width\":48,\"height\":64},\"thumb\":{\"src\":\"https:\/\/d2n2.org\/blogs\/Elarpadenoe\/wp-includes\/images\/media\/audio.svg\",\"width\":48,\"height\":64}},{\"src\":\"https:\/\/d2n2.org\/blogs\/Elarpadenoe\/wp-content\/uploads\/2018\/09\/EN-MI-GETSEMANI.mp3\",\"type\":\"audio\/mpeg\",\"title\":\"EN MI GETSEMANI\",\"caption\":\"\",\"description\":\"\\\"EN MI GETSEMANI\\\" en http:\/\/www.d2n2.org\/blogs\/Elarpadenoe\/.\",\"meta\":{\"artist\":\"http:\/\/www.d2n2.org\/blogs\/Elarpadenoe\/\",\"length_formatted\":\"3:45\"},\"image\":{\"src\":\"https:\/\/d2n2.org\/blogs\/Elarpadenoe\/wp-includes\/images\/media\/audio.svg\",\"width\":48,\"height\":64},\"thumb\":{\"src\":\"https:\/\/d2n2.org\/blogs\/Elarpadenoe\/wp-includes\/images\/media\/audio.svg\",\"width\":48,\"height\":64}},{\"src\":\"https:\/\/d2n2.org\/blogs\/Elarpadenoe\/wp-content\/uploads\/2018\/09\/MAGNIFICATmadre.mp3\",\"type\":\"audio\/mpeg\",\"title\":\"MAGNIFICAT(madre)\",\"caption\":\"\",\"description\":\"\\\"MAGNIFICAT(madre)\\\" en http:\/\/d2n2.org\/blogs\/Elarpadenoe\/.\",\"meta\":{\"artist\":\"http:\/\/d2n2.org\/blogs\/Elarpadenoe\/\",\"length_formatted\":\"2:51\"},\"image\":{\"src\":\"https:\/\/d2n2.org\/blogs\/Elarpadenoe\/wp-includes\/images\/media\/audio.svg\",\"width\":48,\"height\":64},\"thumb\":{\"src\":\"https:\/\/d2n2.org\/blogs\/Elarpadenoe\/wp-includes\/images\/media\/audio.svg\",\"width\":48,\"height\":64}},{\"src\":\"https:\/\/d2n2.org\/blogs\/Elarpadenoe\/wp-content\/uploads\/2018\/09\/Aleluya-Taiz\\u00e9.mp3\",\"type\":\"audio\/mpeg\",\"title\":\"Aleluya (Taiz\\u00e9)\",\"caption\":\"\",\"description\":\"\\\"Aleluya (Taiz\\u00e9)\\\" en http:\/\/www.d2n2.org\/blogs\/Elarpadenoe\/.\",\"meta\":{\"artist\":\"http:\/\/www.d2n2.org\/blogs\/Elarpadenoe\/\",\"length_formatted\":\"0:53\"},\"image\":{\"src\":\"https:\/\/d2n2.org\/blogs\/Elarpadenoe\/wp-includes\/images\/media\/audio.svg\",\"width\":48,\"height\":64},\"thumb\":{\"src\":\"https:\/\/d2n2.org\/blogs\/Elarpadenoe\/wp-includes\/images\/media\/audio.svg\",\"width\":48,\"height\":64}},{\"src\":\"https:\/\/d2n2.org\/blogs\/Elarpadenoe\/wp-content\/uploads\/2018\/09\/CAMINAR\\u00c9-EN-PRESENCIA-DEL-SE\\u00d1OR.mp3\",\"type\":\"audio\/mpeg\",\"title\":\"CAMINAR\\u00c9 EN PRESENCIA DEL SE\\u00d1OR\",\"caption\":\"\",\"description\":\"\\\"CAMINAR\\u00c9 EN PRESENCIA DEL SE\\u00d1OR\\\" en http:\/\/www.d2n2.org\/blogs\/Elarpadenoe\/.\",\"meta\":{\"artist\":\"http:\/\/www.d2n2.org\/blogs\/Elarpadenoe\/\",\"length_formatted\":\"2:35\"},\"image\":{\"src\":\"https:\/\/d2n2.org\/blogs\/Elarpadenoe\/wp-includes\/images\/media\/audio.svg\",\"width\":48,\"height\":64},\"thumb\":{\"src\":\"https:\/\/d2n2.org\/blogs\/Elarpadenoe\/wp-includes\/images\/media\/audio.svg\",\"width\":48,\"height\":64}},{\"src\":\"https:\/\/d2n2.org\/blogs\/Elarpadenoe\/wp-content\/uploads\/2018\/09\/SI-JESUS.mp3\",\"type\":\"audio\/mpeg\",\"title\":\"SI JESUS\",\"caption\":\"\",\"description\":\"\\\"SI JESUS\\\" en http:\/\/d2n2.org\/blogs\/Elarpadenoe\/.\",\"meta\":{\"artist\":\"http:\/\/d2n2.org\/blogs\/Elarpadenoe\/\",\"length_formatted\":\"3:25\"},\"image\":{\"src\":\"https:\/\/d2n2.org\/blogs\/Elarpadenoe\/wp-includes\/images\/media\/audio.svg\",\"width\":48,\"height\":64},\"thumb\":{\"src\":\"https:\/\/d2n2.org\/blogs\/Elarpadenoe\/wp-includes\/images\/media\/audio.svg\",\"width\":48,\"height\":64}},{\"src\":\"https:\/\/d2n2.org\/blogs\/Elarpadenoe\/wp-content\/uploads\/2018\/09\/SI-ESTAMOS-UNIDOS.mp3\",\"type\":\"audio\/mpeg\",\"title\":\"SI ESTAMOS UNIDOS\",\"caption\":\"\",\"description\":\"\\\"SI ESTAMOS UNIDOS\\\" en http:\/\/d2n2.org\/blogs\/Elarpadenoe\/.\",\"meta\":{\"artist\":\"http:\/\/d2n2.org\/blogs\/Elarpadenoe\/\",\"length_formatted\":\"3:38\"},\"image\":{\"src\":\"https:\/\/d2n2.org\/blogs\/Elarpadenoe\/wp-includes\/images\/media\/audio.svg\",\"width\":48,\"height\":64},\"thumb\":{\"src\":\"https:\/\/d2n2.org\/blogs\/Elarpadenoe\/wp-includes\/images\/media\/audio.svg\",\"width\":48,\"height\":64}},{\"src\":\"https:\/\/d2n2.org\/blogs\/Elarpadenoe\/wp-content\/uploads\/2018\/09\/PADRE-NUESTROpadre-que-estas-en-los-cielos.mp3\",\"type\":\"audio\/mpeg\",\"title\":\"PADRE NUESTRO(padre que estas en los cielos)\",\"caption\":\"\",\"description\":\"\\\"PADRE NUESTRO(padre que estas en los cielos)\\\" en http:\/\/d2n2.org\/blogs\/Elarpadenoe\/.\",\"meta\":{\"artist\":\"http:\/\/d2n2.org\/blogs\/Elarpadenoe\/\",\"length_formatted\":\"2:07\"},\"image\":{\"src\":\"https:\/\/d2n2.org\/blogs\/Elarpadenoe\/wp-includes\/images\/media\/audio.svg\",\"width\":48,\"height\":64},\"thumb\":{\"src\":\"https:\/\/d2n2.org\/blogs\/Elarpadenoe\/wp-includes\/images\/media\/audio.svg\",\"width\":48,\"height\":64}},{\"src\":\"https:\/\/d2n2.org\/blogs\/Elarpadenoe\/wp-content\/uploads\/2018\/09\/JESUS-ES-VERDAD.mp3\",\"type\":\"audio\/mpeg\",\"title\":\"JESUS ES VERDAD\",\"caption\":\"\",\"description\":\"\\\"JESUS ES VERDAD\\\" en http:\/\/d2n2.org\/blogs\/Elarpadenoe\/.\",\"meta\":{\"artist\":\"http:\/\/d2n2.org\/blogs\/Elarpadenoe\/\",\"length_formatted\":\"3:39\"},\"image\":{\"src\":\"https:\/\/d2n2.org\/blogs\/Elarpadenoe\/wp-includes\/images\/media\/audio.svg\",\"width\":48,\"height\":64},\"thumb\":{\"src\":\"https:\/\/d2n2.org\/blogs\/Elarpadenoe\/wp-includes\/images\/media\/audio.svg\",\"width\":48,\"height\":64}},{\"src\":\"https:\/\/d2n2.org\/blogs\/Elarpadenoe\/wp-content\/uploads\/2018\/09\/ALEGRE-LA-MA\\u00d1ANA.mp3\",\"type\":\"audio\/mpeg\",\"title\":\"ALEGRE LA MA\\u00d1ANA\",\"caption\":\"\",\"description\":\"\\\"ALEGRE LA MA\\u00d1ANA\\\" en http:\/\/www.d2n2.org\/blogs\/Elarpadenoe\/.\",\"meta\":{\"artist\":\"http:\/\/www.d2n2.org\/blogs\/Elarpadenoe\/\",\"length_formatted\":\"3:18\"},\"image\":{\"src\":\"https:\/\/d2n2.org\/blogs\/Elarpadenoe\/wp-includes\/images\/media\/audio.svg\",\"width\":48,\"height\":64},\"thumb\":{\"src\":\"https:\/\/d2n2.org\/blogs\/Elarpadenoe\/wp-includes\/images\/media\/audio.svg\",\"width\":48,\"height\":64}},{\"src\":\"https:\/\/d2n2.org\/blogs\/Elarpadenoe\/wp-content\/uploads\/2018\/08\/HIMNO-AL-CORAZ\\u00d3N-DE-MAR\\u00cdA.mp3\",\"type\":\"audio\/mpeg\",\"title\":\"HIMNO AL CORAZ\\u00d3N DE MAR\\u00cdA\",\"caption\":\"\",\"description\":\"\\\"HIMNO AL CORAZ\\u00d3N DE MAR\\u00cdA\\\" en http:\/\/d2n2.org\/blogs\/Elarpadenoe\/.\",\"meta\":{\"artist\":\"http:\/\/d2n2.org\/blogs\/Elarpadenoe\/\",\"length_formatted\":\"2:17\"},\"image\":{\"src\":\"https:\/\/d2n2.org\/blogs\/Elarpadenoe\/wp-includes\/images\/media\/audio.svg\",\"width\":48,\"height\":64},\"thumb\":{\"src\":\"https:\/\/d2n2.org\/blogs\/Elarpadenoe\/wp-includes\/images\/media\/audio.svg\",\"width\":48,\"height\":64}},{\"src\":\"https:\/\/d2n2.org\/blogs\/Elarpadenoe\/wp-content\/uploads\/2018\/08\/El-amor-vive.mp3\",\"type\":\"audio\/mpeg\",\"title\":\"El amor vive\",\"caption\":\"\",\"description\":\"\\\"El amor vive\\\" en http:\/d2n2.org\/blogs\/Elarpadenoe.\",\"meta\":{\"artist\":\"http:\/d2n2.org\/blogs\/Elarpadenoe\",\"length_formatted\":\"1:40\"},\"image\":{\"src\":\"https:\/\/d2n2.org\/blogs\/Elarpadenoe\/wp-includes\/images\/media\/audio.svg\",\"width\":48,\"height\":64},\"thumb\":{\"src\":\"https:\/\/d2n2.org\/blogs\/Elarpadenoe\/wp-includes\/images\/media\/audio.svg\",\"width\":48,\"height\":64}},{\"src\":\"https:\/\/d2n2.org\/blogs\/Elarpadenoe\/wp-content\/uploads\/2018\/08\/VIRGEN-MORENITA.mp3\",\"type\":\"audio\/mpeg\",\"title\":\"VIRGEN MORENITA\",\"caption\":\"\",\"description\":\"\\\"VIRGEN MORENITA\\\" en http:\/\/www.d2n2.org\/blogs\/Elarpadenoe\/.\",\"meta\":{\"artist\":\"http:\/\/www.d2n2.org\/blogs\/Elarpadenoe\/\",\"length_formatted\":\"3:27\"},\"image\":{\"src\":\"https:\/\/d2n2.org\/blogs\/Elarpadenoe\/wp-includes\/images\/media\/audio.svg\",\"width\":48,\"height\":64},\"thumb\":{\"src\":\"https:\/\/d2n2.org\/blogs\/Elarpadenoe\/wp-includes\/images\/media\/audio.svg\",\"width\":48,\"height\":64}},{\"src\":\"https:\/\/d2n2.org\/blogs\/Elarpadenoe\/wp-content\/uploads\/2018\/07\/Tomanos.mp3\",\"type\":\"audio\/mpeg\",\"title\":\"Tomanos\",\"caption\":\"\",\"description\":\"\\\"Tomanos\\\" en http:\/\/d2n2.org\/blogs\/Elarpadenoe.\",\"meta\":{\"artist\":\"http:\/\/d2n2.org\/blogs\/Elarpadenoe\",\"length_formatted\":\"2:53\"},\"image\":{\"src\":\"https:\/\/d2n2.org\/blogs\/Elarpadenoe\/wp-includes\/images\/media\/audio.svg\",\"width\":48,\"height\":64},\"thumb\":{\"src\":\"https:\/\/d2n2.org\/blogs\/Elarpadenoe\/wp-includes\/images\/media\/audio.svg\",\"width\":48,\"height\":64}},{\"src\":\"https:\/\/d2n2.org\/blogs\/Elarpadenoe\/wp-content\/uploads\/2018\/07\/TESTIGOS.mp3\",\"type\":\"audio\/mpeg\",\"title\":\"TESTIGOS\",\"caption\":\"\",\"description\":\"\\\"TESTIGOS\\\" en http:\/\/d2n2.org\/blogs\/Elarpadenoe\/.\",\"meta\":{\"artist\":\"http:\/\/d2n2.org\/blogs\/Elarpadenoe\/\",\"length_formatted\":\"3:07\"},\"image\":{\"src\":\"https:\/\/d2n2.org\/blogs\/Elarpadenoe\/wp-includes\/images\/media\/audio.svg\",\"width\":48,\"height\":64},\"thumb\":{\"src\":\"https:\/\/d2n2.org\/blogs\/Elarpadenoe\/wp-includes\/images\/media\/audio.svg\",\"width\":48,\"height\":64}},{\"src\":\"https:\/\/d2n2.org\/blogs\/Elarpadenoe\/wp-content\/uploads\/2018\/07\/A-DIOS-DEN-GRACIAS-LOS-PUEBLOS-SALMO-66.mp3\",\"type\":\"audio\/mpeg\",\"title\":\"A DIOS DEN GRACIAS LOS PUEBLOS (SALMO 66)\",\"caption\":\"\",\"description\":\"\\\"A DIOS DEN GRACIAS LOS PUEBLOS (SALMO 66)\\\" en http:\/\/d2n2.org\/blogs\/Elarpadenoe\/.\",\"meta\":{\"artist\":\"http:\/\/d2n2.org\/blogs\/Elarpadenoe\/\",\"length_formatted\":\"2:19\"},\"image\":{\"src\":\"https:\/\/d2n2.org\/blogs\/Elarpadenoe\/wp-includes\/images\/media\/audio.svg\",\"width\":48,\"height\":64},\"thumb\":{\"src\":\"https:\/\/d2n2.org\/blogs\/Elarpadenoe\/wp-includes\/images\/media\/audio.svg\",\"width\":48,\"height\":64}},{\"src\":\"https:\/\/d2n2.org\/blogs\/Elarpadenoe\/wp-content\/uploads\/2018\/03\/UN\\u00c1MONOS.mp3\",\"type\":\"audio\/mpeg\",\"title\":\"UN\\u00c1MONOS\",\"caption\":\"\",\"description\":\"\\\"UN\\u00c1MONOS\\\" en http:\/\/d2n2.org\/blogs\/Elarpadenoe\/.\",\"meta\":{\"artist\":\"http:\/\/d2n2.org\/blogs\/Elarpadenoe\/\",\"length_formatted\":\"3:52\"},\"image\":{\"src\":\"https:\/\/d2n2.org\/blogs\/Elarpadenoe\/wp-includes\/images\/media\/audio.svg\",\"width\":48,\"height\":64},\"thumb\":{\"src\":\"https:\/\/d2n2.org\/blogs\/Elarpadenoe\/wp-includes\/images\/media\/audio.svg\",\"width\":48,\"height\":64}},{\"src\":\"https:\/\/d2n2.org\/blogs\/Elarpadenoe\/wp-content\/uploads\/2018\/03\/LAS-PALABRAS-DE-LOS-HOMBRES.mp3\",\"type\":\"audio\/mpeg\",\"title\":\"LAS PALABRAS DE LOS HOMBRES\",\"caption\":\"\",\"description\":\"\\\"LAS PALABRAS DE LOS HOMBRES\\\" en http:\/\/d2n2.org\/blogs\/Elarpadenoe\/.\",\"meta\":{\"artist\":\"http:\/\/d2n2.org\/blogs\/Elarpadenoe\/\",\"length_formatted\":\"3:57\"},\"image\":{\"src\":\"https:\/\/d2n2.org\/blogs\/Elarpadenoe\/wp-includes\/images\/media\/audio.svg\",\"width\":48,\"height\":64},\"thumb\":{\"src\":\"https:\/\/d2n2.org\/blogs\/Elarpadenoe\/wp-includes\/images\/media\/audio.svg\",\"width\":48,\"height\":64}},{\"src\":\"https:\/\/d2n2.org\/blogs\/Elarpadenoe\/wp-content\/uploads\/2018\/03\/SI-T\\u00da-TE-VAS.mp3\",\"type\":\"audio\/mpeg\",\"title\":\"SI T\\u00da TE VAS\",\"caption\":\"\",\"description\":\"\\\"SI T\\u00da TE VAS\\\" en http:\/\/d2n2.org\/blogs\/Elarpadenoe\/.\",\"meta\":{\"artist\":\"http:\/\/d2n2.org\/blogs\/Elarpadenoe\/\",\"length_formatted\":\"4:13\"},\"image\":{\"src\":\"https:\/\/d2n2.org\/blogs\/Elarpadenoe\/wp-includes\/images\/media\/audio.svg\",\"width\":48,\"height\":64},\"thumb\":{\"src\":\"https:\/\/d2n2.org\/blogs\/Elarpadenoe\/wp-includes\/images\/media\/audio.svg\",\"width\":48,\"height\":64}},{\"src\":\"https:\/\/d2n2.org\/blogs\/Elarpadenoe\/wp-content\/uploads\/2018\/03\/ME-BASTA-QUE-SEAIS-J\\u00d3VENES.mp3\",\"type\":\"audio\/mpeg\",\"title\":\"ME BASTA QUE SEAIS J\\u00d3VENES\",\"caption\":\"\",\"description\":\"\\\"ME BASTA QUE SEAIS J\\u00d3VENES\\\" en http:\/\/d2n2.org\/blogs\/Elarpadenoe\/.\",\"meta\":{\"artist\":\"http:\/\/d2n2.org\/blogs\/Elarpadenoe\/\",\"length_formatted\":\"4:00\"},\"image\":{\"src\":\"https:\/\/d2n2.org\/blogs\/Elarpadenoe\/wp-includes\/images\/media\/audio.svg\",\"width\":48,\"height\":64},\"thumb\":{\"src\":\"https:\/\/d2n2.org\/blogs\/Elarpadenoe\/wp-includes\/images\/media\/audio.svg\",\"width\":48,\"height\":64}},{\"src\":\"https:\/\/d2n2.org\/blogs\/Elarpadenoe\/wp-content\/uploads\/2018\/03\/VEN-ESP\\u00cdRITU-SANTO.mp3\",\"type\":\"audio\/mpeg\",\"title\":\"VEN ESP\\u00cdRITU SANTO\",\"caption\":\"\",\"description\":\"\\\"VEN ESP\\u00cdRITU SANTO\\\" en http:\/\/d2n2.org\/blogs\/Elarpadenoe\/.\",\"meta\":{\"artist\":\"http:\/\/d2n2.org\/blogs\/Elarpadenoe\/\",\"length_formatted\":\"4:36\"},\"image\":{\"src\":\"https:\/\/d2n2.org\/blogs\/Elarpadenoe\/wp-includes\/images\/media\/audio.svg\",\"width\":48,\"height\":64},\"thumb\":{\"src\":\"https:\/\/d2n2.org\/blogs\/Elarpadenoe\/wp-includes\/images\/media\/audio.svg\",\"width\":48,\"height\":64}},{\"src\":\"https:\/\/d2n2.org\/blogs\/Elarpadenoe\/wp-content\/uploads\/2018\/03\/MISIONERO-IDEAL.mp3\",\"type\":\"audio\/mpeg\",\"title\":\"MISIONERO IDEAL\",\"caption\":\"\",\"description\":\"\\\"MISIONERO IDEAL\\\" en http:\/\/d2n2.org\/blogs\/Elarpadenoe\/.\",\"meta\":{\"artist\":\"http:\/\/d2n2.org\/blogs\/Elarpadenoe\/\",\"length_formatted\":\"4:47\"},\"image\":{\"src\":\"https:\/\/d2n2.org\/blogs\/Elarpadenoe\/wp-includes\/images\/media\/audio.svg\",\"width\":48,\"height\":64},\"thumb\":{\"src\":\"https:\/\/d2n2.org\/blogs\/Elarpadenoe\/wp-includes\/images\/media\/audio.svg\",\"width\":48,\"height\":64}},{\"src\":\"https:\/\/d2n2.org\/blogs\/Elarpadenoe\/wp-content\/uploads\/2018\/03\/Santo-bendita-mi-tierra-guanche.mp3\",\"type\":\"audio\/mpeg\",\"title\":\"Santo (bendita mi tierra guanche)\",\"caption\":\"\",\"description\":\"\\\"Santo (bendita mi tierra guanche)\\\" en http:\/\/d2n2.org\/blogs\/Elarpadenoe\/.\",\"meta\":{\"artist\":\"http:\/\/d2n2.org\/blogs\/Elarpadenoe\/\",\"length_formatted\":\"2:28\"},\"image\":{\"src\":\"https:\/\/d2n2.org\/blogs\/Elarpadenoe\/wp-includes\/images\/media\/audio.svg\",\"width\":48,\"height\":64},\"thumb\":{\"src\":\"https:\/\/d2n2.org\/blogs\/Elarpadenoe\/wp-includes\/images\/media\/audio.svg\",\"width\":48,\"height\":64}},{\"src\":\"https:\/\/d2n2.org\/blogs\/Elarpadenoe\/wp-content\/uploads\/2018\/03\/Magnificat-mi-alma-canta.mp3\",\"type\":\"audio\/mpeg\",\"title\":\"Magnificat (mi alma canta)\",\"caption\":\"\",\"description\":\"\\\"Magnificat (mi alma canta)\\\" en http:\/\/d2n2.org\/blogs\/Elarpadenoe\/.\",\"meta\":{\"artist\":\"http:\/\/d2n2.org\/blogs\/Elarpadenoe\/\",\"length_formatted\":\"2:24\"},\"image\":{\"src\":\"https:\/\/d2n2.org\/blogs\/Elarpadenoe\/wp-includes\/images\/media\/audio.svg\",\"width\":48,\"height\":64},\"thumb\":{\"src\":\"https:\/\/d2n2.org\/blogs\/Elarpadenoe\/wp-includes\/images\/media\/audio.svg\",\"width\":48,\"height\":64}},{\"src\":\"https:\/\/d2n2.org\/blogs\/Elarpadenoe\/wp-content\/uploads\/2018\/03\/AY-DE-MI-SI-NO-EVANGELIZARA.mp3\",\"type\":\"audio\/mpeg\",\"title\":\"AY DE MI, SI NO EVANGELIZARA\",\"caption\":\"\",\"description\":\"\\\"AY DE MI, SI NO EVANGELIZARA\\\" en http:\/\/d2n2.org\/blogs\/Elarpadenoe\/.\",\"meta\":{\"artist\":\"http:\/\/d2n2.org\/blogs\/Elarpadenoe\/\",\"length_formatted\":\"5:33\"},\"image\":{\"src\":\"https:\/\/d2n2.org\/blogs\/Elarpadenoe\/wp-includes\/images\/media\/audio.svg\",\"width\":48,\"height\":64},\"thumb\":{\"src\":\"https:\/\/d2n2.org\/blogs\/Elarpadenoe\/wp-includes\/images\/media\/audio.svg\",\"width\":48,\"height\":64}},{\"src\":\"https:\/\/d2n2.org\/blogs\/Elarpadenoe\/wp-content\/uploads\/2018\/03\/VIVIREMOS-FIRMES-EN-LA-FE.mp3\",\"type\":\"audio\/mpeg\",\"title\":\"VIVIREMOS FIRMES EN LA FE\",\"caption\":\"\",\"description\":\"\\\"VIVIREMOS FIRMES EN LA FE\\\" en http:\/\/d2n2.org\/blogs\/Elarpadenoe\/.\",\"meta\":{\"artist\":\"http:\/\/d2n2.org\/blogs\/Elarpadenoe\/\",\"length_formatted\":\"5:52\"},\"image\":{\"src\":\"https:\/\/d2n2.org\/blogs\/Elarpadenoe\/wp-includes\/images\/media\/audio.svg\",\"width\":48,\"height\":64},\"thumb\":{\"src\":\"https:\/\/d2n2.org\/blogs\/Elarpadenoe\/wp-includes\/images\/media\/audio.svg\",\"width\":48,\"height\":64}},{\"src\":\"https:\/\/d2n2.org\/blogs\/Elarpadenoe\/wp-content\/uploads\/2018\/03\/VEN-ESP\\u00cdRITU-DIVINO.mp3\",\"type\":\"audio\/mpeg\",\"title\":\"VEN, ESP\\u00cdRITU DIVINO\",\"caption\":\"\",\"description\":\"\\\"VEN, ESP\\u00cdRITU DIVINO\\\" en http:\/\/d2n2.org\/blogs\/Elarpadenoe\/.\",\"meta\":{\"artist\":\"http:\/\/d2n2.org\/blogs\/Elarpadenoe\/\",\"length_formatted\":\"6:12\"},\"image\":{\"src\":\"https:\/\/d2n2.org\/blogs\/Elarpadenoe\/wp-includes\/images\/media\/audio.svg\",\"width\":48,\"height\":64},\"thumb\":{\"src\":\"https:\/\/d2n2.org\/blogs\/Elarpadenoe\/wp-includes\/images\/media\/audio.svg\",\"width\":48,\"height\":64}},{\"src\":\"https:\/\/d2n2.org\/blogs\/Elarpadenoe\/wp-content\/uploads\/2018\/03\/Eres-m\\u00e1s-que-el-mar.mp3\",\"type\":\"audio\/mpeg\",\"title\":\"Eres m\\u00e1s que el mar\",\"caption\":\"\",\"description\":\"\\\"Eres m\\u00e1s que el mar\\\" en http:\/\/www.d2n2.org\/blogs\/Elarpadenoe\/.\",\"meta\":{\"artist\":\"http:\/\/www.d2n2.org\/blogs\/Elarpadenoe\/\",\"length_formatted\":\"2:46\"},\"image\":{\"src\":\"https:\/\/d2n2.org\/blogs\/Elarpadenoe\/wp-includes\/images\/media\/audio.svg\",\"width\":48,\"height\":64},\"thumb\":{\"src\":\"https:\/\/d2n2.org\/blogs\/Elarpadenoe\/wp-includes\/images\/media\/audio.svg\",\"width\":48,\"height\":64}},{\"src\":\"https:\/\/d2n2.org\/blogs\/Elarpadenoe\/wp-content\/uploads\/2018\/03\/OMNIPOTENTE-ALT\\u00cdSIMO.mp3\",\"type\":\"audio\/mpeg\",\"title\":\"OMNIPOTENTE, ALT\\u00cdSIMO\",\"caption\":\"\",\"description\":\"\\\"OMNIPOTENTE, ALT\\u00cdSIMO\\\" en http:\/\/www.d2n2.org\/blogs\/Elarpadenoe\/.\",\"meta\":{\"artist\":\"http:\/\/www.d2n2.org\/blogs\/Elarpadenoe\/\",\"length_formatted\":\"5:42\"},\"image\":{\"src\":\"https:\/\/d2n2.org\/blogs\/Elarpadenoe\/wp-includes\/images\/media\/audio.svg\",\"width\":48,\"height\":64},\"thumb\":{\"src\":\"https:\/\/d2n2.org\/blogs\/Elarpadenoe\/wp-includes\/images\/media\/audio.svg\",\"width\":48,\"height\":64}},{\"src\":\"https:\/\/d2n2.org\/blogs\/Elarpadenoe\/wp-content\/uploads\/2018\/03\/HIJO.mp3\",\"type\":\"audio\/mpeg\",\"title\":\"HIJO\",\"caption\":\"\",\"description\":\"\\\"HIJO\\\" en http:\/\/d2n2.org\/blogs\/Elarpadenoe\/.\",\"meta\":{\"artist\":\"http:\/\/d2n2.org\/blogs\/Elarpadenoe\/\",\"length_formatted\":\"4:26\"},\"image\":{\"src\":\"https:\/\/d2n2.org\/blogs\/Elarpadenoe\/wp-includes\/images\/media\/audio.svg\",\"width\":48,\"height\":64},\"thumb\":{\"src\":\"https:\/\/d2n2.org\/blogs\/Elarpadenoe\/wp-includes\/images\/media\/audio.svg\",\"width\":48,\"height\":64}},{\"src\":\"https:\/\/d2n2.org\/blogs\/Elarpadenoe\/wp-content\/uploads\/2018\/03\/QUE-TE-CONOZCA.mp3\",\"type\":\"audio\/mpeg\",\"title\":\"QUE TE CONOZCA\",\"caption\":\"\",\"description\":\"\\\"QUE TE CONOZCA\\\" en http:\/\/d2n2.org\/blogs\/Elarpadenoe\/.\",\"meta\":{\"artist\":\"http:\/\/d2n2.org\/blogs\/Elarpadenoe\/\",\"length_formatted\":\"4:46\"},\"image\":{\"src\":\"https:\/\/d2n2.org\/blogs\/Elarpadenoe\/wp-includes\/images\/media\/audio.svg\",\"width\":48,\"height\":64},\"thumb\":{\"src\":\"https:\/\/d2n2.org\/blogs\/Elarpadenoe\/wp-includes\/images\/media\/audio.svg\",\"width\":48,\"height\":64}},{\"src\":\"https:\/\/d2n2.org\/blogs\/Elarpadenoe\/wp-content\/uploads\/2018\/03\/Paz-Se\\u00f1or.mp3\",\"type\":\"audio\/mpeg\",\"title\":\"Paz Se\\u00f1or\",\"caption\":\"\",\"description\":\"\\\"Paz Se\\u00f1or\\\" en http:\/\/d2n2.org\/blogs\/Elarpadenoe\/.\",\"meta\":{\"artist\":\"http:\/\/d2n2.org\/blogs\/Elarpadenoe\/\",\"length_formatted\":\"1:23\"},\"image\":{\"src\":\"https:\/\/d2n2.org\/blogs\/Elarpadenoe\/wp-includes\/images\/media\/audio.svg\",\"width\":48,\"height\":64},\"thumb\":{\"src\":\"https:\/\/d2n2.org\/blogs\/Elarpadenoe\/wp-includes\/images\/media\/audio.svg\",\"width\":48,\"height\":64}},{\"src\":\"https:\/\/d2n2.org\/blogs\/Elarpadenoe\/wp-content\/uploads\/2018\/03\/T\\u00da-ERES-MI-SE\\u00d1OR.mp3\",\"type\":\"audio\/mpeg\",\"title\":\"T\\u00da ERES MI SE\\u00d1OR\",\"caption\":\"\",\"description\":\"\\\"T\\u00da ERES MI SE\\u00d1OR\\\" en http:\/\/d2n2.org\/blogs\/Elarpadenoe\/.\",\"meta\":{\"artist\":\"http:\/\/d2n2.org\/blogs\/Elarpadenoe\/\",\"length_formatted\":\"4:38\"},\"image\":{\"src\":\"https:\/\/d2n2.org\/blogs\/Elarpadenoe\/wp-includes\/images\/media\/audio.svg\",\"width\":48,\"height\":64},\"thumb\":{\"src\":\"https:\/\/d2n2.org\/blogs\/Elarpadenoe\/wp-includes\/images\/media\/audio.svg\",\"width\":48,\"height\":64}},{\"src\":\"https:\/\/d2n2.org\/blogs\/Elarpadenoe\/wp-content\/uploads\/2018\/03\/IBAMOS-DOS.mp3\",\"type\":\"audio\/mpeg\",\"title\":\"IBAMOS DOS\",\"caption\":\"\",\"description\":\"\\\"IBAMOS DOS\\\" en http:\/\/d2n2.org\/blogs\/Elarpadenoe\/.\",\"meta\":{\"artist\":\"http:\/\/d2n2.org\/blogs\/Elarpadenoe\/\",\"length_formatted\":\"5:03\"},\"image\":{\"src\":\"https:\/\/d2n2.org\/blogs\/Elarpadenoe\/wp-includes\/images\/media\/audio.svg\",\"width\":48,\"height\":64},\"thumb\":{\"src\":\"https:\/\/d2n2.org\/blogs\/Elarpadenoe\/wp-includes\/images\/media\/audio.svg\",\"width\":48,\"height\":64}},{\"src\":\"https:\/\/d2n2.org\/blogs\/Elarpadenoe\/wp-content\/uploads\/2018\/03\/Hasta-en-el-viento.mp3\",\"type\":\"audio\/mpeg\",\"title\":\"Hasta en el viento\",\"caption\":\"\",\"description\":\"\\\"Hasta en el viento\\\" en http:\/\/d2n2.org\/blogs\/Elarpadenoe\/.\",\"meta\":{\"artist\":\"http:\/\/d2n2.org\/blogs\/Elarpadenoe\/\",\"length_formatted\":\"3:53\"},\"image\":{\"src\":\"https:\/\/d2n2.org\/blogs\/Elarpadenoe\/wp-includes\/images\/media\/audio.svg\",\"width\":48,\"height\":64},\"thumb\":{\"src\":\"https:\/\/d2n2.org\/blogs\/Elarpadenoe\/wp-includes\/images\/media\/audio.svg\",\"width\":48,\"height\":64}},{\"src\":\"https:\/\/d2n2.org\/blogs\/Elarpadenoe\/wp-content\/uploads\/2018\/02\/A-TI-MADRE.mp3\",\"type\":\"audio\/mpeg\",\"title\":\"A TI MADRE\",\"caption\":\"\",\"description\":\"\\\"A TI MADRE\\\" en http:\/\/d2n2.org\/blogs\/Elarpadenoe\/.\",\"meta\":{\"artist\":\"http:\/\/d2n2.org\/blogs\/Elarpadenoe\/\",\"length_formatted\":\"2:52\"},\"image\":{\"src\":\"https:\/\/d2n2.org\/blogs\/Elarpadenoe\/wp-includes\/images\/media\/audio.svg\",\"width\":48,\"height\":64},\"thumb\":{\"src\":\"https:\/\/d2n2.org\/blogs\/Elarpadenoe\/wp-includes\/images\/media\/audio.svg\",\"width\":48,\"height\":64}},{\"src\":\"https:\/\/d2n2.org\/blogs\/Elarpadenoe\/wp-content\/uploads\/2018\/02\/EL-SI-DE-MAR\\u00cdA.mp3\",\"type\":\"audio\/mpeg\",\"title\":\"EL SI DE MAR\\u00cdA\",\"caption\":\"\",\"description\":\"\\\"EL SI DE MAR\\u00cdA\\\" en http:\/\/d2n2.org\/blogs\/Elarpadenoe\/.\",\"meta\":{\"artist\":\"http:\/\/d2n2.org\/blogs\/Elarpadenoe\/\",\"length_formatted\":\"2:58\"},\"image\":{\"src\":\"https:\/\/d2n2.org\/blogs\/Elarpadenoe\/wp-includes\/images\/media\/audio.svg\",\"width\":48,\"height\":64},\"thumb\":{\"src\":\"https:\/\/d2n2.org\/blogs\/Elarpadenoe\/wp-includes\/images\/media\/audio.svg\",\"width\":48,\"height\":64}},{\"src\":\"https:\/\/d2n2.org\/blogs\/Elarpadenoe\/wp-content\/uploads\/2018\/02\/MADRE-DE-LUZ.mp3\",\"type\":\"audio\/mpeg\",\"title\":\"MADRE DE LUZ\",\"caption\":\"\",\"description\":\"\\\"MADRE DE LUZ\\\" en http:\/\/d2n2.org\/blogs\/Elarpadenoe\/.\",\"meta\":{\"artist\":\"http:\/\/d2n2.org\/blogs\/Elarpadenoe\/\",\"length_formatted\":\"3:23\"},\"image\":{\"src\":\"https:\/\/d2n2.org\/blogs\/Elarpadenoe\/wp-includes\/images\/media\/audio.svg\",\"width\":48,\"height\":64},\"thumb\":{\"src\":\"https:\/\/d2n2.org\/blogs\/Elarpadenoe\/wp-includes\/images\/media\/audio.svg\",\"width\":48,\"height\":64}},{\"src\":\"https:\/\/d2n2.org\/blogs\/Elarpadenoe\/wp-content\/uploads\/2018\/02\/Magnificat-todo-mi-ser.mp3\",\"type\":\"audio\/mpeg\",\"title\":\"Magnificat (todo mi ser)\",\"caption\":\"\",\"description\":\"\\\"Magnificat (todo mi ser)\\\" en http:\/\/d2n2.org\/blogs\/Elarpadenoe\/.\",\"meta\":{\"artist\":\"http:\/\/d2n2.org\/blogs\/Elarpadenoe\/\",\"length_formatted\":\"3:53\"},\"image\":{\"src\":\"https:\/\/d2n2.org\/blogs\/Elarpadenoe\/wp-includes\/images\/media\/audio.svg\",\"width\":48,\"height\":64},\"thumb\":{\"src\":\"https:\/\/d2n2.org\/blogs\/Elarpadenoe\/wp-includes\/images\/media\/audio.svg\",\"width\":48,\"height\":64}},{\"src\":\"https:\/\/d2n2.org\/blogs\/Elarpadenoe\/wp-content\/uploads\/2018\/02\/GRACIAS-MADRE.mp3\",\"type\":\"audio\/mpeg\",\"title\":\"GRACIAS, MADRE\",\"caption\":\"\",\"description\":\"\\\"GRACIAS, MADRE\\\" en http:\/\/d2n2.org\/blogs\/Elarpadenoe\/.\",\"meta\":{\"artist\":\"http:\/\/d2n2.org\/blogs\/Elarpadenoe\/\",\"length_formatted\":\"3:25\"},\"image\":{\"src\":\"https:\/\/d2n2.org\/blogs\/Elarpadenoe\/wp-includes\/images\/media\/audio.svg\",\"width\":48,\"height\":64},\"thumb\":{\"src\":\"https:\/\/d2n2.org\/blogs\/Elarpadenoe\/wp-includes\/images\/media\/audio.svg\",\"width\":48,\"height\":64}},{\"src\":\"https:\/\/d2n2.org\/blogs\/Elarpadenoe\/wp-content\/uploads\/2018\/02\/MAGNIFICATtriunfo.mp3\",\"type\":\"audio\/mpeg\",\"title\":\"MAGNIFICAT(triunfo)\",\"caption\":\"\",\"description\":\"\\\"MAGNIFICAT(triunfo)\\\" en http:\/\/d2n2.org\/blogs\/Elarpadenoe\/.\",\"meta\":{\"artist\":\"http:\/\/d2n2.org\/blogs\/Elarpadenoe\/\",\"length_formatted\":\"3:31\"},\"image\":{\"src\":\"https:\/\/d2n2.org\/blogs\/Elarpadenoe\/wp-includes\/images\/media\/audio.svg\",\"width\":48,\"height\":64},\"thumb\":{\"src\":\"https:\/\/d2n2.org\/blogs\/Elarpadenoe\/wp-includes\/images\/media\/audio.svg\",\"width\":48,\"height\":64}},{\"src\":\"https:\/\/d2n2.org\/blogs\/Elarpadenoe\/wp-content\/uploads\/2018\/02\/AVE-MARIA.mp3\",\"type\":\"audio\/mpeg\",\"title\":\"AVE MARIA\",\"caption\":\"\",\"description\":\"\\\"AVE MARIA\\\" en http:\/\/d2n2.org\/blogs\/Elarpadenoe\/.\",\"meta\":{\"artist\":\"http:\/\/d2n2.org\/blogs\/Elarpadenoe\/\",\"length_formatted\":\"3:32\"},\"image\":{\"src\":\"https:\/\/d2n2.org\/blogs\/Elarpadenoe\/wp-includes\/images\/media\/audio.svg\",\"width\":48,\"height\":64},\"thumb\":{\"src\":\"https:\/\/d2n2.org\/blogs\/Elarpadenoe\/wp-includes\/images\/media\/audio.svg\",\"width\":48,\"height\":64}},{\"src\":\"https:\/\/d2n2.org\/blogs\/Elarpadenoe\/wp-content\/uploads\/2018\/02\/AVE-MAR\\u00cdAentre-las-causas.mp3\",\"type\":\"audio\/mpeg\",\"title\":\"AVE MAR\\u00cdA(entre las causas)\",\"caption\":\"\",\"description\":\"\\\"AVE MAR\\u00cdA(entre las causas)\\\" en http:\/\/d2n2.org\/blogs\/Elarpadenoe\/.\",\"meta\":{\"artist\":\"http:\/\/d2n2.org\/blogs\/Elarpadenoe\/\",\"length_formatted\":\"4:48\"},\"image\":{\"src\":\"https:\/\/d2n2.org\/blogs\/Elarpadenoe\/wp-includes\/images\/media\/audio.svg\",\"width\":48,\"height\":64},\"thumb\":{\"src\":\"https:\/\/d2n2.org\/blogs\/Elarpadenoe\/wp-includes\/images\/media\/audio.svg\",\"width\":48,\"height\":64}},{\"src\":\"https:\/\/d2n2.org\/blogs\/Elarpadenoe\/wp-content\/uploads\/2018\/02\/Cristo-vive-an\\u00fancialo.mp3\",\"type\":\"audio\/mpeg\",\"title\":\"Cristo vive, an\\u00fancialo\",\"caption\":\"\",\"description\":\"\\\"Cristo vive, an\\u00fancialo\\\" en http:\/\/d2n2.org\/blogs\/Elarpadenoe\/.\",\"meta\":{\"artist\":\"http:\/\/d2n2.org\/blogs\/Elarpadenoe\/\",\"length_formatted\":\"2:46\"},\"image\":{\"src\":\"https:\/\/d2n2.org\/blogs\/Elarpadenoe\/wp-includes\/images\/media\/audio.svg\",\"width\":48,\"height\":64},\"thumb\":{\"src\":\"https:\/\/d2n2.org\/blogs\/Elarpadenoe\/wp-includes\/images\/media\/audio.svg\",\"width\":48,\"height\":64}},{\"src\":\"https:\/\/d2n2.org\/blogs\/Elarpadenoe\/wp-content\/uploads\/2018\/02\/ERES-BENDICION-PARA-MI.mp3\",\"type\":\"audio\/mpeg\",\"title\":\"ERES BENDICION PARA MI\",\"caption\":\"\",\"description\":\"\\\"ERES BENDICION PARA MI\\\" en http:\/\/d2n2.org\/blogs\/Elarpadenoe\/.\",\"meta\":{\"artist\":\"http:\/\/d2n2.org\/blogs\/Elarpadenoe\/\",\"length_formatted\":\"5:14\"},\"image\":{\"src\":\"https:\/\/d2n2.org\/blogs\/Elarpadenoe\/wp-includes\/images\/media\/audio.svg\",\"width\":48,\"height\":64},\"thumb\":{\"src\":\"https:\/\/d2n2.org\/blogs\/Elarpadenoe\/wp-includes\/images\/media\/audio.svg\",\"width\":48,\"height\":64}},{\"src\":\"https:\/\/d2n2.org\/blogs\/Elarpadenoe\/wp-content\/uploads\/2018\/02\/SOY-PEREGRINO.mp3\",\"type\":\"audio\/mpeg\",\"title\":\"SOY PEREGRINO\",\"caption\":\"\",\"description\":\"\\\"SOY PEREGRINO\\\" en http:\/\/d2n2.org\/blogs\/Elarpadenoe\/.\",\"meta\":{\"artist\":\"http:\/\/d2n2.org\/blogs\/Elarpadenoe\/\",\"length_formatted\":\"6:25\"},\"image\":{\"src\":\"https:\/\/d2n2.org\/blogs\/Elarpadenoe\/wp-includes\/images\/media\/audio.svg\",\"width\":48,\"height\":64},\"thumb\":{\"src\":\"https:\/\/d2n2.org\/blogs\/Elarpadenoe\/wp-includes\/images\/media\/audio.svg\",\"width\":48,\"height\":64}},{\"src\":\"https:\/\/d2n2.org\/blogs\/Elarpadenoe\/wp-content\/uploads\/2018\/02\/TOMAME.mp3\",\"type\":\"audio\/mpeg\",\"title\":\"TOMAME\",\"caption\":\"\",\"description\":\"\\\"TOMAME\\\" en http:\/\/d2n2.org\/blogs\/Elarpadenoe\/.\",\"meta\":{\"artist\":\"http:\/\/d2n2.org\/blogs\/Elarpadenoe\/\",\"length_formatted\":\"6:32\"},\"image\":{\"src\":\"https:\/\/d2n2.org\/blogs\/Elarpadenoe\/wp-includes\/images\/media\/audio.svg\",\"width\":48,\"height\":64},\"thumb\":{\"src\":\"https:\/\/d2n2.org\/blogs\/Elarpadenoe\/wp-includes\/images\/media\/audio.svg\",\"width\":48,\"height\":64}},{\"src\":\"https:\/\/d2n2.org\/blogs\/Elarpadenoe\/wp-content\/uploads\/2018\/02\/Le-seguiremos.mp3\",\"type\":\"audio\/mpeg\",\"title\":\"Le seguiremos\",\"caption\":\"\",\"description\":\"\\\"Le seguiremos\\\" en http:\/\/d2n2.org\/blogs\/Elarpadenoe\/.\",\"meta\":{\"artist\":\"http:\/\/d2n2.org\/blogs\/Elarpadenoe\/\",\"length_formatted\":\"4:33\"},\"image\":{\"src\":\"https:\/\/d2n2.org\/blogs\/Elarpadenoe\/wp-includes\/images\/media\/audio.svg\",\"width\":48,\"height\":64},\"thumb\":{\"src\":\"https:\/\/d2n2.org\/blogs\/Elarpadenoe\/wp-includes\/images\/media\/audio.svg\",\"width\":48,\"height\":64}},{\"src\":\"https:\/\/d2n2.org\/blogs\/Elarpadenoe\/wp-content\/uploads\/2018\/01\/QUE-HERMOSOS-SON.mp3\",\"type\":\"audio\/mpeg\",\"title\":\"QUE HERMOSOS SON\",\"caption\":\"\",\"description\":\"\\\"QUE HERMOSOS SON\\\" en http:\/\/d2n2.org\/blogs\/Elarpadenoe\/.\",\"meta\":{\"artist\":\"http:\/\/d2n2.org\/blogs\/Elarpadenoe\/\",\"length_formatted\":\"3:15\"},\"image\":{\"src\":\"https:\/\/d2n2.org\/blogs\/Elarpadenoe\/wp-includes\/images\/media\/audio.svg\",\"width\":48,\"height\":64},\"thumb\":{\"src\":\"https:\/\/d2n2.org\/blogs\/Elarpadenoe\/wp-includes\/images\/media\/audio.svg\",\"width\":48,\"height\":64}},{\"src\":\"https:\/\/d2n2.org\/blogs\/Elarpadenoe\/wp-content\/uploads\/2018\/01\/Ven-Se\\u00f1or-Jes\\u00fas.mp3\",\"type\":\"audio\/mpeg\",\"title\":\"Ven Se\\u00f1or Jes\\u00fas\",\"caption\":\"\",\"description\":\"\\\"Ven Se\\u00f1or Jes\\u00fas\\\" en http:\/\/d2n2.org\/blogs\/Elarpadenoe\/.\",\"meta\":{\"artist\":\"http:\/\/d2n2.org\/blogs\/Elarpadenoe\/\",\"length_formatted\":\"1:40\"},\"image\":{\"src\":\"https:\/\/d2n2.org\/blogs\/Elarpadenoe\/wp-includes\/images\/media\/audio.svg\",\"width\":48,\"height\":64},\"thumb\":{\"src\":\"https:\/\/d2n2.org\/blogs\/Elarpadenoe\/wp-includes\/images\/media\/audio.svg\",\"width\":48,\"height\":64}},{\"src\":\"https:\/\/d2n2.org\/blogs\/Elarpadenoe\/wp-content\/uploads\/2018\/01\/LA-BONDAD-DEL-SE\\u00d1OR.mp3\",\"type\":\"audio\/mpeg\",\"title\":\"LA BONDAD DEL SE\\u00d1OR\",\"caption\":\"\",\"description\":\"\\\"LA BONDAD DEL SE\\u00d1OR\\\" en http:\/\/d2n2.org\/blogs\/Elarpadenoe\/.\",\"meta\":{\"artist\":\"http:\/\/d2n2.org\/blogs\/Elarpadenoe\/\",\"length_formatted\":\"3:07\"},\"image\":{\"src\":\"https:\/\/d2n2.org\/blogs\/Elarpadenoe\/wp-includes\/images\/media\/audio.svg\",\"width\":48,\"height\":64},\"thumb\":{\"src\":\"https:\/\/d2n2.org\/blogs\/Elarpadenoe\/wp-includes\/images\/media\/audio.svg\",\"width\":48,\"height\":64}},{\"src\":\"https:\/\/d2n2.org\/blogs\/Elarpadenoe\/wp-content\/uploads\/2018\/01\/Ante-ti-Se\\u00f1or.mp3\",\"type\":\"audio\/mpeg\",\"title\":\"Ante ti Se\\u00f1or\",\"caption\":\"\",\"description\":\"\\\"Ante ti Se\\u00f1or\\\" en http:\/\/d2n2.org\/blogs\/Elarpadenoe\/.\",\"meta\":{\"artist\":\"http:\/\/d2n2.org\/blogs\/Elarpadenoe\/\",\"length_formatted\":\"4:38\"},\"image\":{\"src\":\"https:\/\/d2n2.org\/blogs\/Elarpadenoe\/wp-includes\/images\/media\/audio.svg\",\"width\":48,\"height\":64},\"thumb\":{\"src\":\"https:\/\/d2n2.org\/blogs\/Elarpadenoe\/wp-includes\/images\/media\/audio.svg\",\"width\":48,\"height\":64}},{\"src\":\"https:\/\/d2n2.org\/blogs\/Elarpadenoe\/wp-content\/uploads\/2018\/01\/Isaias-61.mp3\",\"type\":\"audio\/mpeg\",\"title\":\"Isaias 61\",\"caption\":\"\",\"description\":\"\\\"Isaias 61\\\" en http:\/\/d2n2.org\/blogs\/Elarpadenoe\/.\",\"meta\":{\"artist\":\"http:\/\/d2n2.org\/blogs\/Elarpadenoe\/\",\"length_formatted\":\"3:26\"},\"image\":{\"src\":\"https:\/\/d2n2.org\/blogs\/Elarpadenoe\/wp-includes\/images\/media\/audio.svg\",\"width\":48,\"height\":64},\"thumb\":{\"src\":\"https:\/\/d2n2.org\/blogs\/Elarpadenoe\/wp-includes\/images\/media\/audio.svg\",\"width\":48,\"height\":64}},{\"src\":\"https:\/\/d2n2.org\/blogs\/Elarpadenoe\/wp-content\/uploads\/2018\/01\/Mueveme.mp3\",\"type\":\"audio\/mpeg\",\"title\":\"Mueveme\",\"caption\":\"\",\"description\":\"\\\"Mueveme\\\" en http:\/\/d2n2.org\/blogs\/Elarpadenoe\/.\",\"meta\":{\"artist\":\"http:\/\/d2n2.org\/blogs\/Elarpadenoe\/\",\"length_formatted\":\"1:25\"},\"image\":{\"src\":\"https:\/\/d2n2.org\/blogs\/Elarpadenoe\/wp-includes\/images\/media\/audio.svg\",\"width\":48,\"height\":64},\"thumb\":{\"src\":\"https:\/\/d2n2.org\/blogs\/Elarpadenoe\/wp-includes\/images\/media\/audio.svg\",\"width\":48,\"height\":64}},{\"src\":\"https:\/\/d2n2.org\/blogs\/Elarpadenoe\/wp-content\/uploads\/2017\/12\/Corre-al-portalito.mp3\",\"type\":\"audio\/mpeg\",\"title\":\"Corre al portalito\",\"caption\":\"\",\"description\":\"\\\"Corre al portalito\\\" en http:\/\/d2n2.org\/blogs\/Elarpadenoe\/.\",\"meta\":{\"artist\":\"http:\/\/d2n2.org\/blogs\/Elarpadenoe\/\",\"length_formatted\":\"0:58\"},\"image\":{\"src\":\"https:\/\/d2n2.org\/blogs\/Elarpadenoe\/wp-includes\/images\/media\/audio.svg\",\"width\":48,\"height\":64},\"thumb\":{\"src\":\"https:\/\/d2n2.org\/blogs\/Elarpadenoe\/wp-includes\/images\/media\/audio.svg\",\"width\":48,\"height\":64}},{\"src\":\"https:\/\/d2n2.org\/blogs\/Elarpadenoe\/wp-content\/uploads\/2017\/12\/Los-campanilleros.mp3\",\"type\":\"audio\/mpeg\",\"title\":\"Los campanilleros\",\"caption\":\"\",\"description\":\"\\\"Los campanilleros\\\" en http:\/\/d2n2.org\/blogs\/Elarpadenoe\/.\",\"meta\":{\"artist\":\"http:\/\/d2n2.org\/blogs\/Elarpadenoe\/\",\"length_formatted\":\"1:44\"},\"image\":{\"src\":\"https:\/\/d2n2.org\/blogs\/Elarpadenoe\/wp-includes\/images\/media\/audio.svg\",\"width\":48,\"height\":64},\"thumb\":{\"src\":\"https:\/\/d2n2.org\/blogs\/Elarpadenoe\/wp-includes\/images\/media\/audio.svg\",\"width\":48,\"height\":64}},{\"src\":\"https:\/\/d2n2.org\/blogs\/Elarpadenoe\/wp-content\/uploads\/2017\/12\/Caminante.mp3\",\"type\":\"audio\/mpeg\",\"title\":\"Caminante\",\"caption\":\"\",\"description\":\"\\\"Caminante\\\" en http:\/\/d2n2.org\/blogs\/Elarpadenoe\/.\",\"meta\":{\"artist\":\"http:\/\/d2n2.org\/blogs\/Elarpadenoe\/\",\"length_formatted\":\"1:10\"},\"image\":{\"src\":\"https:\/\/d2n2.org\/blogs\/Elarpadenoe\/wp-includes\/images\/media\/audio.svg\",\"width\":48,\"height\":64},\"thumb\":{\"src\":\"https:\/\/d2n2.org\/blogs\/Elarpadenoe\/wp-includes\/images\/media\/audio.svg\",\"width\":48,\"height\":64}},{\"src\":\"https:\/\/d2n2.org\/blogs\/Elarpadenoe\/wp-content\/uploads\/2017\/12\/Tu-eres-mi-madre.mp3\",\"type\":\"audio\/mpeg\",\"title\":\"Tu eres mi madre\",\"caption\":\"\",\"description\":\"\\\"Tu eres mi madre\\\" en http:\/\/d2n2.org\/blogs\/Elarpadenoe\/.\",\"meta\":{\"artist\":\"http:\/\/d2n2.org\/blogs\/Elarpadenoe\/\",\"length_formatted\":\"2:55\"},\"image\":{\"src\":\"https:\/\/d2n2.org\/blogs\/Elarpadenoe\/wp-includes\/images\/media\/audio.svg\",\"width\":48,\"height\":64},\"thumb\":{\"src\":\"https:\/\/d2n2.org\/blogs\/Elarpadenoe\/wp-includes\/images\/media\/audio.svg\",\"width\":48,\"height\":64}},{\"src\":\"https:\/\/d2n2.org\/blogs\/Elarpadenoe\/wp-content\/uploads\/2017\/12\/Un-puente-hacia-ti.mp3\",\"type\":\"audio\/mpeg\",\"title\":\"Un puente hacia ti\",\"caption\":\"\",\"description\":\"\\\"Un puente hacia ti\\\" en http:\/\/d2n2.org\/blogs\/Elarpadenoe\/.\",\"meta\":{\"artist\":\"http:\/\/d2n2.org\/blogs\/Elarpadenoe\/\",\"length_formatted\":\"3:20\"},\"image\":{\"src\":\"https:\/\/d2n2.org\/blogs\/Elarpadenoe\/wp-includes\/images\/media\/audio.svg\",\"width\":48,\"height\":64},\"thumb\":{\"src\":\"https:\/\/d2n2.org\/blogs\/Elarpadenoe\/wp-includes\/images\/media\/audio.svg\",\"width\":48,\"height\":64}},{\"src\":\"https:\/\/d2n2.org\/blogs\/Elarpadenoe\/wp-content\/uploads\/2017\/12\/Baja-a-Dios-de-las-nubes.mp3\",\"type\":\"audio\/mpeg\",\"title\":\"Baja a Dios de las nubes\",\"caption\":\"\",\"description\":\"\\\"Baja a Dios de las nubes\\\" en http:\/\/d2n2.org\/blogs\/Elarpadenoe\/.\",\"meta\":{\"artist\":\"http:\/\/d2n2.org\/blogs\/Elarpadenoe\/\",\"length_formatted\":\"2:40\"},\"image\":{\"src\":\"https:\/\/d2n2.org\/blogs\/Elarpadenoe\/wp-includes\/images\/media\/audio.svg\",\"width\":48,\"height\":64},\"thumb\":{\"src\":\"https:\/\/d2n2.org\/blogs\/Elarpadenoe\/wp-includes\/images\/media\/audio.svg\",\"width\":48,\"height\":64}},{\"src\":\"https:\/\/d2n2.org\/blogs\/Elarpadenoe\/wp-content\/uploads\/2017\/12\/Amor-es-vida.mp3\",\"type\":\"audio\/mpeg\",\"title\":\"Amor es vida\",\"caption\":\"\",\"description\":\"\\\"Amor es vida\\\" en http:\/\/d2n2.org\/blogs\/Elarpadenoe\/.\",\"meta\":{\"artist\":\"http:\/\/d2n2.org\/blogs\/Elarpadenoe\/\",\"length_formatted\":\"3:25\"},\"image\":{\"src\":\"https:\/\/d2n2.org\/blogs\/Elarpadenoe\/wp-includes\/images\/media\/audio.svg\",\"width\":48,\"height\":64},\"thumb\":{\"src\":\"https:\/\/d2n2.org\/blogs\/Elarpadenoe\/wp-includes\/images\/media\/audio.svg\",\"width\":48,\"height\":64}},{\"src\":\"https:\/\/d2n2.org\/blogs\/Elarpadenoe\/wp-content\/uploads\/2017\/11\/Ven-conmigo-pastorcillo.mp3\",\"type\":\"audio\/mpeg\",\"title\":\"Ven conmigo pastorcillo\",\"caption\":\"\",\"description\":\"\\\"Ven conmigo pastorcillo\\\".\",\"meta\":{\"length_formatted\":\"2:58\"},\"image\":{\"src\":\"https:\/\/d2n2.org\/blogs\/Elarpadenoe\/wp-includes\/images\/media\/audio.svg\",\"width\":48,\"height\":64},\"thumb\":{\"src\":\"https:\/\/d2n2.org\/blogs\/Elarpadenoe\/wp-includes\/images\/media\/audio.svg\",\"width\":48,\"height\":64}},{\"src\":\"https:\/\/d2n2.org\/blogs\/Elarpadenoe\/wp-content\/uploads\/2017\/11\/Peque\\u00f1os-soles.mp3\",\"type\":\"audio\/mpeg\",\"title\":\"Peque\\u00f1os soles\",\"caption\":\"\",\"description\":\"\\\"Peque\\u00f1os soles\\\" en http:\/\/d2n2.org\/blogs\/Elarpadenoe\/.\",\"meta\":{\"artist\":\"http:\/\/d2n2.org\/blogs\/Elarpadenoe\/\",\"length_formatted\":\"1:59\"},\"image\":{\"src\":\"https:\/\/d2n2.org\/blogs\/Elarpadenoe\/wp-includes\/images\/media\/audio.svg\",\"width\":48,\"height\":64},\"thumb\":{\"src\":\"https:\/\/d2n2.org\/blogs\/Elarpadenoe\/wp-includes\/images\/media\/audio.svg\",\"width\":48,\"height\":64}},{\"src\":\"https:\/\/d2n2.org\/blogs\/Elarpadenoe\/wp-content\/uploads\/2017\/10\/PADRE-VUELVO-A-TI.mp3\",\"type\":\"audio\/mpeg\",\"title\":\"PADRE VUELVO A TI\",\"caption\":\"\",\"description\":\"\\\"PADRE VUELVO A TI\\\" en http:\/\/d2n2.org\/blogs\/Elarpadenoe\/.\",\"meta\":{\"artist\":\"http:\/\/d2n2.org\/blogs\/Elarpadenoe\/\",\"length_formatted\":\"3:52\"},\"image\":{\"src\":\"https:\/\/d2n2.org\/blogs\/Elarpadenoe\/wp-includes\/images\/media\/audio.svg\",\"width\":48,\"height\":64},\"thumb\":{\"src\":\"https:\/\/d2n2.org\/blogs\/Elarpadenoe\/wp-includes\/images\/media\/audio.svg\",\"width\":48,\"height\":64}},{\"src\":\"https:\/\/d2n2.org\/blogs\/Elarpadenoe\/wp-content\/uploads\/2017\/10\/PADRE-MIO.mp3\",\"type\":\"audio\/mpeg\",\"title\":\"PADRE MIO\",\"caption\":\"\",\"description\":\"\\\"PADRE MIO\\\" en http:\/\/d2n2.org\/blogs\/Elarpadenoe\/.\",\"meta\":{\"artist\":\"http:\/\/d2n2.org\/blogs\/Elarpadenoe\/\",\"length_formatted\":\"3:04\"},\"image\":{\"src\":\"https:\/\/d2n2.org\/blogs\/Elarpadenoe\/wp-includes\/images\/media\/audio.svg\",\"width\":48,\"height\":64},\"thumb\":{\"src\":\"https:\/\/d2n2.org\/blogs\/Elarpadenoe\/wp-includes\/images\/media\/audio.svg\",\"width\":48,\"height\":64}},{\"src\":\"https:\/\/d2n2.org\/blogs\/Elarpadenoe\/wp-content\/uploads\/2017\/10\/Te-busco.mp3\",\"type\":\"audio\/mpeg\",\"title\":\"Te busco\",\"caption\":\"\",\"description\":\"\\\"Te busco\\\" en http:\/\/d2n2.org\/blogs\/Elarpadenoe\/.\",\"meta\":{\"artist\":\"http:\/\/d2n2.org\/blogs\/Elarpadenoe\/\",\"length_formatted\":\"1:28\"},\"image\":{\"src\":\"https:\/\/d2n2.org\/blogs\/Elarpadenoe\/wp-includes\/images\/media\/audio.svg\",\"width\":48,\"height\":64},\"thumb\":{\"src\":\"https:\/\/d2n2.org\/blogs\/Elarpadenoe\/wp-includes\/images\/media\/audio.svg\",\"width\":48,\"height\":64}},{\"src\":\"https:\/\/d2n2.org\/blogs\/Elarpadenoe\/wp-content\/uploads\/2017\/10\/Rezare.mp3\",\"type\":\"audio\/mpeg\",\"title\":\"Rezare\",\"caption\":\"\",\"description\":\"\\\"Rezare\\\" en http:\/\/d2n2.org\/blogs\/Elarpadenoe\/.\",\"meta\":{\"artist\":\"http:\/\/d2n2.org\/blogs\/Elarpadenoe\/\",\"length_formatted\":\"1:53\"},\"image\":{\"src\":\"https:\/\/d2n2.org\/blogs\/Elarpadenoe\/wp-includes\/images\/media\/audio.svg\",\"width\":48,\"height\":64},\"thumb\":{\"src\":\"https:\/\/d2n2.org\/blogs\/Elarpadenoe\/wp-includes\/images\/media\/audio.svg\",\"width\":48,\"height\":64}},{\"src\":\"https:\/\/d2n2.org\/blogs\/Elarpadenoe\/wp-content\/uploads\/2017\/10\/Instrumento-de-tu-paz.mp3\",\"type\":\"audio\/mpeg\",\"title\":\"Instrumento de tu paz\",\"caption\":\"\",\"description\":\"\\\"Instrumento de tu paz\\\" en http:\/\/d2n2.org\/blogs\/Elarpadenoe\/.\",\"meta\":{\"artist\":\"http:\/\/d2n2.org\/blogs\/Elarpadenoe\/\",\"length_formatted\":\"1:40\"},\"image\":{\"src\":\"https:\/\/d2n2.org\/blogs\/Elarpadenoe\/wp-includes\/images\/media\/audio.svg\",\"width\":48,\"height\":64},\"thumb\":{\"src\":\"https:\/\/d2n2.org\/blogs\/Elarpadenoe\/wp-includes\/images\/media\/audio.svg\",\"width\":48,\"height\":64}},{\"src\":\"https:\/\/d2n2.org\/blogs\/Elarpadenoe\/wp-content\/uploads\/2017\/10\/Animo.mp3\",\"type\":\"audio\/mpeg\",\"title\":\"Animo\",\"caption\":\"\",\"description\":\"\\\"Animo\\\" en http:\/\/d2n2.org\/blogs\/Elarpadenoe\/.\",\"meta\":{\"artist\":\"http:\/\/d2n2.org\/blogs\/Elarpadenoe\/\",\"length_formatted\":\"2:01\"},\"image\":{\"src\":\"https:\/\/d2n2.org\/blogs\/Elarpadenoe\/wp-includes\/images\/media\/audio.svg\",\"width\":48,\"height\":64},\"thumb\":{\"src\":\"https:\/\/d2n2.org\/blogs\/Elarpadenoe\/wp-includes\/images\/media\/audio.svg\",\"width\":48,\"height\":64}},{\"src\":\"https:\/\/d2n2.org\/blogs\/Elarpadenoe\/wp-content\/uploads\/2017\/09\/CAMINANDO-POR-LAS-OLAS.mp3\",\"type\":\"audio\/mpeg\",\"title\":\"CAMINANDO POR LAS OLAS\",\"caption\":\"\",\"description\":\"\\\"CAMINANDO POR LAS OLAS\\\" en http:\/\/d2n2.org\/blogs\/Elarpadenoe\/.\",\"meta\":{\"artist\":\"http:\/\/d2n2.org\/blogs\/Elarpadenoe\/\",\"length_formatted\":\"3:42\"},\"image\":{\"src\":\"https:\/\/d2n2.org\/blogs\/Elarpadenoe\/wp-includes\/images\/media\/audio.svg\",\"width\":48,\"height\":64},\"thumb\":{\"src\":\"https:\/\/d2n2.org\/blogs\/Elarpadenoe\/wp-includes\/images\/media\/audio.svg\",\"width\":48,\"height\":64}},{\"src\":\"https:\/\/d2n2.org\/blogs\/Elarpadenoe\/wp-content\/uploads\/2017\/09\/VALE-LA-PENA-VIVIR.mp3\",\"type\":\"audio\/mpeg\",\"title\":\"VALE LA PENA VIVIR\",\"caption\":\"\",\"description\":\"\\\"VALE LA PENA VIVIR\\\" en http:\/\/d2n2.org\/blogs\/Elarpadenoe\/.\",\"meta\":{\"artist\":\"http:\/\/d2n2.org\/blogs\/Elarpadenoe\/\",\"length_formatted\":\"3:45\"},\"image\":{\"src\":\"https:\/\/d2n2.org\/blogs\/Elarpadenoe\/wp-includes\/images\/media\/audio.svg\",\"width\":48,\"height\":64},\"thumb\":{\"src\":\"https:\/\/d2n2.org\/blogs\/Elarpadenoe\/wp-includes\/images\/media\/audio.svg\",\"width\":48,\"height\":64}},{\"src\":\"https:\/\/d2n2.org\/blogs\/Elarpadenoe\/wp-content\/uploads\/2017\/09\/BUSCA-PRIMERO.mp3\",\"type\":\"audio\/mpeg\",\"title\":\"BUSCA PRIMERO\",\"caption\":\"\",\"description\":\"\\\"BUSCA PRIMERO\\\" en http:\/\/d2n2.org\/blogs\/Elarpadenoe\/.\",\"meta\":{\"artist\":\"http:\/\/d2n2.org\/blogs\/Elarpadenoe\/\",\"length_formatted\":\"2:59\"},\"image\":{\"src\":\"https:\/\/d2n2.org\/blogs\/Elarpadenoe\/wp-includes\/images\/media\/audio.svg\",\"width\":48,\"height\":64},\"thumb\":{\"src\":\"https:\/\/d2n2.org\/blogs\/Elarpadenoe\/wp-includes\/images\/media\/audio.svg\",\"width\":48,\"height\":64}},{\"src\":\"https:\/\/d2n2.org\/blogs\/Elarpadenoe\/wp-content\/uploads\/2017\/09\/TU-SER\\u00c1S-MI-HERMANO.mp3\",\"type\":\"audio\/mpeg\",\"title\":\"TU SER\\u00c1S MI HERMANO\",\"caption\":\"\",\"description\":\"\\\"TU SER\\u00c1S MI HERMANO\\\" en http:\/\/d2n2.org\/blogs\/Elarpadenoe\/.\",\"meta\":{\"artist\":\"http:\/\/d2n2.org\/blogs\/Elarpadenoe\/\",\"length_formatted\":\"2:56\"},\"image\":{\"src\":\"https:\/\/d2n2.org\/blogs\/Elarpadenoe\/wp-includes\/images\/media\/audio.svg\",\"width\":48,\"height\":64},\"thumb\":{\"src\":\"https:\/\/d2n2.org\/blogs\/Elarpadenoe\/wp-includes\/images\/media\/audio.svg\",\"width\":48,\"height\":64}},{\"src\":\"https:\/\/d2n2.org\/blogs\/Elarpadenoe\/wp-content\/uploads\/2017\/09\/ESCUCHEMOS-LA-PALABRA.mp3\",\"type\":\"audio\/mpeg\",\"title\":\"ESCUCHEMOS LA PALABRA\",\"caption\":\"\",\"description\":\"\\\"ESCUCHEMOS LA PALABRA\\\" en http:\/\/d2n2.org\/blogs\/Elarpadenoe\/.\",\"meta\":{\"artist\":\"http:\/\/d2n2.org\/blogs\/Elarpadenoe\/\",\"length_formatted\":\"2:20\"},\"image\":{\"src\":\"https:\/\/d2n2.org\/blogs\/Elarpadenoe\/wp-includes\/images\/media\/audio.svg\",\"width\":48,\"height\":64},\"thumb\":{\"src\":\"https:\/\/d2n2.org\/blogs\/Elarpadenoe\/wp-includes\/images\/media\/audio.svg\",\"width\":48,\"height\":64}},{\"src\":\"https:\/\/d2n2.org\/blogs\/Elarpadenoe\/wp-content\/uploads\/2017\/09\/BUSCAMOS-LA-VERDAD.mp3\",\"type\":\"audio\/mpeg\",\"title\":\"BUSCAMOS LA VERDAD\",\"caption\":\"\",\"description\":\"\\\"BUSCAMOS LA VERDAD\\\" en http:\/\/d2n2.org\/blogs\/Elarpadenoe\/.\",\"meta\":{\"artist\":\"http:\/\/d2n2.org\/blogs\/Elarpadenoe\/\",\"length_formatted\":\"4:37\"},\"image\":{\"src\":\"https:\/\/d2n2.org\/blogs\/Elarpadenoe\/wp-includes\/images\/media\/audio.svg\",\"width\":48,\"height\":64},\"thumb\":{\"src\":\"https:\/\/d2n2.org\/blogs\/Elarpadenoe\/wp-includes\/images\/media\/audio.svg\",\"width\":48,\"height\":64}},{\"src\":\"https:\/\/d2n2.org\/blogs\/Elarpadenoe\/wp-content\/uploads\/2017\/09\/HE-PENSADO-EN-TI.mp3\",\"type\":\"audio\/mpeg\",\"title\":\"HE PENSADO EN TI\",\"caption\":\"\",\"description\":\"\\\"HE PENSADO EN TI\\\" en http:\/\/d2n2.org\/blogs\/Elarpadenoe\/.\",\"meta\":{\"artist\":\"http:\/\/d2n2.org\/blogs\/Elarpadenoe\/\",\"length_formatted\":\"3:37\"},\"image\":{\"src\":\"https:\/\/d2n2.org\/blogs\/Elarpadenoe\/wp-includes\/images\/media\/audio.svg\",\"width\":48,\"height\":64},\"thumb\":{\"src\":\"https:\/\/d2n2.org\/blogs\/Elarpadenoe\/wp-includes\/images\/media\/audio.svg\",\"width\":48,\"height\":64}},{\"src\":\"https:\/\/d2n2.org\/blogs\/Elarpadenoe\/wp-content\/uploads\/2017\/09\/VENID-VENID-ESP\\u00cdRITU.mp3\",\"type\":\"audio\/mpeg\",\"title\":\"VENID, VENID, ESP\\u00cdRITU\",\"caption\":\"\",\"description\":\"\\\"VENID, VENID, ESP\\u00cdRITU\\\" en http:\/\/d2n2.org\/blogs\/Elarpadenoe\/.\",\"meta\":{\"artist\":\"http:\/\/d2n2.org\/blogs\/Elarpadenoe\/\",\"length_formatted\":\"3:30\"},\"image\":{\"src\":\"https:\/\/d2n2.org\/blogs\/Elarpadenoe\/wp-includes\/images\/media\/audio.svg\",\"width\":48,\"height\":64},\"thumb\":{\"src\":\"https:\/\/d2n2.org\/blogs\/Elarpadenoe\/wp-includes\/images\/media\/audio.svg\",\"width\":48,\"height\":64}},{\"src\":\"https:\/\/d2n2.org\/blogs\/Elarpadenoe\/wp-content\/uploads\/2017\/09\/ORACION-DEL-PUBLICANO.mp3\",\"type\":\"audio\/mpeg\",\"title\":\"ORACION DEL PUBLICANO\",\"caption\":\"\",\"description\":\"\\\"ORACION DEL PUBLICANO\\\" en http:\/\/d2n2.org\/blogs\/Elarpadenoe\/.\",\"meta\":{\"artist\":\"http:\/\/d2n2.org\/blogs\/Elarpadenoe\/\",\"length_formatted\":\"3:36\"},\"image\":{\"src\":\"https:\/\/d2n2.org\/blogs\/Elarpadenoe\/wp-includes\/images\/media\/audio.svg\",\"width\":48,\"height\":64},\"thumb\":{\"src\":\"https:\/\/d2n2.org\/blogs\/Elarpadenoe\/wp-includes\/images\/media\/audio.svg\",\"width\":48,\"height\":64}},{\"src\":\"https:\/\/d2n2.org\/blogs\/Elarpadenoe\/wp-content\/uploads\/2017\/09\/DIME.mp3\",\"type\":\"audio\/mpeg\",\"title\":\"DIME\",\"caption\":\"\",\"description\":\"\\\"DIME\\\" en http:\/\/d2n2.org\/blogs\/Elarpadenoe\/.\",\"meta\":{\"artist\":\"http:\/\/d2n2.org\/blogs\/Elarpadenoe\/\",\"length_formatted\":\"3:22\"},\"image\":{\"src\":\"https:\/\/d2n2.org\/blogs\/Elarpadenoe\/wp-includes\/images\/media\/audio.svg\",\"width\":48,\"height\":64},\"thumb\":{\"src\":\"https:\/\/d2n2.org\/blogs\/Elarpadenoe\/wp-includes\/images\/media\/audio.svg\",\"width\":48,\"height\":64}},{\"src\":\"https:\/\/d2n2.org\/blogs\/Elarpadenoe\/wp-content\/uploads\/2017\/09\/MAGNIFICAT-GRANDE-ES-SU-AMOR.mp3\",\"type\":\"audio\/mpeg\",\"title\":\"MAGNIFICAT (GRANDE ES SU AMOR)\",\"caption\":\"\",\"description\":\"\\\"MAGNIFICAT (GRANDE ES SU AMOR)\\\" en http:\/\/d2n2.org\/blogs\/Elarpadenoe\/.\",\"meta\":{\"artist\":\"http:\/\/d2n2.org\/blogs\/Elarpadenoe\/\",\"length_formatted\":\"3:22\"},\"image\":{\"src\":\"https:\/\/d2n2.org\/blogs\/Elarpadenoe\/wp-includes\/images\/media\/audio.svg\",\"width\":48,\"height\":64},\"thumb\":{\"src\":\"https:\/\/d2n2.org\/blogs\/Elarpadenoe\/wp-includes\/images\/media\/audio.svg\",\"width\":48,\"height\":64}},{\"src\":\"https:\/\/d2n2.org\/blogs\/Elarpadenoe\/wp-content\/uploads\/2017\/09\/A-QUIEN-ENVIAR\\u00c9.mp3\",\"type\":\"audio\/mpeg\",\"title\":\"A QUIEN ENVIAR\\u00c9\",\"caption\":\"\",\"description\":\"\\\"A QUIEN ENVIAR\\u00c9\\\" en http:\/\/d2n2.org\/blogs\/Elarpadenoe\/.\",\"meta\":{\"artist\":\"http:\/\/d2n2.org\/blogs\/Elarpadenoe\/\",\"length_formatted\":\"5:12\"},\"image\":{\"src\":\"https:\/\/d2n2.org\/blogs\/Elarpadenoe\/wp-includes\/images\/media\/audio.svg\",\"width\":48,\"height\":64},\"thumb\":{\"src\":\"https:\/\/d2n2.org\/blogs\/Elarpadenoe\/wp-includes\/images\/media\/audio.svg\",\"width\":48,\"height\":64}},{\"src\":\"https:\/\/d2n2.org\/blogs\/Elarpadenoe\/wp-content\/uploads\/2017\/09\/yo-celebrare.mp3\",\"type\":\"audio\/mpeg\",\"title\":\"yo celebrare\",\"caption\":\"\",\"description\":\"\\\"yo celebrare\\\" en http:\/\/d2n2.org\/blogs\/Elarpadenoe\/.\",\"meta\":{\"artist\":\"http:\/\/d2n2.org\/blogs\/Elarpadenoe\/\",\"length_formatted\":\"1:03\"},\"image\":{\"src\":\"https:\/\/d2n2.org\/blogs\/Elarpadenoe\/wp-includes\/images\/media\/audio.svg\",\"width\":48,\"height\":64},\"thumb\":{\"src\":\"https:\/\/d2n2.org\/blogs\/Elarpadenoe\/wp-includes\/images\/media\/audio.svg\",\"width\":48,\"height\":64}},{\"src\":\"https:\/\/d2n2.org\/blogs\/Elarpadenoe\/wp-content\/uploads\/2017\/09\/No-adoreis-a-nadie.mp3\",\"type\":\"audio\/mpeg\",\"title\":\"No adoreis a nadie\",\"caption\":\"\",\"description\":\"\\\"No adoreis a nadie\\\" en http:\/\/d2n2.org\/blogs\/Elarpadenoe\/.\",\"meta\":{\"artist\":\"http:\/\/d2n2.org\/blogs\/Elarpadenoe\/\",\"length_formatted\":\"2:37\"},\"image\":{\"src\":\"https:\/\/d2n2.org\/blogs\/Elarpadenoe\/wp-includes\/images\/media\/audio.svg\",\"width\":48,\"height\":64},\"thumb\":{\"src\":\"https:\/\/d2n2.org\/blogs\/Elarpadenoe\/wp-includes\/images\/media\/audio.svg\",\"width\":48,\"height\":64}},{\"src\":\"https:\/\/d2n2.org\/blogs\/Elarpadenoe\/wp-content\/uploads\/2017\/09\/Que-te-puedo-dar.mp3\",\"type\":\"audio\/mpeg\",\"title\":\"Que te puedo dar\",\"caption\":\"\",\"description\":\"\\\"Que te puedo dar\\\" en http:\/\/d2n2.org\/blogs\/Elarpadenoe\/.\",\"meta\":{\"artist\":\"http:\/\/d2n2.org\/blogs\/Elarpadenoe\/\",\"length_formatted\":\"1:44\"},\"image\":{\"src\":\"https:\/\/d2n2.org\/blogs\/Elarpadenoe\/wp-includes\/images\/media\/audio.svg\",\"width\":48,\"height\":64},\"thumb\":{\"src\":\"https:\/\/d2n2.org\/blogs\/Elarpadenoe\/wp-includes\/images\/media\/audio.svg\",\"width\":48,\"height\":64}},{\"src\":\"https:\/\/d2n2.org\/blogs\/Elarpadenoe\/wp-content\/uploads\/2017\/09\/UNA-BUENA-NOTICIA.mp3\",\"type\":\"audio\/mpeg\",\"title\":\"UNA BUENA NOTICIA\",\"caption\":\"\",\"description\":\"\\\"UNA BUENA NOTICIA\\\" en http:\/\/d2n2.org\/blogs\/Elarpadenoe\/.\",\"meta\":{\"artist\":\"http:\/\/d2n2.org\/blogs\/Elarpadenoe\/\",\"length_formatted\":\"2:11\"},\"image\":{\"src\":\"https:\/\/d2n2.org\/blogs\/Elarpadenoe\/wp-includes\/images\/media\/audio.svg\",\"width\":48,\"height\":64},\"thumb\":{\"src\":\"https:\/\/d2n2.org\/blogs\/Elarpadenoe\/wp-includes\/images\/media\/audio.svg\",\"width\":48,\"height\":64}},{\"src\":\"https:\/\/d2n2.org\/blogs\/Elarpadenoe\/wp-content\/uploads\/2017\/09\/SE-LLAMABA-MAR\\u00cdA.mp3\",\"type\":\"audio\/mpeg\",\"title\":\"SE LLAMABA MAR\\u00cdA\",\"caption\":\"\",\"description\":\"\\\"SE LLAMABA MAR\\u00cdA\\\" en http:\/\/d2n2.org\/blogs\/Elarpadenoe\/.\",\"meta\":{\"artist\":\"http:\/\/d2n2.org\/blogs\/Elarpadenoe\/\",\"length_formatted\":\"2:23\"},\"image\":{\"src\":\"https:\/\/d2n2.org\/blogs\/Elarpadenoe\/wp-includes\/images\/media\/audio.svg\",\"width\":48,\"height\":64},\"thumb\":{\"src\":\"https:\/\/d2n2.org\/blogs\/Elarpadenoe\/wp-includes\/images\/media\/audio.svg\",\"width\":48,\"height\":64}},{\"src\":\"https:\/\/d2n2.org\/blogs\/Elarpadenoe\/wp-content\/uploads\/2017\/09\/CANONES-DE-KAIROI.mp3\",\"type\":\"audio\/mpeg\",\"title\":\"CANONES DE KAIROI\",\"caption\":\"\",\"description\":\"\\\"CANONES DE KAIROI\\\" en http:\/\/d2n2.org\/blogs\/Elarpadenoe\/.\",\"meta\":{\"artist\":\"http:\/\/d2n2.org\/blogs\/Elarpadenoe\/\",\"length_formatted\":\"5:50\"},\"image\":{\"src\":\"https:\/\/d2n2.org\/blogs\/Elarpadenoe\/wp-includes\/images\/media\/audio.svg\",\"width\":48,\"height\":64},\"thumb\":{\"src\":\"https:\/\/d2n2.org\/blogs\/Elarpadenoe\/wp-includes\/images\/media\/audio.svg\",\"width\":48,\"height\":64}},{\"src\":\"https:\/\/d2n2.org\/blogs\/Elarpadenoe\/wp-content\/uploads\/2017\/09\/SOLIDARIDAD-COMPARTIR.mp3\",\"type\":\"audio\/mpeg\",\"title\":\"SOLIDARIDAD-COMPARTIR\",\"caption\":\"\",\"description\":\"\\\"SOLIDARIDAD-COMPARTIR\\\" en http:\/\/d2n2.org\/blogs\/Elarpadenoe\/.\",\"meta\":{\"artist\":\"http:\/\/d2n2.org\/blogs\/Elarpadenoe\/\",\"length_formatted\":\"1:42\"},\"image\":{\"src\":\"https:\/\/d2n2.org\/blogs\/Elarpadenoe\/wp-includes\/images\/media\/audio.svg\",\"width\":48,\"height\":64},\"thumb\":{\"src\":\"https:\/\/d2n2.org\/blogs\/Elarpadenoe\/wp-includes\/images\/media\/audio.svg\",\"width\":48,\"height\":64}},{\"src\":\"https:\/\/d2n2.org\/blogs\/Elarpadenoe\/wp-content\/uploads\/2017\/08\/HACEN-FALTA-SI.mp3\",\"type\":\"audio\/mpeg\",\"title\":\"HACEN FALTA SI\",\"caption\":\"\",\"description\":\"\\\"HACEN FALTA SI\\\" en http:\/\/d2n2.org\/blogs\/Elarpadenoe\/.\",\"meta\":{\"artist\":\"http:\/\/d2n2.org\/blogs\/Elarpadenoe\/\",\"length_formatted\":\"4:28\"},\"image\":{\"src\":\"https:\/\/d2n2.org\/blogs\/Elarpadenoe\/wp-includes\/images\/media\/audio.svg\",\"width\":48,\"height\":64},\"thumb\":{\"src\":\"https:\/\/d2n2.org\/blogs\/Elarpadenoe\/wp-includes\/images\/media\/audio.svg\",\"width\":48,\"height\":64}},{\"src\":\"https:\/\/d2n2.org\/blogs\/Elarpadenoe\/wp-content\/uploads\/2017\/08\/ARCILLA-ENTRE-TUS-MANOS.mp3\",\"type\":\"audio\/mpeg\",\"title\":\"ARCILLA ENTRE TUS MANOS\",\"caption\":\"\",\"description\":\"\\\"ARCILLA ENTRE TUS MANOS\\\" en http:\/\/d2n2.org\/blogs\/Elarpadenoe\/.\",\"meta\":{\"artist\":\"http:\/\/d2n2.org\/blogs\/Elarpadenoe\/\",\"length_formatted\":\"3:30\"},\"image\":{\"src\":\"https:\/\/d2n2.org\/blogs\/Elarpadenoe\/wp-includes\/images\/media\/audio.svg\",\"width\":48,\"height\":64},\"thumb\":{\"src\":\"https:\/\/d2n2.org\/blogs\/Elarpadenoe\/wp-includes\/images\/media\/audio.svg\",\"width\":48,\"height\":64}},{\"src\":\"https:\/\/d2n2.org\/blogs\/Elarpadenoe\/wp-content\/uploads\/2017\/08\/HOY-QUIERO-EMPEZAR.mp3\",\"type\":\"audio\/mpeg\",\"title\":\"HOY QUIERO EMPEZAR\",\"caption\":\"\",\"description\":\"\\\"HOY QUIERO EMPEZAR\\\" en http:\/\/d2n2.org\/blogs\/Elarpadenoe\/.\",\"meta\":{\"artist\":\"http:\/\/d2n2.org\/blogs\/Elarpadenoe\/\",\"length_formatted\":\"2:43\"},\"image\":{\"src\":\"https:\/\/d2n2.org\/blogs\/Elarpadenoe\/wp-includes\/images\/media\/audio.svg\",\"width\":48,\"height\":64},\"thumb\":{\"src\":\"https:\/\/d2n2.org\/blogs\/Elarpadenoe\/wp-includes\/images\/media\/audio.svg\",\"width\":48,\"height\":64}},{\"src\":\"https:\/\/d2n2.org\/blogs\/Elarpadenoe\/wp-content\/uploads\/2017\/08\/MUCHO-HAS-AMADO.mp3\",\"type\":\"audio\/mpeg\",\"title\":\"MUCHO HAS AMADO\",\"caption\":\"\",\"description\":\"\\\"MUCHO HAS AMADO\\\" en http:\/\/d2n2.org\/blogs\/Elarpadenoe\/.\",\"meta\":{\"artist\":\"http:\/\/d2n2.org\/blogs\/Elarpadenoe\/\",\"length_formatted\":\"3:22\"},\"image\":{\"src\":\"https:\/\/d2n2.org\/blogs\/Elarpadenoe\/wp-includes\/images\/media\/audio.svg\",\"width\":48,\"height\":64},\"thumb\":{\"src\":\"https:\/\/d2n2.org\/blogs\/Elarpadenoe\/wp-includes\/images\/media\/audio.svg\",\"width\":48,\"height\":64}},{\"src\":\"https:\/\/d2n2.org\/blogs\/Elarpadenoe\/wp-content\/uploads\/2017\/08\/SOMOS-MUCHOS.mp3\",\"type\":\"audio\/mpeg\",\"title\":\"SOMOS MUCHOS\",\"caption\":\"\",\"description\":\"\\\"SOMOS MUCHOS\\\" en http:\/\/d2n2.org\/blogs\/Elarpadenoe\/.\",\"meta\":{\"artist\":\"http:\/\/d2n2.org\/blogs\/Elarpadenoe\/\",\"length_formatted\":\"2:58\"},\"image\":{\"src\":\"https:\/\/d2n2.org\/blogs\/Elarpadenoe\/wp-includes\/images\/media\/audio.svg\",\"width\":48,\"height\":64},\"thumb\":{\"src\":\"https:\/\/d2n2.org\/blogs\/Elarpadenoe\/wp-includes\/images\/media\/audio.svg\",\"width\":48,\"height\":64}},{\"src\":\"https:\/\/d2n2.org\/blogs\/Elarpadenoe\/wp-content\/uploads\/2017\/08\/QUIERO-DECIR-QUE-SI.mp3\",\"type\":\"audio\/mpeg\",\"title\":\"QUIERO DECIR QUE SI\",\"caption\":\"\",\"description\":\"\\\"QUIERO DECIR QUE SI\\\" en http:\/\/d2n2.org\/blogs\/Elarpadenoe\/.\",\"meta\":{\"artist\":\"http:\/\/d2n2.org\/blogs\/Elarpadenoe\/\",\"length_formatted\":\"2:57\"},\"image\":{\"src\":\"https:\/\/d2n2.org\/blogs\/Elarpadenoe\/wp-includes\/images\/media\/audio.svg\",\"width\":48,\"height\":64},\"thumb\":{\"src\":\"https:\/\/d2n2.org\/blogs\/Elarpadenoe\/wp-includes\/images\/media\/audio.svg\",\"width\":48,\"height\":64}},{\"src\":\"https:\/\/d2n2.org\/blogs\/Elarpadenoe\/wp-content\/uploads\/2017\/08\/YO-SOY.mp3\",\"type\":\"audio\/mpeg\",\"title\":\"YO SOY\",\"caption\":\"\",\"description\":\"\\\"YO SOY\\\" en http:\/\/d2n2.org\/blogs\/Elarpadenoe\/.\",\"meta\":{\"artist\":\"http:\/\/d2n2.org\/blogs\/Elarpadenoe\/\",\"length_formatted\":\"4:37\"},\"image\":{\"src\":\"https:\/\/d2n2.org\/blogs\/Elarpadenoe\/wp-includes\/images\/media\/audio.svg\",\"width\":48,\"height\":64},\"thumb\":{\"src\":\"https:\/\/d2n2.org\/blogs\/Elarpadenoe\/wp-includes\/images\/media\/audio.svg\",\"width\":48,\"height\":64}},{\"src\":\"https:\/\/d2n2.org\/blogs\/Elarpadenoe\/wp-content\/uploads\/2017\/08\/AMANECE-EN-LA-ORILLA.mp3\",\"type\":\"audio\/mpeg\",\"title\":\"AMANECE EN LA ORILLA\",\"caption\":\"\",\"description\":\"\\\"AMANECE EN LA ORILLA\\\" en http:\/\/d2n2.org\/blogs\/Elarpadenoe\/.\",\"meta\":{\"artist\":\"http:\/\/d2n2.org\/blogs\/Elarpadenoe\/\",\"length_formatted\":\"2:38\"},\"image\":{\"src\":\"https:\/\/d2n2.org\/blogs\/Elarpadenoe\/wp-includes\/images\/media\/audio.svg\",\"width\":48,\"height\":64},\"thumb\":{\"src\":\"https:\/\/d2n2.org\/blogs\/Elarpadenoe\/wp-includes\/images\/media\/audio.svg\",\"width\":48,\"height\":64}},{\"src\":\"https:\/\/d2n2.org\/blogs\/Elarpadenoe\/wp-content\/uploads\/2015\/05\/REl-camino.mp3\",\"type\":\"audio\/mpeg\",\"title\":\"[R]El camino\",\"caption\":\"\",\"description\":\"\\\"[R]El camino\\\".\",\"meta\":{\"length_formatted\":\"2:26\"},\"image\":{\"src\":\"https:\/\/d2n2.org\/blogs\/Elarpadenoe\/wp-includes\/images\/media\/audio.svg\",\"width\":48,\"height\":64},\"thumb\":{\"src\":\"https:\/\/d2n2.org\/blogs\/Elarpadenoe\/wp-includes\/images\/media\/audio.svg\",\"width\":48,\"height\":64}},{\"src\":\"https:\/\/d2n2.org\/blogs\/Elarpadenoe\/wp-content\/uploads\/2017\/08\/NO-TE-VAYAS-NUNCA.mp3\",\"type\":\"audio\/mpeg\",\"title\":\"NO TE VAYAS NUNCA\",\"caption\":\"\",\"description\":\"\\\"NO TE VAYAS NUNCA\\\" en http:\/\/d2n2.org\/blogs\/Elarpadenoe\/.\",\"meta\":{\"artist\":\"http:\/\/d2n2.org\/blogs\/Elarpadenoe\/\",\"length_formatted\":\"5:26\"},\"image\":{\"src\":\"https:\/\/d2n2.org\/blogs\/Elarpadenoe\/wp-includes\/images\/media\/audio.svg\",\"width\":48,\"height\":64},\"thumb\":{\"src\":\"https:\/\/d2n2.org\/blogs\/Elarpadenoe\/wp-includes\/images\/media\/audio.svg\",\"width\":48,\"height\":64}},{\"src\":\"https:\/\/d2n2.org\/blogs\/Elarpadenoe\/wp-content\/uploads\/2017\/08\/AL-DIOS-DESCONOCIDO.mp3\",\"type\":\"audio\/mpeg\",\"title\":\"AL DIOS DESCONOCIDO\",\"caption\":\"\",\"description\":\"\\\"AL DIOS DESCONOCIDO\\\" en http:\/\/www.d2n2.org\/blogs\/Elarpadenoe\/.\",\"meta\":{\"artist\":\"http:\/\/www.d2n2.org\/blogs\/Elarpadenoe\/\",\"length_formatted\":\"3:27\"},\"image\":{\"src\":\"https:\/\/d2n2.org\/blogs\/Elarpadenoe\/wp-includes\/images\/media\/audio.svg\",\"width\":48,\"height\":64},\"thumb\":{\"src\":\"https:\/\/d2n2.org\/blogs\/Elarpadenoe\/wp-includes\/images\/media\/audio.svg\",\"width\":48,\"height\":64}},{\"src\":\"https:\/\/d2n2.org\/blogs\/Elarpadenoe\/wp-content\/uploads\/2017\/07\/Padre-Claret-Misionero-del-amor.mp3\",\"type\":\"audio\/mpeg\",\"title\":\"Padre Claret Misionero del amor\",\"caption\":\"\",\"description\":\"\\\"Padre Claret Misionero del amor\\\".\",\"meta\":{\"length_formatted\":\"1:48\"},\"image\":{\"src\":\"https:\/\/d2n2.org\/blogs\/Elarpadenoe\/wp-includes\/images\/media\/audio.svg\",\"width\":48,\"height\":64},\"thumb\":{\"src\":\"https:\/\/d2n2.org\/blogs\/Elarpadenoe\/wp-includes\/images\/media\/audio.svg\",\"width\":48,\"height\":64}},{\"src\":\"https:\/\/d2n2.org\/blogs\/Elarpadenoe\/wp-content\/uploads\/2017\/06\/EN-NUESTRA-OSCURIDAD.mp3\",\"type\":\"audio\/mpeg\",\"title\":\"EN NUESTRA OSCURIDAD\",\"caption\":\"\",\"description\":\"\\\"EN NUESTRA OSCURIDAD\\\" en http:\/\/d2n2.org\/blogs\/Elarpadenoe\/.\",\"meta\":{\"artist\":\"http:\/\/d2n2.org\/blogs\/Elarpadenoe\/\",\"length_formatted\":\"4:07\"},\"image\":{\"src\":\"https:\/\/d2n2.org\/blogs\/Elarpadenoe\/wp-includes\/images\/media\/audio.svg\",\"width\":48,\"height\":64},\"thumb\":{\"src\":\"https:\/\/d2n2.org\/blogs\/Elarpadenoe\/wp-includes\/images\/media\/audio.svg\",\"width\":48,\"height\":64}},{\"src\":\"https:\/\/d2n2.org\/blogs\/Elarpadenoe\/wp-content\/uploads\/2017\/06\/QUEMAN-LOS-LABIOS.mp3\",\"type\":\"audio\/mpeg\",\"title\":\"QUEMAN LOS LABIOS\",\"caption\":\"\",\"description\":\"\\\"QUEMAN LOS LABIOS\\\" en http:\/\/d2n2.org\/blogs\/Elarpadenoe\/.\",\"meta\":{\"artist\":\"http:\/\/d2n2.org\/blogs\/Elarpadenoe\/\",\"length_formatted\":\"3:54\"},\"image\":{\"src\":\"https:\/\/d2n2.org\/blogs\/Elarpadenoe\/wp-includes\/images\/media\/audio.svg\",\"width\":48,\"height\":64},\"thumb\":{\"src\":\"https:\/\/d2n2.org\/blogs\/Elarpadenoe\/wp-includes\/images\/media\/audio.svg\",\"width\":48,\"height\":64}},{\"src\":\"https:\/\/d2n2.org\/blogs\/Elarpadenoe\/wp-content\/uploads\/2017\/06\/SIEMPRE-HAY-SITIO-PARA-AMAR.mp3\",\"type\":\"audio\/mpeg\",\"title\":\"SIEMPRE HAY SITIO PARA AMAR\",\"caption\":\"\",\"description\":\"\\\"SIEMPRE HAY SITIO PARA AMAR\\\" en http:\/\/d2n2.org\/blogs\/Elarpadenoe\/.\",\"meta\":{\"artist\":\"http:\/\/d2n2.org\/blogs\/Elarpadenoe\/\",\"length_formatted\":\"6:30\"},\"image\":{\"src\":\"https:\/\/d2n2.org\/blogs\/Elarpadenoe\/wp-includes\/images\/media\/audio.svg\",\"width\":48,\"height\":64},\"thumb\":{\"src\":\"https:\/\/d2n2.org\/blogs\/Elarpadenoe\/wp-includes\/images\/media\/audio.svg\",\"width\":48,\"height\":64}},{\"src\":\"https:\/\/d2n2.org\/blogs\/Elarpadenoe\/wp-content\/uploads\/2017\/06\/VEN.mp3\",\"type\":\"audio\/mpeg\",\"title\":\"VEN\",\"caption\":\"\",\"description\":\"\\\"VEN\\\" en http:\/\/d2n2.org\/blogs\/Elarpadenoe\/.\",\"meta\":{\"artist\":\"http:\/\/d2n2.org\/blogs\/Elarpadenoe\/\",\"length_formatted\":\"2:49\"},\"image\":{\"src\":\"https:\/\/d2n2.org\/blogs\/Elarpadenoe\/wp-includes\/images\/media\/audio.svg\",\"width\":48,\"height\":64},\"thumb\":{\"src\":\"https:\/\/d2n2.org\/blogs\/Elarpadenoe\/wp-includes\/images\/media\/audio.svg\",\"width\":48,\"height\":64}},{\"src\":\"https:\/\/d2n2.org\/blogs\/Elarpadenoe\/wp-content\/uploads\/2017\/06\/A-DONDE-ACUDIRE.mp3\",\"type\":\"audio\/mpeg\",\"title\":\"A DONDE ACUDIRE\",\"caption\":\"\",\"description\":\"\\\"A DONDE ACUDIRE\\\" en http:\/\/www.d2n2.org\/blogs\/Elarpadenoe\/.\",\"meta\":{\"artist\":\"http:\/\/www.d2n2.org\/blogs\/Elarpadenoe\/\",\"length_formatted\":\"2:46\"},\"image\":{\"src\":\"https:\/\/d2n2.org\/blogs\/Elarpadenoe\/wp-includes\/images\/media\/audio.svg\",\"width\":48,\"height\":64},\"thumb\":{\"src\":\"https:\/\/d2n2.org\/blogs\/Elarpadenoe\/wp-includes\/images\/media\/audio.svg\",\"width\":48,\"height\":64}},{\"src\":\"https:\/\/d2n2.org\/blogs\/Elarpadenoe\/wp-content\/uploads\/2017\/06\/OTRA-HUMANIDAD.mp3\",\"type\":\"audio\/mpeg\",\"title\":\"OTRA HUMANIDAD\",\"caption\":\"\",\"description\":\"\\\"OTRA HUMANIDAD\\\" en http:\/\/d2n2.org\/blogs\/Elarpadenoe\/.\",\"meta\":{\"artist\":\"http:\/\/d2n2.org\/blogs\/Elarpadenoe\/\",\"length_formatted\":\"4:05\"},\"image\":{\"src\":\"https:\/\/d2n2.org\/blogs\/Elarpadenoe\/wp-includes\/images\/media\/audio.svg\",\"width\":48,\"height\":64},\"thumb\":{\"src\":\"https:\/\/d2n2.org\/blogs\/Elarpadenoe\/wp-includes\/images\/media\/audio.svg\",\"width\":48,\"height\":64}},{\"src\":\"https:\/\/d2n2.org\/blogs\/Elarpadenoe\/wp-content\/uploads\/2017\/06\/HAZME-UN-LOCO.mp3\",\"type\":\"audio\/mpeg\",\"title\":\"HAZME UN LOCO\",\"caption\":\"\",\"description\":\"\\\"HAZME UN LOCO\\\" en http:\/\/d2n2.org\/blogs\/Elarpadenoe\/.\",\"meta\":{\"artist\":\"http:\/\/d2n2.org\/blogs\/Elarpadenoe\/\",\"length_formatted\":\"1:12\"},\"image\":{\"src\":\"https:\/\/d2n2.org\/blogs\/Elarpadenoe\/wp-includes\/images\/media\/audio.svg\",\"width\":48,\"height\":64},\"thumb\":{\"src\":\"https:\/\/d2n2.org\/blogs\/Elarpadenoe\/wp-includes\/images\/media\/audio.svg\",\"width\":48,\"height\":64}},{\"src\":\"https:\/\/d2n2.org\/blogs\/Elarpadenoe\/wp-content\/uploads\/2017\/06\/MARIA-MUSICA-DE-DIOS.mp3\",\"type\":\"audio\/mpeg\",\"title\":\"MARIA MUSICA DE DIOS\",\"caption\":\"\",\"description\":\"\\\"MARIA MUSICA DE DIOS\\\" en http:\/\/d2n2.org\/blogs\/Elarpadenoe\/.\",\"meta\":{\"artist\":\"http:\/\/d2n2.org\/blogs\/Elarpadenoe\/\",\"length_formatted\":\"3:48\"},\"image\":{\"src\":\"https:\/\/d2n2.org\/blogs\/Elarpadenoe\/wp-includes\/images\/media\/audio.svg\",\"width\":48,\"height\":64},\"thumb\":{\"src\":\"https:\/\/d2n2.org\/blogs\/Elarpadenoe\/wp-includes\/images\/media\/audio.svg\",\"width\":48,\"height\":64}},{\"src\":\"https:\/\/d2n2.org\/blogs\/Elarpadenoe\/wp-content\/uploads\/2017\/06\/BENDIGA-A-DIOS-MI-ALMA.mp3\",\"type\":\"audio\/mpeg\",\"title\":\"BENDIGA A DIOS MI ALMA\",\"caption\":\"\",\"description\":\"\\\"BENDIGA A DIOS MI ALMA\\\" en http:\/\/d2n2.org\/blogs\/Elarpadenoe\/.\",\"meta\":{\"artist\":\"http:\/\/d2n2.org\/blogs\/Elarpadenoe\/\",\"length_formatted\":\"2:58\"},\"image\":{\"src\":\"https:\/\/d2n2.org\/blogs\/Elarpadenoe\/wp-includes\/images\/media\/audio.svg\",\"width\":48,\"height\":64},\"thumb\":{\"src\":\"https:\/\/d2n2.org\/blogs\/Elarpadenoe\/wp-includes\/images\/media\/audio.svg\",\"width\":48,\"height\":64}},{\"src\":\"https:\/\/d2n2.org\/blogs\/Elarpadenoe\/wp-content\/uploads\/2017\/06\/ADORACION.mp3\",\"type\":\"audio\/mpeg\",\"title\":\"ADORACION\",\"caption\":\"\",\"description\":\"\\\"ADORACION\\\" en http:\/\/www.d2n2.org\/blogs\/Elarpadenoe\/.\",\"meta\":{\"artist\":\"http:\/\/www.d2n2.org\/blogs\/Elarpadenoe\/\",\"length_formatted\":\"2:25\"},\"image\":{\"src\":\"https:\/\/d2n2.org\/blogs\/Elarpadenoe\/wp-includes\/images\/media\/audio.svg\",\"width\":48,\"height\":64},\"thumb\":{\"src\":\"https:\/\/d2n2.org\/blogs\/Elarpadenoe\/wp-includes\/images\/media\/audio.svg\",\"width\":48,\"height\":64}},{\"src\":\"https:\/\/d2n2.org\/blogs\/Elarpadenoe\/wp-content\/uploads\/2017\/06\/SURGIR\\u00c1-UN-MUNDO-NUEVO.mp3\",\"type\":\"audio\/mpeg\",\"title\":\"SURGIR\\u00c1 UN MUNDO NUEVO\",\"caption\":\"\",\"description\":\"\\\"SURGIR\\u00c1 UN MUNDO NUEVO\\\" en http:\/\/d2n2.org\/blogs\/Elarpadenoe\/.\",\"meta\":{\"artist\":\"http:\/\/d2n2.org\/blogs\/Elarpadenoe\/\",\"length_formatted\":\"3:11\"},\"image\":{\"src\":\"https:\/\/d2n2.org\/blogs\/Elarpadenoe\/wp-includes\/images\/media\/audio.svg\",\"width\":48,\"height\":64},\"thumb\":{\"src\":\"https:\/\/d2n2.org\/blogs\/Elarpadenoe\/wp-includes\/images\/media\/audio.svg\",\"width\":48,\"height\":64}},{\"src\":\"https:\/\/d2n2.org\/blogs\/Elarpadenoe\/wp-content\/uploads\/2017\/06\/LA-FARSA.mp3\",\"type\":\"audio\/mpeg\",\"title\":\"LA FARSA\",\"caption\":\"\",\"description\":\"\\\"LA FARSA\\\" en d2n2.org\/blogs\/Elarpadenoe\/.\",\"meta\":{\"artist\":\"d2n2.org\/blogs\/Elarpadenoe\/\",\"length_formatted\":\"4:10\"},\"image\":{\"src\":\"https:\/\/d2n2.org\/blogs\/Elarpadenoe\/wp-includes\/images\/media\/audio.svg\",\"width\":48,\"height\":64},\"thumb\":{\"src\":\"https:\/\/d2n2.org\/blogs\/Elarpadenoe\/wp-includes\/images\/media\/audio.svg\",\"width\":48,\"height\":64}},{\"src\":\"https:\/\/d2n2.org\/blogs\/Elarpadenoe\/wp-content\/uploads\/2017\/06\/AL-SE\\u00d1OR-CANTAD.mp3\",\"type\":\"audio\/mpeg\",\"title\":\"AL SE\\u00d1OR CANTAD\",\"caption\":\"\",\"description\":\"\\\"AL SE\\u00d1OR CANTAD\\\" en http:\/\/www.d2n2.org\/blogs\/Elarpadenoe\/.\",\"meta\":{\"artist\":\"http:\/\/www.d2n2.org\/blogs\/Elarpadenoe\/\",\"length_formatted\":\"2:59\"},\"image\":{\"src\":\"https:\/\/d2n2.org\/blogs\/Elarpadenoe\/wp-includes\/images\/media\/audio.svg\",\"width\":48,\"height\":64},\"thumb\":{\"src\":\"https:\/\/d2n2.org\/blogs\/Elarpadenoe\/wp-includes\/images\/media\/audio.svg\",\"width\":48,\"height\":64}},{\"src\":\"https:\/\/d2n2.org\/blogs\/Elarpadenoe\/wp-content\/uploads\/2017\/06\/PADRE-NUESTRO-GALLEGO.mp3\",\"type\":\"audio\/mpeg\",\"title\":\"PADRE NUESTRO GALLEGO\",\"caption\":\"\",\"description\":\"\\\"PADRE NUESTRO GALLEGO\\\" en d2n2.org\/blogs\/Elarpadenoe\/.\",\"meta\":{\"artist\":\"d2n2.org\/blogs\/Elarpadenoe\/\",\"length_formatted\":\"4:03\"},\"image\":{\"src\":\"https:\/\/d2n2.org\/blogs\/Elarpadenoe\/wp-includes\/images\/media\/audio.svg\",\"width\":48,\"height\":64},\"thumb\":{\"src\":\"https:\/\/d2n2.org\/blogs\/Elarpadenoe\/wp-includes\/images\/media\/audio.svg\",\"width\":48,\"height\":64}},{\"src\":\"https:\/\/d2n2.org\/blogs\/Elarpadenoe\/wp-content\/uploads\/2017\/06\/Id-y-anunciad.mp3\",\"type\":\"audio\/mpeg\",\"title\":\"Id y anunciad\",\"caption\":\"\",\"description\":\"\\\"Id y anunciad\\\" en http:\/\/d2n2.org\/blogs\/Elarpadenoe\/.\",\"meta\":{\"artist\":\"http:\/\/d2n2.org\/blogs\/Elarpadenoe\/\",\"length_formatted\":\"1:51\"},\"image\":{\"src\":\"https:\/\/d2n2.org\/blogs\/Elarpadenoe\/wp-includes\/images\/media\/audio.svg\",\"width\":48,\"height\":64},\"thumb\":{\"src\":\"https:\/\/d2n2.org\/blogs\/Elarpadenoe\/wp-includes\/images\/media\/audio.svg\",\"width\":48,\"height\":64}},{\"src\":\"https:\/\/d2n2.org\/blogs\/Elarpadenoe\/wp-content\/uploads\/2017\/06\/Dios-amigo-y-compa\\u00f1ero.mp3\",\"type\":\"audio\/mpeg\",\"title\":\"Dios amigo y compa\\u00f1ero\",\"caption\":\"\",\"description\":\"\\\"Dios amigo y compa\\u00f1ero\\\" en http:\/\/www.d2n2.org\/blogs\/Elarpadenoe\/.\",\"meta\":{\"artist\":\"http:\/\/www.d2n2.org\/blogs\/Elarpadenoe\/\",\"length_formatted\":\"3:34\"},\"image\":{\"src\":\"https:\/\/d2n2.org\/blogs\/Elarpadenoe\/wp-includes\/images\/media\/audio.svg\",\"width\":48,\"height\":64},\"thumb\":{\"src\":\"https:\/\/d2n2.org\/blogs\/Elarpadenoe\/wp-includes\/images\/media\/audio.svg\",\"width\":48,\"height\":64}},{\"src\":\"https:\/\/d2n2.org\/blogs\/Elarpadenoe\/wp-content\/uploads\/2017\/06\/DE-NOCHE-IREMOS.mp3\",\"type\":\"audio\/mpeg\",\"title\":\"DE NOCHE IREMOS\",\"caption\":\"\",\"description\":\"\\\"DE NOCHE IREMOS\\\" en http:\/\/d2n2.org\/blogs\/Elarpadenoe.\",\"meta\":{\"artist\":\"http:\/\/d2n2.org\/blogs\/Elarpadenoe\",\"length_formatted\":\"3:29\"},\"image\":{\"src\":\"https:\/\/d2n2.org\/blogs\/Elarpadenoe\/wp-includes\/images\/media\/audio.svg\",\"width\":48,\"height\":64},\"thumb\":{\"src\":\"https:\/\/d2n2.org\/blogs\/Elarpadenoe\/wp-includes\/images\/media\/audio.svg\",\"width\":48,\"height\":64}},{\"src\":\"https:\/\/d2n2.org\/blogs\/Elarpadenoe\/wp-content\/uploads\/2017\/06\/SOMOS-CAMINO.mp3\",\"type\":\"audio\/mpeg\",\"title\":\"SOMOS CAMINO\",\"caption\":\"\",\"description\":\"\\\"SOMOS CAMINO\\\" en http:\/\/d2n2.org\/blogs\/Elarpadenoe\/.\",\"meta\":{\"artist\":\"http:\/\/d2n2.org\/blogs\/Elarpadenoe\/\",\"length_formatted\":\"3:44\"},\"image\":{\"src\":\"https:\/\/d2n2.org\/blogs\/Elarpadenoe\/wp-includes\/images\/media\/audio.svg\",\"width\":48,\"height\":64},\"thumb\":{\"src\":\"https:\/\/d2n2.org\/blogs\/Elarpadenoe\/wp-includes\/images\/media\/audio.svg\",\"width\":48,\"height\":64}},{\"src\":\"https:\/\/d2n2.org\/blogs\/Elarpadenoe\/wp-content\/uploads\/2017\/06\/ORACION-DEL-POBRE.mp3\",\"type\":\"audio\/mpeg\",\"title\":\"ORACION DEL POBRE\",\"caption\":\"\",\"description\":\"\\\"ORACION DEL POBRE\\\" en http:\/\/d2n2.org\/blogs\/Elarpadenoe\/.\",\"meta\":{\"artist\":\"http:\/\/d2n2.org\/blogs\/Elarpadenoe\/\",\"length_formatted\":\"4:29\"},\"image\":{\"src\":\"https:\/\/d2n2.org\/blogs\/Elarpadenoe\/wp-includes\/images\/media\/audio.svg\",\"width\":48,\"height\":64},\"thumb\":{\"src\":\"https:\/\/d2n2.org\/blogs\/Elarpadenoe\/wp-includes\/images\/media\/audio.svg\",\"width\":48,\"height\":64}},{\"src\":\"https:\/\/d2n2.org\/blogs\/Elarpadenoe\/wp-content\/uploads\/2017\/06\/VIVE-JES\\u00daS-EL-SE\\u00d1OR.mp3\",\"type\":\"audio\/mpeg\",\"title\":\"VIVE JES\\u00daS EL SE\\u00d1OR\",\"caption\":\"\",\"description\":\"\\\"VIVE JES\\u00daS EL SE\\u00d1OR\\\" en http:\/\/d2n2.org\/blogs\/Elarpadenoe\/.\",\"meta\":{\"artist\":\"http:\/\/d2n2.org\/blogs\/Elarpadenoe\/\",\"length_formatted\":\"3:12\"},\"image\":{\"src\":\"https:\/\/d2n2.org\/blogs\/Elarpadenoe\/wp-includes\/images\/media\/audio.svg\",\"width\":48,\"height\":64},\"thumb\":{\"src\":\"https:\/\/d2n2.org\/blogs\/Elarpadenoe\/wp-includes\/images\/media\/audio.svg\",\"width\":48,\"height\":64}},{\"src\":\"https:\/\/d2n2.org\/blogs\/Elarpadenoe\/wp-content\/uploads\/2017\/06\/YO-NO-SOY-NADA.mp3\",\"type\":\"audio\/mpeg\",\"title\":\"YO NO SOY NADA\",\"caption\":\"\",\"description\":\"\\\"YO NO SOY NADA\\\" en http:\/\/d2n2.org\/blogs\/Elarpadenoe\/.\",\"meta\":{\"artist\":\"http:\/\/d2n2.org\/blogs\/Elarpadenoe\/\",\"length_formatted\":\"2:47\"},\"image\":{\"src\":\"https:\/\/d2n2.org\/blogs\/Elarpadenoe\/wp-includes\/images\/media\/audio.svg\",\"width\":48,\"height\":64},\"thumb\":{\"src\":\"https:\/\/d2n2.org\/blogs\/Elarpadenoe\/wp-includes\/images\/media\/audio.svg\",\"width\":48,\"height\":64}},{\"src\":\"https:\/\/d2n2.org\/blogs\/Elarpadenoe\/wp-content\/uploads\/2017\/06\/TU-ERES-DEL-MUNDO-LA-LUZ.mp3\",\"type\":\"audio\/mpeg\",\"title\":\"TU ERES DEL MUNDO LA LUZ\",\"caption\":\"\",\"description\":\"\\\"TU ERES DEL MUNDO LA LUZ\\\" en http:\/\/d2n2.org\/blogs\/Elarpadenoe\/.\",\"meta\":{\"artist\":\"http:\/\/d2n2.org\/blogs\/Elarpadenoe\/\",\"length_formatted\":\"3:03\"},\"image\":{\"src\":\"https:\/\/d2n2.org\/blogs\/Elarpadenoe\/wp-includes\/images\/media\/audio.svg\",\"width\":48,\"height\":64},\"thumb\":{\"src\":\"https:\/\/d2n2.org\/blogs\/Elarpadenoe\/wp-includes\/images\/media\/audio.svg\",\"width\":48,\"height\":64}},{\"src\":\"https:\/\/d2n2.org\/blogs\/Elarpadenoe\/wp-content\/uploads\/2017\/06\/GLORIA-A-DIOS.mp3\",\"type\":\"audio\/mpeg\",\"title\":\"GLORIA A DIOS\",\"caption\":\"\",\"description\":\"\\\"GLORIA A DIOS\\\" en http:\/\/d2n2.org\/blogs\/Elarpadenoe\/.\",\"meta\":{\"artist\":\"http:\/\/d2n2.org\/blogs\/Elarpadenoe\/\",\"length_formatted\":\"3:44\"},\"image\":{\"src\":\"https:\/\/d2n2.org\/blogs\/Elarpadenoe\/wp-includes\/images\/media\/audio.svg\",\"width\":48,\"height\":64},\"thumb\":{\"src\":\"https:\/\/d2n2.org\/blogs\/Elarpadenoe\/wp-includes\/images\/media\/audio.svg\",\"width\":48,\"height\":64}},{\"src\":\"https:\/\/d2n2.org\/blogs\/Elarpadenoe\/wp-content\/uploads\/2017\/06\/CRISTO.mp3\",\"type\":\"audio\/mpeg\",\"title\":\"CRISTO\",\"caption\":\"\",\"description\":\"\\\"CRISTO\\\" en http:\/\/d2n2.org\/blogs\/Elarpadenoe\/.\",\"meta\":{\"artist\":\"http:\/\/d2n2.org\/blogs\/Elarpadenoe\/\",\"length_formatted\":\"2:51\"},\"image\":{\"src\":\"https:\/\/d2n2.org\/blogs\/Elarpadenoe\/wp-includes\/images\/media\/audio.svg\",\"width\":48,\"height\":64},\"thumb\":{\"src\":\"https:\/\/d2n2.org\/blogs\/Elarpadenoe\/wp-includes\/images\/media\/audio.svg\",\"width\":48,\"height\":64}},{\"src\":\"https:\/\/d2n2.org\/blogs\/Elarpadenoe\/wp-content\/uploads\/2017\/06\/QUE-ALGUIEN-D\\u00c9-LA-CARA.mp3\",\"type\":\"audio\/mpeg\",\"title\":\"QUE ALGUIEN D\\u00c9 LA CARA\",\"caption\":\"\",\"description\":\"\\\"QUE ALGUIEN D\\u00c9 LA CARA\\\" en http:\/\/d2n2.org\/blogs\/Elarpadenoe\/.\",\"meta\":{\"artist\":\"http:\/\/d2n2.org\/blogs\/Elarpadenoe\/\",\"length_formatted\":\"2:27\"},\"image\":{\"src\":\"https:\/\/d2n2.org\/blogs\/Elarpadenoe\/wp-includes\/images\/media\/audio.svg\",\"width\":48,\"height\":64},\"thumb\":{\"src\":\"https:\/\/d2n2.org\/blogs\/Elarpadenoe\/wp-includes\/images\/media\/audio.svg\",\"width\":48,\"height\":64}},{\"src\":\"https:\/\/d2n2.org\/blogs\/Elarpadenoe\/wp-content\/uploads\/2017\/06\/EL-PEREGRINO.mp3\",\"type\":\"audio\/mpeg\",\"title\":\"EL PEREGRINO\",\"caption\":\"\",\"description\":\"\\\"EL PEREGRINO\\\" en http:\/\/d2n2.org\/blogs\/Elarpadenoe\/.\",\"meta\":{\"artist\":\"http:\/\/d2n2.org\/blogs\/Elarpadenoe\/\",\"length_formatted\":\"4:39\"},\"image\":{\"src\":\"https:\/\/d2n2.org\/blogs\/Elarpadenoe\/wp-includes\/images\/media\/audio.svg\",\"width\":48,\"height\":64},\"thumb\":{\"src\":\"https:\/\/d2n2.org\/blogs\/Elarpadenoe\/wp-includes\/images\/media\/audio.svg\",\"width\":48,\"height\":64}},{\"src\":\"https:\/\/d2n2.org\/blogs\/Elarpadenoe\/wp-content\/uploads\/2017\/06\/LA-VISITACI\\u00d3N.mp3\",\"type\":\"audio\/mpeg\",\"title\":\"LA VISITACI\\u00d3N\",\"caption\":\"\",\"description\":\"\\\"LA VISITACI\\u00d3N\\\" en http:\/\/d2n2.org\/blogs\/Elarpadenoe\/.\",\"meta\":{\"artist\":\"http:\/\/d2n2.org\/blogs\/Elarpadenoe\/\",\"length_formatted\":\"3:31\"},\"image\":{\"src\":\"https:\/\/d2n2.org\/blogs\/Elarpadenoe\/wp-includes\/images\/media\/audio.svg\",\"width\":48,\"height\":64},\"thumb\":{\"src\":\"https:\/\/d2n2.org\/blogs\/Elarpadenoe\/wp-includes\/images\/media\/audio.svg\",\"width\":48,\"height\":64}},{\"src\":\"https:\/\/d2n2.org\/blogs\/Elarpadenoe\/wp-content\/uploads\/2017\/06\/Es-Amor.mp3\",\"type\":\"audio\/mpeg\",\"title\":\"Concierto de San Matias 2\",\"caption\":\"\",\"description\":\"\\\"Concierto de San Matias 2\\\" en D2N2.\",\"meta\":{\"artist\":\"D2N2\",\"length_formatted\":\"3:38\"},\"image\":{\"src\":\"https:\/\/d2n2.org\/blogs\/Elarpadenoe\/wp-includes\/images\/media\/audio.svg\",\"width\":48,\"height\":64},\"thumb\":{\"src\":\"https:\/\/d2n2.org\/blogs\/Elarpadenoe\/wp-includes\/images\/media\/audio.svg\",\"width\":48,\"height\":64}},{\"src\":\"https:\/\/d2n2.org\/blogs\/Elarpadenoe\/wp-content\/uploads\/2017\/06\/TEN-PIEDAD-OYENOS.mp3\",\"type\":\"audio\/mpeg\",\"title\":\"TEN PIEDAD OYENOS\",\"caption\":\"\",\"description\":\"\\\"TEN PIEDAD OYENOS\\\" en http:\/\/d2n2.org\/blogs\/Elarpadenoe\/.\",\"meta\":{\"artist\":\"http:\/\/d2n2.org\/blogs\/Elarpadenoe\/\",\"length_formatted\":\"3:11\"},\"image\":{\"src\":\"https:\/\/d2n2.org\/blogs\/Elarpadenoe\/wp-includes\/images\/media\/audio.svg\",\"width\":48,\"height\":64},\"thumb\":{\"src\":\"https:\/\/d2n2.org\/blogs\/Elarpadenoe\/wp-includes\/images\/media\/audio.svg\",\"width\":48,\"height\":64}},{\"src\":\"https:\/\/d2n2.org\/blogs\/Elarpadenoe\/wp-content\/uploads\/2017\/06\/HABLAME.mp3\",\"type\":\"audio\/mpeg\",\"title\":\"HABLAME\",\"caption\":\"\",\"description\":\"\\\"HABLAME\\\" en http:\/\/d2n2.org\/blogs\/Elarpadenoe\/.\",\"meta\":{\"artist\":\"http:\/\/d2n2.org\/blogs\/Elarpadenoe\/\",\"length_formatted\":\"3:21\"},\"image\":{\"src\":\"https:\/\/d2n2.org\/blogs\/Elarpadenoe\/wp-includes\/images\/media\/audio.svg\",\"width\":48,\"height\":64},\"thumb\":{\"src\":\"https:\/\/d2n2.org\/blogs\/Elarpadenoe\/wp-includes\/images\/media\/audio.svg\",\"width\":48,\"height\":64}},{\"src\":\"https:\/\/d2n2.org\/blogs\/Elarpadenoe\/wp-content\/uploads\/2017\/06\/VOLVERA.mp3\",\"type\":\"audio\/mpeg\",\"title\":\"VOLVERA\",\"caption\":\"\",\"description\":\"\\\"VOLVERA\\\" en http:\/\/www.d2n2.org\/blogs\/Elarpadenoe\/.\",\"meta\":{\"artist\":\"http:\/\/www.d2n2.org\/blogs\/Elarpadenoe\/\",\"length_formatted\":\"4:14\"},\"image\":{\"src\":\"https:\/\/d2n2.org\/blogs\/Elarpadenoe\/wp-includes\/images\/media\/audio.svg\",\"width\":48,\"height\":64},\"thumb\":{\"src\":\"https:\/\/d2n2.org\/blogs\/Elarpadenoe\/wp-includes\/images\/media\/audio.svg\",\"width\":48,\"height\":64}},{\"src\":\"https:\/\/d2n2.org\/blogs\/Elarpadenoe\/wp-content\/uploads\/2017\/06\/OH-POBREZA.mp3\",\"type\":\"audio\/mpeg\",\"title\":\"OH POBREZA\",\"caption\":\"\",\"description\":\"\\\"OH POBREZA\\\" en http:\/\/d2n2.org\/blogs\/Elarpadenoe\/.\",\"meta\":{\"artist\":\"http:\/\/d2n2.org\/blogs\/Elarpadenoe\/\",\"length_formatted\":\"1:34\"},\"image\":{\"src\":\"https:\/\/d2n2.org\/blogs\/Elarpadenoe\/wp-includes\/images\/media\/audio.svg\",\"width\":48,\"height\":64},\"thumb\":{\"src\":\"https:\/\/d2n2.org\/blogs\/Elarpadenoe\/wp-includes\/images\/media\/audio.svg\",\"width\":48,\"height\":64}},{\"src\":\"https:\/\/d2n2.org\/blogs\/Elarpadenoe\/wp-content\/uploads\/2017\/06\/UN-NUEVO-SITIO-DISPONED.mp3\",\"type\":\"audio\/mpeg\",\"title\":\"UN NUEVO SITIO DISPONED\",\"caption\":\"\",\"description\":\"\\\"UN NUEVO SITIO DISPONED\\\" en http:\/\/www.d2n2.org\/blogs\/Elarpadenoe\/.\",\"meta\":{\"artist\":\"http:\/\/www.d2n2.org\/blogs\/Elarpadenoe\/\",\"length_formatted\":\"3:35\"},\"image\":{\"src\":\"https:\/\/d2n2.org\/blogs\/Elarpadenoe\/wp-includes\/images\/media\/audio.svg\",\"width\":48,\"height\":64},\"thumb\":{\"src\":\"https:\/\/d2n2.org\/blogs\/Elarpadenoe\/wp-includes\/images\/media\/audio.svg\",\"width\":48,\"height\":64}},{\"src\":\"https:\/\/d2n2.org\/blogs\/Elarpadenoe\/wp-content\/uploads\/2017\/06\/TAN-CERCA-DE-M\\u00cd.mp3\",\"type\":\"audio\/mpeg\",\"title\":\"TAN CERCA DE M\\u00cd\",\"caption\":\"\",\"description\":\"\\\"TAN CERCA DE M\\u00cd\\\" en http:\/\/d2n2.org\/blogs\/Elarpadenoe\/.\",\"meta\":{\"artist\":\"http:\/\/d2n2.org\/blogs\/Elarpadenoe\/\",\"length_formatted\":\"2:17\"},\"image\":{\"src\":\"https:\/\/d2n2.org\/blogs\/Elarpadenoe\/wp-includes\/images\/media\/audio.svg\",\"width\":48,\"height\":64},\"thumb\":{\"src\":\"https:\/\/d2n2.org\/blogs\/Elarpadenoe\/wp-includes\/images\/media\/audio.svg\",\"width\":48,\"height\":64}},{\"src\":\"https:\/\/d2n2.org\/blogs\/Elarpadenoe\/wp-content\/uploads\/2017\/06\/VAMOS-TODOS-JUNTOS.mp3\",\"type\":\"audio\/mpeg\",\"title\":\"VAMOS TODOS JUNTOS\",\"caption\":\"\",\"description\":\"\\\"VAMOS TODOS JUNTOS\\\" en http:\/\/d2n2.org\/blogs\/Elarpadenoe\/.\",\"meta\":{\"artist\":\"http:\/\/d2n2.org\/blogs\/Elarpadenoe\/\",\"length_formatted\":\"2:16\"},\"image\":{\"src\":\"https:\/\/d2n2.org\/blogs\/Elarpadenoe\/wp-includes\/images\/media\/audio.svg\",\"width\":48,\"height\":64},\"thumb\":{\"src\":\"https:\/\/d2n2.org\/blogs\/Elarpadenoe\/wp-includes\/images\/media\/audio.svg\",\"width\":48,\"height\":64}},{\"src\":\"https:\/\/d2n2.org\/blogs\/Elarpadenoe\/wp-content\/uploads\/2017\/06\/JESUCRISTO.mp3\",\"type\":\"audio\/mpeg\",\"title\":\"JESUCRISTO\",\"caption\":\"\",\"description\":\"\\\"JESUCRISTO\\\" en http:\/\/d2n2.org\/blogs\/Elarpadenoe\/.\",\"meta\":{\"artist\":\"http:\/\/d2n2.org\/blogs\/Elarpadenoe\/\",\"length_formatted\":\"3:26\"},\"image\":{\"src\":\"https:\/\/d2n2.org\/blogs\/Elarpadenoe\/wp-includes\/images\/media\/audio.svg\",\"width\":48,\"height\":64},\"thumb\":{\"src\":\"https:\/\/d2n2.org\/blogs\/Elarpadenoe\/wp-includes\/images\/media\/audio.svg\",\"width\":48,\"height\":64}},{\"src\":\"https:\/\/d2n2.org\/blogs\/Elarpadenoe\/wp-content\/uploads\/2017\/06\/ENSE\\u00d1ANOS-A-ORAR.mp3\",\"type\":\"audio\/mpeg\",\"title\":\"ENSE\\u00d1ANOS A ORAR\",\"caption\":\"\",\"description\":\"\\\"ENSE\\u00d1ANOS A ORAR\\\" en http:\/\/d2n2.org\/blogs\/Elarpadenoe\/.\",\"meta\":{\"artist\":\"http:\/\/d2n2.org\/blogs\/Elarpadenoe\/\",\"length_formatted\":\"2:29\"},\"image\":{\"src\":\"https:\/\/d2n2.org\/blogs\/Elarpadenoe\/wp-includes\/images\/media\/audio.svg\",\"width\":48,\"height\":64},\"thumb\":{\"src\":\"https:\/\/d2n2.org\/blogs\/Elarpadenoe\/wp-includes\/images\/media\/audio.svg\",\"width\":48,\"height\":64}},{\"src\":\"https:\/\/d2n2.org\/blogs\/Elarpadenoe\/wp-content\/uploads\/2017\/06\/TOMAME.mp3\",\"type\":\"audio\/mpeg\",\"title\":\"TOMAME\",\"caption\":\"\",\"description\":\"\\\"TOMAME\\\" en http:\/\/d2n2.org\/blogs\/Elarpadenoe\/.\",\"meta\":{\"artist\":\"http:\/\/d2n2.org\/blogs\/Elarpadenoe\/\",\"length_formatted\":\"3:02\"},\"image\":{\"src\":\"https:\/\/d2n2.org\/blogs\/Elarpadenoe\/wp-includes\/images\/media\/audio.svg\",\"width\":48,\"height\":64},\"thumb\":{\"src\":\"https:\/\/d2n2.org\/blogs\/Elarpadenoe\/wp-includes\/images\/media\/audio.svg\",\"width\":48,\"height\":64}},{\"src\":\"https:\/\/d2n2.org\/blogs\/Elarpadenoe\/wp-content\/uploads\/2017\/06\/CRISTO-TE-NECESITAMOS.mp3\",\"type\":\"audio\/mpeg\",\"title\":\"CRISTO TE NECESITAMOS\",\"caption\":\"\",\"description\":\"\\\"CRISTO TE NECESITAMOS\\\" en http:\/\/d2n2.org\/blogs\/Elarpadenoe\/.\",\"meta\":{\"artist\":\"http:\/\/d2n2.org\/blogs\/Elarpadenoe\/\",\"length_formatted\":\"3:01\"},\"image\":{\"src\":\"https:\/\/d2n2.org\/blogs\/Elarpadenoe\/wp-includes\/images\/media\/audio.svg\",\"width\":48,\"height\":64},\"thumb\":{\"src\":\"https:\/\/d2n2.org\/blogs\/Elarpadenoe\/wp-includes\/images\/media\/audio.svg\",\"width\":48,\"height\":64}},{\"src\":\"https:\/\/d2n2.org\/blogs\/Elarpadenoe\/wp-content\/uploads\/2017\/06\/REFLEXIONA.mp3\",\"type\":\"audio\/mpeg\",\"title\":\"REFLEXIONA\",\"caption\":\"\",\"description\":\"\\\"REFLEXIONA\\\" en http:\/\/d2n2.org\/blogs\/Elarpadenoe\/.\",\"meta\":{\"artist\":\"http:\/\/d2n2.org\/blogs\/Elarpadenoe\/\",\"length_formatted\":\"4:19\"},\"image\":{\"src\":\"https:\/\/d2n2.org\/blogs\/Elarpadenoe\/wp-includes\/images\/media\/audio.svg\",\"width\":48,\"height\":64},\"thumb\":{\"src\":\"https:\/\/d2n2.org\/blogs\/Elarpadenoe\/wp-includes\/images\/media\/audio.svg\",\"width\":48,\"height\":64}},{\"src\":\"https:\/\/d2n2.org\/blogs\/Elarpadenoe\/wp-content\/uploads\/2017\/05\/ABRE-EL-HORIZONTE.mp3\",\"type\":\"audio\/mpeg\",\"title\":\"ABRE EL HORIZONTE\",\"caption\":\"\",\"description\":\"\\\"ABRE EL HORIZONTE\\\" en http:\/\/d2n2.org\/blogs\/Elarpadenoe\/.\",\"meta\":{\"artist\":\"http:\/\/d2n2.org\/blogs\/Elarpadenoe\/\",\"length_formatted\":\"6:22\"},\"image\":{\"src\":\"https:\/\/d2n2.org\/blogs\/Elarpadenoe\/wp-includes\/images\/media\/audio.svg\",\"width\":48,\"height\":64},\"thumb\":{\"src\":\"https:\/\/d2n2.org\/blogs\/Elarpadenoe\/wp-includes\/images\/media\/audio.svg\",\"width\":48,\"height\":64}},{\"src\":\"https:\/\/d2n2.org\/blogs\/Elarpadenoe\/wp-content\/uploads\/2017\/05\/en-comunidad-resucitamos.mp3\",\"type\":\"audio\/mpeg\",\"title\":\"en comunidad resucitamos\",\"caption\":\"\",\"description\":\"\\\"en comunidad resucitamos\\\".\",\"meta\":{\"length_formatted\":\"4:16\"},\"image\":{\"src\":\"https:\/\/d2n2.org\/blogs\/Elarpadenoe\/wp-includes\/images\/media\/audio.svg\",\"width\":48,\"height\":64},\"thumb\":{\"src\":\"https:\/\/d2n2.org\/blogs\/Elarpadenoe\/wp-includes\/images\/media\/audio.svg\",\"width\":48,\"height\":64}},{\"src\":\"https:\/\/d2n2.org\/blogs\/Elarpadenoe\/wp-content\/uploads\/2017\/05\/Como-tus-brazos.mp3\",\"type\":\"audio\/mpeg\",\"title\":\"Como tus brazos\",\"caption\":\"\",\"description\":\"\\\"Como tus brazos\\\" en http:\/\/d2n2.org\/blogs\/Elarpadenoe\/.\",\"meta\":{\"artist\":\"http:\/\/d2n2.org\/blogs\/Elarpadenoe\/\",\"length_formatted\":\"1:34\"},\"image\":{\"src\":\"https:\/\/d2n2.org\/blogs\/Elarpadenoe\/wp-includes\/images\/media\/audio.svg\",\"width\":48,\"height\":64},\"thumb\":{\"src\":\"https:\/\/d2n2.org\/blogs\/Elarpadenoe\/wp-includes\/images\/media\/audio.svg\",\"width\":48,\"height\":64}},{\"src\":\"https:\/\/d2n2.org\/blogs\/Elarpadenoe\/wp-content\/uploads\/2017\/05\/Busco-tu-presencia.mp3\",\"type\":\"audio\/mpeg\",\"title\":\"Busco tu presencia\",\"caption\":\"\",\"description\":\"\\\"Busco tu presencia\\\" en http:\/\/d2n2.org\/blogs\/Elarpadenoe\/.\",\"meta\":{\"artist\":\"http:\/\/d2n2.org\/blogs\/Elarpadenoe\/\",\"length_formatted\":\"4:05\"},\"image\":{\"src\":\"https:\/\/d2n2.org\/blogs\/Elarpadenoe\/wp-includes\/images\/media\/audio.svg\",\"width\":48,\"height\":64},\"thumb\":{\"src\":\"https:\/\/d2n2.org\/blogs\/Elarpadenoe\/wp-includes\/images\/media\/audio.svg\",\"width\":48,\"height\":64}},{\"src\":\"https:\/\/d2n2.org\/blogs\/Elarpadenoe\/wp-content\/uploads\/2017\/05\/Aleluya-Gloria-Aleluya.mp3\",\"type\":\"audio\/mpeg\",\"title\":\"Aleluya Gloria Aleluya\",\"caption\":\"\",\"description\":\"\\\"Aleluya Gloria Aleluya\\\" en http:\/\/d2n2.org\/blogs\/Elarpadenoe\/.\",\"meta\":{\"artist\":\"http:\/\/d2n2.org\/blogs\/Elarpadenoe\/\",\"length_formatted\":\"0:55\"},\"image\":{\"src\":\"https:\/\/d2n2.org\/blogs\/Elarpadenoe\/wp-includes\/images\/media\/audio.svg\",\"width\":48,\"height\":64},\"thumb\":{\"src\":\"https:\/\/d2n2.org\/blogs\/Elarpadenoe\/wp-includes\/images\/media\/audio.svg\",\"width\":48,\"height\":64}},{\"src\":\"https:\/\/d2n2.org\/blogs\/Elarpadenoe\/wp-content\/uploads\/2017\/05\/Una-cruz-como-equipaje.mp3\",\"type\":\"audio\/mpeg\",\"title\":\"Una cruz como equipaje\",\"caption\":\"\",\"description\":\"\\\"Una cruz como equipaje\\\" en d2n2.org\/blogs\/Elarpadenoe.\",\"meta\":{\"artist\":\"d2n2.org\/blogs\/Elarpadenoe\",\"length_formatted\":\"2:09\"},\"image\":{\"src\":\"https:\/\/d2n2.org\/blogs\/Elarpadenoe\/wp-includes\/images\/media\/audio.svg\",\"width\":48,\"height\":64},\"thumb\":{\"src\":\"https:\/\/d2n2.org\/blogs\/Elarpadenoe\/wp-includes\/images\/media\/audio.svg\",\"width\":48,\"height\":64}},{\"src\":\"https:\/\/d2n2.org\/blogs\/Elarpadenoe\/wp-content\/uploads\/2017\/05\/Nacera.mp3\",\"type\":\"audio\/mpeg\",\"title\":\"Nacera\",\"caption\":\"\",\"description\":\"\\\"Nacera\\\" en d2n2.org\/blogs\/Elarpadenoe.\",\"meta\":{\"artist\":\"d2n2.org\/blogs\/Elarpadenoe\",\"length_formatted\":\"2:34\"},\"image\":{\"src\":\"https:\/\/d2n2.org\/blogs\/Elarpadenoe\/wp-includes\/images\/media\/audio.svg\",\"width\":48,\"height\":64},\"thumb\":{\"src\":\"https:\/\/d2n2.org\/blogs\/Elarpadenoe\/wp-includes\/images\/media\/audio.svg\",\"width\":48,\"height\":64}},{\"src\":\"https:\/\/d2n2.org\/blogs\/Elarpadenoe\/wp-content\/uploads\/2017\/05\/Preparad-el-camino-al-se\\u00f1or.mp3\",\"type\":\"audio\/mpeg\",\"title\":\"Preparad el camino al se\\u00f1or\",\"caption\":\"\",\"description\":\"\\\"Preparad el camino al se\\u00f1or\\\" en d2n2.org\/blogs\/Elarpadenoe.\",\"meta\":{\"artist\":\"d2n2.org\/blogs\/Elarpadenoe\",\"length_formatted\":\"1:32\"},\"image\":{\"src\":\"https:\/\/d2n2.org\/blogs\/Elarpadenoe\/wp-includes\/images\/media\/audio.svg\",\"width\":48,\"height\":64},\"thumb\":{\"src\":\"https:\/\/d2n2.org\/blogs\/Elarpadenoe\/wp-includes\/images\/media\/audio.svg\",\"width\":48,\"height\":64}},{\"src\":\"https:\/\/d2n2.org\/blogs\/Elarpadenoe\/wp-content\/uploads\/2017\/05\/Hoy-el-Se\\u00f1or-Resucito.mp3\",\"type\":\"audio\/mpeg\",\"title\":\"Hoy el Se\\u00f1or Resucito\",\"caption\":\"\",\"description\":\"\\\"Hoy el Se\\u00f1or Resucito\\\".\",\"meta\":{\"length_formatted\":\"1:42\"},\"image\":{\"src\":\"https:\/\/d2n2.org\/blogs\/Elarpadenoe\/wp-includes\/images\/media\/audio.svg\",\"width\":48,\"height\":64},\"thumb\":{\"src\":\"https:\/\/d2n2.org\/blogs\/Elarpadenoe\/wp-includes\/images\/media\/audio.svg\",\"width\":48,\"height\":64}},{\"src\":\"https:\/\/d2n2.org\/blogs\/Elarpadenoe\/wp-content\/uploads\/2015\/04\/RMi-dios-esta-vivo.mp3\",\"type\":\"audio\/mpeg\",\"title\":\"[R]Mi dios esta vivo\",\"caption\":\"\",\"description\":\"\\\"[R]Mi dios esta vivo\\\" en d2n2.org\/blogs\/Elarpadenoe\/.\",\"meta\":{\"artist\":\"d2n2.org\/blogs\/Elarpadenoe\/\",\"length_formatted\":\"2:08\"},\"image\":{\"src\":\"https:\/\/d2n2.org\/blogs\/Elarpadenoe\/wp-includes\/images\/media\/audio.svg\",\"width\":48,\"height\":64},\"thumb\":{\"src\":\"https:\/\/d2n2.org\/blogs\/Elarpadenoe\/wp-includes\/images\/media\/audio.svg\",\"width\":48,\"height\":64}},{\"src\":\"https:\/\/d2n2.org\/blogs\/Elarpadenoe\/wp-content\/uploads\/2015\/04\/RComo-fuego-vivo.mp3\",\"type\":\"audio\/mpeg\",\"title\":\"[R]Como fuego vivo\",\"caption\":\"\",\"description\":\"\\\"[R]Como fuego vivo\\\" en d2n2.org\/blogs\/Elarpadenoe.\",\"meta\":{\"artist\":\"d2n2.org\/blogs\/Elarpadenoe\",\"length_formatted\":\"2:21\"},\"image\":{\"src\":\"https:\/\/d2n2.org\/blogs\/Elarpadenoe\/wp-includes\/images\/media\/audio.svg\",\"width\":48,\"height\":64},\"thumb\":{\"src\":\"https:\/\/d2n2.org\/blogs\/Elarpadenoe\/wp-includes\/images\/media\/audio.svg\",\"width\":48,\"height\":64}},{\"src\":\"https:\/\/d2n2.org\/blogs\/Elarpadenoe\/wp-content\/uploads\/2015\/04\/RSupremo-amor.mp3\",\"type\":\"audio\/mpeg\",\"title\":\"[R]Supremo amor\",\"caption\":\"\",\"description\":\"\\\"[R]Supremo amor\\\" en d2n2.org\/blogs\/Elarpadenoe.\",\"meta\":{\"artist\":\"d2n2.org\/blogs\/Elarpadenoe\",\"length_formatted\":\"4:31\"},\"image\":{\"src\":\"https:\/\/d2n2.org\/blogs\/Elarpadenoe\/wp-includes\/images\/media\/audio.svg\",\"width\":48,\"height\":64},\"thumb\":{\"src\":\"https:\/\/d2n2.org\/blogs\/Elarpadenoe\/wp-includes\/images\/media\/audio.svg\",\"width\":48,\"height\":64}},{\"src\":\"https:\/\/d2n2.org\/blogs\/Elarpadenoe\/wp-content\/uploads\/2017\/04\/Jesus-viene.mp3\",\"type\":\"audio\/mpeg\",\"title\":\"Jesus viene\",\"caption\":\"\",\"description\":\"\\\"Jesus viene\\\" en http:\/\/d2n2.org\/blogs\/Elarpadenoe\/.\",\"meta\":{\"artist\":\"http:\/\/d2n2.org\/blogs\/Elarpadenoe\/\",\"length_formatted\":\"1:26\"},\"image\":{\"src\":\"https:\/\/d2n2.org\/blogs\/Elarpadenoe\/wp-includes\/images\/media\/audio.svg\",\"width\":48,\"height\":64},\"thumb\":{\"src\":\"https:\/\/d2n2.org\/blogs\/Elarpadenoe\/wp-includes\/images\/media\/audio.svg\",\"width\":48,\"height\":64}},{\"src\":\"https:\/\/d2n2.org\/blogs\/Elarpadenoe\/wp-content\/uploads\/2017\/04\/Donde-tu-estas.mp3\",\"type\":\"audio\/mpeg\",\"title\":\"Donde tu estas\",\"caption\":\"\",\"description\":\"\\\"Donde tu estas\\\" en http:\/\/d2n2.org\/blogs\/Elarpadenoe\/.\",\"meta\":{\"artist\":\"http:\/\/d2n2.org\/blogs\/Elarpadenoe\/\",\"length_formatted\":\"1:40\"},\"image\":{\"src\":\"https:\/\/d2n2.org\/blogs\/Elarpadenoe\/wp-includes\/images\/media\/audio.svg\",\"width\":48,\"height\":64},\"thumb\":{\"src\":\"https:\/\/d2n2.org\/blogs\/Elarpadenoe\/wp-includes\/images\/media\/audio.svg\",\"width\":48,\"height\":64}},{\"src\":\"https:\/\/d2n2.org\/blogs\/Elarpadenoe\/wp-content\/uploads\/2015\/04\/RVosotros-sereis-mi-pueblo.mp3\",\"type\":\"audio\/mpeg\",\"title\":\"Vosotros sereis mi pueblo\",\"caption\":\"\",\"description\":\"\\\"Vosotros sereis mi pueblo\\\".\",\"meta\":{\"length_formatted\":\"2:35\"},\"image\":{\"src\":\"https:\/\/d2n2.org\/blogs\/Elarpadenoe\/wp-includes\/images\/media\/audio.svg\",\"width\":48,\"height\":64},\"thumb\":{\"src\":\"https:\/\/d2n2.org\/blogs\/Elarpadenoe\/wp-includes\/images\/media\/audio.svg\",\"width\":48,\"height\":64}},{\"src\":\"https:\/\/d2n2.org\/blogs\/Elarpadenoe\/wp-content\/uploads\/2017\/04\/Me-has-seducido-Se\\u00f1or.mp3\",\"type\":\"audio\/mpeg\",\"title\":\"Me has seducido Se\\u00f1or\",\"caption\":\"\",\"description\":\"\\\"Me has seducido Se\\u00f1or\\\".\",\"meta\":{\"length_formatted\":\"4:03\"},\"image\":{\"src\":\"https:\/\/d2n2.org\/blogs\/Elarpadenoe\/wp-includes\/images\/media\/audio.svg\",\"width\":48,\"height\":64},\"thumb\":{\"src\":\"https:\/\/d2n2.org\/blogs\/Elarpadenoe\/wp-includes\/images\/media\/audio.svg\",\"width\":48,\"height\":64}},{\"src\":\"https:\/\/d2n2.org\/blogs\/Elarpadenoe\/wp-content\/uploads\/2017\/04\/Dios-nace-en-la-paz.mp3\",\"type\":\"audio\/mpeg\",\"title\":\"Dios nace en la paz\",\"caption\":\"\",\"description\":\"\\\"Dios nace en la paz\\\" en http:\/\/www.d2n2.org\/blogs\/Elarpadenoe\/.\",\"meta\":{\"artist\":\"http:\/\/www.d2n2.org\/blogs\/Elarpadenoe\/\",\"length_formatted\":\"2:41\"},\"image\":{\"src\":\"https:\/\/d2n2.org\/blogs\/Elarpadenoe\/wp-includes\/images\/media\/audio.svg\",\"width\":48,\"height\":64},\"thumb\":{\"src\":\"https:\/\/d2n2.org\/blogs\/Elarpadenoe\/wp-includes\/images\/media\/audio.svg\",\"width\":48,\"height\":64}},{\"src\":\"https:\/\/d2n2.org\/blogs\/Elarpadenoe\/wp-content\/uploads\/2017\/04\/Todo-esta-bien.mp3\",\"type\":\"audio\/mpeg\",\"title\":\"Todo esta bien\",\"caption\":\"\",\"description\":\"\\\"Todo esta bien\\\".\",\"meta\":{\"length_formatted\":\"2:07\"},\"image\":{\"src\":\"https:\/\/d2n2.org\/blogs\/Elarpadenoe\/wp-includes\/images\/media\/audio.svg\",\"width\":48,\"height\":64},\"thumb\":{\"src\":\"https:\/\/d2n2.org\/blogs\/Elarpadenoe\/wp-includes\/images\/media\/audio.svg\",\"width\":48,\"height\":64}},{\"src\":\"https:\/\/d2n2.org\/blogs\/Elarpadenoe\/wp-content\/uploads\/2017\/04\/Padre-Nuestro-Tengo-miedo.mp3\",\"type\":\"audio\/mpeg\",\"title\":\"Padre Nuestro-Tengo miedo\",\"caption\":\"\",\"description\":\"\\\"Padre Nuestro-Tengo miedo\\\" en http:\/\/www.d2n2.org\/blogs\/Elarpadenoe\/.\",\"meta\":{\"artist\":\"http:\/\/www.d2n2.org\/blogs\/Elarpadenoe\/\",\"length_formatted\":\"3:38\"},\"image\":{\"src\":\"https:\/\/d2n2.org\/blogs\/Elarpadenoe\/wp-includes\/images\/media\/audio.svg\",\"width\":48,\"height\":64},\"thumb\":{\"src\":\"https:\/\/d2n2.org\/blogs\/Elarpadenoe\/wp-includes\/images\/media\/audio.svg\",\"width\":48,\"height\":64}},{\"src\":\"https:\/\/d2n2.org\/blogs\/Elarpadenoe\/wp-content\/uploads\/2017\/04\/Pregon-Pascual.mp3\",\"type\":\"audio\/mpeg\",\"title\":\"Pregon Pascual\",\"caption\":\"\",\"description\":\"\\\"Pregon Pascual\\\" en http:\/\/d2n2.org\/blogs\/Elarpadenoe\/.\",\"meta\":{\"artist\":\"http:\/\/d2n2.org\/blogs\/Elarpadenoe\/\",\"length_formatted\":\"4:44\"},\"image\":{\"src\":\"https:\/\/d2n2.org\/blogs\/Elarpadenoe\/wp-includes\/images\/media\/audio.svg\",\"width\":48,\"height\":64},\"thumb\":{\"src\":\"https:\/\/d2n2.org\/blogs\/Elarpadenoe\/wp-includes\/images\/media\/audio.svg\",\"width\":48,\"height\":64}},{\"src\":\"https:\/\/d2n2.org\/blogs\/Elarpadenoe\/wp-content\/uploads\/2013\/06\/RA-donde-vas.mp3\",\"type\":\"audio\/mpeg\",\"title\":\"A donde vas\",\"caption\":\"\",\"description\":\"\\\"A donde vas\\\".\",\"meta\":{\"length_formatted\":\"2:50\"},\"image\":{\"src\":\"https:\/\/d2n2.org\/blogs\/Elarpadenoe\/wp-includes\/images\/media\/audio.svg\",\"width\":48,\"height\":64},\"thumb\":{\"src\":\"https:\/\/d2n2.org\/blogs\/Elarpadenoe\/wp-includes\/images\/media\/audio.svg\",\"width\":48,\"height\":64}},{\"src\":\"https:\/\/d2n2.org\/blogs\/Elarpadenoe\/wp-content\/uploads\/2016\/04\/RTe-hiciste-pan.mp3\",\"type\":\"audio\/mpeg\",\"title\":\"Te hiciste pan\",\"caption\":\"\",\"description\":\"\\\"Te hiciste pan\\\" en http:\/\/www.d2n2.org\/blogs\/Elarpadenoe\/.\",\"meta\":{\"artist\":\"http:\/\/www.d2n2.org\/blogs\/Elarpadenoe\/\",\"length_formatted\":\"2:41\"},\"image\":{\"src\":\"https:\/\/d2n2.org\/blogs\/Elarpadenoe\/wp-includes\/images\/media\/audio.svg\",\"width\":48,\"height\":64},\"thumb\":{\"src\":\"https:\/\/d2n2.org\/blogs\/Elarpadenoe\/wp-includes\/images\/media\/audio.svg\",\"width\":48,\"height\":64}},{\"src\":\"https:\/\/d2n2.org\/blogs\/Elarpadenoe\/wp-content\/uploads\/2016\/11\/Ven-a-salvar-tu-pueblo.mp3\",\"type\":\"audio\/mpeg\",\"title\":\"ven-a-salvar-tu-pueblo\",\"caption\":\"\",\"description\":\"\\\"ven-a-salvar-tu-pueblo\\\".\",\"meta\":{\"length_formatted\":\"3:11\"},\"image\":{\"src\":\"https:\/\/d2n2.org\/blogs\/Elarpadenoe\/wp-includes\/images\/media\/audio.svg\",\"width\":48,\"height\":64},\"thumb\":{\"src\":\"https:\/\/d2n2.org\/blogs\/Elarpadenoe\/wp-includes\/images\/media\/audio.svg\",\"width\":48,\"height\":64}},{\"src\":\"https:\/\/d2n2.org\/blogs\/Elarpadenoe\/wp-content\/uploads\/2016\/11\/Eres-el-fuego-el-amor.mp3\",\"type\":\"audio\/mpeg\",\"title\":\"eres-el-fuego-el-amor\",\"caption\":\"\",\"description\":\"\\\"eres-el-fuego-el-amor\\\".\",\"meta\":{\"length_formatted\":\"1:58\"},\"image\":{\"src\":\"https:\/\/d2n2.org\/blogs\/Elarpadenoe\/wp-includes\/images\/media\/audio.svg\",\"width\":48,\"height\":64},\"thumb\":{\"src\":\"https:\/\/d2n2.org\/blogs\/Elarpadenoe\/wp-includes\/images\/media\/audio.svg\",\"width\":48,\"height\":64}},{\"src\":\"https:\/\/d2n2.org\/blogs\/Elarpadenoe\/wp-content\/uploads\/2016\/11\/Nada-nos-separar\\u00e1.mp3\",\"type\":\"audio\/mpeg\",\"title\":\"nada-nos-separara\",\"caption\":\"\",\"description\":\"\\\"nada-nos-separara\\\".\",\"meta\":{\"length_formatted\":\"1:37\"},\"image\":{\"src\":\"https:\/\/d2n2.org\/blogs\/Elarpadenoe\/wp-includes\/images\/media\/audio.svg\",\"width\":48,\"height\":64},\"thumb\":{\"src\":\"https:\/\/d2n2.org\/blogs\/Elarpadenoe\/wp-includes\/images\/media\/audio.svg\",\"width\":48,\"height\":64}},{\"src\":\"https:\/\/d2n2.org\/blogs\/Elarpadenoe\/wp-content\/uploads\/2016\/11\/Oracion-de-Claret.mp3\",\"type\":\"audio\/mpeg\",\"title\":\"oracion-de-claret\",\"caption\":\"\",\"description\":\"\\\"oracion-de-claret\\\".\",\"meta\":{\"length_formatted\":\"1:06\"},\"image\":{\"src\":\"https:\/\/d2n2.org\/blogs\/Elarpadenoe\/wp-includes\/images\/media\/audio.svg\",\"width\":48,\"height\":64},\"thumb\":{\"src\":\"https:\/\/d2n2.org\/blogs\/Elarpadenoe\/wp-includes\/images\/media\/audio.svg\",\"width\":48,\"height\":64}},{\"src\":\"https:\/\/d2n2.org\/blogs\/Elarpadenoe\/wp-content\/uploads\/2016\/11\/Que-nazca-en-ti.mp3\",\"type\":\"audio\/mpeg\",\"title\":\"que-nazca-en-ti\",\"caption\":\"\",\"description\":\"\\\"que-nazca-en-ti\\\".\",\"meta\":{\"length_formatted\":\"3:14\"},\"image\":{\"src\":\"https:\/\/d2n2.org\/blogs\/Elarpadenoe\/wp-includes\/images\/media\/audio.svg\",\"width\":48,\"height\":64},\"thumb\":{\"src\":\"https:\/\/d2n2.org\/blogs\/Elarpadenoe\/wp-includes\/images\/media\/audio.svg\",\"width\":48,\"height\":64}},{\"src\":\"https:\/\/d2n2.org\/blogs\/Elarpadenoe\/wp-content\/uploads\/2016\/10\/Siervo-por-amor.mp3\",\"type\":\"audio\/mpeg\",\"title\":\"siervo-por-amor\",\"caption\":\"\",\"description\":\"\\\"siervo-por-amor\\\".\",\"meta\":{\"length_formatted\":\"2:23\"},\"image\":{\"src\":\"https:\/\/d2n2.org\/blogs\/Elarpadenoe\/wp-includes\/images\/media\/audio.svg\",\"width\":48,\"height\":64},\"thumb\":{\"src\":\"https:\/\/d2n2.org\/blogs\/Elarpadenoe\/wp-includes\/images\/media\/audio.svg\",\"width\":48,\"height\":64}},{\"src\":\"https:\/\/d2n2.org\/blogs\/Elarpadenoe\/wp-content\/uploads\/2016\/10\/El-espiritu-de-Dios.mp3\",\"type\":\"audio\/mpeg\",\"title\":\"el-espiritu-de-dios\",\"caption\":\"\",\"description\":\"\\\"el-espiritu-de-dios\\\".\",\"meta\":{\"length_formatted\":\"1:57\"},\"image\":{\"src\":\"https:\/\/d2n2.org\/blogs\/Elarpadenoe\/wp-includes\/images\/media\/audio.svg\",\"width\":48,\"height\":64},\"thumb\":{\"src\":\"https:\/\/d2n2.org\/blogs\/Elarpadenoe\/wp-includes\/images\/media\/audio.svg\",\"width\":48,\"height\":64}},{\"src\":\"https:\/\/d2n2.org\/blogs\/Elarpadenoe\/wp-content\/uploads\/2016\/10\/Fuente-de-paz.mp3\",\"type\":\"audio\/mpeg\",\"title\":\"fuente-de-paz\",\"caption\":\"\",\"description\":\"\\\"fuente-de-paz\\\".\",\"meta\":{\"length_formatted\":\"1:36\"},\"image\":{\"src\":\"https:\/\/d2n2.org\/blogs\/Elarpadenoe\/wp-includes\/images\/media\/audio.svg\",\"width\":48,\"height\":64},\"thumb\":{\"src\":\"https:\/\/d2n2.org\/blogs\/Elarpadenoe\/wp-includes\/images\/media\/audio.svg\",\"width\":48,\"height\":64}},{\"src\":\"https:\/\/d2n2.org\/blogs\/Elarpadenoe\/wp-content\/uploads\/2016\/10\/Corazon-de-Maria.mp3\",\"type\":\"audio\/mpeg\",\"title\":\"corazon-de-maria\",\"caption\":\"\",\"description\":\"\\\"corazon-de-maria\\\".\",\"meta\":{\"length_formatted\":\"1:26\"},\"image\":{\"src\":\"https:\/\/d2n2.org\/blogs\/Elarpadenoe\/wp-includes\/images\/media\/audio.svg\",\"width\":48,\"height\":64},\"thumb\":{\"src\":\"https:\/\/d2n2.org\/blogs\/Elarpadenoe\/wp-includes\/images\/media\/audio.svg\",\"width\":48,\"height\":64}},{\"src\":\"https:\/\/d2n2.org\/blogs\/Elarpadenoe\/wp-content\/uploads\/2016\/06\/Se\\u00f1or-Santo.mp3\",\"type\":\"audio\/mpeg\",\"title\":\"Se\\u00f1or Santo\",\"caption\":\"\",\"description\":\"\\\"Se\\u00f1or Santo\\\".\",\"meta\":{\"length_formatted\":\"1:08\"},\"image\":{\"src\":\"https:\/\/d2n2.org\/blogs\/Elarpadenoe\/wp-includes\/images\/media\/audio.svg\",\"width\":48,\"height\":64},\"thumb\":{\"src\":\"https:\/\/d2n2.org\/blogs\/Elarpadenoe\/wp-includes\/images\/media\/audio.svg\",\"width\":48,\"height\":64}},{\"src\":\"https:\/\/d2n2.org\/blogs\/Elarpadenoe\/wp-content\/uploads\/2016\/06\/Santo-sol-naciente.mp3\",\"type\":\"audio\/mpeg\",\"title\":\"Santo sol naciente\",\"caption\":\"\",\"description\":\"\\\"Santo sol naciente\\\".\",\"meta\":{\"length_formatted\":\"1:13\"},\"image\":{\"src\":\"https:\/\/d2n2.org\/blogs\/Elarpadenoe\/wp-includes\/images\/media\/audio.svg\",\"width\":48,\"height\":64},\"thumb\":{\"src\":\"https:\/\/d2n2.org\/blogs\/Elarpadenoe\/wp-includes\/images\/media\/audio.svg\",\"width\":48,\"height\":64}},{\"src\":\"https:\/\/d2n2.org\/blogs\/Elarpadenoe\/wp-content\/uploads\/2016\/06\/Amaos.mp3\",\"type\":\"audio\/mpeg\",\"title\":\"Amaos\",\"caption\":\"\",\"description\":\"\\\"Amaos\\\".\",\"meta\":{\"length_formatted\":\"2:45\"},\"image\":{\"src\":\"https:\/\/d2n2.org\/blogs\/Elarpadenoe\/wp-includes\/images\/media\/audio.svg\",\"width\":48,\"height\":64},\"thumb\":{\"src\":\"https:\/\/d2n2.org\/blogs\/Elarpadenoe\/wp-includes\/images\/media\/audio.svg\",\"width\":48,\"height\":64}},{\"src\":\"https:\/\/d2n2.org\/blogs\/Elarpadenoe\/wp-content\/uploads\/2016\/06\/Le-llamaron-loco.mp3\",\"type\":\"audio\/mpeg\",\"title\":\"Le llamaron loco\",\"caption\":\"\",\"description\":\"\\\"Le llamaron loco\\\".\",\"meta\":{\"length_formatted\":\"3:10\"},\"image\":{\"src\":\"https:\/\/d2n2.org\/blogs\/Elarpadenoe\/wp-includes\/images\/media\/audio.svg\",\"width\":48,\"height\":64},\"thumb\":{\"src\":\"https:\/\/d2n2.org\/blogs\/Elarpadenoe\/wp-includes\/images\/media\/audio.svg\",\"width\":48,\"height\":64}},{\"src\":\"https:\/\/d2n2.org\/blogs\/Elarpadenoe\/wp-content\/uploads\/2016\/06\/Hagase-en-mi.mp3\",\"type\":\"audio\/mpeg\",\"title\":\"Hagase en mi\",\"caption\":\"\",\"description\":\"\\\"Hagase en mi\\\".\",\"meta\":{\"length_formatted\":\"1:29\"},\"image\":{\"src\":\"https:\/\/d2n2.org\/blogs\/Elarpadenoe\/wp-includes\/images\/media\/audio.svg\",\"width\":48,\"height\":64},\"thumb\":{\"src\":\"https:\/\/d2n2.org\/blogs\/Elarpadenoe\/wp-includes\/images\/media\/audio.svg\",\"width\":48,\"height\":64}},{\"src\":\"https:\/\/d2n2.org\/blogs\/Elarpadenoe\/wp-content\/uploads\/2016\/04\/A-ti-que-estas-sentado.mp3\",\"type\":\"audio\/mpeg\",\"title\":\"A ti que estas sentado\",\"caption\":\"\",\"description\":\"\\\"A ti que estas sentado\\\".\",\"meta\":{\"length_formatted\":\"4:16\"},\"image\":{\"src\":\"https:\/\/d2n2.org\/blogs\/Elarpadenoe\/wp-includes\/images\/media\/audio.svg\",\"width\":48,\"height\":64},\"thumb\":{\"src\":\"https:\/\/d2n2.org\/blogs\/Elarpadenoe\/wp-includes\/images\/media\/audio.svg\",\"width\":48,\"height\":64}},{\"src\":\"https:\/\/d2n2.org\/blogs\/Elarpadenoe\/wp-content\/uploads\/2016\/04\/Es-de-locos.mp3\",\"type\":\"audio\/mpeg\",\"title\":\"Es de locos\",\"caption\":\"\",\"description\":\"\\\"Es de locos\\\".\",\"meta\":{\"length_formatted\":\"2:32\"},\"image\":{\"src\":\"https:\/\/d2n2.org\/blogs\/Elarpadenoe\/wp-includes\/images\/media\/audio.svg\",\"width\":48,\"height\":64},\"thumb\":{\"src\":\"https:\/\/d2n2.org\/blogs\/Elarpadenoe\/wp-includes\/images\/media\/audio.svg\",\"width\":48,\"height\":64}},{\"src\":\"https:\/\/d2n2.org\/blogs\/Elarpadenoe\/wp-content\/uploads\/2016\/04\/El-Se\\u00f1or-Dios-nos-amo.mp3\",\"type\":\"audio\/mpeg\",\"title\":\"El Se\\u00f1or Dios nos amo\",\"caption\":\"\",\"description\":\"\\\"El Se\\u00f1or Dios nos amo\\\".\",\"meta\":{\"length_formatted\":\"2:03\"},\"image\":{\"src\":\"https:\/\/d2n2.org\/blogs\/Elarpadenoe\/wp-includes\/images\/media\/audio.svg\",\"width\":48,\"height\":64},\"thumb\":{\"src\":\"https:\/\/d2n2.org\/blogs\/Elarpadenoe\/wp-includes\/images\/media\/audio.svg\",\"width\":48,\"height\":64}},{\"src\":\"https:\/\/d2n2.org\/blogs\/Elarpadenoe\/wp-content\/uploads\/2016\/04\/Velad-y-orad.mp3\",\"type\":\"audio\/mpeg\",\"title\":\"Velad y orad\",\"caption\":\"\",\"description\":\"\\\"Velad y orad\\\".\",\"meta\":{\"length_formatted\":\"1:33\"},\"image\":{\"src\":\"https:\/\/d2n2.org\/blogs\/Elarpadenoe\/wp-includes\/images\/media\/audio.svg\",\"width\":48,\"height\":64},\"thumb\":{\"src\":\"https:\/\/d2n2.org\/blogs\/Elarpadenoe\/wp-includes\/images\/media\/audio.svg\",\"width\":48,\"height\":64}},{\"src\":\"https:\/\/d2n2.org\/blogs\/Elarpadenoe\/wp-content\/uploads\/2016\/04\/Se\\u00f1or-mio.mp3\",\"type\":\"audio\/mpeg\",\"title\":\"Se\\u00f1or mio\",\"caption\":\"\",\"description\":\"\\\"Se\\u00f1or mio\\\".\",\"meta\":{\"length_formatted\":\"0:58\"},\"image\":{\"src\":\"https:\/\/d2n2.org\/blogs\/Elarpadenoe\/wp-includes\/images\/media\/audio.svg\",\"width\":48,\"height\":64},\"thumb\":{\"src\":\"https:\/\/d2n2.org\/blogs\/Elarpadenoe\/wp-includes\/images\/media\/audio.svg\",\"width\":48,\"height\":64}},{\"src\":\"https:\/\/d2n2.org\/blogs\/Elarpadenoe\/wp-content\/uploads\/2016\/02\/Jesus-esta-en-ti.mp3\",\"type\":\"audio\/mpeg\",\"title\":\"Jesus esta en ti\",\"caption\":\"\",\"description\":\"\\\"Jesus esta en ti\\\".\",\"meta\":{\"length_formatted\":\"1:51\"},\"image\":{\"src\":\"https:\/\/d2n2.org\/blogs\/Elarpadenoe\/wp-includes\/images\/media\/audio.svg\",\"width\":48,\"height\":64},\"thumb\":{\"src\":\"https:\/\/d2n2.org\/blogs\/Elarpadenoe\/wp-includes\/images\/media\/audio.svg\",\"width\":48,\"height\":64}},{\"src\":\"https:\/\/d2n2.org\/blogs\/Elarpadenoe\/wp-content\/uploads\/2016\/02\/Te-dare.mp3\",\"type\":\"audio\/mpeg\",\"title\":\"Te dare\",\"caption\":\"\",\"description\":\"\\\"Te dare\\\".\",\"meta\":{\"length_formatted\":\"2:35\"},\"image\":{\"src\":\"https:\/\/d2n2.org\/blogs\/Elarpadenoe\/wp-includes\/images\/media\/audio.svg\",\"width\":48,\"height\":64},\"thumb\":{\"src\":\"https:\/\/d2n2.org\/blogs\/Elarpadenoe\/wp-includes\/images\/media\/audio.svg\",\"width\":48,\"height\":64}},{\"src\":\"https:\/\/d2n2.org\/blogs\/Elarpadenoe\/wp-content\/uploads\/2016\/02\/Ven-y-veras.mp3\",\"type\":\"audio\/mpeg\",\"title\":\"Ven y veras\",\"caption\":\"\",\"description\":\"\\\"Ven y veras\\\".\",\"meta\":{\"length_formatted\":\"1:57\"},\"image\":{\"src\":\"https:\/\/d2n2.org\/blogs\/Elarpadenoe\/wp-includes\/images\/media\/audio.svg\",\"width\":48,\"height\":64},\"thumb\":{\"src\":\"https:\/\/d2n2.org\/blogs\/Elarpadenoe\/wp-includes\/images\/media\/audio.svg\",\"width\":48,\"height\":64}},{\"src\":\"https:\/\/d2n2.org\/blogs\/Elarpadenoe\/wp-content\/uploads\/2016\/02\/Nueva-generacion.mp3\",\"type\":\"audio\/mpeg\",\"title\":\"Nueva generacion\",\"caption\":\"\",\"description\":\"\\\"Nueva generacion\\\".\",\"meta\":{\"length_formatted\":\"2:37\"},\"image\":{\"src\":\"https:\/\/d2n2.org\/blogs\/Elarpadenoe\/wp-includes\/images\/media\/audio.svg\",\"width\":48,\"height\":64},\"thumb\":{\"src\":\"https:\/\/d2n2.org\/blogs\/Elarpadenoe\/wp-includes\/images\/media\/audio.svg\",\"width\":48,\"height\":64}},{\"src\":\"https:\/\/d2n2.org\/blogs\/Elarpadenoe\/wp-content\/uploads\/2016\/02\/Piedad-Se\\u00f1or.mp3\",\"type\":\"audio\/mpeg\",\"title\":\"Piedad Se\\u00f1or\",\"caption\":\"\",\"description\":\"\\\"Piedad Se\\u00f1or\\\".\",\"meta\":{\"length_formatted\":\"4:11\"},\"image\":{\"src\":\"https:\/\/d2n2.org\/blogs\/Elarpadenoe\/wp-includes\/images\/media\/audio.svg\",\"width\":48,\"height\":64},\"thumb\":{\"src\":\"https:\/\/d2n2.org\/blogs\/Elarpadenoe\/wp-includes\/images\/media\/audio.svg\",\"width\":48,\"height\":64}},{\"src\":\"https:\/\/d2n2.org\/blogs\/Elarpadenoe\/wp-content\/uploads\/2016\/02\/Danos-tu-paz.mp3\",\"type\":\"audio\/mpeg\",\"title\":\"Danos tu paz\",\"caption\":\"\",\"description\":\"\\\"Danos tu paz\\\".\",\"meta\":{\"length_formatted\":\"0:45\"},\"image\":{\"src\":\"https:\/\/d2n2.org\/blogs\/Elarpadenoe\/wp-includes\/images\/media\/audio.svg\",\"width\":48,\"height\":64},\"thumb\":{\"src\":\"https:\/\/d2n2.org\/blogs\/Elarpadenoe\/wp-includes\/images\/media\/audio.svg\",\"width\":48,\"height\":64}},{\"src\":\"https:\/\/d2n2.org\/blogs\/Elarpadenoe\/wp-content\/uploads\/2015\/12\/Gloria-a-Dios-AM.mp3\",\"type\":\"audio\/mpeg\",\"title\":\"Gloria a Dios (AM)\",\"caption\":\"\",\"description\":\"\\\"Gloria a Dios (AM)\\\".\",\"meta\":{\"length_formatted\":\"1:48\"},\"image\":{\"src\":\"https:\/\/d2n2.org\/blogs\/Elarpadenoe\/wp-includes\/images\/media\/audio.svg\",\"width\":48,\"height\":64},\"thumb\":{\"src\":\"https:\/\/d2n2.org\/blogs\/Elarpadenoe\/wp-includes\/images\/media\/audio.svg\",\"width\":48,\"height\":64}},{\"src\":\"https:\/\/d2n2.org\/blogs\/Elarpadenoe\/wp-content\/uploads\/2015\/12\/Mi-burrito-sabanero.mp3\",\"type\":\"audio\/mpeg\",\"title\":\"Mi burrito sabanero\",\"caption\":\"\",\"description\":\"\\\"Mi burrito sabanero\\\".\",\"meta\":{\"length_formatted\":\"2:15\"},\"image\":{\"src\":\"https:\/\/d2n2.org\/blogs\/Elarpadenoe\/wp-includes\/images\/media\/audio.svg\",\"width\":48,\"height\":64},\"thumb\":{\"src\":\"https:\/\/d2n2.org\/blogs\/Elarpadenoe\/wp-includes\/images\/media\/audio.svg\",\"width\":48,\"height\":64}},{\"src\":\"https:\/\/d2n2.org\/blogs\/Elarpadenoe\/wp-content\/uploads\/2015\/12\/Una-sobre-el-mismo-mar.mp3\",\"type\":\"audio\/mpeg\",\"title\":\"Una sobre el mismo mar\",\"caption\":\"\",\"description\":\"\\\"Una sobre el mismo mar\\\".\",\"meta\":{\"length_formatted\":\"4:49\"},\"image\":{\"src\":\"https:\/\/d2n2.org\/blogs\/Elarpadenoe\/wp-includes\/images\/media\/audio.svg\",\"width\":48,\"height\":64},\"thumb\":{\"src\":\"https:\/\/d2n2.org\/blogs\/Elarpadenoe\/wp-includes\/images\/media\/audio.svg\",\"width\":48,\"height\":64}},{\"src\":\"https:\/\/d2n2.org\/blogs\/Elarpadenoe\/wp-content\/uploads\/2015\/12\/Como-no-creer-.mp3\",\"type\":\"audio\/mpeg\",\"title\":\"Como no creer\",\"caption\":\"\",\"description\":\"\\\"Como no creer\\\".\",\"meta\":{\"length_formatted\":\"3:20\"},\"image\":{\"src\":\"https:\/\/d2n2.org\/blogs\/Elarpadenoe\/wp-includes\/images\/media\/audio.svg\",\"width\":48,\"height\":64},\"thumb\":{\"src\":\"https:\/\/d2n2.org\/blogs\/Elarpadenoe\/wp-includes\/images\/media\/audio.svg\",\"width\":48,\"height\":64}},{\"src\":\"https:\/\/d2n2.org\/blogs\/Elarpadenoe\/wp-content\/uploads\/2015\/12\/Quedate-Se\\u00f1or.mp3\",\"type\":\"audio\/mpeg\",\"title\":\"Quedate Se\\u00f1or\",\"caption\":\"\",\"description\":\"\\\"Quedate Se\\u00f1or\\\".\",\"meta\":{\"length_formatted\":\"4:14\"},\"image\":{\"src\":\"https:\/\/d2n2.org\/blogs\/Elarpadenoe\/wp-includes\/images\/media\/audio.svg\",\"width\":48,\"height\":64},\"thumb\":{\"src\":\"https:\/\/d2n2.org\/blogs\/Elarpadenoe\/wp-includes\/images\/media\/audio.svg\",\"width\":48,\"height\":64}},{\"src\":\"https:\/\/d2n2.org\/blogs\/Elarpadenoe\/wp-content\/uploads\/2015\/12\/Yo-por-ti.mp3\",\"type\":\"audio\/mpeg\",\"title\":\"Yo por ti\",\"caption\":\"\",\"description\":\"\\\"Yo por ti\\\".\",\"meta\":{\"length_formatted\":\"2:28\"},\"image\":{\"src\":\"https:\/\/d2n2.org\/blogs\/Elarpadenoe\/wp-includes\/images\/media\/audio.svg\",\"width\":48,\"height\":64},\"thumb\":{\"src\":\"https:\/\/d2n2.org\/blogs\/Elarpadenoe\/wp-includes\/images\/media\/audio.svg\",\"width\":48,\"height\":64}},{\"src\":\"https:\/\/d2n2.org\/blogs\/Elarpadenoe\/wp-content\/uploads\/2015\/12\/Nostalgia-de-Dios.mp3\",\"type\":\"audio\/mpeg\",\"title\":\"Nostalgia de Dios\",\"caption\":\"\",\"description\":\"\\\"Nostalgia de Dios\\\".\",\"meta\":{\"length_formatted\":\"2:21\"},\"image\":{\"src\":\"https:\/\/d2n2.org\/blogs\/Elarpadenoe\/wp-includes\/images\/media\/audio.svg\",\"width\":48,\"height\":64},\"thumb\":{\"src\":\"https:\/\/d2n2.org\/blogs\/Elarpadenoe\/wp-includes\/images\/media\/audio.svg\",\"width\":48,\"height\":64}},{\"src\":\"https:\/\/d2n2.org\/blogs\/Elarpadenoe\/wp-content\/uploads\/2015\/10\/Hoy-he-vuelto-a-tu-morada.mp3\",\"type\":\"audio\/mpeg\",\"title\":\"Hoy he vuelto a tu morada\",\"caption\":\"\",\"description\":\"\\\"Hoy he vuelto a tu morada\\\".\",\"meta\":{\"length_formatted\":\"2:24\"},\"image\":{\"src\":\"https:\/\/d2n2.org\/blogs\/Elarpadenoe\/wp-includes\/images\/media\/audio.svg\",\"width\":48,\"height\":64},\"thumb\":{\"src\":\"https:\/\/d2n2.org\/blogs\/Elarpadenoe\/wp-includes\/images\/media\/audio.svg\",\"width\":48,\"height\":64}},{\"src\":\"https:\/\/d2n2.org\/blogs\/Elarpadenoe\/wp-content\/uploads\/2015\/10\/Contemplad.mp3\",\"type\":\"audio\/mpeg\",\"title\":\"Contemplad\",\"caption\":\"\",\"description\":\"\\\"Contemplad\\\".\",\"meta\":{\"length_formatted\":\"1:01\"},\"image\":{\"src\":\"https:\/\/d2n2.org\/blogs\/Elarpadenoe\/wp-includes\/images\/media\/audio.svg\",\"width\":48,\"height\":64},\"thumb\":{\"src\":\"https:\/\/d2n2.org\/blogs\/Elarpadenoe\/wp-includes\/images\/media\/audio.svg\",\"width\":48,\"height\":64}},{\"src\":\"https:\/\/d2n2.org\/blogs\/Elarpadenoe\/wp-content\/uploads\/2015\/05\/Un-ni\\u00f1o-se-te-acerco.mp3\",\"type\":\"audio\/mpeg\",\"title\":\"Un ni\\u00f1o se te acerco\",\"caption\":\"\",\"description\":\"\\\"Un ni\\u00f1o se te acerco\\\".\",\"meta\":{\"length_formatted\":\"1:50\"},\"image\":{\"src\":\"https:\/\/d2n2.org\/blogs\/Elarpadenoe\/wp-includes\/images\/media\/audio.svg\",\"width\":48,\"height\":64},\"thumb\":{\"src\":\"https:\/\/d2n2.org\/blogs\/Elarpadenoe\/wp-includes\/images\/media\/audio.svg\",\"width\":48,\"height\":64}},{\"src\":\"https:\/\/d2n2.org\/blogs\/Elarpadenoe\/wp-content\/uploads\/2015\/05\/Solo-por-tu-palabra.mp3\",\"type\":\"audio\/mpeg\",\"title\":\"Solo por tu palabra\",\"caption\":\"\",\"description\":\"\\\"Solo por tu palabra\\\".\",\"meta\":{\"length_formatted\":\"2:33\"},\"image\":{\"src\":\"https:\/\/d2n2.org\/blogs\/Elarpadenoe\/wp-includes\/images\/media\/audio.svg\",\"width\":48,\"height\":64},\"thumb\":{\"src\":\"https:\/\/d2n2.org\/blogs\/Elarpadenoe\/wp-includes\/images\/media\/audio.svg\",\"width\":48,\"height\":64}},{\"src\":\"https:\/\/d2n2.org\/blogs\/Elarpadenoe\/wp-content\/uploads\/2015\/05\/Santo-es-el-Se\\u00f1or.mp3\",\"type\":\"audio\/mpeg\",\"title\":\"Santo es el Se\\u00f1or\",\"caption\":\"\",\"description\":\"\\\"Santo es el Se\\u00f1or\\\".\",\"meta\":{\"length_formatted\":\"1:10\"},\"image\":{\"src\":\"https:\/\/d2n2.org\/blogs\/Elarpadenoe\/wp-includes\/images\/media\/audio.svg\",\"width\":48,\"height\":64},\"thumb\":{\"src\":\"https:\/\/d2n2.org\/blogs\/Elarpadenoe\/wp-includes\/images\/media\/audio.svg\",\"width\":48,\"height\":64}},{\"src\":\"https:\/\/d2n2.org\/blogs\/Elarpadenoe\/wp-content\/uploads\/2015\/05\/Santo-carismatico.mp3\",\"type\":\"audio\/mpeg\",\"title\":\"Santo carismatico\",\"caption\":\"\",\"description\":\"\\\"Santo carismatico\\\".\",\"meta\":{\"length_formatted\":\"1:38\"},\"image\":{\"src\":\"https:\/\/d2n2.org\/blogs\/Elarpadenoe\/wp-includes\/images\/media\/audio.svg\",\"width\":48,\"height\":64},\"thumb\":{\"src\":\"https:\/\/d2n2.org\/blogs\/Elarpadenoe\/wp-includes\/images\/media\/audio.svg\",\"width\":48,\"height\":64}},{\"src\":\"https:\/\/d2n2.org\/blogs\/Elarpadenoe\/wp-content\/uploads\/2015\/05\/Nueva-civilizacion.mp3\",\"type\":\"audio\/mpeg\",\"title\":\"Nueva civilizacion\",\"caption\":\"\",\"description\":\"\\\"Nueva civilizacion\\\".\",\"meta\":{\"length_formatted\":\"1:24\"},\"image\":{\"src\":\"https:\/\/d2n2.org\/blogs\/Elarpadenoe\/wp-includes\/images\/media\/audio.svg\",\"width\":48,\"height\":64},\"thumb\":{\"src\":\"https:\/\/d2n2.org\/blogs\/Elarpadenoe\/wp-includes\/images\/media\/audio.svg\",\"width\":48,\"height\":64}},{\"src\":\"https:\/\/d2n2.org\/blogs\/Elarpadenoe\/wp-content\/uploads\/2015\/05\/Madre-y-formadora.mp3\",\"type\":\"audio\/mpeg\",\"title\":\"Madre y formadora\",\"caption\":\"\",\"description\":\"\\\"Madre y formadora\\\".\",\"meta\":{\"length_formatted\":\"1:41\"},\"image\":{\"src\":\"https:\/\/d2n2.org\/blogs\/Elarpadenoe\/wp-includes\/images\/media\/audio.svg\",\"width\":48,\"height\":64},\"thumb\":{\"src\":\"https:\/\/d2n2.org\/blogs\/Elarpadenoe\/wp-includes\/images\/media\/audio.svg\",\"width\":48,\"height\":64}},{\"src\":\"https:\/\/d2n2.org\/blogs\/Elarpadenoe\/wp-content\/uploads\/2015\/05\/Esta-es-nuestra-ofrenda.mp3\",\"type\":\"audio\/mpeg\",\"title\":\"Esta es nuestra ofrenda\",\"caption\":\"\",\"description\":\"\\\"Esta es nuestra ofrenda\\\".\",\"meta\":{\"length_formatted\":\"2:12\"},\"image\":{\"src\":\"https:\/\/d2n2.org\/blogs\/Elarpadenoe\/wp-includes\/images\/media\/audio.svg\",\"width\":48,\"height\":64},\"thumb\":{\"src\":\"https:\/\/d2n2.org\/blogs\/Elarpadenoe\/wp-includes\/images\/media\/audio.svg\",\"width\":48,\"height\":64}},{\"src\":\"https:\/\/d2n2.org\/blogs\/Elarpadenoe\/wp-content\/uploads\/2015\/05\/El-cielo-y-la-tierra-pasaran.mp3\",\"type\":\"audio\/mpeg\",\"title\":\"El cielo y la tierra pasaran\",\"caption\":\"\",\"description\":\"\\\"El cielo y la tierra pasaran\\\".\",\"meta\":{\"length_formatted\":\"4:18\"},\"image\":{\"src\":\"https:\/\/d2n2.org\/blogs\/Elarpadenoe\/wp-includes\/images\/media\/audio.svg\",\"width\":48,\"height\":64},\"thumb\":{\"src\":\"https:\/\/d2n2.org\/blogs\/Elarpadenoe\/wp-includes\/images\/media\/audio.svg\",\"width\":48,\"height\":64}},{\"src\":\"https:\/\/d2n2.org\/blogs\/Elarpadenoe\/wp-content\/uploads\/2015\/05\/El-loco.mp3\",\"type\":\"audio\/mpeg\",\"title\":\"El loco\",\"caption\":\"\",\"description\":\"\\\"El loco\\\".\",\"meta\":{\"length_formatted\":\"1:34\"},\"image\":{\"src\":\"https:\/\/d2n2.org\/blogs\/Elarpadenoe\/wp-includes\/images\/media\/audio.svg\",\"width\":48,\"height\":64},\"thumb\":{\"src\":\"https:\/\/d2n2.org\/blogs\/Elarpadenoe\/wp-includes\/images\/media\/audio.svg\",\"width\":48,\"height\":64}},{\"src\":\"https:\/\/d2n2.org\/blogs\/Elarpadenoe\/wp-content\/uploads\/2015\/05\/Danos-un-corazon.mp3\",\"type\":\"audio\/mpeg\",\"title\":\"Danos un corazon\",\"caption\":\"\",\"description\":\"\\\"Danos un corazon\\\".\",\"meta\":{\"length_formatted\":\"2:01\"},\"image\":{\"src\":\"https:\/\/d2n2.org\/blogs\/Elarpadenoe\/wp-includes\/images\/media\/audio.svg\",\"width\":48,\"height\":64},\"thumb\":{\"src\":\"https:\/\/d2n2.org\/blogs\/Elarpadenoe\/wp-includes\/images\/media\/audio.svg\",\"width\":48,\"height\":64}},{\"src\":\"https:\/\/d2n2.org\/blogs\/Elarpadenoe\/wp-content\/uploads\/2015\/05\/Dame-tu-coraz\\u00f3n.mp3\",\"type\":\"audio\/mpeg\",\"title\":\"Dame tu coraz\\u00f3n\",\"caption\":\"\",\"description\":\"\\\"Dame tu coraz\\u00f3n\\\".\",\"meta\":{\"length_formatted\":\"1:41\"},\"image\":{\"src\":\"https:\/\/d2n2.org\/blogs\/Elarpadenoe\/wp-includes\/images\/media\/audio.svg\",\"width\":48,\"height\":64},\"thumb\":{\"src\":\"https:\/\/d2n2.org\/blogs\/Elarpadenoe\/wp-includes\/images\/media\/audio.svg\",\"width\":48,\"height\":64}},{\"src\":\"https:\/\/d2n2.org\/blogs\/Elarpadenoe\/wp-content\/uploads\/2015\/05\/Creo-en-ti.mp3\",\"type\":\"audio\/mpeg\",\"title\":\"Creo en ti\",\"caption\":\"\",\"description\":\"\\\"Creo en ti\\\".\",\"meta\":{\"length_formatted\":\"3:33\"},\"image\":{\"src\":\"https:\/\/d2n2.org\/blogs\/Elarpadenoe\/wp-includes\/images\/media\/audio.svg\",\"width\":48,\"height\":64},\"thumb\":{\"src\":\"https:\/\/d2n2.org\/blogs\/Elarpadenoe\/wp-includes\/images\/media\/audio.svg\",\"width\":48,\"height\":64}},{\"src\":\"https:\/\/d2n2.org\/blogs\/Elarpadenoe\/wp-content\/uploads\/2015\/05\/Credo.mp3\",\"type\":\"audio\/mpeg\",\"title\":\"Credo\",\"caption\":\"\",\"description\":\"\\\"Credo\\\".\",\"meta\":{\"length_formatted\":\"2:39\"},\"image\":{\"src\":\"https:\/\/d2n2.org\/blogs\/Elarpadenoe\/wp-includes\/images\/media\/audio.svg\",\"width\":48,\"height\":64},\"thumb\":{\"src\":\"https:\/\/d2n2.org\/blogs\/Elarpadenoe\/wp-includes\/images\/media\/audio.svg\",\"width\":48,\"height\":64}},{\"src\":\"https:\/\/d2n2.org\/blogs\/Elarpadenoe\/wp-content\/uploads\/2015\/05\/Coplas-de-Yaravi.mp3\",\"type\":\"audio\/mpeg\",\"title\":\"Coplas de Yaravi\",\"caption\":\"\",\"description\":\"\\\"Coplas de Yaravi\\\".\",\"meta\":{\"length_formatted\":\"2:09\"},\"image\":{\"src\":\"https:\/\/d2n2.org\/blogs\/Elarpadenoe\/wp-includes\/images\/media\/audio.svg\",\"width\":48,\"height\":64},\"thumb\":{\"src\":\"https:\/\/d2n2.org\/blogs\/Elarpadenoe\/wp-includes\/images\/media\/audio.svg\",\"width\":48,\"height\":64}},{\"src\":\"https:\/\/d2n2.org\/blogs\/Elarpadenoe\/wp-content\/uploads\/2015\/05\/Contamos-con-Jesucristo.mp3\",\"type\":\"audio\/mpeg\",\"title\":\"Contamos con Jesucristo\",\"caption\":\"\",\"description\":\"\\\"Contamos con Jesucristo\\\".\",\"meta\":{\"length_formatted\":\"2:02\"},\"image\":{\"src\":\"https:\/\/d2n2.org\/blogs\/Elarpadenoe\/wp-includes\/images\/media\/audio.svg\",\"width\":48,\"height\":64},\"thumb\":{\"src\":\"https:\/\/d2n2.org\/blogs\/Elarpadenoe\/wp-includes\/images\/media\/audio.svg\",\"width\":48,\"height\":64}},{\"src\":\"https:\/\/d2n2.org\/blogs\/Elarpadenoe\/wp-content\/uploads\/2015\/05\/Conmigo-puedes-contar.mp3\",\"type\":\"audio\/mpeg\",\"title\":\"Conmigo puedes contar\",\"caption\":\"\",\"description\":\"\\\"Conmigo puedes contar\\\".\",\"meta\":{\"length_formatted\":\"1:11\"},\"image\":{\"src\":\"https:\/\/d2n2.org\/blogs\/Elarpadenoe\/wp-includes\/images\/media\/audio.svg\",\"width\":48,\"height\":64},\"thumb\":{\"src\":\"https:\/\/d2n2.org\/blogs\/Elarpadenoe\/wp-includes\/images\/media\/audio.svg\",\"width\":48,\"height\":64}},{\"src\":\"https:\/\/d2n2.org\/blogs\/Elarpadenoe\/wp-content\/uploads\/2015\/05\/Confio-en-ti.mp3\",\"type\":\"audio\/mpeg\",\"title\":\"Confio en ti\",\"caption\":\"\",\"description\":\"\\\"Confio en ti\\\".\",\"meta\":{\"length_formatted\":\"1:02\"},\"image\":{\"src\":\"https:\/\/d2n2.org\/blogs\/Elarpadenoe\/wp-includes\/images\/media\/audio.svg\",\"width\":48,\"height\":64},\"thumb\":{\"src\":\"https:\/\/d2n2.org\/blogs\/Elarpadenoe\/wp-includes\/images\/media\/audio.svg\",\"width\":48,\"height\":64}},{\"src\":\"https:\/\/d2n2.org\/blogs\/Elarpadenoe\/wp-content\/uploads\/2015\/05\/Claret-voz-peregrina.mp3\",\"type\":\"audio\/mpeg\",\"title\":\"Claret voz peregrina\",\"caption\":\"\",\"description\":\"\\\"Claret voz peregrina\\\".\",\"meta\":{\"length_formatted\":\"2:21\"},\"image\":{\"src\":\"https:\/\/d2n2.org\/blogs\/Elarpadenoe\/wp-includes\/images\/media\/audio.svg\",\"width\":48,\"height\":64},\"thumb\":{\"src\":\"https:\/\/d2n2.org\/blogs\/Elarpadenoe\/wp-includes\/images\/media\/audio.svg\",\"width\":48,\"height\":64}},{\"src\":\"https:\/\/d2n2.org\/blogs\/Elarpadenoe\/wp-content\/uploads\/2015\/05\/Cantare.mp3\",\"type\":\"audio\/mpeg\",\"title\":\"Cantare\",\"caption\":\"\",\"description\":\"\\\"Cantare\\\".\",\"meta\":{\"length_formatted\":\"1:26\"},\"image\":{\"src\":\"https:\/\/d2n2.org\/blogs\/Elarpadenoe\/wp-includes\/images\/media\/audio.svg\",\"width\":48,\"height\":64},\"thumb\":{\"src\":\"https:\/\/d2n2.org\/blogs\/Elarpadenoe\/wp-includes\/images\/media\/audio.svg\",\"width\":48,\"height\":64}},{\"src\":\"https:\/\/d2n2.org\/blogs\/Elarpadenoe\/wp-content\/uploads\/2015\/05\/Canta-aleluya-al-Se\\u00f1or.mp3\",\"type\":\"audio\/mpeg\",\"title\":\"Canta aleluya al Se\\u00f1or\",\"caption\":\"\",\"description\":\"\\\"Canta aleluya al Se\\u00f1or\\\".\",\"meta\":{\"length_formatted\":\"1:02\"},\"image\":{\"src\":\"https:\/\/d2n2.org\/blogs\/Elarpadenoe\/wp-includes\/images\/media\/audio.svg\",\"width\":48,\"height\":64},\"thumb\":{\"src\":\"https:\/\/d2n2.org\/blogs\/Elarpadenoe\/wp-includes\/images\/media\/audio.svg\",\"width\":48,\"height\":64}},{\"src\":\"https:\/\/d2n2.org\/blogs\/Elarpadenoe\/wp-content\/uploads\/2015\/05\/Agua-Lavame.mp3\",\"type\":\"audio\/mpeg\",\"title\":\"Agua Lavame\",\"caption\":\"\",\"description\":\"\\\"Agua Lavame\\\".\",\"meta\":{\"length_formatted\":\"2:56\"},\"image\":{\"src\":\"https:\/\/d2n2.org\/blogs\/Elarpadenoe\/wp-includes\/images\/media\/audio.svg\",\"width\":48,\"height\":64},\"thumb\":{\"src\":\"https:\/\/d2n2.org\/blogs\/Elarpadenoe\/wp-includes\/images\/media\/audio.svg\",\"width\":48,\"height\":64}},{\"src\":\"https:\/\/d2n2.org\/blogs\/Elarpadenoe\/wp-content\/uploads\/2015\/04\/Vive.mp3\",\"type\":\"audio\/mpeg\",\"title\":\"Vive\",\"caption\":\"\",\"description\":\"\\\"Vive\\\".\",\"meta\":{\"length_formatted\":\"3:15\"},\"image\":{\"src\":\"https:\/\/d2n2.org\/blogs\/Elarpadenoe\/wp-includes\/images\/media\/audio.svg\",\"width\":48,\"height\":64},\"thumb\":{\"src\":\"https:\/\/d2n2.org\/blogs\/Elarpadenoe\/wp-includes\/images\/media\/audio.svg\",\"width\":48,\"height\":64}},{\"src\":\"https:\/\/d2n2.org\/blogs\/Elarpadenoe\/wp-content\/uploads\/2015\/04\/S\\u00e9-que-si-t\\u00fa-est\\u00e1s-aqu\\u00ed.mp3\",\"type\":\"audio\/mpeg\",\"title\":\"S\\u00e9 que si t\\u00fa est\\u00e1s aqu\\u00ed\",\"caption\":\"\",\"description\":\"\\\"S\\u00e9 que si t\\u00fa est\\u00e1s aqu\\u00ed\\\" de Concierto Encuetro Diocesano por Coro J\\u00f3venes del Pilar. Lanzamiento: 2009. Pista 16. G\\u00e9nero: Desconocido.\",\"meta\":{\"artist\":\"Coro J\\u00f3venes del Pilar\",\"album\":\"Concierto Encuetro Diocesano\",\"genre\":\"Desconocido\",\"year\":\"2009\",\"length_formatted\":\"4:10\"},\"image\":{\"src\":\"https:\/\/d2n2.org\/blogs\/Elarpadenoe\/wp-includes\/images\/media\/audio.svg\",\"width\":48,\"height\":64},\"thumb\":{\"src\":\"https:\/\/d2n2.org\/blogs\/Elarpadenoe\/wp-includes\/images\/media\/audio.svg\",\"width\":48,\"height\":64}},{\"src\":\"https:\/\/d2n2.org\/blogs\/Elarpadenoe\/wp-content\/uploads\/2015\/04\/Gracias.mp3\",\"type\":\"audio\/mpeg\",\"title\":\"Gracias\",\"caption\":\"\",\"description\":\"\\\"Gracias\\\" de Concierto Encuetro Diocesano por Coro J\\u00f3venes del Pilar. Lanzamiento: 2009. Pista 10. G\\u00e9nero: Desconocido.\",\"meta\":{\"artist\":\"Coro J\\u00f3venes del Pilar\",\"album\":\"Concierto Encuetro Diocesano\",\"genre\":\"Desconocido\",\"year\":\"2009\",\"length_formatted\":\"2:19\"},\"image\":{\"src\":\"https:\/\/d2n2.org\/blogs\/Elarpadenoe\/wp-includes\/images\/media\/audio.svg\",\"width\":48,\"height\":64},\"thumb\":{\"src\":\"https:\/\/d2n2.org\/blogs\/Elarpadenoe\/wp-includes\/images\/media\/audio.svg\",\"width\":48,\"height\":64}},{\"src\":\"https:\/\/d2n2.org\/blogs\/Elarpadenoe\/wp-content\/uploads\/2015\/04\/Camino-de-Emaus.mp3\",\"type\":\"audio\/mpeg\",\"title\":\"Camino de Emaus\",\"caption\":\"\",\"description\":\"\\\"Camino de Emaus\\\".\",\"meta\":{\"length_formatted\":\"4:57\"},\"image\":{\"src\":\"https:\/\/d2n2.org\/blogs\/Elarpadenoe\/wp-includes\/images\/media\/audio.svg\",\"width\":48,\"height\":64},\"thumb\":{\"src\":\"https:\/\/d2n2.org\/blogs\/Elarpadenoe\/wp-includes\/images\/media\/audio.svg\",\"width\":48,\"height\":64}},{\"src\":\"https:\/\/d2n2.org\/blogs\/Elarpadenoe\/wp-content\/uploads\/2015\/04\/Santo.mp3\",\"type\":\"audio\/mpeg\",\"title\":\"Santo\",\"caption\":\"\",\"description\":\"\\\"Santo\\\".\",\"meta\":{\"length_formatted\":\"1:36\"},\"image\":{\"src\":\"https:\/\/d2n2.org\/blogs\/Elarpadenoe\/wp-includes\/images\/media\/audio.svg\",\"width\":48,\"height\":64},\"thumb\":{\"src\":\"https:\/\/d2n2.org\/blogs\/Elarpadenoe\/wp-includes\/images\/media\/audio.svg\",\"width\":48,\"height\":64}},{\"src\":\"https:\/\/d2n2.org\/blogs\/Elarpadenoe\/wp-content\/uploads\/2015\/04\/En-torno-al-pan.mp3\",\"type\":\"audio\/mpeg\",\"title\":\"En torno al pan\",\"caption\":\"\",\"description\":\"\\\"En torno al pan\\\".\",\"meta\":{\"length_formatted\":\"1:24\"},\"image\":{\"src\":\"https:\/\/d2n2.org\/blogs\/Elarpadenoe\/wp-includes\/images\/media\/audio.svg\",\"width\":48,\"height\":64},\"thumb\":{\"src\":\"https:\/\/d2n2.org\/blogs\/Elarpadenoe\/wp-includes\/images\/media\/audio.svg\",\"width\":48,\"height\":64}}]}<\/script>\n<\/div>\n\t\n","protected":false},"excerpt":{"rendered":"<p>Si deseas escuchar todas las canciones del Arpa de No\u00e9, sin necesidad de ir una a una, aqu\u00ed tienes una [&hellip;]<\/p>\n","protected":false},"author":4,"featured_media":0,"parent":0,"menu_order":0,"comment_status":"closed","ping_status":"closed","template":"","meta":{"_monsterinsights_skip_tracking":false,"_monsterinsights_sitenote_active":false,"_monsterinsights_sitenote_note":"","_monsterinsights_sitenote_category":0,"site-sidebar-layout":"default","site-content-layout":"","ast-site-content-layout":"","site-content-style":"boxed","site-sidebar-style":"default","ast-global-header-display":"","ast-banner-title-visibility":"","ast-main-header-display":"","ast-hfb-above-header-display":"","ast-hfb-below-header-display":"","ast-hfb-mobile-header-display":"","site-post-title":"","ast-breadcrumbs-content":"","ast-featured-img":"","footer-sml-layout":"","theme-transparent-header-meta":"","adv-header-id-meta":"","stick-header-meta":"","header-above-stick-meta":"","header-main-stick-meta":"","header-below-stick-meta":"","astra-migrate-meta-layouts":"default","ast-page-background-enabled":"default","ast-page-background-meta":{"desktop":{"background-color":"var(--ast-global-color-4)","background-image":"","background-repeat":"repeat","background-position":"center center","background-size":"auto","background-attachment":"scroll","background-type":"","background-media":"","overlay-type":"","overlay-color":"","overlay-gradient":""},"tablet":{"background-color":"","background-image":"","background-repeat":"repeat","background-position":"center center","background-size":"auto","background-attachment":"scroll","background-type":"","background-media":"","overlay-type":"","overlay-color":"","overlay-gradient":""},"mobile":{"background-color":"","background-image":"","background-repeat":"repeat","background-position":"center center","background-size":"auto","background-attachment":"scroll","background-type":"","background-media":"","overlay-type":"","overlay-color":"","overlay-gradient":""}},"ast-content-background-meta":{"desktop":{"background-color":"var(--ast-global-color-5)","background-image":"","background-repeat":"repeat","background-position":"center center","background-size":"auto","background-attachment":"scroll","background-type":"","background-media":"","overlay-type":"","overlay-color":"","overlay-gradient":""},"tablet":{"background-color":"var(--ast-global-color-5)","background-image":"","background-repeat":"repeat","background-position":"center center","background-size":"auto","background-attachment":"scroll","background-type":"","background-media":"","overlay-type":"","overlay-color":"","overlay-gradient":""},"mobile":{"background-color":"var(--ast-global-color-5)","background-image":"","background-repeat":"repeat","background-position":"center center","background-size":"auto","background-attachment":"scroll","background-type":"","background-media":"","overlay-type":"","overlay-color":"","overlay-gradient":""}},"footnotes":"","_links_to":"","_links_to_target":""},"class_list":["post-1109","page","type-page","status-publish","hentry"],"yoast_head":"<!-- This site is optimized with the Yoast SEO plugin v26.9 - https:\/\/yoast.com\/product\/yoast-seo-wordpress\/ -->\n<title>Reproducir todas - El arpa de No\u00e9<\/title>\n<meta name=\"robots\" content=\"index, follow, max-snippet:-1, max-image-preview:large, max-video-preview:-1\" \/>\n<link rel=\"canonical\" href=\"https:\/\/d2n2.org\/blogs\/Elarpadenoe\/reproducir-todas\/\" \/>\n<meta property=\"og:locale\" content=\"es_ES\" \/>\n<meta property=\"og:type\" content=\"article\" \/>\n<meta property=\"og:title\" content=\"Reproducir todas - El arpa de No\u00e9\" \/>\n<meta property=\"og:description\" content=\"Si deseas escuchar todas las canciones del Arpa de No\u00e9, sin necesidad de ir una a una, aqu\u00ed tienes una [&hellip;]\" \/>\n<meta property=\"og:url\" content=\"https:\/\/d2n2.org\/blogs\/Elarpadenoe\/reproducir-todas\/\" \/>\n<meta property=\"og:site_name\" content=\"El arpa de No\u00e9\" \/>\n<meta property=\"article:modified_time\" content=\"2024-03-20T21:35:40+00:00\" \/>\n<meta name=\"twitter:label1\" content=\"Tiempo de lectura\" \/>\n\t<meta name=\"twitter:data1\" content=\"1 minuto\" \/>\n<script type=\"application\/ld+json\" class=\"yoast-schema-graph\">{\"@context\":\"https:\/\/schema.org\",\"@graph\":[{\"@type\":[\"WebPage\",\"CollectionPage\"],\"@id\":\"https:\/\/d2n2.org\/blogs\/Elarpadenoe\/reproducir-todas\/\",\"url\":\"https:\/\/d2n2.org\/blogs\/Elarpadenoe\/reproducir-todas\/\",\"name\":\"Reproducir todas - El arpa de No\u00e9\",\"isPartOf\":{\"@id\":\"https:\/\/d2n2.org\/blogs\/Elarpadenoe\/#website\"},\"datePublished\":\"2018-01-02T15:34:25+00:00\",\"dateModified\":\"2024-03-20T21:35:40+00:00\",\"breadcrumb\":{\"@id\":\"https:\/\/d2n2.org\/blogs\/Elarpadenoe\/reproducir-todas\/#breadcrumb\"},\"inLanguage\":\"es\"},{\"@type\":\"BreadcrumbList\",\"@id\":\"https:\/\/d2n2.org\/blogs\/Elarpadenoe\/reproducir-todas\/#breadcrumb\",\"itemListElement\":[{\"@type\":\"ListItem\",\"position\":1,\"name\":\"Home\",\"item\":\"https:\/\/d2n2.org\/blogs\/Elarpadenoe\/\"},{\"@type\":\"ListItem\",\"position\":2,\"name\":\"Reproducir todas\"}]},{\"@type\":\"WebSite\",\"@id\":\"https:\/\/d2n2.org\/blogs\/Elarpadenoe\/#website\",\"url\":\"https:\/\/d2n2.org\/blogs\/Elarpadenoe\/\",\"name\":\"El arpa de No\u00e9\",\"description\":\"\u00a1Salvemos las canciones!\",\"potentialAction\":[{\"@type\":\"SearchAction\",\"target\":{\"@type\":\"EntryPoint\",\"urlTemplate\":\"https:\/\/d2n2.org\/blogs\/Elarpadenoe\/?s={search_term_string}\"},\"query-input\":{\"@type\":\"PropertyValueSpecification\",\"valueRequired\":true,\"valueName\":\"search_term_string\"}}],\"inLanguage\":\"es\"}]}<\/script>\n<!-- \/ Yoast SEO plugin. -->","yoast_head_json":{"title":"Reproducir todas - El arpa de No\u00e9","robots":{"index":"index","follow":"follow","max-snippet":"max-snippet:-1","max-image-preview":"max-image-preview:large","max-video-preview":"max-video-preview:-1"},"canonical":"https:\/\/d2n2.org\/blogs\/Elarpadenoe\/reproducir-todas\/","og_locale":"es_ES","og_type":"article","og_title":"Reproducir todas - El arpa de No\u00e9","og_description":"Si deseas escuchar todas las canciones del Arpa de No\u00e9, sin necesidad de ir una a una, aqu\u00ed tienes una [&hellip;]","og_url":"https:\/\/d2n2.org\/blogs\/Elarpadenoe\/reproducir-todas\/","og_site_name":"El arpa de No\u00e9","article_modified_time":"2024-03-20T21:35:40+00:00","twitter_misc":{"Tiempo de lectura":"1 minuto"},"schema":{"@context":"https:\/\/schema.org","@graph":[{"@type":["WebPage","CollectionPage"],"@id":"https:\/\/d2n2.org\/blogs\/Elarpadenoe\/reproducir-todas\/","url":"https:\/\/d2n2.org\/blogs\/Elarpadenoe\/reproducir-todas\/","name":"Reproducir todas - El arpa de No\u00e9","isPartOf":{"@id":"https:\/\/d2n2.org\/blogs\/Elarpadenoe\/#website"},"datePublished":"2018-01-02T15:34:25+00:00","dateModified":"2024-03-20T21:35:40+00:00","breadcrumb":{"@id":"https:\/\/d2n2.org\/blogs\/Elarpadenoe\/reproducir-todas\/#breadcrumb"},"inLanguage":"es"},{"@type":"BreadcrumbList","@id":"https:\/\/d2n2.org\/blogs\/Elarpadenoe\/reproducir-todas\/#breadcrumb","itemListElement":[{"@type":"ListItem","position":1,"name":"Home","item":"https:\/\/d2n2.org\/blogs\/Elarpadenoe\/"},{"@type":"ListItem","position":2,"name":"Reproducir todas"}]},{"@type":"WebSite","@id":"https:\/\/d2n2.org\/blogs\/Elarpadenoe\/#website","url":"https:\/\/d2n2.org\/blogs\/Elarpadenoe\/","name":"El arpa de No\u00e9","description":"\u00a1Salvemos las canciones!","potentialAction":[{"@type":"SearchAction","target":{"@type":"EntryPoint","urlTemplate":"https:\/\/d2n2.org\/blogs\/Elarpadenoe\/?s={search_term_string}"},"query-input":{"@type":"PropertyValueSpecification","valueRequired":true,"valueName":"search_term_string"}}],"inLanguage":"es"}]}},"_links":{"self":[{"href":"https:\/\/d2n2.org\/blogs\/Elarpadenoe\/wp-json\/wp\/v2\/pages\/1109","targetHints":{"allow":["GET"]}}],"collection":[{"href":"https:\/\/d2n2.org\/blogs\/Elarpadenoe\/wp-json\/wp\/v2\/pages"}],"about":[{"href":"https:\/\/d2n2.org\/blogs\/Elarpadenoe\/wp-json\/wp\/v2\/types\/page"}],"author":[{"embeddable":true,"href":"https:\/\/d2n2.org\/blogs\/Elarpadenoe\/wp-json\/wp\/v2\/users\/4"}],"replies":[{"embeddable":true,"href":"https:\/\/d2n2.org\/blogs\/Elarpadenoe\/wp-json\/wp\/v2\/comments?post=1109"}],"version-history":[{"count":6,"href":"https:\/\/d2n2.org\/blogs\/Elarpadenoe\/wp-json\/wp\/v2\/pages\/1109\/revisions"}],"predecessor-version":[{"id":2318,"href":"https:\/\/d2n2.org\/blogs\/Elarpadenoe\/wp-json\/wp\/v2\/pages\/1109\/revisions\/2318"}],"wp:attachment":[{"href":"https:\/\/d2n2.org\/blogs\/Elarpadenoe\/wp-json\/wp\/v2\/media?parent=1109"}],"curies":[{"name":"wp","href":"https:\/\/api.w.org\/{rel}","templated":true}]}}